{"id":417,"date":"2024-03-22T14:50:07","date_gmt":"2024-03-22T17:50:07","guid":{"rendered":"http:\/\/sites-hml.dti.ufmg.br\/ica\/ica-novo\/?page_id=417"},"modified":"2024-03-22T14:50:07","modified_gmt":"2024-03-22T17:50:07","slug":"secao-de-registro-escolar","status":"publish","type":"page","link":"https:\/\/www.ufmg.br\/montesclaros\/secao-de-registro-escolar\/","title":{"rendered":"Se\u00e7\u00e3o de Registro Escolar"},"content":{"rendered":"<div ><style>#sp-ea-416 .spcollapsing { height: 0; overflow: hidden; transition-property: height;transition-duration: 300ms;}#sp-ea-416.sp-easy-accordion>.sp-ea-single {border: 1px solid #e2e2e2; }#sp-ea-416.sp-easy-accordion>.sp-ea-single>.ea-header a {color: #444;}#sp-ea-416.sp-easy-accordion>.sp-ea-single>.sp-collapse>.ea-body {background: #fff; color: #444;}#sp-ea-416.sp-easy-accordion>.sp-ea-single {background: #eee;}#sp-ea-416.sp-easy-accordion>.sp-ea-single>.ea-header a .ea-expand-icon.fa { float: left; color: #444;font-size: 16px;}<\/style><div id=\"sp_easy_accordion-1711129620\"><div id=\"sp-ea-416\" class=\"sp-ea-one sp-easy-accordion\" data-ex-icon=\"fa-minus\" data-col-icon=\"fa-plus\"  data-ea-active=\"ea-click\"  data-ea-mode=\"vertical\" data-preloader=\"\" data-scroll-active-item=\"\" data-offset-to-scroll=\"0\"><div class=\"ea-card ea-expand sp-ea-single\"><h3 class=\"ea-header\"><a class=\"collapsed\" data-sptoggle=\"spcollapse\" data-sptarget=#collapse4160 href=\"javascript:void(0)\"  aria-expanded=\"true\"><i class=\"ea-expand-icon fa fa-minus\"><\/i> Apresenta\u00e7\u00e3o<\/a><\/h3><div class=\"sp-collapse spcollapse collapsed show\" id=\"collapse4160\" data-parent=#sp-ea-416><div class=\"ea-body\"><div id=\"m_9042832812545945854yui_3_16_0_ym19_1_1500654118909_12207\" align=\"center\">\n<p style=\"text-align: left;\">A Se\u00e7\u00e3o de Registro Escolar \u00e9 o setor respons\u00e1vel pela guarda e manuten\u00e7\u00e3o dos arquivos de documentos dos discentes, lan\u00e7amento de ocorr\u00eancias acad\u00eamicas e curriculares, emiss\u00e3o de documentos acad\u00eamicos, inscri\u00e7\u00e3o \u00e0 cola\u00e7\u00e3o de grau e requerimentos de diplomas, bem como pelas demais informa\u00e7\u00f5es concernentes \u00e0 vida acad\u00eamica dos alunos de gradua\u00e7\u00e3o, al\u00e9m da emiss\u00e3o de documentos dos extintos cursos t\u00e9cnicos e tecnol\u00f3gicos.<\/p>\n<p style=\"text-align: left;\">A Se\u00e7\u00e3o de Registro Escolar est\u00e1 localizada no primeiro andar do Centro de Atividades Administrativas e Did\u00e1ticas \u2013 CAAD.<\/p>\n<p style=\"text-align: left;\"><strong>Servidores de refer\u00eancia<br \/>\n<\/strong>Coordenadora: Maria Isabel Alencar Dias<\/p>\n<p style=\"text-align: left;\">Subcoordenador: Jailson Ramos Magalh\u00e3es<\/p>\n<p style=\"text-align: left;\"><strong>Contatos<br \/>\n<\/strong>Telefone: (38) 2101-7750<br \/>\nE-mail:\u00a0<a href=\"mailto:sensino@ica.ufmg.br\">sensino@ica.ufmg.br<\/a><\/p>\n<p style=\"text-align: left;\"><strong>Hor\u00e1rio de atendimento externo<br \/>\n<\/strong>De segunda \u00e0 sexta, das 08:00 \u00e0s 22:00 horas.<\/p>\n<p style=\"text-align: left;\">Obs: O hor\u00e1rio de atendimento poder\u00e1 sofrer altera\u00e7\u00e3o nos per\u00edodos de f\u00e9rias escolares.<\/p>\n<\/div>\n<\/div><\/div><\/div><div class=\"ea-card  sp-ea-single\"><h3 class=\"ea-header\"><a class=\"collapsed\" data-sptoggle=\"spcollapse\" data-sptarget=#collapse4161 href=\"javascript:void(0)\"  aria-expanded=\"false\"><i class=\"ea-expand-icon fa fa-plus\"><\/i> Requerimentos &#8211; GRADUA\u00c7\u00c3O<\/a><\/h3><div class=\"sp-collapse spcollapse \" id=\"collapse4161\" data-parent=#sp-ea-416><div class=\"ea-body\"><p>Os formul\u00e1rios abaixo dever\u00e3o ser preenchidos preferencialmente no computador, impressos e entregues na Se\u00e7\u00e3o de Registro Escolar ou enviados por e-mail (sensino@ica.ufmg.br), no prazo especificado pelo\u00a0<a href=\"https:\/\/ufmg.br\/a-universidade\/calendario-academico\">calend\u00e1rio escolar<\/a>\u00a0ou pelo setor.<\/p>\n<p><strong>REQUERIMENTO DE CANCELAMENTO DE REGISTRO ACAD\u00caMICO\u00a0(DESIST\u00caNCIA FORMAL)<br \/>\n<\/strong><\/p>\n<p>Para formalizar a desist\u00eancia do curso, o aluno dever\u00e1 acessar o\u00a0<a href=\"https:\/\/bit.ly\/2X6ApsW\" target=\"_blank\" rel=\"noopener\">site do DRCA<\/a>\u00a0e seguir as instru\u00e7\u00f5es constantes na p\u00e1gina ou seguir o roteiro abaixo. Todo o procedimento \u00e9 realizado atrav\u00e9s do SIGA.<\/p>\n<p><a href=\"https:\/\/www.ufmg.br\/montesclaros\/wp-content\/uploads\/2020\/05\/Roteiro-Desistencia-Formal.pdf\" target=\"_blank\" rel=\"noopener\">Roteiro para Requerimento de cancelamento de registro acad\u00eamico<\/a><\/p>\n<hr \/>\n<p><strong>REQUERIMENTO DE INCLUS\u00c3O DE NOME SOCIAL<\/strong><\/p>\n<p>\u200bO nome social \u00e9 o prenome pelo qual pessoas travestis e transexuais se identificam, s\u00e3o reconhecidas e identificadas em suas rela\u00e7\u00f5es sociais. A inclus\u00e3o do nome social no sistema poder\u00e1 ser solicitada a qualquer tempo, por meio de formul\u00e1rio pr\u00f3prio.<\/p>\n<p><a href=\"https:\/\/www.ufmg.br\/montesclaros\/wp-content\/uploads\/2018\/01\/REQUERIMENTO-PARA-INCLUSAO-DE-NOME-SOCIAL.pdf\" target=\"_blank\" rel=\"noopener\">Requerimento de inclus\u00e3o de nome social<span class=\"wixGuard\">\u200b<\/span><\/a><\/p>\n<hr \/>\n<p><strong>REQUERIMENTO DE INSCRI\u00c7\u00c3O \u00c0 COLA\u00c7\u00c3O DE GRAU<\/strong><\/p>\n<p>As orienta\u00e7\u00f5es para inscri\u00e7\u00e3o \u00e0 cola\u00e7\u00e3o de grau s\u00e3o enviadas aos formandos semestralmente, em per\u00edodo definido pela Se\u00e7\u00e3o de Registro Escolar, podendo este diferir do previsto no Calend\u00e1rio Escolar.<\/p>\n<p>Outras informa\u00e7\u00f5es est\u00e3o dispon\u00edveis na <a href=\"https:\/\/www.ufmg.br\/montesclaros\/wp-content\/uploads\/2024\/03\/Resolucao_8_2025_Colacao-de-grau.pdf\"><u>Resolu\u00e7\u00e3o n\u00ba 08\/2025<\/u><\/a>, que disp\u00f5e sobre o processo de Cola\u00e7\u00e3o de Grau no \u00e2mbito do Instituto de Ci\u00eancias Agr\u00e1rias da Universidade Federal de Minas Gerais.<\/p>\n<hr \/>\n<p><span class=\"wixGuard\">\u200b<\/span><strong>REQUERIMENTO DE MATR\u00cdCULA EM DISCIPLINA ISOLADA<\/strong><\/p>\n<p>\u00c9 a matr\u00edcula, permitida a qualquer pessoa n\u00e3o pertencente ao corpo discente da UFMG, em disciplinas isoladas integrantes dos curr\u00edculos dos cursos de gradua\u00e7\u00e3o, para complementa\u00e7\u00e3o ou atualiza\u00e7\u00e3o de conhecimento. As normas est\u00e3o dispon\u00edveis na\u00a0<a href=\"https:\/\/www2.ufmg.br\/drca\/drca\/Home\/Graduacao\/Disciplina-Isolada\" target=\"_blank\" rel=\"noopener\">p\u00e1gina do Departamento de Registro e Controle Acad\u00eamico (DRCA)<\/a>.O requerimento \u00e9 feito uma vez por semestre, conforme calend\u00e1rio escolar.<\/p>\n<p><a href=\"https:\/\/www.ufmg.br\/montesclaros\/wp-content\/uploads\/2018\/01\/REQUERIMENTO-DE-MATRICULA-EM-ATIVIDADE-ISOLADA.pdf\" target=\"_blank\" rel=\"noopener\">Requerimento de matr\u00edcula em disciplina isolada<\/a><\/p>\n<hr \/>\n<p><strong>REQUERIMENTO DE REOP\u00c7\u00c3O DE CURSO<\/strong><\/p>\n<p>\u00c9 a mudan\u00e7a para outro curso, permitida ao aluno admitido por Concurso Vestibular ou Processo Seletivo SiSU, com situa\u00e7\u00e3o acad\u00eamica regular, isto \u00e9, dever\u00e1 estar matriculado no semestre letivo do requerimento ou com matr\u00edcula trancada. Para os candidatos classificados, a verifica\u00e7\u00e3o dos percentuais exigidos ser\u00e1 feita no ato do Registro Acad\u00eamico.<\/p>\n<p>\u00c9 vedada a concess\u00e3o de reop\u00e7\u00e3o a estudantes que tenham ingressado no curso pelos mecanismos de continuidade de estudos, reop\u00e7\u00e3o, transfer\u00eancia, obten\u00e7\u00e3o de novo t\u00edtulo ou transfer\u00eancia especial<\/p>\n<p>Este procedimento ocorre no primeiro semestre letivo, conforme previsto no Calend\u00e1rio Escolar, para provimento de vagas no segundo semestre letivo. As normas est\u00e3o dispon\u00edveis na <a href=\"https:\/\/www2.ufmg.br\/drca\/drca\/Home\/Graduacao\/Reopcao-de-Curso\" target=\"_blank\" rel=\"noopener\">p\u00e1gina do Departamento de Registro e Controle Acad\u00eamico (DRCA)<\/a>.<\/p>\n<p><a href=\"https:\/\/www.ufmg.br\/montesclaros\/wp-content\/uploads\/2020\/05\/Formulario-Requerimento-de-Reopcao-2019-V2.pdf\" target=\"_blank\" rel=\"noopener\">Requerimento de reop\u00e7\u00e3o<\/a><\/p>\n<hr \/>\n<p><strong><span class=\"wixGuard\">\u200b<\/span><span class=\"wixGuard\">\u200b<\/span>REQUERIMENTO DE TRANSFER\u00caNCIA PARA OUTRA IES<\/strong><\/p>\n<p>A transfer\u00eancia consiste no desligamento do aluno da Universidade Federal de Minas Gerais para continuidade de estudos em outro estabelecimento de ensino superior. Poder\u00e1 ser solicitada a qualquer \u00e9poca, apresentando-se o formul\u00e1rio e o comprovante de nada consta com a Funda\u00e7\u00e3o Mendes Pimentel e com a biblioteca.<\/p>\n<p>O interessado dever\u00e1 verificar as normas vigentes na institui\u00e7\u00e3o para a qual deseja transferir-se.<\/p>\n<p><a href=\"https:\/\/www.ufmg.br\/montesclaros\/wp-content\/uploads\/2018\/01\/REQUERIMENTO-DE-TRANSFERENCIA-PARA-OUTRA-IES.pdf\" target=\"_blank\" rel=\"noopener\"><span class=\"wixGuard\">\u200b<\/span>Requerimento de transfer\u00eancia para outra IES<\/a><\/p>\n<\/div><\/div><\/div><div class=\"ea-card  sp-ea-single\"><h3 class=\"ea-header\"><a class=\"collapsed\" data-sptoggle=\"spcollapse\" data-sptarget=#collapse4162 href=\"javascript:void(0)\"  aria-expanded=\"false\"><i class=\"ea-expand-icon fa fa-plus\"><\/i> Solicita\u00e7\u00e3o de Documentos &#8211; GRADUA\u00c7\u00c3O<\/a><\/h3><div class=\"sp-collapse spcollapse \" id=\"collapse4162\" data-parent=#sp-ea-416><div class=\"ea-body\"><p><strong>DECLARA\u00c7\u00c3O<\/strong><\/p>\n<p>Informa a regularidade da matr\u00edcula e a previs\u00e3o de formatura. Emitida para fins de est\u00e1gio, meio passe estudantil, inscri\u00e7\u00e3o em processo seletivo de p\u00f3s-gradua\u00e7\u00e3o, entre outros.<\/p>\n<p>A solicita\u00e7\u00e3o pode ser feita pelo e-mail &lt;sensino@ica.ufmg.br&gt;, informando os seguintes dados:<\/p>\n<p><strong><em>Nome: <\/em><\/strong><em>xxxxxx<strong><br \/>\nN\u00famero de matr\u00edcula: <\/strong>xxxxx<br \/>\n<\/em><strong><em>Curso: <\/em><\/strong><em>xxxxx<strong><br \/>\nDocumento solicitado: <\/strong>xxxxx<br \/>\n<\/em><strong><em>Finalidade do documento: <\/em><\/strong><em>xxxxx<\/em><\/p>\n<p><strong>O documento \u00e9 gratuito.<\/strong> O documento \u00e9 enviado por e-mail com assinatura eletr\u00f4nica do respons\u00e1vel pela Se\u00e7\u00e3o de Registro Escolar, em <strong>at\u00e9 5 dias \u00fateis<\/strong>. Solicita\u00e7\u00f5es de urg\u00eancia dever\u00e3o estar acompanhadas de justificativa e comprova\u00e7\u00e3o.<\/p>\n<hr \/>\n<p><strong>COMPROVANTE DE MATR\u00cdCULA<\/strong><\/p>\n<p>O estudante dever\u00e1 gerar o documento atrav\u00e9s do Minha UFMG, at\u00e9 a data correspondente a 1\/3 do per\u00edodo letivo, em SIGA UFMG: Acesso para alunos de gradua\u00e7\u00e3o &gt; Meus documentos autentic\u00e1veis, podendo ser validado atrav\u00e9s de um c\u00f3digo de autentica\u00e7\u00e3o e QR Code. Sugerimos que o documento seja salvo pelo estudante, uma vez que n\u00e3o fica dispon\u00edvel no sistema durante todo o semestre.<\/p>\n<hr \/>\n<p><strong>HIST\u00d3RICO DA GRADUA\u00c7\u00c3O<\/strong><\/p>\n<p>O aluno graduado ou desistente, que tenha ingressado na UFMG a partir do ano 2000, poder\u00e1 gerar o documento exclusivamente pelo link <a href=\"https:\/\/sistemas.ufmg.br\/aluno-grad\/?bkmk=\">https:\/\/sistemas.ufmg.br\/aluno-grad\/?bkmk=<\/a> . J\u00e1 os alunos ativos, al\u00e9m do link anterior, tamb\u00e9m poder\u00e3o emitir o documento em SIGA UFMG: Acesso para alunos de gradua\u00e7\u00e3o &gt; Meus documentos autentic\u00e1veis, limitado a 3 por semestre, podendo ser autenticado at\u00e9 6 meses ap\u00f3s a emiss\u00e3o.<\/p>\n<p>Caso n\u00e3o se lembre do login ou senha para acesso ao sistema, entre em contato com a Diretoria de Tecnologia da Informa\u00e7\u00e3o atrav\u00e9s do e-mail\u00a0<u>suporte@dti.ufmg.br<\/u>\u00a0e informe que precisa recuperar o acesso ao SIGA para emiss\u00e3o de hist\u00f3rico, escreva seu nome completo e anexe uma foto do seu documento de identidade frente e verso.<\/p>\n<p>Para alunos que possuem mais de um registro na UFMG, sendo um deles ativo, essa fun\u00e7\u00e3o est\u00e1 dispon\u00edvel apenas para esse \u00faltimo. Nesse caso, se precisarem do hist\u00f3rico indispon\u00edvel, devem enviar um e-mail para a Se\u00e7\u00e3o de Registro Escolar solicitando o documento e informar no corpo do e-mail (nome, n\u00famero de matr\u00edcula e curso), assim como quem ingressou anterior a 2000. O documento \u00e9 gratuito e ser\u00e1 enviado em at\u00e9 05 dias \u00fateis.<\/p>\n<hr \/>\n<p><strong>DIPLOMA\u00a0<\/strong><\/p>\n<p><strong>Formandos:<\/strong><\/p>\n<p>As orienta\u00e7\u00f5es para requerimento do diploma s\u00e3o enviadas aos formandos semestralmente, em data pr\u00f3xima ao t\u00e9rmino do semestre letivo. O requerimento do diploma \u00e9 realizado juntamente com a inscri\u00e7\u00e3o \u00e0 cola\u00e7\u00e3o de grau. N\u00e3o \u00e9 necess\u00e1rio realizar outro requerimento ap\u00f3s a conclus\u00e3o do curso.<\/p>\n<p><strong>Para os alunos que conclu\u00edram o curso de gradua\u00e7\u00e3o at\u00e9 2022\/2:<\/strong><\/p>\n<p>O requerimento de primeira via de diploma dever\u00e1 ser feito, preferencialmente, por e-mail.<\/p>\n<p>Os documentos devem ser enviados no formato PDF, contendo frente e verso (quando houver), c\u00f3pias escaneadas perfeitamente leg\u00edveis, sem rasuras ou cortes (nomes, bordas, carimbos) dos seguintes documentos:<\/p>\n<ul>\n<li>Certid\u00e3o de nascimento ou casamento;<\/li>\n<li>CPF <em>(caso o documento esteja ileg\u00edvel, poder\u00e1 ser emitido outro atrav\u00e9s do site da Receita Federal em: <\/em><a href=\"https:\/\/servicos.receita.fazenda.gov.br\/Servicos\/CPF\/ImpressaoComprovante\/ConsultaImpressao.asp\">https:\/\/servicos.receita.fazenda.gov.br\/Servicos\/CPF\/ImpressaoComprovante\/ConsultaImpressao.asp<\/a> ;<\/li>\n<li>Documento de identifica\u00e7\u00e3o \u2013 Carteira de Identidade (preferencialmente) e Passaporte (para aluno estrangeiro);<\/li>\n<li>Nada consta da biblioteca atualizado, que poder\u00e1 ser solicitado pelo e-mail (<a href=\"mailto:bib@ica.ufmg.br\">bib@ica.ufmg.br<\/a>).<\/li>\n<\/ul>\n<p>\u00c9 importante que a documenta\u00e7\u00e3o apresentada esteja atualizada, pois estudantes de gradua\u00e7\u00e3o recebem diplomas digitais, que n\u00e3o podem ser corrigidos.<\/p>\n<p>No corpo do e-mail, dever\u00e1 informar nome completo, n\u00famero de matr\u00edcula e curso.<\/p>\n<p>Sugerimos que fa\u00e7am uma confer\u00eancia da qualidade da certid\u00e3o de nascimento com anteced\u00eancia, pois \u00e9 preciso que as informa\u00e7\u00f5es estejam totalmente leg\u00edveis, e se necess\u00e1rio for, solicite uma segunda via.<\/p>\n<p>A Certid\u00e3o que informa a conclus\u00e3o do curso e cola\u00e7\u00e3o de grau, tamb\u00e9m informa que o diploma est\u00e1 em andamento, \u00e9 enviada por e-mail ap\u00f3s a confer\u00eancia da documenta\u00e7\u00e3o. Com esse documento \u00e9 poss\u00edvel fazer o registro provis\u00f3rio no Conselho da Categoria Profissional e se inscrever em Programas de P\u00f3s-Gradua\u00e7\u00e3o.<\/p>\n<p>\u200bO prazo para confec\u00e7\u00e3o e registro do diploma \u00e9 de aproximadamente 4 meses.<\/p>\n<p>O diploma ser\u00e1 expedido e registrado apenas no formato digital. Ap\u00f3s finaliza\u00e7\u00e3o do registro, a Divis\u00e3o de Registros de Diplomas da Universidade enviar\u00e1 as informa\u00e7\u00f5es de acesso ao diploma diretamente ao e-mail do graduado.<\/p>\n<p>Graduados que desejarem, podem a seu crit\u00e9rio, imprimir a representa\u00e7\u00e3o visual do diploma, em qualquer gr\u00e1fica, e no papel que desejar. E tamb\u00e9m ter\u00e3o direito de solicitar \u00e0 UFMG a impress\u00e3o da Representa\u00e7\u00e3o Visual do Diploma Digital. A impress\u00e3o ser\u00e1 realizada pela Se\u00e7\u00e3o de Ensino, uma \u00fanica vez, de forma gratuita. Salientamos que a impress\u00e3o da Representa\u00e7\u00e3o Visual do Diploma Digital n\u00e3o possui valor oficial.<\/p>\n<p><strong>\u00a0<\/strong><\/p>\n<p><strong>Informa\u00e7\u00f5es sobre 2\u00aa via de diploma de gradua\u00e7\u00e3o:<\/strong><\/p>\n<p>Graduados que tenham extraviado ou danificado a primeira via do diploma, podem requerer 2\u00aa via do documento. Esse pedido de 2\u00aa via deve ser realizado diretamente com a DRD \u2013 Divis\u00e3o de Registros de Diplomas da Universidade, seguindo as instru\u00e7\u00f5es do site:\u00a0<a href=\"https:\/\/www2.ufmg.br\/drca\/drca\/Home\/Registro-de-Diplomas\/2a-Via-de-Diploma\">https:\/\/www2.ufmg.br\/drca\/drca\/Home\/Registro-de-Diplomas\/2a-Via-de-Diploma<\/a><\/p>\n<p>&nbsp;<\/p>\n<p><strong>Retirada do diploma f\u00edsico (graduados at\u00e9 2022\/1)<\/strong><\/p>\n<p>A retirada de diploma somente pode ser feita presencialmente, de uma das seguintes maneiras:<\/p>\n<p>&#8211; Pessoalmente pelo egresso, apresentando documento de identifica\u00e7\u00e3o original;<\/p>\n<p>&#8211; Pessoalmente por terceiro, portando procura\u00e7\u00e3o particular original com assinatura eletr\u00f4nica, acompanhada de documento digital de identifica\u00e7\u00e3o do egresso (para facilitar a verifica\u00e7\u00e3o da autenticidade dos documentos, sugerimos o envio dos documentos para o e-mail sensino@ica.ufmg.br);<\/p>\n<p>&#8211; Pessoalmente por terceiro, portando procura\u00e7\u00e3o particular original, que pode ser apresentada sem firma reconhecida em cart\u00f3rio, desde que acompanhada do documento de identifica\u00e7\u00e3o original do egresso (os documentos podem ser enviados via correio ao procurador, n\u00e3o recebemos c\u00f3pias);<\/p>\n<p>&#8211; Pessoalmente por terceiro, portando procura\u00e7\u00e3o particular original com firma reconhecida em cart\u00f3rio. Nesse caso \u00e9 dispensada a apresenta\u00e7\u00e3o do documento de identifica\u00e7\u00e3o (o documento pode ser enviado via correio ao procurador, n\u00e3o recebemos c\u00f3pia).<\/p>\n<p><a href=\"https:\/\/www.ufmg.br\/montesclaros\/wp-content\/uploads\/2018\/09\/procuracao-retirar-diploma.pdf\">\u200bProcura\u00e7\u00e3o\u200b para retirar diploma<\/a><\/p>\n<p><strong><br \/>\nPrioridade de registro de diploma\u200b\u200b (urg\u00eancia)<\/strong><\/p>\n<p>Para solicitar prioridade no registro de diploma, o interessado dever\u00e1 entrar em contato diretamente com a DRD \u2013 Divis\u00e3o de Registro de Diplomas, por meio do e-mail drd@drca.ufmg.br, encaminhando o requerimento devidamente preenchido, acompanhado da documenta\u00e7\u00e3o comprobat\u00f3ria.<\/p>\n<p>No corpo do e-mail, dever\u00e1 ser informado o n\u00famero do processo no qual o diploma foi enviado, informa\u00e7\u00e3o esta que deve ser solicitada previamente \u00e0 Se\u00e7\u00e3o de Registro Escolar.<\/p>\n<p><a href=\"https:\/\/www.ufmg.br\/montesclaros\/wp-content\/uploads\/2024\/03\/Requerimento-de-registro-de-diploma-em-carater-prioritario.pdf\">Requerimento de Registro de Diploma em Car\u00e1ter Priorit\u00e1rio<\/a><\/p>\n<p><strong>Lista de diplomas f\u00edsicos registrados (graduados at\u00e9 2022\/1)\u00a0<\/strong><\/p>\n<p><a href=\"https:\/\/www.ufmg.br\/montesclaros\/wp-content\/uploads\/2024\/03\/LISTA-DE-DIPLOMAS-REGISTRADOS-ATE-29-01-2026.pdf\">Lista dos diplomas f\u00edsicos registrados e dispon\u00edveis para retirada<\/a><\/p>\n<p>Observa\u00e7\u00e3o: A Se\u00e7\u00e3o de Registro Escolar n\u00e3o se responsabiliza por situa\u00e7\u00f5es de n\u00e3o solicita\u00e7\u00e3o do documento no tempo h\u00e1bil, como decorr\u00eancia de imprevistos de natureza tecnol\u00f3gica (queda de rede, inacessibilidade, etc.) ou demais situa\u00e7\u00f5es que impossibilitem a efetiva\u00e7\u00e3o do requerimento.<\/p>\n<\/div><\/div><\/div><div class=\"ea-card  sp-ea-single\"><h3 class=\"ea-header\"><a class=\"collapsed\" data-sptoggle=\"spcollapse\" data-sptarget=#collapse4163 href=\"javascript:void(0)\"  aria-expanded=\"false\"><i class=\"ea-expand-icon fa fa-plus\"><\/i> Solicita\u00e7\u00e3o de Documentos &#8211; CURSO T\u00c9CNICO<\/a><\/h3><div class=\"sp-collapse spcollapse \" id=\"collapse4163\" data-parent=#sp-ea-416><div class=\"ea-body\"><p>Os requerimentos dos cursos t\u00e9cnicos dever\u00e3o ser feitos preferencialmente pelo e-mail &lt;<a href=\"mailto:sensino@ica.ufmg.br\">sensino@ica.ufmg.br<\/a>&gt; ou presencialmente, apresentado a documenta\u00e7\u00e3o espec\u00edfica, conforme descrito a seguir.<\/p>\n<p><strong>DECLARA\u00c7\u00c3O DO CURSO T\u00c9CNICO \u00a0\u00a0\u00a0\u00a0\u00a0\u00a0\u00a0\u00a0\u00a0\u00a0<\/strong><\/p>\n<p><strong>\u00a0<\/strong>Para solicita\u00e7\u00e3o de declara\u00e7\u00e3o do curso t\u00e9cnico \u00e9 necess\u00e1rio o envio dos seguintes documentos escaneados, somente em formato PDF:<\/p>\n<p>\u00ac Documento de identifica\u00e7\u00e3o<\/p>\n<p>\u00ac CPF<\/p>\n<p>\u00ac No corpo do e-mail, informe o nome completo, curso, e os anos de in\u00edcio e t\u00e9rmino do curso.<\/p>\n<p><strong>O documento \u00e9 gratuito<\/strong>. O documento \u00e9 enviado por e-mail com assinatura eletr\u00f4nica do respons\u00e1vel pela Se\u00e7\u00e3o de Registro Escolar em at\u00e9 05 dias \u00fateis.<\/p>\n<hr \/>\n<p><strong>HIST\u00d3RICO DO CURSO T\u00c9CNICO<\/strong><\/p>\n<p>Para solicita\u00e7\u00e3o do hist\u00f3rico do curso t\u00e9cnico \u00e9 necess\u00e1rio o envio dos seguintes documentos escaneados, somente em formato PDF:<\/p>\n<p>\u00ac Documento de identifica\u00e7\u00e3o<\/p>\n<p>\u00ac CPF<\/p>\n<p>\u00ac No corpo do e-mail, informe o nome completo, curso, e os anos de in\u00edcio e t\u00e9rmino do curso.<\/p>\n<p><strong>O documento \u00e9 gratuito<\/strong>. O documento \u00e9 enviado por e-mail com assinatura eletr\u00f4nica do respons\u00e1vel pela Se\u00e7\u00e3o de Registro Escolar em at\u00e9 30 dias.<\/p>\n<hr \/>\n<p><strong>DIPLOMA DO CURSO T\u00c9CNICO<\/strong><\/p>\n<p>Para solicita\u00e7\u00e3o do diploma do curso t\u00e9cnico \u00e9 necess\u00e1rio o envio dos seguintes documentos escaneados, somente em formato PDF:<\/p>\n<p>\u00ac Documento de identifica\u00e7\u00e3o<\/p>\n<p>\u00ac CPF<\/p>\n<p>\u00acNo corpo do e-mail, informe o nome completo, curso, e os anos de in\u00edcio e t\u00e9rmino do curso.<\/p>\n<p>&#8211; A primeira via do diploma \u00e9 gratuita<\/p>\n<p>Em caso de segunda via do diploma, al\u00e9m da documenta\u00e7\u00e3o acima, dever\u00e1 ser realizado o pagamento de uma Guia de Recolhimento da Uni\u00e3o no valor de R$ 30,00, cujas instru\u00e7\u00f5es para emiss\u00e3o da GRU est\u00e3o no final da p\u00e1gina.<\/p>\n<p>O diploma \u00e9 confeccionado no formato f\u00edsico. O prazo para emiss\u00e3o do diploma \u00e9 de 30 dias ap\u00f3s o envio da documenta\u00e7\u00e3o completa.<\/p>\n<p>A retirada de diploma somente pode ser feita presencialmente, de uma das seguintes maneiras:<\/p>\n<p>&#8211; Pessoalmente pelo egresso, apresentando documento de identifica\u00e7\u00e3o original;<\/p>\n<p>&#8211; Pessoalmente por terceiro, portando procura\u00e7\u00e3o particular original com assinatura eletr\u00f4nica, acompanhada de documento digital de identifica\u00e7\u00e3o do egresso (para facilitar a verifica\u00e7\u00e3o da autenticidade dos documentos, sugerimos o envio dos documentos para o e-mail sensino@ica.ufmg.br);<\/p>\n<p>&#8211; Pessoalmente por terceiro, portando procura\u00e7\u00e3o particular original, que pode ser apresentada sem firma reconhecida em cart\u00f3rio, desde que acompanhada do documento de identifica\u00e7\u00e3o original do egresso (os documentos podem ser enviados via correio ao procurador, n\u00e3o recebemos c\u00f3pias);<\/p>\n<p>&#8211; Pessoalmente por terceiro, portando procura\u00e7\u00e3o particular original com firma reconhecida em cart\u00f3rio. Nesse caso \u00e9 dispensada a apresenta\u00e7\u00e3o do documento de identifica\u00e7\u00e3o (o documento pode ser enviado via correio ao procurador, n\u00e3o recebemos c\u00f3pia).<\/p>\n<p><a href=\"https:\/\/www.ufmg.br\/montesclaros\/wp-content\/uploads\/2022\/06\/procuracao-retirar-diploma-de-curso-tecnico.pdf\" target=\"_blank\" rel=\"noopener\"><u>Procura\u00e7\u00e3o para retirar diploma do curso t\u00e9cnico\u00a0<\/u><\/a><\/p>\n<p><strong>\u00a0<\/strong><\/p>\n<p><strong>CERTID\u00c3O DE TEMPO ESCOLAR DO CURSO T\u00c9CNICO<\/strong><\/p>\n<p>Para solicita\u00e7\u00e3o de Certid\u00e3o de Tempo Escolar do curso t\u00e9cnico, destinada somente \u00e0queles que tenham estudado no Col\u00e9gio Agr\u00edcola Ant\u00f4nio Versiani Athayde at\u00e9 o ano de 1998, \u00e9 necess\u00e1rio o envio dos seguintes documentos escaneados, somente em formato PDF:<\/p>\n<p>\u00ac Documento de identifica\u00e7\u00e3o<\/p>\n<p>\u00ac CPF<\/p>\n<p>\u00ac Pis ou Pasep<\/p>\n<p>\u00ac Comprovante de endere\u00e7o<\/p>\n<p>\u00ac No corpo do e-mail, informe o nome completo, curso, e os anos de in\u00edcio e t\u00e9rmino do curso.<\/p>\n<p>&nbsp;<\/p>\n<p><strong>O documento \u00e9 gratuito<\/strong>. O documento \u00e9 enviado por e-mail com assinatura eletr\u00f4nica do respons\u00e1vel pela Se\u00e7\u00e3o de Registro Escolar em at\u00e9 30 dias \u00fateis.<\/p>\n<p>&nbsp;<\/p>\n<p><strong>Procedimentos para pagamento da GRU:\u00a0<\/strong><\/p>\n<p>1) Gerar\u00a0a\u00a0<strong>Guia de Recolhimento da Uni\u00e3o (GRU)<\/strong>\u00a0<a href=\"https:\/\/sistemas.ufmg.br\/sisarc\/emissaogru\/gerir\/geriremissaogru.seam?codigo=BBUSuYwyG\">clicando aqui<\/a><\/p>\n<p>2) Preencher o formul\u00e1rio informando apenas os campos marcados com asterisco (*), conforme abaixo:<\/p>\n<table border=\"1\" cellspacing=\"0\" cellpadding=\"5\">\n<tbody>\n<tr>\n<td><strong>CPF\/CNPJ:<\/strong><\/td>\n<td>Digitar o n\u00famero do CPF do solicitante<\/td>\n<\/tr>\n<tr>\n<td><strong>Nome do Contribuinte:<\/strong><\/td>\n<td>Nome do solicitante<\/td>\n<\/tr>\n<tr>\n<td><strong>Compet\u00eancia:<\/strong><\/td>\n<td>M\u00eas da solicita\u00e7\u00e3o \/ Ano da solicita\u00e7\u00e3o<\/td>\n<\/tr>\n<tr>\n<td><strong>Data do Vencimento:<\/strong><\/td>\n<td>Data para efetuar o pagamento<\/td>\n<\/tr>\n<tr>\n<td><strong>Valor Principal:<\/strong><\/td>\n<td>Valor da taxa de emiss\u00e3o do documento, conforme tabela acima<\/td>\n<\/tr>\n<tr>\n<td><strong>Valor Total:<\/strong><\/td>\n<td>Repetir o valor da taxa de emiss\u00e3o acima<\/td>\n<\/tr>\n<\/tbody>\n<\/table>\n<p>3) Clicar em\u00a0GERAR\u00a0GRU<\/p>\n<p>4) Imprimir ou salvar a guia e realizar o pagamento exclusivamente no Banco do Brasil<\/p>\n<p>&nbsp;<\/p>\n<p><strong>Observa\u00e7\u00e3o:<\/strong> A Se\u00e7\u00e3o de Registro Escolar n\u00e3o se responsabiliza por situa\u00e7\u00f5es de n\u00e3o solicita\u00e7\u00e3o do documento no tempo h\u00e1bil, como decorr\u00eancia de imprevistos de natureza tecnol\u00f3gica (queda de rede, inacessibilidade, etc.) ou demais situa\u00e7\u00f5es que impossibilitem a efetiva\u00e7\u00e3o do requerimento.<\/p>\n<\/div><\/div><\/div><div class=\"ea-card  sp-ea-single\"><h3 class=\"ea-header\"><a class=\"collapsed\" data-sptoggle=\"spcollapse\" data-sptarget=#collapse4164 href=\"javascript:void(0)\"  aria-expanded=\"false\"><i class=\"ea-expand-icon fa fa-plus\"><\/i> Avisos<\/a><\/h3><div class=\"sp-collapse spcollapse \" id=\"collapse4164\" data-parent=#sp-ea-416><div class=\"ea-body\"><p>A Se\u00e7\u00e3o de Registro Escolar divulga a lista de estudantes aptos \u00e0 cola\u00e7\u00e3o de grau (alunos que integralizaram 100% da carga hor\u00e1ria do curso, est\u00e3o em situa\u00e7\u00e3o regular com o Enade e realizaram a inscri\u00e7\u00e3o no Moodle).<\/p>\n<p><a href=\"https:\/\/www.ufmg.br\/montesclaros\/wp-content\/uploads\/2024\/03\/LISTA-DE-ALUNOS-APTOS-A-COLACAO-DE-GRAU-2025-2.pdf\">Lista de alunos aptos a cola\u00e7\u00e3o de grau 2025\/2<\/a><\/p>\n<p>&nbsp;<\/p>\n<p>&nbsp;<\/p>\n<p>&nbsp;<\/p>\n<\/div><\/div><\/div><\/div><\/div><\/div>","protected":false},"excerpt":{"rendered":"","protected":false},"author":3,"featured_media":0,"parent":0,"menu_order":0,"comment_status":"closed","ping_status":"closed","template":"","meta":[],"acf":[],"_links":{"self":[{"href":"https:\/\/www.ufmg.br\/montesclaros\/wp-json\/wp\/v2\/pages\/417"}],"collection":[{"href":"https:\/\/www.ufmg.br\/montesclaros\/wp-json\/wp\/v2\/pages"}],"about":[{"href":"https:\/\/www.ufmg.br\/montesclaros\/wp-json\/wp\/v2\/types\/page"}],"author":[{"embeddable":true,"href":"https:\/\/www.ufmg.br\/montesclaros\/wp-json\/wp\/v2\/users\/3"}],"replies":[{"embeddable":true,"href":"https:\/\/www.ufmg.br\/montesclaros\/wp-json\/wp\/v2\/comments?post=417"}],"version-history":[{"count":1,"href":"https:\/\/www.ufmg.br\/montesclaros\/wp-json\/wp\/v2\/pages\/417\/revisions"}],"predecessor-version":[{"id":418,"href":"https:\/\/www.ufmg.br\/montesclaros\/wp-json\/wp\/v2\/pages\/417\/revisions\/418"}],"wp:attachment":[{"href":"https:\/\/www.ufmg.br\/montesclaros\/wp-json\/wp\/v2\/media?parent=417"}],"curies":[{"name":"wp","href":"https:\/\/api.w.org\/{rel}","templated":true}]}}