{"id":4776,"date":"2026-02-23T17:19:00","date_gmt":"2026-02-23T20:19:00","guid":{"rendered":"https:\/\/www.ufmg.br\/montesclaros\/?page_id=4776"},"modified":"2026-04-15T12:16:45","modified_gmt":"2026-04-15T15:16:45","slug":"workshop-da-pos-graduacao-do-ica","status":"publish","type":"page","link":"https:\/\/www.ufmg.br\/montesclaros\/workshop-da-pos-graduacao-do-ica\/","title":{"rendered":"Workshop da P\u00f3s Gradua\u00e7\u00e3o do ICA"},"content":{"rendered":"\n<figure class=\"wp-block-image size-large\"><img decoding=\"async\" loading=\"lazy\" width=\"1024\" height=\"434\" src=\"https:\/\/www.ufmg.br\/montesclaros\/wp-content\/uploads\/2026\/04\/Sympla1-1024x434.png\" alt=\"\" class=\"wp-image-5043\" srcset=\"https:\/\/www.ufmg.br\/montesclaros\/wp-content\/uploads\/2026\/04\/Sympla1-1024x434.png 1024w, https:\/\/www.ufmg.br\/montesclaros\/wp-content\/uploads\/2026\/04\/Sympla1-300x127.png 300w, https:\/\/www.ufmg.br\/montesclaros\/wp-content\/uploads\/2026\/04\/Sympla1-768x326.png 768w, https:\/\/www.ufmg.br\/montesclaros\/wp-content\/uploads\/2026\/04\/Sympla1-1536x652.png 1536w, https:\/\/www.ufmg.br\/montesclaros\/wp-content\/uploads\/2026\/04\/Sympla1-2048x869.png 2048w, https:\/\/www.ufmg.br\/montesclaros\/wp-content\/uploads\/2026\/04\/Sympla1-1320x560.png 1320w\" sizes=\"(max-width: 1024px) 100vw, 1024px\" \/><\/figure>\n\n\n<div ><style>#sp-ea-4775 .spcollapsing { height: 0; overflow: hidden; transition-property: height;transition-duration: 300ms;}#sp-ea-4775.sp-easy-accordion>.sp-ea-single {border: 1px solid #e2e2e2; }#sp-ea-4775.sp-easy-accordion>.sp-ea-single>.ea-header a {color: #444;}#sp-ea-4775.sp-easy-accordion>.sp-ea-single>.sp-collapse>.ea-body {background: #fff; color: #444;}#sp-ea-4775.sp-easy-accordion>.sp-ea-single {background: #eee;}#sp-ea-4775.sp-easy-accordion>.sp-ea-single>.ea-header a .ea-expand-icon.fa { float: left; color: #444;font-size: 16px;}<\/style><div id=\"sp_easy_accordion-1771877618\"><div id=\"sp-ea-4775\" class=\"sp-ea-one sp-easy-accordion\" data-ex-icon=\"fa-minus\" data-col-icon=\"fa-plus\"  data-ea-active=\"ea-click\"  data-ea-mode=\"vertical\" data-preloader=\"\" data-scroll-active-item=\"\" data-offset-to-scroll=\"0\"><div class=\"ea-card ea-expand sp-ea-single\"><h3 class=\"ea-header\"><a class=\"collapsed\" data-sptoggle=\"spcollapse\" data-sptarget=#collapse47750 href=\"javascript:void(0)\"  aria-expanded=\"true\"><i class=\"ea-expand-icon fa fa-minus\"><\/i> APRESENTA\u00c7\u00c3O<\/a><\/h3><div class=\"sp-collapse spcollapse collapsed show\" id=\"collapse47750\" data-parent=#sp-ea-4775><div class=\"ea-body\"><p>Prezada Comunidade Acad\u00eamica,<\/p>\n<p>\u00c9 com grande satisfa\u00e7\u00e3o que anunciamos a realiza\u00e7\u00e3o do IV Workshop da P\u00f3s-Gradua\u00e7\u00e3o do Instituto de Ci\u00eancias Agr\u00e1rias da Universidade Federal de Minas Gerais (ICA\/UFMG), que acontecer\u00e1 nos dias 14 e 15 de maio de 2026, no Campus Montes Claros.<\/p>\n<p>Com o tema \u201cCi\u00eancia, Clima e Conhecimento \u2013 Integrando Saberes para um Futuro Sustent\u00e1vel\u201d, esta edi\u00e7\u00e3o reafirma o compromisso da Universidade Federal de Minas Gerais com a excel\u00eancia acad\u00eamica, a produ\u00e7\u00e3o cient\u00edfica de qualidade e a constru\u00e7\u00e3o de solu\u00e7\u00f5es inovadoras frente aos desafios ambientais, sociais e econ\u00f4micos contempor\u00e2neos.<\/p>\n<p>O IV Workshop consolida-se como um espa\u00e7o cient\u00edfico e interdisciplinar que promove o di\u00e1logo entre ensino, pesquisa, extens\u00e3o e sociedade. O evento nasceu da necessidade de fortalecer a integra\u00e7\u00e3o entre diferentes \u00e1reas do conhecimento, valorizando a ci\u00eancia como instrumento fundamental para o desenvolvimento sustent\u00e1vel e socialmente respons\u00e1vel.<\/p>\n<p>A programa\u00e7\u00e3o foi cuidadosamente estruturada para proporcionar momentos de reflex\u00e3o, troca de experi\u00eancias e aprofundamento te\u00f3rico. No primeiro dia, contaremos com confer\u00eancias sobre dois eixos estrat\u00e9gicos e altamente atuais:<\/p>\n<ul>\n<li>Mudan\u00e7as clim\u00e1ticas e produ\u00e7\u00e3o agr\u00edcola<\/li>\n<li>Patrim\u00f4nio gen\u00e9tico e conhecimentos tradicionais associados<\/li>\n<\/ul>\n<p>&nbsp;<\/p>\n<p>Al\u00e9m disso, estudantes de p\u00f3s-gradua\u00e7\u00e3o ter\u00e3o a oportunidade de apresentar suas pesquisas em sess\u00f5es de p\u00f4steres e comunica\u00e7\u00f5es orais, estimulando a socializa\u00e7\u00e3o de resultados cient\u00edficos, o debate qualificado e o fortalecimento da cultura acad\u00eamica.<\/p>\n<p>No segundo dia, o foco ser\u00e1 o sistema nacional de p\u00f3s-gradua\u00e7\u00e3o e seus desdobramentos nos processos de avalia\u00e7\u00e3o das diferentes \u00e1reas do conhecimento, com a participa\u00e7\u00e3o de convidados reconhecidos nacionalmente. Esse momento proporcionar\u00e1 uma reflex\u00e3o aprofundada sobre os rumos da p\u00f3s-gradua\u00e7\u00e3o brasileira e seus impactos na forma\u00e7\u00e3o cient\u00edfica.<\/p>\n<p>Ser\u00e3o selecionados at\u00e9 50 trabalhos, entre apresenta\u00e7\u00f5es orais e p\u00f4steres, e espera-se a participa\u00e7\u00e3o de aproximadamente 300 inscritos, entre estudantes e docentes da gradua\u00e7\u00e3o e p\u00f3s-gradua\u00e7\u00e3o do ICA\/UFMG e de outras institui\u00e7\u00f5es do Norte de Minas Gerais.<\/p>\n<p>O Workshop contempla as seguintes sub\u00e1reas do conhecimento:<\/p>\n<ul>\n<li>Produ\u00e7\u00e3o Vegetal<\/li>\n<li>Produ\u00e7\u00e3o Animal<\/li>\n<li>Ci\u00eancias Florestais<\/li>\n<li>Alimentos e Sa\u00fade<\/li>\n<li>Sociedade, Territ\u00f3rio e Ambiente<\/li>\n<li>Recursos H\u00eddricos e Ambientais<\/li>\n<li>Administra\u00e7\u00e3o P\u00fablica<\/li>\n<\/ul>\n<p>&nbsp;<\/p>\n<p>Mais do que um evento cient\u00edfico, o IV Workshop representa um espa\u00e7o de constru\u00e7\u00e3o coletiva de conhecimento, fortalecimento de redes de coopera\u00e7\u00e3o e valoriza\u00e7\u00e3o da interdisciplinaridade. Ao integrar diferentes perspectivas e reconhecer a import\u00e2ncia dos saberes tradicionais, o evento contribui para a populariza\u00e7\u00e3o da ci\u00eancia e para a formula\u00e7\u00e3o de reflex\u00f5es relevantes sobre pol\u00edticas p\u00fablicas relacionadas \u00e0 agricultura, biodiversidade e educa\u00e7\u00e3o superior.<\/p>\n<p>Convidamos toda a comunidade acad\u00eamica e cient\u00edfica a participar deste encontro, que promete ser um marco na trajet\u00f3ria da P\u00f3s-Gradua\u00e7\u00e3o do ICA\/UFMG.<\/p>\n<p>Junte-se a n\u00f3s para dois dias de aprendizado, di\u00e1logo e celebra\u00e7\u00e3o da ci\u00eancia como for\u00e7a transformadora para um futuro mais sustent\u00e1vel.<\/p>\n<p>Contato: <a href=\"mailto:icaufmg.workshopppg@gmail.com\">icaufmg.workshopppg@gmail.com<\/a><\/p>\n<\/div><\/div><\/div><div class=\"ea-card  sp-ea-single\"><h3 class=\"ea-header\"><a class=\"collapsed\" data-sptoggle=\"spcollapse\" data-sptarget=#collapse47751 href=\"javascript:void(0)\"  aria-expanded=\"false\"><i class=\"ea-expand-icon fa fa-plus\"><\/i> PROGRAMA\u00c7\u00c3O<\/a><\/h3><div class=\"sp-collapse spcollapse \" id=\"collapse47751\" data-parent=#sp-ea-4775><div class=\"ea-body\"><p><strong>Dia 14\/05\/2026<\/strong><\/p>\n<p>At\u00e9 08:00: Instala\u00e7\u00e3o dos trabalhos selecionados para apresenta\u00e7\u00e3o no formato de p\u00f4ster no local indicado pela comiss\u00e3o organizadora<\/p>\n<p>08:00 \u2013 08:15: Apresenta\u00e7\u00e3o do Coral ICAnto<\/p>\n<p>08:15 &#8211; 09:00 : Abertura do evento<\/p>\n<p>Prof. Dr. Helder dos Anjos Augusto\/Diretor do ICA\/UFMG, Prof. Dr. Christian Dias Cabacinha\/Coordenador do NAPG, Prof. Dr. Ivan Pires de Oliveira\/Coordenador do NAPq, Profa. Dra. Maria Fernanda Lousada Antunes\/Coordenadora do CENEX.<\/p>\n<p>09:00 \u2013 09:30: Palestra: <strong>A P\u00f3s-gradua\u00e7\u00e3o e contribui\u00e7\u00e3o para a por\u00e7\u00e3o Norte do Estado de Minas Gerais<\/strong><\/p>\n<p>Profa. Dra. Ana Cristina Rodrigues Lacerda\/Pr\u00f3-reitora de Pesquisa e P\u00f3s-gradua\u00e7\u00e3o\/Universidade Federal dos Vales do Jequitinhonha e Mucuri<\/p>\n<p>09:30 \u2013 10:00: Coffee break<\/p>\n<p>10:00 \u2013 11:00: Palestra: <strong>Turfeiras da Serra do Espinha\u00e7o Meridional e do Brasil: servi\u00e7os ecossist\u00eamicos e mudan\u00e7as clim\u00e1ticas<\/strong><\/p>\n<p>Prof. Dr. Alexandre Christ\u00f3faro Silva\/Universidade Federal dos Vales do Jequitinhonha e Mucuri<\/p>\n<p>11:00 \u2013 12:00: Palestra: <strong>Patrim\u00f4nio Gen\u00e9tico e Conhecimentos Tradicionais Associados<\/strong><\/p>\n<p>Profa. Dra. Jaqueline Aparecida Takahashi\/Universidade Federal de Minas Gerais<\/p>\n<p>12:00 \u2013 13:00: Intervalo de almo\u00e7o<\/p>\n<p>13:00 \u2013 14:30: Apresenta\u00e7\u00e3o de trabalhos selecionados para apresenta\u00e7\u00e3o no formato de p\u00f4steres<\/p>\n<p>14:30 \u2013 15:00: Coffee break<\/p>\n<p>15:00 \u2013 15:30: Palestra: <strong>P\u00f3s-gradua\u00e7\u00e3o sem fronteiras: o impacto do doutorado sandu\u00edche na forma\u00e7\u00e3o acad\u00eamica e pessoal<\/strong><\/p>\n<p>Dr. Emanuell Medeiros Vieira\/Produ\u00e7\u00e3o Vegetal\/Universidade Federal de Minas Gerais<\/p>\n<p>15:30 \u2013 18:00: Apresenta\u00e7\u00e3o de trabalhos selecionados para apresenta\u00e7\u00e3o oral<\/p>\n<p>&nbsp;<\/p>\n<p><strong>Dia 15\/05\/2026<\/strong><\/p>\n<p>08:00 \u2013 09:00: Momento Avalia\u00e7\u00e3o em Foco: CAPES e a P\u00f3s-Gradua\u00e7\u00e3o Brasileira.<\/p>\n<p><strong>Sala tem\u00e1tica: Ci\u00eancias Agr\u00e1rias I<\/strong><\/p>\n<p>Representante da \u00e1rea: Profa. Dra. Ana Carolina Silva Siquieroli\/Universidade Federal de Uberl\u00e2ndia<\/p>\n<p><strong>Sala tem\u00e1tica: Interdisciplinar<\/strong><\/p>\n<p>Representante de \u00e1rea: Prof. Dr. Herc\u00edlio Martelli J\u00fanior\/Universidade Estadual de Montes Claros<\/p>\n<p><strong>Sala tem\u00e1tica: Zootecnia e Recursos Pesqueiros<\/strong><\/p>\n<p>Representante de \u00e1rea: Prof. Dr. Odilon Gomes Pereira\/Universidade Federal de Vi\u00e7osa<\/p>\n<p>09:00 \u2013 09:30: Coffee break<\/p>\n<p>09:30 \u2013 11:00: Momento dos cursos com os representantes de \u00e1reas<\/p>\n<p>11:00 \u2013 11:30:\u00a0 Encerramento do evento<\/p>\n<\/div><\/div><\/div><div class=\"ea-card  sp-ea-single\"><h3 class=\"ea-header\"><a class=\"collapsed\" data-sptoggle=\"spcollapse\" data-sptarget=#collapse47752 href=\"javascript:void(0)\"  aria-expanded=\"false\"><i class=\"ea-expand-icon fa fa-plus\"><\/i> PALESTRANTES<\/a><\/h3><div class=\"sp-collapse spcollapse \" id=\"collapse47752\" data-parent=#sp-ea-4775><div class=\"ea-body\"><p><strong>DRA. ANA CRISTINA RODRIGUES LACERDA<\/strong><\/p>\n<p><strong> <img decoding=\"async\" loading=\"lazy\" class=\"alignnone wp-image-5030\" src=\"https:\/\/www.ufmg.br\/montesclaros\/wp-content\/uploads\/2026\/02\/anacristina.png\" alt=\"\" width=\"365\" height=\"336\" srcset=\"https:\/\/www.ufmg.br\/montesclaros\/wp-content\/uploads\/2026\/02\/anacristina.png 351w, https:\/\/www.ufmg.br\/montesclaros\/wp-content\/uploads\/2026\/02\/anacristina-300x276.png 300w\" sizes=\"(max-width: 365px) 100vw, 365px\" \/><\/strong><\/p>\n<p>Palestra: <strong>A P\u00f3s-gradua\u00e7\u00e3o e contribui\u00e7\u00e3o para a por\u00e7\u00e3o Norte do Estado de Minas Gerais<\/strong><\/p>\n<p>Possui gradua\u00e7\u00e3o em Fisioterapia pela Universidade Federal de Minas Gerais (1997), mestrado em Ci\u00eancias do Esporte tamb\u00e9m pela Universidade Federal de Minas Gerais (2001) e doutorado em Ci\u00eancias Biol\u00f3gicas (Fisiologia e Farmacologia) na mesma institui\u00e7\u00e3o (2006). \u00c9 bolsista de Produtividade em Pesquisa pelo CNPq e est\u00e1 atuando na fun\u00e7\u00e3o de Pr\u00f3-reitora de Pesquisa e P\u00f3s-Gradua\u00e7\u00e3o na Universidade Federal dos Vales do Jequitinhonha e Mucuri (UFVJM). Al\u00e9m disso, \u00e9 professora titular do Departamento de Fisioterapia da Faculdade de Ci\u00eancias Biol\u00f3gicas e da Sa\u00fade (UFVJM), onde exerce a fun\u00e7\u00e3o de orientadora em programas de mestrado e doutorado. Seu engajamento acad\u00eamico estende-se por diversos programas de p\u00f3s-gradua\u00e7\u00e3o, como o Multic\u00eantrico em Ci\u00eancias Fisiol\u00f3gicas, Ci\u00eancias da Sa\u00fade e Reabilita\u00e7\u00e3o e Desempenho Funcional. Sua trajet\u00f3ria inclui passagens significativas, tais como diretora de pesquisa da UFVJM, coordenadora de Programas de P\u00f3s-Gradua\u00e7\u00e3o e membro ativo na c\u00e2mara de assessoramento de Ci\u00eancias da Sa\u00fade (CDS) da FAPEMIG. Adicionalmente, desempenhou o papel de coordenadora do est\u00e1gio supervisionado na cl\u00ednica escola de fisioterapia da UFVJM.O escopo de sua expertise encontra-se centrado nas \u00e1reas de Fisioterapia e Terapia Ocupacional, concentrando-se em Fisiologia do Exerc\u00edcio F\u00edsico, Recursos Terap\u00eauticos e Disfun\u00e7\u00f5es Musculoesquel\u00e9ticas. Seu enfoque principal abarca a intersec\u00e7\u00e3o entre exerc\u00edcio f\u00edsico, condi\u00e7\u00f5es cr\u00f4nicas e grupos especiais. Notavelmente, lidera o grupo de pesquisa &#8220;Fisiologia do Exerc\u00edcio e da Inflama\u00e7\u00e3o&#8221;, reconhecido pelo CNPQ, e se destaca por conduzir projetos de pesquisa subsidiados pela FAPEMIG, CNPq e CAPES.<\/p>\n<hr \/>\n<p><strong>\u00a0DR. <\/strong><strong>ALEXANDRE CHRIST\u00d3FARO SILVA<\/strong><\/p>\n<p><img decoding=\"async\" loading=\"lazy\" class=\"alignnone wp-image-5028\" src=\"https:\/\/www.ufmg.br\/montesclaros\/wp-content\/uploads\/2026\/02\/alexandre.jpg\" alt=\"\" width=\"365\" height=\"365\" srcset=\"https:\/\/www.ufmg.br\/montesclaros\/wp-content\/uploads\/2026\/02\/alexandre.jpg 201w, https:\/\/www.ufmg.br\/montesclaros\/wp-content\/uploads\/2026\/02\/alexandre-150x150.jpg 150w\" sizes=\"(max-width: 365px) 100vw, 365px\" \/><\/p>\n<p>Palestra: <strong>Turfeiras da Serra do Espinha\u00e7o Meridional e do Brasil: servi\u00e7os ecossist\u00eamicos e mudan\u00e7as clim\u00e1ticas<\/strong><\/p>\n<p>Bolsista de Produtividade em Pesquisa n\u00edvel III do CNPq, possui gradua\u00e7\u00e3o em Engenharia Agron\u00f4mica pela Universidade Federal de Lavras (1985), mestrado em Agronomia (Solos e Nutri\u00e7\u00e3o de Plantas) pela Universidade Federal de Lavras (1990), doutorado em Agronomia pela Universidade de S\u00e3o Paulo (1997) e p\u00f3s-doutorado pela Universidad de Santiago de Compostela-Espanha (1999). Foi Pr\u00f3-Reitor de Pesquisa e P\u00f3s-Gradua\u00e7\u00e3o (2007-2015) e e membro do Conselho Curador da FAPEMIG (2012 &#8211; 2016). Atualmente \u00e9 Professor Titular da Universidade Federal dos Vales do Jequitinhonha e Mucuri, coordenador do Programa de Pesquisa Ecol\u00f3gica de Longa Dura\u00e7\u00e3o &#8211; PELD TURF (CNPq e FAPEMIG), consultor do Programa das Organiza\u00e7\u00f5es das Na\u00e7\u00f5es Unidas Global Peatlands Assessment (GPA\/ONU). Foi coordenador e membro da C\u00e2mara de Recursos Naturais, Ci\u00eancias e Tecnologias Ambientais da FAPEMIG entre 2017 e 2020. Em 2019 coordenou a C\u00e2mara de Assessoramento Exclusiva da Fapemig\/Fapes\/Funda\u00e7\u00e3o Renova para an\u00e1lise e julgamento das propostas submetidas para pesquisa, desenvolvimento e inova\u00e7\u00e3o para recupera\u00e7\u00e3o das \u00e1reas impactadas pelo rompimento da barragem de Fund\u00e3o Mariana\/MG e a C\u00e2mara de Assessoramento Exclusiva da Fapemig para an\u00e1lise e julgamento das propostas submetidas ao Edital Tr\u00edplice H\u00e9lice (Estado\/ICT\/Iniciativa Privada). Em 2023 foi membro pro tempore da C\u00e2mara de Ci\u00eancias Agr\u00e1rias da FAPEMIG. Tem experi\u00eancia na \u00e1rea de Agronomia, com \u00eanfase em G\u00eanese, Morfologia e Classifica\u00e7\u00e3o dos Solos, atuando principalmente nos seguintes temas: mudan\u00e7as paleoambientais e paleoclim\u00e1ticas, ecossistemas de turfeiras, mat\u00e9ria org\u00e2nica do solo, organossolos, classifica\u00e7\u00e3o de solos e pedologia.<\/p>\n<hr \/>\n<p><strong>DRA. JAQUELINE APARECIDA TAKAHASHI<\/strong><\/p>\n<p><img decoding=\"async\" loading=\"lazy\" class=\"alignnone wp-image-5029\" src=\"https:\/\/www.ufmg.br\/montesclaros\/wp-content\/uploads\/2026\/02\/jaqueline.jpg\" alt=\"\" width=\"365\" height=\"365\" srcset=\"https:\/\/www.ufmg.br\/montesclaros\/wp-content\/uploads\/2026\/02\/jaqueline.jpg 608w, https:\/\/www.ufmg.br\/montesclaros\/wp-content\/uploads\/2026\/02\/jaqueline-300x300.jpg 300w, https:\/\/www.ufmg.br\/montesclaros\/wp-content\/uploads\/2026\/02\/jaqueline-150x150.jpg 150w\" sizes=\"(max-width: 365px) 100vw, 365px\" \/><\/p>\n<p>Palestra: <strong>Patrim\u00f4nio Gen\u00e9tico e Conhecimentos Tradicionais Associados<\/strong><\/p>\n<p>Possui gradua\u00e7\u00e3o em Farm\u00e1cia pela Universidade Federal de Minas Gerais (1986) e doutorado em Qu\u00edmica pela Universidade Federal de Minas Gerais (1994), com est\u00e1gio sandu\u00edche na University of Sussex (UK). Fez p\u00f3s-doutorado na University of Arizona (USA). Atualmente \u00e9 professor Titular da Universidade Federal de Minas Gerais e coordenadora do Grupo de Pesquisas em s\u00edntese e produtos naturais. Participa do Comit\u00ea Gestor do Patrim\u00f4nio Gen\u00e9tico da UFMG. Orienta nos Programas de p\u00f3s Gradua\u00e7\u00e3o em Qu\u00edmica e em Ci\u00eancia de Alimentos da UFMG. Tem experi\u00eancia na \u00e1rea de Qu\u00edmica dos Produtos Naturais, atuando principalmente nos seguintes temas: biodiversidade e desenvolvimento sustent\u00e1vel, produtos naturais, metab\u00f3litos secund\u00e1rios f\u00fangicos, novos alimentos, biorremedia\u00e7\u00e3o e bioensaios. Coordenou diversos projetos interinstitucionais financiados pelo CNPq, FAPEMIG e CAPES. Atuou como professora visitante na Universidad de Cadiz (Espanha), Universidad de Rosario (Argentina), Universidad de Matanzas (Cuba), Universidad Tecnologica de Pereira (Colombia). \u00c9 membro do Nucleo Disciplinario de Productos Naturales Bioativos da Associa\u00e7\u00e3o Universidades Grupo Montevideo.<\/p>\n<hr \/>\n<p><strong>DR. EMANUELL MEDEIROS VIEIRA<\/strong><\/p>\n<p><strong> <img decoding=\"async\" loading=\"lazy\" class=\"alignnone wp-image-5027\" src=\"https:\/\/www.ufmg.br\/montesclaros\/wp-content\/uploads\/2026\/02\/emanuell.jpg\" alt=\"\" width=\"365\" height=\"365\" srcset=\"https:\/\/www.ufmg.br\/montesclaros\/wp-content\/uploads\/2026\/02\/emanuell.jpg 615w, https:\/\/www.ufmg.br\/montesclaros\/wp-content\/uploads\/2026\/02\/emanuell-300x300.jpg 300w, https:\/\/www.ufmg.br\/montesclaros\/wp-content\/uploads\/2026\/02\/emanuell-150x150.jpg 150w\" sizes=\"(max-width: 365px) 100vw, 365px\" \/><\/strong><\/p>\n<p>Palestra: <strong>P\u00f3s-gradua\u00e7\u00e3o sem fronteiras: o impacto do doutorado sandu\u00edche na forma\u00e7\u00e3o acad\u00eamica e pessoal<\/strong><\/p>\n<p>Zootecnista pelo Instituto Federal de Educa\u00e7\u00e3o, Ci\u00eancia e Tecnologia do Cear\u00e1 (2018), onde atuou como bolsista de Inicia\u00e7\u00e3o Cient\u00edfica pelo Programa Institucional de Bolsas de Inicia\u00e7\u00e3o Cient\u00edfica (PIBIC). Mestre em Zootecnia pela Universidade Estadual de Montes Claros (2021), com atua\u00e7\u00e3o na \u00e1rea de manejo de gram\u00edneas de inverno adaptadas a regi\u00f5es de clima semi\u00e1rido. Atuou como pesquisador na Funda\u00e7\u00e3o de Desenvolvimento Cient\u00edfico, Tecnol\u00f3gico e Inova\u00e7\u00e3o do Norte de Minas, desenvolvendo atividades em projetos de pesquisa aplicada, extens\u00e3o tecnol\u00f3gica e inova\u00e7\u00e3o voltados ao meio rural. Doutor em Produ\u00e7\u00e3o Vegetal pela Universidade Federal de Minas Gerais, com \u00eanfase em melhoramento gen\u00e9tico e manejo de plantas forrageiras, tendo realizado parte de sua forma\u00e7\u00e3o em est\u00e1gio doutoral sandu\u00edche na University of Florida, Estados Unidos. Atua tamb\u00e9m com orienta\u00e7\u00e3o t\u00e9cnica e acad\u00eamica de Trabalhos de Conclus\u00e3o de Curso (TCC) em cursos de p\u00f3s-gradua\u00e7\u00e3o na SolloAgro USP\/ESALQ.<\/p>\n<hr \/>\n<p><strong>DRA. ANA CAROLINA SILVA SIQUIEROLI<\/strong><\/p>\n<p><img decoding=\"async\" loading=\"lazy\" class=\"alignnone wp-image-5026\" src=\"https:\/\/www.ufmg.br\/montesclaros\/wp-content\/uploads\/2026\/02\/anacarolina.jpg\" alt=\"\" width=\"365\" height=\"365\" srcset=\"https:\/\/www.ufmg.br\/montesclaros\/wp-content\/uploads\/2026\/02\/anacarolina.jpg 649w, https:\/\/www.ufmg.br\/montesclaros\/wp-content\/uploads\/2026\/02\/anacarolina-300x300.jpg 300w, https:\/\/www.ufmg.br\/montesclaros\/wp-content\/uploads\/2026\/02\/anacarolina-150x150.jpg 150w\" sizes=\"(max-width: 365px) 100vw, 365px\" \/><\/p>\n<p>Momento avalia\u00e7\u00e3o em foco: <strong>Representante da \u00e1rea de Ci\u00eancias Agr\u00e1rias I<\/strong><\/p>\n<p>&nbsp;<\/p>\n<p>Possui gradua\u00e7\u00e3o em Ci\u00eancias Biol\u00f3gicas (Bacharelado e Licenciatura) pela Universidade Federal de Uberl\u00e2ndia (UFU), Mestrado e Doutorado pelo Instituto de Gen\u00e9tica e Bioqu\u00edmica (INGEB) &#8211; UFU. \u00c9 professora associada do Instituto de Biotecnologia (IBTEC), UFU. Atua na gradua\u00e7\u00e3o no Curso de Agronomia e como docente permanente no Programa de P\u00f3s-gradua\u00e7\u00e3o em Agronomia\/UFU e no Programa de P\u00f3s-gradua\u00e7\u00e3o em Agricultura e Informa\u00e7\u00f5es Geoespaciais\/UFU. \u00c9 bolsista de Produtividade em Desenvolvimento Tecnol\u00f3gico e Extens\u00e3o Inovadora &#8211; DT1D &#8211; CNPq. Tem experi\u00eancia na \u00e1rea de Gen\u00e9tica, Biologia Molecular, Biotecnologia, Nanobiotecnologia, Bioqu\u00edmica, Microbiologia e Melhoramento vegetal, atuando principalmente nos seguintes temas: an\u00e1lises de variabilidade gen\u00e9tica utilizando marcadores moleculares, melhoramento gen\u00e9tico de plantas, cultivo indoor de hortali\u00e7as, biodiversidade e recursos gen\u00e9ticos, agroecologia, alimentos biofortificados, agricultura familiar, controle biol\u00f3gico de insetos-pragas e fitonematoides, identifica\u00e7\u00e3o molecular de microrganismos, an\u00e1lises gen\u00f4micas e prote\u00f4micas, bioprocessos, Phage Display, clonagem, express\u00e3o e purifica\u00e7\u00e3o de prote\u00ednas e pept\u00eddeos recombinantes, entre outros. Diretora Substitutiva do Centro de Incuba\u00e7\u00e3o de Empreendimentos Populares Solid\u00e1rios (Cieps) e coordenadora do Cieps de Monte Carmelo. Integrante do N\u00facleo de Agroecologia do Cerrado Mineiro (NACEM). Desenvolve projetos que buscam a aplica\u00e7\u00e3o das t\u00e9cnicas de biotecnologia na agricultura para o melhoramento gen\u00e9tico visando obten\u00e7\u00e3o de linhagens de hortali\u00e7as biofortificadas, como marcadores moleculares e bioqu\u00edmicos para a sele\u00e7\u00e3o assistida de plantas, quantifica\u00e7\u00e3o de pigmentos vegetais associados \u00e0 fenotipagem por imagem, ferramentas para o controle biol\u00f3gico de pragas e doen\u00e7as, al\u00e9m da an\u00e1lise da microbiota do solo associada a conserva\u00e7\u00e3o de recursos naturais.<\/p>\n<hr \/>\n<p><strong>\u00a0DR. <\/strong><strong>HERC\u00cdLIO MARTELLI J\u00daNIOR<\/strong><\/p>\n<p><img decoding=\"async\" loading=\"lazy\" class=\"alignnone wp-image-5025\" src=\"https:\/\/www.ufmg.br\/montesclaros\/wp-content\/uploads\/2026\/02\/hercilio.jpg\" alt=\"\" width=\"365\" height=\"365\" srcset=\"https:\/\/www.ufmg.br\/montesclaros\/wp-content\/uploads\/2026\/02\/hercilio.jpg 578w, https:\/\/www.ufmg.br\/montesclaros\/wp-content\/uploads\/2026\/02\/hercilio-300x300.jpg 300w, https:\/\/www.ufmg.br\/montesclaros\/wp-content\/uploads\/2026\/02\/hercilio-150x150.jpg 150w\" sizes=\"(max-width: 365px) 100vw, 365px\" \/><\/p>\n<p>Momento avalia\u00e7\u00e3o em foco: <strong>Representante da \u00e1rea Interdisciplinar<\/strong><\/p>\n<p>\u00c9 Professor Titular de Diagn\u00f3stico Bucal do Centro de Ci\u00eancias Biol\u00f3gicas e da Sa\u00fade da Universidade Estadual de Montes Claros, Unimontes e Professor Permanente (Orientador de Mestrado e Doutorado) do Programa de P\u00f3s-Gradua\u00e7\u00e3o em Ci\u00eancias da Sa\u00fade e Cuidado Prim\u00e1rio em Sa\u00fade da Universidade Estadual de Montes Claros. Foi Coordenador de Pesquisa e Interc\u00e2mbio t\u00e9cnico cient\u00edfico e Pr\u00f3-Reitor de P\u00f3s-Gradua\u00e7\u00e3o da Universidade Estadual de Montes Claros. Foi membro t\u00e9cnico da C\u00e2mara da Sa\u00fade &#8211; CDS &#8211; da Funda\u00e7\u00e3o de Amparo \u00e0 Pesquisa do Estado de Minas Gerais &#8211; FAPEMIG, entre os anos de 2006 a 2010 e 2018 a 2022. Consultor t\u00e9cnico do Conselho Estadual de Educa\u00e7\u00e3o e Consultor da Secretaria de Educa\u00e7\u00e3o Superior do Minist\u00e9rio da Educa\u00e7\u00e3o &#8211; SESu (Programa de Educa\u00e7\u00e3o Tutorial &#8211; PET). Presidiu, entre 2007-2010, o Comit\u00ea Institucional de Inicia\u00e7\u00e3o Cient\u00edfica &#8211; PIBIC-CNPq, da Unimontes e o Comit\u00ea do PIBIC-CNPq &#8211; A\u00e7\u00f5es Afirmativas &#8211; de Inicia\u00e7\u00e3o Cient\u00edfica. Foi coordenador da C\u00e2mara de Ci\u00eancias da Sa\u00fade da FAPEMIG de 2008 a 2010. Recebeu em 2013 a Medalha da Inconfid\u00eancia do Governo de Minas Gerais. Foi membro da C\u00e2mara de Assessoramento do Programa de Capacita\u00e7\u00e3o de Recursos Humanos &#8211; PCRH da FAPEMIG, entre 2017-2019. Atua como colaborador do Centro Pr\u00f3-Sorriso &#8220;Centrinho&#8221; da Universidade de Alfenas &#8211; Unifenas. \u00c9 Professor visitante da Faculdad Odontolog\u00eda &#8211; Unidad Torr\u00e9on &#8211; M\u00e9xico. \u00c9 docente credenciado do Programa de P\u00f3s-Gradua\u00e7\u00e3o em Estomatopatologia da Faculdade de Odontologia de Piracicaba &#8211; Universidade Estadual de Campinas &#8211; FOP-Unicamp. Atuou como Coordenador da C\u00e2mara da Ci\u00eancias da Sa\u00fade da FAPEMIG at\u00e9 2023. Avaliador do Programa de Desenvolvimento da P\u00f3s-gradua\u00e7\u00e3o &#8211; P\u00f3s-doutorado Estrat\u00e9gico nos Programas de P\u00f3s-gradua\u00e7\u00e3o Emergentes e em Consolida\u00e7\u00e3o no Brasil, CAPES. \u00c9 membro da C\u00e2mara T\u00e9cnica Especial de Pol\u00edticas P\u00fablicas da FAPEMIG. Foi Coordenador da C\u00e2mara T\u00e9cnica de Patologia Oral e Maxilofacial e Estomatologia do CRO-MG, entre 2021 e 2024. Participou na CAPES como membro de diversas Comiss\u00f5es, como: Pr\u00eamio TESE, Elabora\u00e7\u00e3o do Qualis Peri\u00f3dicos e Livros, Comiss\u00e3o de Recursos Interpostos, Bolsas no Exterior. \u00c9 membro da \u00c1rea Interdisciplinar (Biol\u00f3gicas e Sa\u00fade) da CAPES. Foi membro Assesssor da C\u00e2mara Especial de Pol\u00edticas P\u00fablicas da FAPEMIG, entre os anos de 2022 a 2025. Participa como pesquisador do &#8220;Brazilian Oral Cleft Group&#8221;. Recebeu em 2023 a progress\u00e3o da Medalha da Inconfid\u00eancia do Estado de Minas Gerais. Tem desenvolvido estudos multic\u00eantricos e multi-institucionais, numa plataforma de colabora\u00e7\u00e3o SUL-SUL, envolvendo pesquisadores do Brasil, Bol\u00edvia, Argentina, Uruguai, Equador, Col\u00f4mbia, Venezuela, M\u00e9xico, Chile e Peru. \u00c9 Coordenador Adjunto da C\u00e2mara da Sa\u00fade e Biol\u00f3gicas da \u00c1rea Interdisciplinar da Funda\u00e7\u00e3o de Aperfei\u00e7oamento de Pessoal de N\u00edvel Superior &#8211; CAPES. Coordena a Rede Mineira de Estudos em Fissuras Orais com financiamento da FAPEMIG, envolvendo diversas Institui\u00e7\u00f5es mineiras e de fora do Estado. \u00c9 membro nomeado do Comit\u00ea de Assessoramento do CNPq &#8211; \u00c1rea de Odontologia (CA-OD).<\/p>\n<hr \/>\n<p><strong>\u00a0DR. <\/strong><strong>ODILION GOMES PEREIRA<\/strong><\/p>\n<p><img decoding=\"async\" loading=\"lazy\" class=\"alignnone wp-image-5024\" src=\"https:\/\/www.ufmg.br\/montesclaros\/wp-content\/uploads\/2026\/02\/odilon.jpg\" alt=\"\" width=\"365\" height=\"365\" srcset=\"https:\/\/www.ufmg.br\/montesclaros\/wp-content\/uploads\/2026\/02\/odilon.jpg 488w, https:\/\/www.ufmg.br\/montesclaros\/wp-content\/uploads\/2026\/02\/odilon-300x300.jpg 300w, https:\/\/www.ufmg.br\/montesclaros\/wp-content\/uploads\/2026\/02\/odilon-150x150.jpg 150w\" sizes=\"(max-width: 365px) 100vw, 365px\" \/><\/p>\n<p>Momento avalia\u00e7\u00e3o em foco: <strong>Representante da \u00e1rea de Zootecnia e Recursos Pesqueiros<\/strong><\/p>\n<p>Possui gradua\u00e7\u00e3o em Engenharia Agron\u00f4mica, com diversifica\u00e7\u00e3o em Zootecnia, pela Universidade Estadual do Maranh\u00e3o (1983), mestrado em Zootecnia (1990) e doutorado em Zootecnia (1994) pela Universidade Federal de Vi\u00e7osa, com concentra\u00e7\u00e3o na \u00e1rea de Forragicultura e Pastagens, e, est\u00e1gio de p\u00f3s-doutoramento na University of Delaware na \u00e1rea de silagem, em 2008. Foi membro da C\u00e2mara de Zootecnia do CNPq, no per\u00edodo de 2009-2012, sendo inclusive coordenador desta no \u00faltimo ano. Tamb\u00e9m, foi membro da C\u00e2mara de Zootecnia e Veterin\u00e1ria da FAPEMIG, no per\u00edodo de 2010-2014. Foi coordenador do Programa de P\u00f3s-Gradua\u00e7\u00e3o em Zootecnia (Mestrado e Doutorado) e tamb\u00e9m do Mestrado Profissional em Zootecnia, ambos da UFV, no per\u00edodo de 2009-2015. Atualmente \u00e9 Professor Titular da Universidade Federal de Vi\u00e7osa e Pesquisador do INCT &#8211; Ci\u00eancia Animal. Tem experi\u00eancia na \u00e1rea de Zootecnia, com \u00eanfase em Avalia\u00e7\u00e3o, Produ\u00e7\u00e3o e Conserva\u00e7\u00e3o de Forragens e Avalia\u00e7\u00e3o de Alimentos para Animais.<\/p>\n<\/div><\/div><\/div><div class=\"ea-card  sp-ea-single\"><h3 class=\"ea-header\"><a class=\"collapsed\" data-sptoggle=\"spcollapse\" data-sptarget=#collapse47753 href=\"javascript:void(0)\"  aria-expanded=\"false\"><i class=\"ea-expand-icon fa fa-plus\"><\/i> INSCRI\u00c7\u00c3O<\/a><\/h3><div class=\"sp-collapse spcollapse \" id=\"collapse47753\" data-parent=#sp-ea-4775><div class=\"ea-body\"><div>As inscri\u00e7\u00f5es poder\u00e3o ser realizadas no per\u00edodo de 01 de abril at\u00e9 13 de maio de 2026 at\u00e9 \u00e0s 23:59, no SYMPLA, pelo o seguinte link: <a href=\"https:\/\/www.sympla.com.br\/evento\/iv-workshop-da-pos-graduacao-do-ica-ufmg\/3091377?_gl=1*qostri*_gcl_au*OTMwOTExMjY5LjE3NzQ0NDM2NzEuMTE2MjkzODY4My4xNzc0NDQzNzcwLjE3NzQ0NDQ3NDI.*_ga*MTg1NjYyODQ5MS4xNzc0NDQzNjcy*_ga_KXH10SQTZF*czE3NzQ0NDM2NzEkbzEkZzEkdDE3NzQ0NDQ3NTgkajQ0JGwwJGgxNjgyODg3ODI5\">Link <\/a><\/div>\n<div><\/div>\n<\/div><\/div><\/div><div class=\"ea-card  sp-ea-single\"><h3 class=\"ea-header\"><a class=\"collapsed\" data-sptoggle=\"spcollapse\" data-sptarget=#collapse47754 href=\"javascript:void(0)\"  aria-expanded=\"false\"><i class=\"ea-expand-icon fa fa-plus\"><\/i> SUBMISS\u00c3O DE RESUMOS EXPANDIDOS<\/a><\/h3><div class=\"sp-collapse spcollapse \" id=\"collapse47754\" data-parent=#sp-ea-4775><div class=\"ea-body\"><p>Para submeter resumos expandidos, leia as instru\u00e7\u00f5es sobre normas e prazos no edital<\/p>\n<p><a href=\"https:\/\/www.ufmg.br\/montesclaros\/wp-content\/uploads\/2026\/02\/Edital-pubicacao-de-resumos-IV-Worksho-1.pdf\">Edital publicac\u0327a\u0303o de resumos IV Workshop<\/a><\/p>\n<p><b>Formul\u00e1rio para submiss\u00e3o do resumo:\u00a0<\/b><a href=\"https:\/\/docs.google.com\/forms\/d\/e\/1FAIpQLSeqMOlYr0f3wHbTbz6KhefWSEuCZaxVnu0KxrG0mkjlusPE8Q\/viewform?usp=header\">https:\/\/docs.google.com\/forms\/d\/e\/1FAIpQLSeqMOlYr0f3wHbTbz6KhefWSEuCZaxVnu0KxrG0mkjlusPE8Q\/viewform?usp=header<\/a><\/p>\n<p><strong>Template do resumo expandido<\/strong>: <a href=\"https:\/\/drive.google.com\/file\/d\/1F8DPzI00HJ2HINhU7LwvrjFhv-yma2b_\/view\">Template do Resumo Expandido<\/a><\/p>\n<p>&nbsp;<\/p>\n<\/div><\/div><\/div><div class=\"ea-card  sp-ea-single\"><h3 class=\"ea-header\"><a class=\"collapsed\" data-sptoggle=\"spcollapse\" data-sptarget=#collapse47755 href=\"javascript:void(0)\"  aria-expanded=\"false\"><i class=\"ea-expand-icon fa fa-plus\"><\/i> APRESENTA\u00c7\u00c3O DOS TRABALHOS SELECIONADOS<\/a><\/h3><div class=\"sp-collapse spcollapse \" id=\"collapse47755\" data-parent=#sp-ea-4775><div class=\"ea-body\"><p>O comit\u00ea cient\u00edfico ir\u00e1 selecionar os melhores trabalhos (at\u00e9 10 trabalhos) para apresenta\u00e7\u00e3o oral. Os autores ter\u00e3o 10 minutos para apresenta\u00e7\u00e3o e ficam reservados 5 minutos para questionamentos da plateia.<\/p>\n<p>Os autores dos trabalhos selecionados para apresenta\u00e7\u00e3o oral receber\u00e3o <u>certificado de Men\u00e7\u00e3o Honrosa como trabalhos premiados no evento<\/u>.<\/p>\n<p>Os demais trabalhos aprovados pelo comit\u00ea cient\u00edfico ser\u00e3o apresentados em formato de p\u00f4steres. O comit\u00ea cient\u00edfico passar\u00e1 em cada p\u00f4ster para avalia\u00e7\u00e3o. S\u00f3 receber\u00e3o o certificado de apresenta\u00e7\u00e3o os trabalhos que forem apresentados por um dos autores do trabalho.<\/p>\n<p>&nbsp;<\/p>\n<p><strong>Template do p\u00f4ster<\/strong>: aguarde a libera\u00e7\u00e3o do link<\/p>\n<p><b>Template do slide:\u00a0<\/b>aguarde a libera\u00e7\u00e3o do link<\/p>\n<\/div><\/div><\/div><div class=\"ea-card  sp-ea-single\"><h3 class=\"ea-header\"><a class=\"collapsed\" data-sptoggle=\"spcollapse\" data-sptarget=#collapse47756 href=\"javascript:void(0)\"  aria-expanded=\"false\"><i class=\"ea-expand-icon fa fa-plus\"><\/i> PUBLICA\u00c7\u00c3O DOS RESUMOS SELECIONADOS<\/a><\/h3><div class=\"sp-collapse spcollapse \" id=\"collapse47756\" data-parent=#sp-ea-4775><div class=\"ea-body\"><p>Os trabalhos selecionados ser\u00e3o publicados nos Anais do IV Workshop da P\u00f3s-gradua\u00e7\u00e3o do ICA\/UFMG em um e-book com ISBN e DOI. <u>\u00c9 importante o autor informar durante a submiss\u00e3o que concorda com a publica\u00e7\u00e3o do resumo.<\/u><\/p>\n<\/div><\/div><\/div><div class=\"ea-card  sp-ea-single\"><h3 class=\"ea-header\"><a class=\"collapsed\" data-sptoggle=\"spcollapse\" data-sptarget=#collapse47757 href=\"javascript:void(0)\"  aria-expanded=\"false\"><i class=\"ea-expand-icon fa fa-plus\"><\/i> TRABALHOS SELECIONADOS<\/a><\/h3><div class=\"sp-collapse spcollapse \" id=\"collapse47757\" data-parent=#sp-ea-4775><div class=\"ea-body\"><p><strong>Resumos selecionados:<\/strong> aguarde a libera\u00e7\u00e3o do link<\/p>\n<\/div><\/div><\/div><div class=\"ea-card  sp-ea-single\"><h3 class=\"ea-header\"><a class=\"collapsed\" data-sptoggle=\"spcollapse\" data-sptarget=#collapse47758 href=\"javascript:void(0)\"  aria-expanded=\"false\"><i class=\"ea-expand-icon fa fa-plus\"><\/i> ANAIS DO EVENTO<\/a><\/h3><div class=\"sp-collapse spcollapse \" id=\"collapse47758\" data-parent=#sp-ea-4775><div class=\"ea-body\"><p><strong>Anais do II Workshop da P\u00f3s-gradua\u00e7\u00e3o do ICA\/UFMG: <\/strong><a href=\"https:\/\/zenodo.org\/records\/13145436\"><strong>https:\/\/zenodo.org\/records\/13145436<\/strong><\/a><\/p>\n<p><strong>\u00a0<\/strong><\/p>\n<p><strong>Anais do III Workshop da P\u00f3s-gradua\u00e7\u00e3o do ICA\/UFMG: <\/strong><a href=\"https:\/\/zenodo.org\/records\/15981621\"><strong>https:\/\/zenodo.org\/records\/15981621<\/strong><\/a><\/p>\n<p><strong>\u00a0<\/strong><\/p>\n<p><strong>Anais do IV Workshop da P\u00f3s-gradua\u00e7\u00e3o do ICA\/UFMG:<\/strong> aguarde a libera\u00e7\u00e3o do link<\/p>\n<\/div><\/div><\/div><div class=\"ea-card  sp-ea-single\"><h3 class=\"ea-header\"><a class=\"collapsed\" data-sptoggle=\"spcollapse\" data-sptarget=#collapse47759 href=\"javascript:void(0)\"  aria-expanded=\"false\"><i class=\"ea-expand-icon fa fa-plus\"><\/i> COMISS\u00c3O ORGANIZADORA<\/a><\/h3><div class=\"sp-collapse spcollapse \" id=\"collapse47759\" data-parent=#sp-ea-4775><div class=\"ea-body\"><div>Christian Dias Cabacinha &#8211; Presidente<\/div>\n<div><\/div>\n<p>&nbsp;<\/p>\n<div>Membros representantes dos cursos de P\u00f3s-gradua\u00e7\u00e3o:<\/div>\n<p>&nbsp;<\/p>\n<div><\/div>\n<div>Andr\u00e9 Luiz Mendes Athayde &#8211; Mestrado em Administra\u00e7\u00e3o P\u00fablica<\/div>\n<div>Theles de Oliveira Costa &#8211; Mestrado em Alimentos e Sa\u00fade<\/div>\n<div>R\u00fabia Santos Fonseca &#8211; Mestrado em Ci\u00eancias Florestais<\/div>\n<div>Fabiana Ferreira &#8211; Mestrado em Produ\u00e7\u00e3o Animal<\/div>\n<div>Rodinei Facco Pegoraro &#8211; Programa de P\u00f3s-gradua\u00e7\u00e3o em Produ\u00e7\u00e3o Vegetal<\/div>\n<div>Ana Pimenta Ribeiro &#8211; Programa de P\u00f3s-gradua\u00e7\u00e3o em Sociedade, Ambiente e Territ\u00f3rio<\/div>\n<\/div><\/div><\/div><div class=\"ea-card  sp-ea-single\"><h3 class=\"ea-header\"><a class=\"collapsed\" data-sptoggle=\"spcollapse\" data-sptarget=#collapse477510 href=\"javascript:void(0)\"  aria-expanded=\"false\"><i class=\"ea-expand-icon fa fa-plus\"><\/i> COMIT\u00ca CIENT\u00cdFICO<\/a><\/h3><div class=\"sp-collapse spcollapse \" id=\"collapse477510\" data-parent=#sp-ea-4775><div class=\"ea-body\"><p>Dra. Eliane Macedo Sobrinho<br \/>\nDr. Evander Alves Ferreira<br \/>\nDra. Jaqueline de C\u00e1ssia de Oliveira<br \/>\nDra. Karla Sabrina Magalh\u00e3es Andrade<br \/>\nDra. Maria Nilfa de Almeida<br \/>\nDr. Vitor Oliveira Rodrigues<br \/>\nDr. \u00c9lcio Meira da Fonseca<\/p>\n<\/div><\/div><\/div><\/div><\/div><\/div>\n\n\n<p>Apoio:<\/p>\n\n\n<div class=\"wp-block-image\">\n<figure class=\"aligncenter size-full is-resized\"><img decoding=\"async\" loading=\"lazy\" src=\"https:\/\/www.ufmg.br\/montesclaros\/wp-content\/uploads\/2026\/04\/fapemig.jpg\" alt=\"\" class=\"wp-image-5012\" width=\"177\" height=\"139\" srcset=\"https:\/\/www.ufmg.br\/montesclaros\/wp-content\/uploads\/2026\/04\/fapemig.jpg 334w, https:\/\/www.ufmg.br\/montesclaros\/wp-content\/uploads\/2026\/04\/fapemig-300x236.jpg 300w\" sizes=\"(max-width: 177px) 100vw, 177px\" \/><\/figure><\/div>","protected":false},"excerpt":{"rendered":"<p>Apoio:<\/p>\n","protected":false},"author":3,"featured_media":0,"parent":0,"menu_order":0,"comment_status":"closed","ping_status":"closed","template":"","meta":[],"acf":[],"_links":{"self":[{"href":"https:\/\/www.ufmg.br\/montesclaros\/wp-json\/wp\/v2\/pages\/4776"}],"collection":[{"href":"https:\/\/www.ufmg.br\/montesclaros\/wp-json\/wp\/v2\/pages"}],"about":[{"href":"https:\/\/www.ufmg.br\/montesclaros\/wp-json\/wp\/v2\/types\/page"}],"author":[{"embeddable":true,"href":"https:\/\/www.ufmg.br\/montesclaros\/wp-json\/wp\/v2\/users\/3"}],"replies":[{"embeddable":true,"href":"https:\/\/www.ufmg.br\/montesclaros\/wp-json\/wp\/v2\/comments?post=4776"}],"version-history":[{"count":6,"href":"https:\/\/www.ufmg.br\/montesclaros\/wp-json\/wp\/v2\/pages\/4776\/revisions"}],"predecessor-version":[{"id":5044,"href":"https:\/\/www.ufmg.br\/montesclaros\/wp-json\/wp\/v2\/pages\/4776\/revisions\/5044"}],"wp:attachment":[{"href":"https:\/\/www.ufmg.br\/montesclaros\/wp-json\/wp\/v2\/media?parent=4776"}],"curies":[{"name":"wp","href":"https:\/\/api.w.org\/{rel}","templated":true}]}}