{"id":873,"date":"2024-04-23T15:24:29","date_gmt":"2024-04-23T18:24:29","guid":{"rendered":"http:\/\/sites-hml.dti.ufmg.br\/ica\/ica-novo\/?page_id=873"},"modified":"2024-08-29T15:41:18","modified_gmt":"2024-08-29T18:41:18","slug":"acoes-abertas-para-a-populacao","status":"publish","type":"page","link":"https:\/\/www.ufmg.br\/montesclaros\/acoes-abertas-para-a-populacao\/","title":{"rendered":"A\u00e7\u00f5es abertas para a popula\u00e7\u00e3o"},"content":{"rendered":"\n<p>A Extens\u00e3o Universit\u00e1ria \u00e9 uma dimens\u00e3o formativa essencial da educa\u00e7\u00e3o superior que, articulada com o ensino e a pesquisa de forma insepar\u00e1vel, desempenha um papel fundamental na integra\u00e7\u00e3o das atividades-fim ou dimens\u00f5es da universidade.<\/p>\n\n\n\n<p>Por meio da extens\u00e3o, a universidade materializa sua fun\u00e7\u00e3o p\u00fablica, colabora e participa da comunidade ao seu redor e da sociedade geral, como tamb\u00e9m, troca e compartilha conhecimentos e saberes entre estudantes, professores e t\u00e9cnico-administrativos em educa\u00e7\u00e3o com outros setores sociais. A partir dessa intera\u00e7\u00e3o transformadora, novos saberes e conhecimentos s\u00e3o produzidos.<\/p>\n\n\n\n<p>As cinco principais&nbsp;<strong>modalidades<\/strong>&nbsp;de atividades de extens\u00e3o s\u00e3o:<\/p>\n\n\n\n<ul>\n<li>Projeto<\/li>\n\n\n\n<li>Programa<\/li>\n\n\n\n<li>Curso<\/li>\n\n\n\n<li>Evento<\/li>\n\n\n\n<li>Presta\u00e7\u00e3o de servi\u00e7o<\/li>\n<\/ul>\n\n\n\n<p><\/p>\n\n\n\n<p><strong>Diretrizes\u00a0<\/strong>que orientam a formula\u00e7\u00e3o e implementa\u00e7\u00e3o da extens\u00e3o:<\/p>\n\n\n\n<ul>\n<li>Intera\u00e7\u00e3o dial\u00f3gica<\/li>\n\n\n\n<li>Interdisciplinaridade e interprofissionalidade<\/li>\n\n\n\n<li>Indissociabilidade ensino, pesquisa e extens\u00e3o<\/li>\n\n\n\n<li>Impacto na forma\u00e7\u00e3o do estudante<\/li>\n\n\n\n<li>Impacto e transforma\u00e7\u00e3o social<\/li>\n<\/ul>\n\n\n\n<p><\/p>\n\n\n\n<p><strong>\u00c1reas tem\u00e1ticas principais<\/strong>:<\/p>\n\n\n\n<ul>\n<li>Comunica\u00e7\u00e3o<\/li>\n\n\n\n<li>Cultura<\/li>\n\n\n\n<li>Direitos Humanos e Justi\u00e7a<\/li>\n\n\n\n<li>Educa\u00e7\u00e3o<\/li>\n\n\n\n<li>Meio Ambiente<\/li>\n\n\n\n<li>Sa\u00fade<\/li>\n\n\n\n<li>Tecnologia e Produ\u00e7\u00e3o<\/li>\n\n\n\n<li>Trabalho<\/li>\n<\/ul>\n\n\n\n<p><\/p>\n\n\n<div ><style>#sp-ea-935 .spcollapsing { height: 0; overflow: hidden; transition-property: height;transition-duration: 300ms;}#sp-ea-935.sp-easy-accordion>.sp-ea-single {border: 1px solid #e2e2e2; }#sp-ea-935.sp-easy-accordion>.sp-ea-single>.ea-header a {color: #444;}#sp-ea-935.sp-easy-accordion>.sp-ea-single>.sp-collapse>.ea-body {background: #fff; color: #444;}#sp-ea-935.sp-easy-accordion>.sp-ea-single {background: #eee;}#sp-ea-935.sp-easy-accordion>.sp-ea-single>.ea-header a .ea-expand-icon.fa { float: left; color: #444;font-size: 16px;}<\/style><div id=\"sp_easy_accordion-1714054958\"><div id=\"sp-ea-935\" class=\"sp-ea-one sp-easy-accordion\" data-ex-icon=\"fa-minus\" data-col-icon=\"fa-plus\"  data-ea-active=\"ea-click\"  data-ea-mode=\"vertical\" data-preloader=\"\" data-scroll-active-item=\"\" data-offset-to-scroll=\"0\"><div class=\"ea-card ea-expand sp-ea-single\"><h3 class=\"ea-header\"><a class=\"collapsed\" data-sptoggle=\"spcollapse\" data-sptarget=#collapse9350 href=\"javascript:void(0)\"  aria-expanded=\"true\"><i class=\"ea-expand-icon fa fa-minus\"><\/i> Consulta a programas e projetos de extens\u00e3o da UFMG<\/a><\/h3><div class=\"sp-collapse spcollapse collapsed show\" id=\"collapse9350\" data-parent=#sp-ea-935><div class=\"ea-body\"><p><a href=\"https:\/\/sistemas.ufmg.br\/siex\/PrepararPesquisarAcaoExtensao.do?clean=1\" target=\"_blank\" rel=\"external noopener\">Um sistema aberto \u00e0 consulta do p\u00fablico, o Siex<\/a>, permite acessar dados de todas as a\u00e7\u00f5es de extens\u00e3o da UFMG. Sa\u00fade, educa\u00e7\u00e3o, trabalho, meio ambiente, comunica\u00e7\u00e3o, direitos humanos e justi\u00e7a, tecnologia de produ\u00e7\u00e3o e cultura s\u00e3o alguns dos eixos dessas atividades na UFMG, bastante conhecidas pelas comunidades.<\/p>\n<\/div><\/div><\/div><div class=\"ea-card  sp-ea-single\"><h3 class=\"ea-header\"><a class=\"collapsed\" data-sptoggle=\"spcollapse\" data-sptarget=#collapse9351 href=\"javascript:void(0)\"  aria-expanded=\"false\"><i class=\"ea-expand-icon fa fa-plus\"><\/i> Cenex ICA<\/a><\/h3><div class=\"sp-collapse spcollapse \" id=\"collapse9351\" data-parent=#sp-ea-935><div class=\"ea-body\"><p><!-- wp:heading {\"level\":1} --><\/p>\n<p>O Centro de Extens\u00e3o (Cenex) \u00e9 o \u00f3rg\u00e3o colegiado do campus da UFMG em Montes Claros \u2013 respons\u00e1vel por apoiar a gest\u00e3o das atividades de extens\u00e3o na unidade.<br \/>\nNo campus Montes Claros s\u00e3o desenvolvidas atividades extensionistas nas \u00e1reas de Administra\u00e7\u00e3o, Agronomia, Engenharia Agr\u00edcola e Ambiental, Engenharia de Alimentos, Engenharia Florestal e Zootecnia. Programas, projetos, cursos, palestras, aulas p\u00fablicas, a\u00e7\u00f5es de divulga\u00e7\u00e3o cient\u00edfica e cursinho popular est\u00e3o entre as atividades desenvolvidas.<br \/>\nEntre as centenas de atividades promovidas\u00a0com expressivo compromisso com os direitos das pessoas, acesso igualit\u00e1rio \u00e0s oportunidades\u00a0e \u00e0 qualidade de vida,\u00a0est\u00e3o a\u00e7\u00f5es como:<\/p>\n<p><a href=\"https:\/\/www.instagram.com\/anatomizando.ufmg\/\" target=\"_blank\" rel=\"noreferrer noopener\">Anatomizando<\/a><\/p>\n<p><!-- \/wp:paragraph --> <!-- wp:paragraph --><\/p>\n<p>O projeto\u00a0<em>Anatomizando<\/em>\u00a0visa difundir e popularizar conhecimentos sobre anatomia bot\u00e2nica. A iniciativa aproxima o p\u00fablico do mundo microsc\u00f3pico das plantas e contribui para a melhoria do ensino da gradua\u00e7\u00e3o.<\/p>\n<p>&nbsp;<\/p>\n<p><!-- \/wp:paragraph --> <!-- wp:paragraph --><\/p>\n<p><strong>ExpStat<\/strong><\/p>\n<p><!-- \/wp:paragraph --> <!-- wp:paragraph --><\/p>\n<p>O site\u00a0<a href=\"https:\/\/www.expstat.com\/\" target=\"_blank\" rel=\"noreferrer noopener\">ExpStat<\/a>\u00a0re\u00fane materiais did\u00e1ticos associados a conhecimentos de estat\u00edstica experimental, intelig\u00eancia artificial e an\u00e1lise de imagens.<\/p>\n<p><!-- \/wp:paragraph --> <!-- wp:paragraph --><\/p>\n<p>O site permite o acesso a aulas, materiais de estudo, pesquisas, eventos, entre outras informa\u00e7\u00f5es. H\u00e1 tamb\u00e9m a produ\u00e7\u00e3o do podcast\u00a0<em>ExpCast.<\/em><\/p>\n<p><!-- \/wp:paragraph --> <!-- wp:paragraph --><\/p>\n<p><a href=\"https:\/\/www.instagram.com\/viveiroicaufmg\/\" target=\"_blank\" rel=\"noreferrer noopener\">Viveiro de mudas<\/a><\/p>\n<p><!-- \/wp:paragraph --> <!-- wp:paragraph --><\/p>\n<p>O ICA conta com um viveiro de mudas frut\u00edferas, ornamentais e silviculturais, o qual possui t\u00e9cnicas modernas e eficientes de propaga\u00e7\u00e3o das plantas. Al\u00e9m de contribuir para o aprendizado de estudantes de gradua\u00e7\u00e3o e p\u00f3s-gradua\u00e7\u00e3o do Instituto, o viveiro \u00e9 utilizado para treinamentos e visitas de pessoas externas \u00e0 Universidade.<\/p>\n<p><!-- \/wp:paragraph --> <!-- wp:paragraph --><\/p>\n<p><strong>Reciclagem Urbana<\/strong><\/p>\n<p><!-- \/wp:paragraph --> <!-- wp:image {\"id\":932,\"sizeSlug\":\"full\",\"linkDestination\":\"none\"} --><\/p>\n<figure class=\"wp-block-image size-full\"><img decoding=\"async\" loading=\"lazy\" width=\"768\" height=\"576\" class=\"wp-image-932\" title=\"Projeto Reciclagem Urbana promove a\u00e7\u00f5es de conscientiza\u00e7\u00e3o socioambiental | Foto: projeto \u201cReciclagem urbana: Educando para Transformar\u201d\" src=\"http:\/\/sites-hml.dti.ufmg.br\/ica\/ica-novo\/wp-content\/uploads\/2024\/04\/Reciclando-ok-768x576-1.jpg\" alt=\"\" srcset=\"https:\/\/www.ufmg.br\/montesclaros\/wp-content\/uploads\/2024\/04\/Reciclando-ok-768x576-1.jpg 768w, https:\/\/www.ufmg.br\/montesclaros\/wp-content\/uploads\/2024\/04\/Reciclando-ok-768x576-1-300x225.jpg 300w\" sizes=\"(max-width: 768px) 100vw, 768px\" \/><\/figure>\n<p><!-- \/wp:image --> <!-- wp:paragraph --><\/p>\n<p id=\"caption-attachment-10533\">Projeto Reciclagem Urbana promove a\u00e7\u00f5es de conscientiza\u00e7\u00e3o socioambiental | Foto: projeto \u2018Reciclagem urbana: Educando para Transformar\u2019<\/p>\n<p><!-- \/wp:paragraph --> <!-- wp:paragraph --><\/p>\n<p>O projeto\u00a0<em>Reciclagem urbana<\/em>\u00a0possibilita a conscientiza\u00e7\u00e3o da comunidade interna e externa sobre as t\u00e9cnicas de reciclagem de res\u00edduos s\u00f3lidos, descarte de org\u00e2nicos e destino de res\u00edduos.<\/p>\n<p><!-- \/wp:paragraph --> <!-- wp:paragraph --><\/p>\n<p>O projeto apresenta articula\u00e7\u00e3o com as pol\u00edticas p\u00fablicas por meio da participa\u00e7\u00e3o dos seus coordenadores no Comit\u00ea de Pol\u00edticas P\u00fablicas de Controle das\u00a0<em>Leishmanioses<\/em>\u00a0da Secretaria Municipal de Sa\u00fade de Montes Claros.<\/p>\n<p><!-- \/wp:paragraph --> <!-- wp:paragraph --><\/p>\n<p><a href=\"https:\/\/www.instagram.com\/solosnaescolaufmg\" target=\"_blank\" rel=\"noreferrer noopener\">Solos na escola<\/a><\/p>\n<p><!-- \/wp:paragraph --> <!-- wp:paragraph --><\/p>\n<p>O projeto\u00a0<em>Solos na escola\u00a0<\/em>tem como objetivo popularizar e disseminar o ensino de solos nas redes de ensino estadual e municipal de Montes Claros.<\/p>\n<p><!-- \/wp:paragraph --> <!-- wp:paragraph --><\/p>\n<p><strong>Floricultura e Jardinagem<\/strong><\/p>\n<p><!-- \/wp:paragraph --> <!-- wp:paragraph --><\/p>\n<p>O projeto de divulga\u00e7\u00e3o e implementa\u00e7\u00e3o da pr\u00e1tica do xeropaisagismo, que \u00e9 um termo utilizado para jardins constitu\u00eddos de grupos de plantas xer\u00f3fitas.<\/p>\n<p><!-- \/wp:paragraph --> <!-- wp:paragraph --><\/p>\n<p><strong>Por dentro da c\u00e9lula<\/strong><\/p>\n<p><!-- \/wp:paragraph --> <!-- wp:paragraph --><\/p>\n<p><em>Por dentro da c\u00e9lula<\/em>\u00a0busca estimular o aprendizado sobre ci\u00eancias entre alunos do ensino m\u00e9dio por meio da intera\u00e7\u00e3o entre o ensino superior e a educa\u00e7\u00e3o b\u00e1sica.<\/p>\n<p><!-- \/wp:paragraph --> <!-- wp:paragraph --><\/p>\n<p><a href=\"https:\/\/www.instagram.com\/neprotec.ufmg_oficial\/\" target=\"_blank\" rel=\"noreferrer noopener\">NEProTeC<\/a><\/p>\n<p><!-- \/wp:paragraph --> <!-- wp:paragraph --><\/p>\n<p>O NEProTeC \u00e9 um grupo criado por alunos do campus de Montes Claros com o objetivo de estudar os principais cereais utilizados na alimenta\u00e7\u00e3o humana e animal. O grupo de estudos \u00e9 voltado principalmente para a pesquisa de novas tecnologias dos principais cereais produzidos no Brasil.<\/p>\n<p><!-- \/wp:paragraph --> <!-- wp:paragraph --><\/p>\n<p><a href=\"https:\/\/www.instagram.com\/herbarionortemineiro\/\" target=\"_blank\" rel=\"noreferrer noopener\">Herb\u00e1rio Norte Mineiro<\/a><\/p>\n<p><!-- \/wp:paragraph --> <!-- wp:paragraph --><\/p>\n<p>O Herb\u00e1rio Norte Mineiro possui uma cole\u00e7\u00e3o bot\u00e2nica que resguarda material testemunho de esp\u00e9cies de plantas que representam os mais variados ambientes da regi\u00e3o norte do estado de Minas Gerais. Essa cole\u00e7\u00e3o \u00e9 frequentemente visitada por turmas de estudantes do ensino b\u00e1sico.<\/p>\n<p><!-- \/wp:paragraph --> <!-- wp:paragraph --><\/p>\n<p><strong>Visitas monitoradas ao ICA<\/strong><\/p>\n<p><!-- \/wp:paragraph --> <!-- wp:paragraph --><\/p>\n<p>O projeto visa apresentar o ICA \u00e0 sociedade norte-mineira, contribuindo para uma maior visibilidade sobre o conhecimento produzido na unidade e sobre seus espa\u00e7os. Para solicitar visita, a escola interessada deve mandar um e-mail para\u00a0<a href=\"mailto:visitas.ica.ufmg@gmail.com\" target=\"_blank\" rel=\"noopener\">visitas.ica.ufmg@gmail.com<\/a><\/p>\n<p><!-- \/wp:paragraph --> <!-- wp:paragraph --><\/p>\n<p><a href=\"https:\/\/cursinhoicaufmg.wixsite.com\/comunica\" target=\"_blank\" rel=\"noreferrer noopener\">ComuniCA<\/a><\/p>\n<p><!-- \/wp:paragraph --> <!-- wp:paragraph --><\/p>\n<p>Cursinho comunit\u00e1rio preparat\u00f3rio para o Enem ministrado por alunos de gradua\u00e7\u00e3o, p\u00f3s gradua\u00e7\u00e3o e t\u00e9cnico-administrativos.<\/p>\n<p><!-- \/wp:paragraph --> <!-- wp:paragraph --><\/p>\n<p><strong>Apicultura para Todos<\/strong><\/p>\n<p><!-- \/wp:paragraph --> <!-- wp:image {\"id\":933,\"sizeSlug\":\"full\",\"linkDestination\":\"none\"} --><\/p>\n<figure class=\"wp-block-image size-full\"><img decoding=\"async\" loading=\"lazy\" width=\"768\" height=\"576\" class=\"wp-image-933\" src=\"http:\/\/sites-hml.dti.ufmg.br\/ica\/ica-novo\/wp-content\/uploads\/2024\/04\/Foto15-768x576-1.jpg\" alt=\"\" srcset=\"https:\/\/www.ufmg.br\/montesclaros\/wp-content\/uploads\/2024\/04\/Foto15-768x576-1.jpg 768w, https:\/\/www.ufmg.br\/montesclaros\/wp-content\/uploads\/2024\/04\/Foto15-768x576-1-300x225.jpg 300w\" sizes=\"(max-width: 768px) 100vw, 768px\" \/><figcaption class=\"wp-element-caption\">Estudantes de ensino b\u00e1sico em atividade de Apicultura | Foto: Projeto Apicultura para Todos<\/figcaption><\/figure>\n<p><!-- \/wp:image --> <!-- wp:paragraph --><\/p>\n<p>O projeto\u00a0<em>Apicultura para Todos<\/em>\u00a0visa promover a apicultura no norte de Minas Gerais, em especial em Montes Claros e cidades lim\u00edtrofes, divulgando a apicultura e sua import\u00e2ncia para a sociedade.<\/p>\n<p><!-- \/wp:paragraph --> <!-- wp:paragraph --><\/p>\n<p><a href=\"https:\/\/www.ufmg.br\/proex\/wp-content\/uploads\/2023\/10\/PRODERA-Projetos-Vinculados.pdf\" target=\"_blank\" rel=\"noreferrer noopener\">Prodera<\/a><\/p>\n<p><!-- \/wp:paragraph --> <!-- wp:paragraph --><\/p>\n<p>O Programa de Desenvolvimento Rural e Apoio a Reforma Agr\u00e1ria (Prodera) nasce da colabora\u00e7\u00e3o entre agricultores assentados em \u00e1reas de reforma agr\u00e1ria, estudantes e professores do ICA, com a finalidade de articular um conjunto de a\u00e7\u00f5es relacionadas ao desenvolvimento rural e a reforma agr\u00e1ria.<\/p>\n<p><!-- \/wp:paragraph --> <!-- wp:paragraph --><\/p>\n<p><a href=\"https:\/\/www.ica.ufmg.br\/nutrica\/\" target=\"_blank\" rel=\"noreferrer noopener\">A\u00e7\u00f5es integradas contra a subnutri\u00e7\u00e3o<\/a><\/p>\n<p><!-- \/wp:paragraph --> <!-- wp:paragraph --><\/p>\n<p>O projeto tem como objetivo combater a subnutri\u00e7\u00e3o infantil e a anemia por meio da divulga\u00e7\u00e3o de conhecimentos sobre o assunto. A iniciativa busca tamb\u00e9m ampliar a atua\u00e7\u00e3o dos estudantes do curso de Engenharia de Alimentos e contribuir para solu\u00e7\u00e3o de problemas socioecon\u00f4micos e ambientais de Montes Claros.<\/p>\n<p><!-- \/wp:paragraph --><\/p>\n<\/div><\/div><\/div><\/div><\/div><\/div>\n\n\n<p><\/p>\n\n\n\n<p><br><\/p>\n","protected":false},"excerpt":{"rendered":"<p>A Extens\u00e3o Universit\u00e1ria \u00e9 uma dimens\u00e3o formativa essencial da educa\u00e7\u00e3o superior que, articulada com o ensino e a pesquisa de forma insepar\u00e1vel, desempenha um papel fundamental na integra\u00e7\u00e3o das atividades-fim ou dimens\u00f5es da universidade. Por meio da extens\u00e3o, a universidade materializa sua fun\u00e7\u00e3o p\u00fablica, colabora e participa da comunidade ao seu redor e da sociedade [&hellip;]<\/p>\n","protected":false},"author":3,"featured_media":0,"parent":0,"menu_order":0,"comment_status":"closed","ping_status":"closed","template":"","meta":[],"acf":[],"_links":{"self":[{"href":"https:\/\/www.ufmg.br\/montesclaros\/wp-json\/wp\/v2\/pages\/873"}],"collection":[{"href":"https:\/\/www.ufmg.br\/montesclaros\/wp-json\/wp\/v2\/pages"}],"about":[{"href":"https:\/\/www.ufmg.br\/montesclaros\/wp-json\/wp\/v2\/types\/page"}],"author":[{"embeddable":true,"href":"https:\/\/www.ufmg.br\/montesclaros\/wp-json\/wp\/v2\/users\/3"}],"replies":[{"embeddable":true,"href":"https:\/\/www.ufmg.br\/montesclaros\/wp-json\/wp\/v2\/comments?post=873"}],"version-history":[{"count":8,"href":"https:\/\/www.ufmg.br\/montesclaros\/wp-json\/wp\/v2\/pages\/873\/revisions"}],"predecessor-version":[{"id":4128,"href":"https:\/\/www.ufmg.br\/montesclaros\/wp-json\/wp\/v2\/pages\/873\/revisions\/4128"}],"wp:attachment":[{"href":"https:\/\/www.ufmg.br\/montesclaros\/wp-json\/wp\/v2\/media?parent=873"}],"curies":[{"name":"wp","href":"https:\/\/api.w.org\/{rel}","templated":true}]}}