{"id":2793,"date":"2025-05-06T10:33:07","date_gmt":"2025-05-06T13:33:07","guid":{"rendered":"https:\/\/www.ufmg.br\/mostra\/?page_id=2793"},"modified":"2026-04-27T16:12:23","modified_gmt":"2026-04-27T19:12:23","slug":"voluntarios","status":"publish","type":"page","link":"https:\/\/www.ufmg.br\/mostra\/voluntarios\/","title":{"rendered":"Volunt\u00e1rios"},"content":{"rendered":"\n<p><\/p>\n\n\n<style>#sp-ea-4829 .spcollapsing { height: 0; overflow: hidden; transition-property: height;transition-duration: 300ms;}#sp-ea-4829.sp-easy-accordion>.sp-ea-single {border: 1px solid #e2e2e2; }#sp-ea-4829.sp-easy-accordion>.sp-ea-single>.ea-header a {color: #444;}#sp-ea-4829.sp-easy-accordion>.sp-ea-single>.sp-collapse>.ea-body {background: #fff; color: #444;}#sp-ea-4829.sp-easy-accordion>.sp-ea-single {background: #eee;}#sp-ea-4829.sp-easy-accordion>.sp-ea-single>.ea-header a .ea-expand-icon.fa { float: left; color: #444;font-size: 16px;}<\/style><div id=\"sp_easy_accordion-1777316846\"><div id=\"sp-ea-4829\" class=\"sp-ea-one sp-easy-accordion\" data-ex-icon=\"fa-minus\" data-col-icon=\"fa-plus\"  data-ea-active=\"ea-click\"  data-ea-mode=\"vertical\" data-preloader=\"\" data-scroll-active-item=\"\" data-offset-to-scroll=\"0\"><div class=\"ea-card  sp-ea-single\"><h3 class=\"ea-header\"><a class=\"collapsed\" data-sptoggle=\"spcollapse\" data-sptarget=#collapse48290 href=\"javascript:void(0)\"  aria-expanded=\"false\"><i class=\"ea-expand-icon fa fa-plus\"><\/i> Seja volunt\u00e1rio da Comiss\u00e3o Organizadora<\/a><\/h3><div class=\"sp-collapse spcollapse spcollapse\" id=\"collapse48290\" data-parent=#sp-ea-4829><div class=\"ea-body\"><p><!-- wp:paragraph --><\/p>\n<p>Est\u00e3o abertas as inscri\u00e7\u00f5es para a equipe de volunt\u00e1rios da Mostra Sua UFMG do campus Pampulha, que acontecer\u00e1 dia 30 de maio, s\u00e1bado. Podem se inscrever, at\u00e9 dia 15 de maio, <strong>estudantes da gradua\u00e7\u00e3o, da p\u00f3s-gradua\u00e7\u00e3o e dos cursos subsequentes de ensino m\u00e9dio, servidores e terceirizados<\/strong> da UFMG.<\/p>\n<p>&nbsp;<\/p>\n<h3 class=\"wp-block-heading\">Passo a Passo<\/h3>\n<p><!-- \/wp:heading --> <!-- wp:paragraph --><\/p>\n<p>1 - Acesse o site <a href=\"https:\/\/eventos.ufmg.br\/event\/110\/registrations\/\">https:\/\/eventos.ufmg.br\/event\/110\/registrations\/<\/a><br \/>\n2 - Escolha a op\u00e7\u00e3o \u201cComiss\u00e3o organizadora \u2013 Campus Pampulha\u201d<br \/>\n3 - Clique em Registrar<br \/>\n4 - Preencha o question\u00e1rio<br \/>\n5 - Confira os dados e clique em Registrar<\/p>\n<p><!-- \/wp:paragraph --> <!-- wp:paragraph --><\/p>\n<p>Caso seja selecionado, voc\u00ea far\u00e1 parte da comiss\u00e3o que \u00e9 respons\u00e1vel pela coordena\u00e7\u00e3o geral da Mostra. No dia do evento, a atua\u00e7\u00e3o desta equipe ser\u00e1 de 7h \u00e0s 17h. A sele\u00e7\u00e3o e a defini\u00e7\u00e3o das fun\u00e7\u00f5es \u00e9 de compet\u00eancia da Pr\u00f3-reitoria de Gradua\u00e7\u00e3o (Prograd). As atividades poder\u00e3o ser: o gerenciamento das palestras, a orienta\u00e7\u00e3o aos visitantes, a distribui\u00e7\u00e3o de materiais e outras atividades similares.<\/p>\n<p><!-- \/wp:paragraph --> <!-- wp:paragraph --><\/p>\n<p>&nbsp;<\/p>\n<p><!-- \/wp:paragraph --> <!-- wp:heading {\"level\":3} --><\/p>\n<h3 class=\"wp-block-heading\">Aten\u00e7\u00e3o<\/h3>\n<p><!-- \/wp:heading --> <!-- wp:paragraph --><\/p>\n<p>Todos os volunt\u00e1rios selecionados se comprometem a participar de treinamentos que ser\u00e3o oferecidos, em data pr\u00e9via ao evento, pela equipe da Prograd.<\/p>\n<p><!-- \/wp:paragraph --> <!-- wp:paragraph --><\/p>\n<p>&nbsp;<\/p>\n<p><!-- \/wp:paragraph --> <!-- wp:heading {\"level\":3} --><\/p>\n<h3 class=\"wp-block-heading\">Certificados e aproveitamento de estudos\/banco de horas<\/h3>\n<p><!-- \/wp:heading --> <!-- wp:list --><\/p>\n<ul>\n<li style=\"list-style-type: none;\">\n<ul><!-- wp:list-item --><\/p>\n<li><strong>Servidores e terceirizados da UFMG<\/strong> receber\u00e3o certificado de participa\u00e7\u00e3o e poder\u00e3o ter compensa\u00e7\u00e3o de dois dias trabalhados por meio de banco de horas, desde que haja concord\u00e2ncia da chefia imediata.<\/li>\n<\/ul>\n<\/li>\n<\/ul>\n<p><!-- \/wp:list-item --><\/p>\n<p><!-- \/wp:list --> <!-- wp:list --><\/p>\n<ul>\n<li style=\"list-style-type: none;\">\n<ul><!-- wp:list-item --><\/p>\n<li><strong>Estudantes dos cursos de gradua\u00e7\u00e3o da UFMG<\/strong> receber\u00e3o certificado de participa\u00e7\u00e3o e poder\u00e3o solicitar o aproveitamento de estudos na modalidade \u201cParticipa\u00e7\u00e3o em Eventos\u201d.<\/li>\n<\/ul>\n<\/li>\n<\/ul>\n<p><!-- \/wp:list-item --><\/p>\n<p><!-- \/wp:list --> <!-- wp:paragraph --><\/p>\n<p>Mais informa\u00e7\u00f5es: mostra@prograd.ufmg.br ou (31) 3409-6472\/3988.<\/p>\n<p><!-- \/wp:paragraph --><\/p>\n<\/div><\/div><\/div><div class=\"ea-card  sp-ea-single\"><h3 class=\"ea-header\"><a class=\"collapsed\" data-sptoggle=\"spcollapse\" data-sptarget=#collapse48291 href=\"javascript:void(0)\"  aria-expanded=\"false\"><i class=\"ea-expand-icon fa fa-plus\"><\/i> Seja volunt\u00e1rio das Salas Interativas<\/a><\/h3><div class=\"sp-collapse spcollapse spcollapse\" id=\"collapse48291\" data-parent=#sp-ea-4829><div class=\"ea-body\"><p><!-- wp:paragraph --><\/p>\n<p>Est\u00e3o abertas as inscri\u00e7\u00f5es para a equipe de volunt\u00e1rios das Salas Interativas dos cursos da Mostra Sua UFMG do campus Pampulha, que acontecer\u00e1 dia 30 de maio, s\u00e1bado. Podem se inscrever\u00a0<strong>estudantes da gradua\u00e7\u00e3o, da p\u00f3s-gradua\u00e7\u00e3o e dos cursos subsequentes de ensino m\u00e9dio<\/strong> da UFMG.<\/p>\n<p><!-- \/wp:paragraph --> <!-- wp:paragraph --><\/p>\n<p>&nbsp;<\/p>\n<p><!-- \/wp:paragraph --> <!-- wp:heading {\"level\":3} --><\/p>\n<h3 class=\"wp-block-heading\">Passo a Passo<\/h3>\n<p><!-- \/wp:heading --> <!-- wp:paragraph --><\/p>\n<p>1 - Procure o Colegiado\/Coordena\u00e7\u00e3o do seu curso e manifeste seu interesse em ser volunt\u00e1rio da Sala Interativa.<br \/>\n2 - Fa\u00e7a sua inscri\u00e7\u00e3o junto ao Colegiado.<br \/>\n3 - Posteriormente o Colegiado ir\u00e1 orientar a respeito do preenchimento do formul\u00e1rio da Prograd, cujo sistema ficar\u00e1 aberto do dia 30 de maio at\u00e9 o dia 26 de junho.<\/p>\n<p><!-- \/wp:paragraph --> <!-- wp:paragraph --><\/p>\n<p>&nbsp;<\/p>\n<p><!-- \/wp:paragraph --> <!-- wp:heading {\"level\":3} --><\/p>\n<h3 class=\"wp-block-heading\">Certificados e aproveitamento de estudos<\/h3>\n<p><!-- \/wp:heading --> <!-- wp:list --><\/p>\n<ul>\n<li style=\"list-style-type: none;\">\n<ul><!-- wp:list-item --><\/p>\n<li><strong>Estudantes dos cursos de gradua\u00e7\u00e3o da UFMG<\/strong> receber\u00e3o certificado de participa\u00e7\u00e3o e poder\u00e3o solicitar o aproveitamento de estudos na modalidade \u201cParticipa\u00e7\u00e3o em Eventos\u201d.<\/li>\n<\/ul>\n<\/li>\n<\/ul>\n<p><!-- \/wp:list-item --><\/p>\n<p><!-- \/wp:list --> <!-- wp:paragraph --><\/p>\n<p>Mais informa\u00e7\u00f5es: mostra@prograd.ufmg.br ou (31) 3409-6472\/3988.<\/p>\n<p><!-- \/wp:paragraph --><\/p>\n<\/div><\/div><\/div><\/div><\/div>\n\n\n\n<p><\/p>\n","protected":false},"excerpt":{"rendered":"","protected":false},"author":6,"featured_media":0,"parent":0,"menu_order":0,"comment_status":"closed","ping_status":"closed","template":"","meta":[],"acf":[],"_links":{"self":[{"href":"https:\/\/www.ufmg.br\/mostra\/wp-json\/wp\/v2\/pages\/2793"}],"collection":[{"href":"https:\/\/www.ufmg.br\/mostra\/wp-json\/wp\/v2\/pages"}],"about":[{"href":"https:\/\/www.ufmg.br\/mostra\/wp-json\/wp\/v2\/types\/page"}],"author":[{"embeddable":true,"href":"https:\/\/www.ufmg.br\/mostra\/wp-json\/wp\/v2\/users\/6"}],"replies":[{"embeddable":true,"href":"https:\/\/www.ufmg.br\/mostra\/wp-json\/wp\/v2\/comments?post=2793"}],"version-history":[{"count":14,"href":"https:\/\/www.ufmg.br\/mostra\/wp-json\/wp\/v2\/pages\/2793\/revisions"}],"predecessor-version":[{"id":4830,"href":"https:\/\/www.ufmg.br\/mostra\/wp-json\/wp\/v2\/pages\/2793\/revisions\/4830"}],"wp:attachment":[{"href":"https:\/\/www.ufmg.br\/mostra\/wp-json\/wp\/v2\/media?parent=2793"}],"curies":[{"name":"wp","href":"https:\/\/api.w.org\/{rel}","templated":true}]}}