{"id":617,"date":"2021-11-10T15:02:43","date_gmt":"2021-11-10T18:02:43","guid":{"rendered":"https:\/\/www.ufmg.br\/novembronegro\/2021\/?page_id=617"},"modified":"2021-11-11T12:56:14","modified_gmt":"2021-11-11T15:56:14","slug":"cantos","status":"publish","type":"page","link":"https:\/\/www.ufmg.br\/novembronegro\/2021\/mostra-saberes-tradicionais-ufmg\/cantos\/","title":{"rendered":"Mostra Saberes Tradicionais UFMG &#8211; CANTOS"},"content":{"rendered":"\n<p>A sess\u00e3o re\u00fane v\u00eddeos que registram diferentes cantos das mestras e mestres das culturas populares brasileiras, afrodescendentes e ind\u00edgenas que participaram do Programa de Forma\u00e7\u00e3o Transversal em Saberes Tradicionais da UFMG. Guiados pela rela\u00e7\u00e3o com a ancestralidade e com a alteridade (dos esp\u00edritos, das entidades, dos animais e das plantas), eles afirmam um outro mundo poss\u00edvel. <\/p>\n\n\n\n<p>Eles trazem&nbsp; a forte presen\u00e7a dos corpos e transmitem a pot\u00eancia e o lampejo de sobreviv\u00eancia das mestras e mestres dos saberes tradicionais, t\u00e3o amea\u00e7ados pela intoler\u00e2ncia dos tempos atuais.&nbsp;<\/p>\n\n\n\n<figure class=\"wp-block-embed is-type-video is-provider-youtube wp-block-embed-youtube wp-embed-aspect-16-9 wp-has-aspect-ratio\"><div class=\"wp-block-embed__wrapper\">\n<div class=\"arve aligncenter\" data-mode=\"normal\" data-oembed=\"1\" data-provider=\"youtubelist\" id=\"arve-youtubelist-plb9uv0or42tbpkw_jqmxdj4vsyz5menks69f4a7ded9490192504728\" style=\"max-width:800px;\" itemscope itemtype=\"http:\/\/schema.org\/VideoObject\">\n<span class=\"arve-inner\">\n<span class=\"arve-embed arve-embed--has-aspect-ratio\">\n<span class=\"arve-ar\" style=\"padding-top:56.200000%\"><\/span>\n<meta itemprop=\"embedURL\" content=\"https:\/\/www.youtube.com\/embed\/videoseries?list=PLb9uV0OR42tbPKW_JQMxdj4vSYZ5MeNkS&amp;iv_load_policy=3&amp;modestbranding=1&amp;rel=0&amp;autohide=1&amp;playsinline=0&amp;autoplay=0\">\n<iframe loading=\"lazy\" allow=\"accelerometer; autoplay; clipboard-write; encrypted-media; gyroscope; picture-in-picture\" allowfullscreen class=\"arve-iframe fitvidsignore\" data-arve=\"arve-youtubelist-plb9uv0or42tbpkw_jqmxdj4vsyz5menks69f4a7ded9490192504728\" data-src-no-ap=\"https:\/\/www.youtube.com\/embed\/videoseries?list=PLb9uV0OR42tbPKW_JQMxdj4vSYZ5MeNkS&amp;iv_load_policy=3&amp;modestbranding=1&amp;rel=0&amp;autohide=1&amp;playsinline=0&amp;autoplay=0\" frameborder=\"0\" height=\"449.6\" sandbox=\"allow-scripts allow-same-origin allow-presentation allow-popups allow-popups-to-escape-sandbox\" scrolling=\"no\" src=\"https:\/\/www.youtube.com\/embed\/videoseries?list=PLb9uV0OR42tbPKW_JQMxdj4vSYZ5MeNkS&#038;iv_load_policy=3&#038;modestbranding=1&#038;rel=0&#038;autohide=1&#038;playsinline=0&#038;autoplay=0\" width=\"800\"><\/iframe>\n\n<\/span>\n\n<\/span>\n\n<\/div>\n\n<\/div><\/figure>\n\n\n\n<hr class=\"wp-block-separator has-text-color has-background is-style-wide\" style=\"background-color:#f5f5f5;color:#f5f5f5\"\/>\n\n\n\n<div class=\"wp-block-columns\">\n<div class=\"wp-block-column\">\n<figure class=\"wp-block-image size-full\"><a href=\"https:\/\/www.ufmg.br\/novembronegro\/2021\/mostra-saberes-tradicionais-ufmg\/retratos\/\"><img loading=\"lazy\" width=\"230\" height=\"150\" src=\"https:\/\/www.ufmg.br\/novembronegro\/2021\/wp-content\/uploads\/2021\/11\/img3.jpg\" alt=\"\" class=\"wp-image-672\"\/><\/a><figcaption>RETRATOS<\/figcaption><\/figure>\n<\/div>\n\n\n\n<div class=\"wp-block-column\">\n<figure class=\"wp-block-image size-full\"><a href=\"https:\/\/www.ufmg.br\/novembronegro\/2021\/mostra-saberes-tradicionais-ufmg\/documentarios\/\"><img loading=\"lazy\" width=\"230\" height=\"150\" src=\"https:\/\/www.ufmg.br\/novembronegro\/2021\/wp-content\/uploads\/2021\/11\/img1.jpg\" alt=\"\" class=\"wp-image-671\"\/><\/a><figcaption>DOCUMENT\u00c1RIOS<\/figcaption><\/figure>\n<\/div>\n\n\n\n<div class=\"wp-block-column\">\n<figure class=\"wp-block-image size-full\"><a href=\"https:\/\/www.ufmg.br\/novembronegro\/2021\/mostra-saberes-tradicionais-ufmg\/cantos\/\"><img loading=\"lazy\" width=\"230\" height=\"150\" src=\"https:\/\/www.ufmg.br\/novembronegro\/2021\/wp-content\/uploads\/2021\/11\/img2.jpg\" alt=\"\" class=\"wp-image-673\"\/><\/a><figcaption>CANTOS<\/figcaption><\/figure>\n<\/div>\n<\/div>\n","protected":false},"excerpt":{"rendered":"<p>A sess\u00e3o re\u00fane v\u00eddeos que registram diferentes cantos das mestras [&hellip;]<\/p>\n","protected":false},"author":1,"featured_media":0,"parent":607,"menu_order":0,"comment_status":"closed","ping_status":"closed","template":"","meta":[],"_links":{"self":[{"href":"https:\/\/www.ufmg.br\/novembronegro\/2021\/wp-json\/wp\/v2\/pages\/617"}],"collection":[{"href":"https:\/\/www.ufmg.br\/novembronegro\/2021\/wp-json\/wp\/v2\/pages"}],"about":[{"href":"https:\/\/www.ufmg.br\/novembronegro\/2021\/wp-json\/wp\/v2\/types\/page"}],"author":[{"embeddable":true,"href":"https:\/\/www.ufmg.br\/novembronegro\/2021\/wp-json\/wp\/v2\/users\/1"}],"replies":[{"embeddable":true,"href":"https:\/\/www.ufmg.br\/novembronegro\/2021\/wp-json\/wp\/v2\/comments?post=617"}],"version-history":[{"count":15,"href":"https:\/\/www.ufmg.br\/novembronegro\/2021\/wp-json\/wp\/v2\/pages\/617\/revisions"}],"predecessor-version":[{"id":736,"href":"https:\/\/www.ufmg.br\/novembronegro\/2021\/wp-json\/wp\/v2\/pages\/617\/revisions\/736"}],"up":[{"embeddable":true,"href":"https:\/\/www.ufmg.br\/novembronegro\/2021\/wp-json\/wp\/v2\/pages\/607"}],"wp:attachment":[{"href":"https:\/\/www.ufmg.br\/novembronegro\/2021\/wp-json\/wp\/v2\/media?parent=617"}],"curies":[{"name":"wp","href":"https:\/\/api.w.org\/{rel}","templated":true}]}}