{"id":2194,"date":"2023-09-25T16:25:22","date_gmt":"2023-09-25T19:25:22","guid":{"rendered":"https:\/\/www.ufmg.br\/prae\/?page_id=2194"},"modified":"2023-10-03T16:18:05","modified_gmt":"2023-10-03T19:18:05","slug":"perguntas-frequentes-chamadas","status":"publish","type":"page","link":"https:\/\/www.ufmg.br\/prae\/perguntas-frequentes-chamadas\/","title":{"rendered":"Perguntas Frequentes Chamadas"},"content":{"rendered":"<h3>Chamada 02\/2023<\/h3>\n<style>#sp-ea-2207 .spcollapsing { height: 0; overflow: hidden; transition-property: height;transition-duration: 500ms;}#sp-ea-2207.sp-easy-accordion>.sp-ea-single {margin-bottom: 10px; border: 1px solid #e2e2e2; }#sp-ea-2207.sp-easy-accordion>.sp-ea-single>.ea-header a {color: #444;}#sp-ea-2207.sp-easy-accordion>.sp-ea-single>.sp-collapse>.ea-body {background: #fff; color: #444;}#sp-ea-2207.sp-easy-accordion>.sp-ea-single {background: #eee;}#sp-ea-2207.sp-easy-accordion>.sp-ea-single>.ea-header a .ea-expand-icon { float: left; color: #444;font-size: 16px;}<\/style><div id=\"sp_easy_accordion-1777702263\"><div id=\"sp-ea-2207\" class=\"sp-ea-one sp-easy-accordion\" data-ea-active=\"ea-click\" data-ea-mode=\"vertical\" data-preloader=\"\" data-scroll-active-item=\"\" data-offset-to-scroll=\"0\"><div class=\"ea-card ea-expand sp-ea-single\"><h3 class=\"ea-header\"><a class=\"collapsed\" id=\"ea-header-22070\" role=\"button\" data-sptoggle=\"spcollapse\" data-sptarget=\"#collapse22070\" aria-controls=\"collapse22070\" href=\"#\" aria-expanded=\"true\" tabindex=\"0\"><i aria-hidden=\"true\" role=\"presentation\" class=\"ea-expand-icon eap-icon-ea-expand-minus\"><\/i> Os torneios acad\u00eamicos, tais como o Torneio de F\u00edsica, Matem\u00e1tica, Rob\u00f3tica, est\u00e3o contemplados na Chamada PRAE 02\/2023? <\/a><\/h3><div class=\"sp-collapse spcollapse collapsed show\" id=\"collapse22070\" data-parent=\"#sp-ea-2207\" role=\"region\" aria-labelledby=\"ea-header-22070\"> <div class=\"ea-body\"><p>Sim. Desde que propostos por estudantes de gradua\u00e7\u00e3o, matriculados e frequentes.<\/p><\/div><\/div><\/div><div class=\"ea-card sp-ea-single\"><h3 class=\"ea-header\"><a class=\"collapsed\" id=\"ea-header-22071\" role=\"button\" data-sptoggle=\"spcollapse\" data-sptarget=\"#collapse22071\" aria-controls=\"collapse22071\" href=\"#\" aria-expanded=\"false\" tabindex=\"0\"><i aria-hidden=\"true\" role=\"presentation\" class=\"ea-expand-icon eap-icon-ea-expand-plus\"><\/i> Estudantes que v\u00e3o participar de eventos na qualidade de monitores\/as, palestrantes ou organizadores\/as poder\u00e3o receber o aux\u00edlio financeiro pela Modalidade 1 - Participa\u00e7\u00e3o em Eventos Acad\u00eamicos e Cient\u00edficos?<\/a><\/h3><div class=\"sp-collapse spcollapse \" id=\"collapse22071\" data-parent=\"#sp-ea-2207\" role=\"region\" aria-labelledby=\"ea-header-22071\"> <div class=\"ea-body\"><p>N\u00e3o. De acordo com a Chamada, poder\u00e3o participar dessa modalidade apenas estudantes na condi\u00e7\u00e3o de autores\/as ou coautores\/as de trabalhos aprovados ou que participem como p\u00fablico inscrito.<\/p><\/div><\/div><\/div><div class=\"ea-card sp-ea-single\"><h3 class=\"ea-header\"><a class=\"collapsed\" id=\"ea-header-22072\" role=\"button\" data-sptoggle=\"spcollapse\" data-sptarget=\"#collapse22072\" aria-controls=\"collapse22072\" href=\"#\" aria-expanded=\"false\" tabindex=\"0\"><i aria-hidden=\"true\" role=\"presentation\" class=\"ea-expand-icon eap-icon-ea-expand-plus\"><\/i> Estudantes que coordenar\u00e3o eventos poder\u00e3o utilizar os recursos da Chamada PRAE 02\/2023 para loca\u00e7\u00e3o de espa\u00e7o para atividades que se realizar\u00e3o fora dos campi da UFMG?<\/a><\/h3><div class=\"sp-collapse spcollapse \" id=\"collapse22072\" data-parent=\"#sp-ea-2207\" role=\"region\" aria-labelledby=\"ea-header-22072\"> <div class=\"ea-body\"><p>Sim. Embora segundo a Chamada as atividades devam se dar, preferencialmente, nos espa\u00e7os da UFMG, n\u00e3o h\u00e1 impedimentos para realiza\u00e7\u00e3o em locais externos, tampouco para a utiliza\u00e7\u00e3o do recurso para aluguel de espa\u00e7o.<\/p><\/div><\/div><\/div><div class=\"ea-card sp-ea-single\"><h3 class=\"ea-header\"><a class=\"collapsed\" id=\"ea-header-22073\" role=\"button\" data-sptoggle=\"spcollapse\" data-sptarget=\"#collapse22073\" aria-controls=\"collapse22073\" href=\"#\" aria-expanded=\"false\" tabindex=\"0\"><i aria-hidden=\"true\" role=\"presentation\" class=\"ea-expand-icon eap-icon-ea-expand-plus\"><\/i> O aux\u00edlio financeiro pode ser utilizado para custeio de passagem e hospedagem de palestrante que vem de fora do estado?<\/a><\/h3><div class=\"sp-collapse spcollapse \" id=\"collapse22073\" data-parent=\"#sp-ea-2207\" role=\"region\" aria-labelledby=\"ea-header-22073\"> <div class=\"ea-body\"><p>Sim. O aux\u00edlio financeiro na Modalidade 2 - Produ\u00e7\u00e3o de Eventos Art\u00edsticos e Culturais - poder\u00e1 ser utilizado para custear hospedagem e passagem de palestrantes convidados\/as, desde que a atividade esteja de acordo com a modalidade.<\/p><\/div><\/div><\/div><div class=\"ea-card sp-ea-single\"><h3 class=\"ea-header\"><a class=\"collapsed\" id=\"ea-header-22074\" role=\"button\" data-sptoggle=\"spcollapse\" data-sptarget=\"#collapse22074\" aria-controls=\"collapse22074\" href=\"#\" aria-expanded=\"false\" tabindex=\"0\"><i aria-hidden=\"true\" role=\"presentation\" class=\"ea-expand-icon eap-icon-ea-expand-plus\"><\/i> Poderei me inscrever na Chamada PRAE 02\/2023 e solicitar aux\u00edlio financeiro para aquisi\u00e7\u00e3o de material necess\u00e1rio \u00e0 minha participa\u00e7\u00e3o em atividade curricular do meu curso?<\/a><\/h3><div class=\"sp-collapse spcollapse \" id=\"collapse22074\" data-parent=\"#sp-ea-2207\" role=\"region\" aria-labelledby=\"ea-header-22074\"> <div class=\"ea-body\"><p>N\u00e3o. A Chamada PRAE 02\/2023, na\u00a0 Modalidade 2 - Produ\u00e7\u00e3o de Eventos Art\u00edsticos e Culturais, prev\u00ea a destina\u00e7\u00e3o de recursos para aquisi\u00e7\u00e3o de materiais, desde que estes sejam utilizados em eventos produzidos por estudantes. A Chamada n\u00e3o \u00e9 voltada para a aquisi\u00e7\u00e3o de materiais acad\u00eamicos.<\/p><\/div><\/div><\/div><div class=\"ea-card sp-ea-single\"><h3 class=\"ea-header\"><a class=\"collapsed\" id=\"ea-header-22075\" role=\"button\" data-sptoggle=\"spcollapse\" data-sptarget=\"#collapse22075\" aria-controls=\"collapse22075\" href=\"#\" aria-expanded=\"false\" tabindex=\"0\"><i aria-hidden=\"true\" role=\"presentation\" class=\"ea-expand-icon eap-icon-ea-expand-plus\"><\/i> Participei da Chamada PRAE 01\/2023 e gostaria de me inscrever para a Chamada PRAE 02\/2023. H\u00e1 algum impedimento?<\/a><\/h3><div class=\"sp-collapse spcollapse \" id=\"collapse22075\" data-parent=\"#sp-ea-2207\" role=\"region\" aria-labelledby=\"ea-header-22075\"> <div class=\"ea-body\"><p>N\u00e3o. A Chamada 02\/2023 \u00e9 voltada \u00e0 distribui\u00e7\u00e3o de aux\u00edlio financeiro para participa\u00e7\u00e3o e realiza\u00e7\u00e3o de eventos acad\u00eamicos, cient\u00edficos e de conviv\u00eancia, n\u00e3o havendo rela\u00e7\u00e3o com a Chamada PRAE de Apoio a Projetos de Perman\u00eancia de Estudantes.<\/p><\/div><\/div><\/div><div class=\"ea-card sp-ea-single\"><h3 class=\"ea-header\"><a class=\"collapsed\" id=\"ea-header-22076\" role=\"button\" data-sptoggle=\"spcollapse\" data-sptarget=\"#collapse22076\" aria-controls=\"collapse22076\" href=\"#\" aria-expanded=\"false\" tabindex=\"0\"><i aria-hidden=\"true\" role=\"presentation\" class=\"ea-expand-icon eap-icon-ea-expand-plus\"><\/i> H\u00e1 algum modelo ou exemplo de or\u00e7amento para que eu possa solicitar o aux\u00edlio financeiro da Chamada 02\/2023?<\/a><\/h3><div class=\"sp-collapse spcollapse \" id=\"collapse22076\" data-parent=\"#sp-ea-2207\" role=\"region\" aria-labelledby=\"ea-header-22076\"> <div class=\"ea-body\"><p>N\u00e3o. Os or\u00e7amentos a serem submetidos com a proposta s\u00e3o procedimentos simples, n\u00e3o sendo necess\u00e1rio realizar cota\u00e7\u00f5es complexas ou apresentar m\u00e9dias de pre\u00e7os. Os\/as inscritos\/as podem enviar prints de consultas de pre\u00e7os com a descri\u00e7\u00e3o do produto\/item, ou elaborar uma tabela com os itens solicitados e o valor aproximado de cada um, por exemplo. Lembrando que a comprova\u00e7\u00e3o de pagamento dos itens adquiridos precisar\u00e1 ser enviada com a presta\u00e7\u00e3o de contas, sendo necess\u00e1rio que o\/a estudante contemplado\/ guarde todas as notas e demais comprovantes de pagamento para apresenta\u00e7\u00e3o posterior.<\/p><\/div><\/div><\/div><div class=\"ea-card sp-ea-single\"><h3 class=\"ea-header\"><a class=\"collapsed\" id=\"ea-header-22077\" role=\"button\" data-sptoggle=\"spcollapse\" data-sptarget=\"#collapse22077\" aria-controls=\"collapse22077\" href=\"#\" aria-expanded=\"false\" tabindex=\"0\"><i aria-hidden=\"true\" role=\"presentation\" class=\"ea-expand-icon eap-icon-ea-expand-plus\"><\/i> Tenho uma proposta coletiva de realiza\u00e7\u00e3o de evento, por\u00e9m, os formul\u00e1rios de inscri\u00e7\u00e3o que constam na Chamada s\u00e3o individuais. \u00c9 necess\u00e1ria a inscri\u00e7\u00e3o por parte de cada um\/a dos\/as idealizadores\/as?<\/a><\/h3><div class=\"sp-collapse spcollapse \" id=\"collapse22077\" data-parent=\"#sp-ea-2207\" role=\"region\" aria-labelledby=\"ea-header-22077\"> <div class=\"ea-body\"><p>N\u00e3o. A inscri\u00e7\u00e3o pode ser feita por apenas um\/a dos\/a realizadores\/as e o valor a ser solicitado pode ser correspondente \u00e0 realiza\u00e7\u00e3o de todo o evento.<\/p><\/div><\/div><\/div><div class=\"ea-card sp-ea-single\"><h3 class=\"ea-header\"><a class=\"collapsed\" id=\"ea-header-22078\" role=\"button\" data-sptoggle=\"spcollapse\" data-sptarget=\"#collapse22078\" aria-controls=\"collapse22078\" href=\"#\" aria-expanded=\"false\" tabindex=\"0\"><i aria-hidden=\"true\" role=\"presentation\" class=\"ea-expand-icon eap-icon-ea-expand-plus\"><\/i> Voc\u00eas enviam algum e-mail de confirma\u00e7\u00e3o da inscri\u00e7\u00e3o na Chamada ap\u00f3s a conclus\u00e3o do preenchimento do formul\u00e1rio?<\/a><\/h3><div class=\"sp-collapse spcollapse \" id=\"collapse22078\" data-parent=\"#sp-ea-2207\" role=\"region\" aria-labelledby=\"ea-header-22078\"> <div class=\"ea-body\"><p>N\u00e3o. Ao concluir sua inscri\u00e7\u00e3o aparecer\u00e1, no pr\u00f3prio formul\u00e1rio, uma mensagem informando que a inscri\u00e7\u00e3o foi efetuada com sucesso. Caso n\u00e3o tenha identificado a mensagem e esteja em d\u00favida se a inscri\u00e7\u00e3o foi conclu\u00edda, voc\u00ea pode efetu\u00e1-la novamente que ser\u00e1 considerada a inscri\u00e7\u00e3o mais recente.<\/p><\/div><\/div><\/div><div class=\"ea-card sp-ea-single\"><h3 class=\"ea-header\"><a class=\"collapsed\" id=\"ea-header-22079\" role=\"button\" data-sptoggle=\"spcollapse\" data-sptarget=\"#collapse22079\" aria-controls=\"collapse22079\" href=\"#\" aria-expanded=\"false\" tabindex=\"0\"><i aria-hidden=\"true\" role=\"presentation\" class=\"ea-expand-icon eap-icon-ea-expand-plus\"><\/i> Ao final do texto da Chamada tem um formul\u00e1rio de inscri\u00e7\u00e3o com as mesmas peguntas do formul\u00e1rio que consta no link. Preciso responder aos dois formul\u00e1rios?<\/a><\/h3><div class=\"sp-collapse spcollapse \" id=\"collapse22079\" data-parent=\"#sp-ea-2207\" role=\"region\" aria-labelledby=\"ea-header-22079\"> <div class=\"ea-body\"><p>N\u00e3o. A inscri\u00e7\u00e3o se d\u00e1 apenas pelo formul\u00e1rio do link informado na Chamada PRAE 02\/2023.<\/p><\/div><\/div><\/div><div class=\"ea-card sp-ea-single\"><h3 class=\"ea-header\"><a class=\"collapsed\" id=\"ea-header-220710\" role=\"button\" data-sptoggle=\"spcollapse\" data-sptarget=\"#collapse220710\" aria-controls=\"collapse220710\" href=\"#\" aria-expanded=\"false\" tabindex=\"0\"><i aria-hidden=\"true\" role=\"presentation\" class=\"ea-expand-icon eap-icon-ea-expand-plus\"><\/i> A Chamada PRAE 02\/2023 \u00e9 exclusiva para estudantes \u201cfumpistas\u201d? <\/a><\/h3><div class=\"sp-collapse spcollapse \" id=\"collapse220710\" data-parent=\"#sp-ea-2207\" role=\"region\" aria-labelledby=\"ea-header-220710\"> <div class=\"ea-body\"><p>N\u00e3o. Contudo, na Modalidade 1 -\u00a0 Participa\u00e7\u00e3o em Eventos Acad\u00eamicos e Cient\u00edficos, poder\u00e3o se inscrever apenas estudantes cadastrados\/as na FUMP e classificados\/as nos n\u00edveis I, II ou III.<\/p><p>\u00a0<\/p><p>\u00a0<\/p><\/div><\/div><\/div><\/div><\/div>\n","protected":false},"excerpt":{"rendered":"<p>Chamada 02\/2023<\/p>\n","protected":false},"author":2,"featured_media":0,"parent":0,"menu_order":0,"comment_status":"closed","ping_status":"closed","template":"","meta":{"_acf_changed":false,"footnotes":""},"tags":[],"class_list":["post-2194","page","type-page","status-publish","hentry"],"acf":[],"_links":{"self":[{"href":"https:\/\/www.ufmg.br\/prae\/wp-json\/wp\/v2\/pages\/2194","targetHints":{"allow":["GET"]}}],"collection":[{"href":"https:\/\/www.ufmg.br\/prae\/wp-json\/wp\/v2\/pages"}],"about":[{"href":"https:\/\/www.ufmg.br\/prae\/wp-json\/wp\/v2\/types\/page"}],"author":[{"embeddable":true,"href":"https:\/\/www.ufmg.br\/prae\/wp-json\/wp\/v2\/users\/2"}],"replies":[{"embeddable":true,"href":"https:\/\/www.ufmg.br\/prae\/wp-json\/wp\/v2\/comments?post=2194"}],"version-history":[{"count":6,"href":"https:\/\/www.ufmg.br\/prae\/wp-json\/wp\/v2\/pages\/2194\/revisions"}],"predecessor-version":[{"id":2415,"href":"https:\/\/www.ufmg.br\/prae\/wp-json\/wp\/v2\/pages\/2194\/revisions\/2415"}],"wp:attachment":[{"href":"https:\/\/www.ufmg.br\/prae\/wp-json\/wp\/v2\/media?parent=2194"}],"wp:term":[{"taxonomy":"post_tag","embeddable":true,"href":"https:\/\/www.ufmg.br\/prae\/wp-json\/wp\/v2\/tags?post=2194"}],"curies":[{"name":"wp","href":"https:\/\/api.w.org\/{rel}","templated":true}]}}