{"id":504,"date":"2024-01-15T09:43:29","date_gmt":"2024-01-15T12:43:29","guid":{"rendered":"https:\/\/www.ufmg.br\/procult\/?page_id=504"},"modified":"2025-08-18T14:35:43","modified_gmt":"2025-08-18T17:35:43","slug":"acervo-artistico","status":"publish","type":"page","link":"https:\/\/www.ufmg.br\/procult\/espacos-de-cultura\/acervo-artistico\/","title":{"rendered":"Espa\u00e7o Acervo Art\u00edstico UFMG"},"content":{"rendered":"<p>&nbsp;<\/p>\n<p><a href=\"https:\/\/bsky.app\/intent\/compose?text=https:\/\/www.ufmg.br\/procult\/espacos-de-cultura\/acervo-artistico\/\" target=\"_blank\" rel=\"noopener\"><img loading=\"lazy\" decoding=\"async\" class=\"alignnone size-full wp-image-2079\" src=\"https:\/\/www.ufmg.br\/procult\/wp-content\/uploads\/2024\/09\/bluesky-butterfly-logo-05.png\" alt=\"\" width=\"24\" height=\"21\" \/><\/a><a href=\"https:\/\/www.facebook.com\/sharer\/sharer.php?u=https:\/\/www.ufmg.br\/procult\/espacos-de-cultura\/acervo-artistico\/\" target=\"_blank\" rel=\"noopener\"><img loading=\"lazy\" decoding=\"async\" class=\"alignnone size-full wp-image-1892\" src=\"https:\/\/www.ufmg.br\/procult\/wp-content\/uploads\/2024\/08\/facebook-app-round-icon.png\" alt=\"\" width=\"24\" height=\"24\" \/><\/a><a href=\"https:\/\/twitter.com\/intent\/tweet?text=https:\/\/www.ufmg.br\/procult\/espacos-de-cultura\/acervo-artistico\/\" target=\"_blank\" rel=\"noopener\"><img loading=\"lazy\" decoding=\"async\" class=\"alignnone size-full wp-image-1893\" src=\"https:\/\/www.ufmg.br\/procult\/wp-content\/uploads\/2024\/08\/x-social-media-black-icon-1.png\" alt=\"\" width=\"24\" height=\"24\" \/><\/a><a href=\"https:\/\/www.linkedin.com\/sharing\/share-offsite\/?url=https:\/\/www.ufmg.br\/procult\/espacos-de-cultura\/acervo-artistico\/\" target=\"_blank\" rel=\"noopener\"><img loading=\"lazy\" decoding=\"async\" class=\"alignnone size-full wp-image-1894\" src=\"https:\/\/www.ufmg.br\/procult\/wp-content\/uploads\/2024\/08\/linkedin-square-icon.png\" alt=\"\" width=\"24\" height=\"24\" \/><\/a><a href=\"https:\/\/api.whatsapp.com\/send?text=https:\/\/www.ufmg.br\/procult\/espacos-de-cultura\/acervo-artistico\/\" target=\"_blank\" rel=\"noopener\"><img loading=\"lazy\" decoding=\"async\" class=\"alignnone size-full wp-image-1895\" src=\"https:\/\/www.ufmg.br\/procult\/wp-content\/uploads\/2024\/08\/whatsapp-icon.png\" alt=\"\" width=\"24\" height=\"24\" \/><\/a><a href=\"https:\/\/telegram.me\/share\/url?url=https:\/\/www.ufmg.br\/procult\/espacos-de-cultura\/acervo-artistico\/\" target=\"_blank\" rel=\"noopener\"><img loading=\"lazy\" decoding=\"async\" class=\"alignnone size-full wp-image-1896\" src=\"https:\/\/www.ufmg.br\/procult\/wp-content\/uploads\/2024\/08\/telegram-black-icon.png\" alt=\"\" width=\"24\" height=\"24\" \/><\/a><a href=\"mailto:?subject=https:\/\/www.ufmg.br\/procult\/espacos-de-cultura\/acervo-artistico\/\"><img loading=\"lazy\" decoding=\"async\" class=\"alignnone size-full wp-image-1891\" src=\"https:\/\/www.ufmg.br\/procult\/wp-content\/uploads\/2024\/08\/envelope-line-icon.png\" alt=\"\" width=\"24\" height=\"24\" \/><\/a><\/p>\n<p><img loading=\"lazy\" decoding=\"async\" class=\"alignnone wp-image-1101\" src=\"https:\/\/www.ufmg.br\/procult\/wp-content\/uploads\/2024\/02\/34023584910_0516e22780_5k-300x200.jpg\" alt=\"\" width=\"750\" height=\"500\" srcset=\"https:\/\/www.ufmg.br\/procult\/wp-content\/uploads\/2024\/02\/34023584910_0516e22780_5k-300x200.jpg 300w, https:\/\/www.ufmg.br\/procult\/wp-content\/uploads\/2024\/02\/34023584910_0516e22780_5k-1024x683.jpg 1024w, https:\/\/www.ufmg.br\/procult\/wp-content\/uploads\/2024\/02\/34023584910_0516e22780_5k-768x512.jpg 768w, https:\/\/www.ufmg.br\/procult\/wp-content\/uploads\/2024\/02\/34023584910_0516e22780_5k-1536x1024.jpg 1536w, https:\/\/www.ufmg.br\/procult\/wp-content\/uploads\/2024\/02\/34023584910_0516e22780_5k-2048x1365.jpg 2048w\" sizes=\"auto, (max-width: 750px) 100vw, 750px\" \/><\/p>\n<p>Institucionalizado em 2022, o Espa\u00e7o Acervo Art\u00edstico UFMG (EAAUFMG) \u00e9 um espa\u00e7o cultural da Pr\u00f3-reitoria de Cultura, cuja miss\u00e3o \u00e9 a salvaguarda e comunica\u00e7\u00e3o do acervo art\u00edstico pertencente a Universidade.<\/p>\n<p>Sua atua\u00e7\u00e3o se d\u00e1 tanto sobre obras art\u00edsticas da UFMG que se encontram sob tutela administrativa do Espa\u00e7o, quanto sobre obras art\u00edsticas patrimoniadas nas diversas unidades da UFMG, mas sobre as quais se opera em gest\u00e3o compartilhada.<\/p>\n<p>O Espa\u00e7o recebe visitantes para atividades educativas, culturais e acad\u00eamicas, com agendamento sob consulta. Os dados de contato est\u00e3o nesta p\u00e1gina.<\/p>\n<p>&nbsp;<\/p>\n<h4><span style=\"color: #00ccff;\">Composi\u00e7\u00e3o do acervo<\/span><\/h4>\n<p>&nbsp;<\/p>\n<div id=\"attachment_2365\" style=\"width: 760px\" class=\"wp-caption alignnone\"><img loading=\"lazy\" decoding=\"async\" aria-describedby=\"caption-attachment-2365\" class=\" wp-image-2365\" src=\"https:\/\/www.ufmg.br\/procult\/wp-content\/uploads\/2024\/09\/colecao-brasiliana-ufmg-paisagemn10-Paisagem-do-Rio-de-Janeiro-II-Jardim-BotanicoFriederich-Hagedorn.png\" alt=\"\" width=\"750\" height=\"607\" srcset=\"https:\/\/www.ufmg.br\/procult\/wp-content\/uploads\/2024\/09\/colecao-brasiliana-ufmg-paisagemn10-Paisagem-do-Rio-de-Janeiro-II-Jardim-BotanicoFriederich-Hagedorn.png 1039w, https:\/\/www.ufmg.br\/procult\/wp-content\/uploads\/2024\/09\/colecao-brasiliana-ufmg-paisagemn10-Paisagem-do-Rio-de-Janeiro-II-Jardim-BotanicoFriederich-Hagedorn-300x243.png 300w, https:\/\/www.ufmg.br\/procult\/wp-content\/uploads\/2024\/09\/colecao-brasiliana-ufmg-paisagemn10-Paisagem-do-Rio-de-Janeiro-II-Jardim-BotanicoFriederich-Hagedorn-1024x829.png 1024w, https:\/\/www.ufmg.br\/procult\/wp-content\/uploads\/2024\/09\/colecao-brasiliana-ufmg-paisagemn10-Paisagem-do-Rio-de-Janeiro-II-Jardim-BotanicoFriederich-Hagedorn-768x622.png 768w\" sizes=\"auto, (max-width: 750px) 100vw, 750px\" \/><p id=\"caption-attachment-2365\" class=\"wp-caption-text\">Cole\u00e7\u00e3o Brasiliana. Paisagem n.10-Paisagem do Rio de Janeiro II (Jardim Bot\u00e2nico). Friederich-Hagedorn<\/p><\/div>\n<p>Ao longo de sua hist\u00f3ria, a UFMG reuniu importante acervo art\u00edstico, com cerca de 1.700 obras que constituem uma cole\u00e7\u00e3o de expressiva abrang\u00eancia temporal do s\u00e9culo 16 ao s\u00e9culo 21. Esse patrim\u00f4nio art\u00edstico cultural tamb\u00e9m se destaca por sua diversidade tipol\u00f3gica de materiais, de t\u00e9cnicas, de estilos e de suportes, sendo proveniente de projetos, doa\u00e7\u00f5es, aquisi\u00e7\u00f5es ou premia\u00e7\u00f5es em sal\u00f5es.<\/p>\n<p>O levantamento mais sistem\u00e1tico desse patrim\u00f4nio ocorreu entre os anos de 2009 e 2010, por meio do projeto &#8216;Mem\u00f3ria, acervo e arte&#8217;, que identificou, inicialmente, tr\u00eas grandes cole\u00e7\u00f5es e um expressivo n\u00famero de obras avulsas na Institui\u00e7\u00e3o. Parte desse acervo, especialmente obras das cole\u00e7\u00f5es &#8216;Amigas da Cultura&#8217; e &#8216;Brasiliana&#8217;, encontra-se acondicionado no Espa\u00e7o Acervo Art\u00edstico UFMG, em uma reserva t\u00e9cnica.<\/p>\n<h5><strong><br \/>\nDistribui\u00e7\u00e3o descentralizada<\/strong><\/h5>\n<p>&nbsp;<\/p>\n\t                <ul class=\"easy-image-gallery thumbnails-4 linked\">\r\n                    <li><a data-fancybox=\"gallery200\" href=\"https:\/\/www.ufmg.br\/procult\/wp-content\/uploads\/2024\/02\/colecao-livro-doartista-ufmg-lucasbraga-1024x683.jpg\" class=\"eig-popup\" title=\"Cole\u00e7\u00e3o Livro de Artista. Lucas Braga\/UFMG\" data-caption=\"Cole\u00e7\u00e3o Livro de Artista. Lucas Braga\/UFMG\" target=\"_blank\"><i class=\"icon-view\"><\/i><span class=\"overlay\"><\/span><img loading=\"lazy\" decoding=\"async\" width=\"150\" height=\"150\" src=\"https:\/\/www.ufmg.br\/procult\/wp-content\/uploads\/2024\/02\/colecao-livro-doartista-ufmg-lucasbraga-150x150.jpg\" class=\"attachment-thumbnail size-thumbnail\" alt=\"\" srcset=\"https:\/\/www.ufmg.br\/procult\/wp-content\/uploads\/2024\/02\/colecao-livro-doartista-ufmg-lucasbraga-150x150.jpg 150w, https:\/\/www.ufmg.br\/procult\/wp-content\/uploads\/2024\/02\/colecao-livro-doartista-ufmg-lucasbraga-340x340.jpg 340w\" sizes=\"auto, (max-width: 150px) 100vw, 150px\" \/><\/a><\/li><li><a data-fancybox=\"gallery200\" href=\"https:\/\/www.ufmg.br\/procult\/wp-content\/uploads\/2024\/02\/detalhe-oratorio-casa-da-gloria-diamantina-ufmg-1024x555.png\" class=\"eig-popup\" title=\"Detalhe do Orat\u00f3rio da Casa da Gl\u00f3ria UFMG em Diamantina\" data-caption=\"Detalhe do Orat\u00f3rio da Casa da Gl\u00f3ria UFMG em Diamantina\" target=\"_blank\"><i class=\"icon-view\"><\/i><span class=\"overlay\"><\/span><img loading=\"lazy\" decoding=\"async\" width=\"150\" height=\"150\" src=\"https:\/\/www.ufmg.br\/procult\/wp-content\/uploads\/2024\/02\/detalhe-oratorio-casa-da-gloria-diamantina-ufmg-150x150.png\" class=\"attachment-thumbnail size-thumbnail\" alt=\"\" srcset=\"https:\/\/www.ufmg.br\/procult\/wp-content\/uploads\/2024\/02\/detalhe-oratorio-casa-da-gloria-diamantina-ufmg-150x150.png 150w, https:\/\/www.ufmg.br\/procult\/wp-content\/uploads\/2024\/02\/detalhe-oratorio-casa-da-gloria-diamantina-ufmg-340x340.png 340w\" sizes=\"auto, (max-width: 150px) 100vw, 150px\" \/><\/a><\/li><li><a data-fancybox=\"gallery200\" href=\"https:\/\/www.ufmg.br\/procult\/wp-content\/uploads\/2024\/02\/26-04-17-REINAUGURACAO-DO-PRESEPIO-PIPIRIPAU-FOTO-FOCA-LISBOA-6-scaled-1-1024x681.jpg\" class=\"eig-popup\" title=\"Pres\u00e9pio do Pipiripau. Foca Lisboa\/ UFMG\" data-caption=\"Pres\u00e9pio do Pipiripau. Foca Lisboa\/ UFMG\" target=\"_blank\"><i class=\"icon-view\"><\/i><span class=\"overlay\"><\/span><img loading=\"lazy\" decoding=\"async\" width=\"150\" height=\"150\" src=\"https:\/\/www.ufmg.br\/procult\/wp-content\/uploads\/2024\/02\/26-04-17-REINAUGURACAO-DO-PRESEPIO-PIPIRIPAU-FOTO-FOCA-LISBOA-6-scaled-1-150x150.jpg\" class=\"attachment-thumbnail size-thumbnail\" alt=\"\" srcset=\"https:\/\/www.ufmg.br\/procult\/wp-content\/uploads\/2024\/02\/26-04-17-REINAUGURACAO-DO-PRESEPIO-PIPIRIPAU-FOTO-FOCA-LISBOA-6-scaled-1-150x150.jpg 150w, https:\/\/www.ufmg.br\/procult\/wp-content\/uploads\/2024\/02\/26-04-17-REINAUGURACAO-DO-PRESEPIO-PIPIRIPAU-FOTO-FOCA-LISBOA-6-scaled-1-340x340.jpg 340w\" sizes=\"auto, (max-width: 150px) 100vw, 150px\" \/><\/a><\/li><li><a data-fancybox=\"gallery200\" href=\"https:\/\/www.ufmg.br\/procult\/wp-content\/uploads\/2024\/02\/acervo-escritores-mineiros-bu-ufmg-lucasbraga-1024x683.jpg\" class=\"eig-popup\" title=\"\" data-caption=\"\" target=\"_blank\"><i class=\"icon-view\"><\/i><span class=\"overlay\"><\/span><img loading=\"lazy\" decoding=\"async\" width=\"150\" height=\"150\" src=\"https:\/\/www.ufmg.br\/procult\/wp-content\/uploads\/2024\/02\/acervo-escritores-mineiros-bu-ufmg-lucasbraga-150x150.jpg\" class=\"attachment-thumbnail size-thumbnail\" alt=\"\" srcset=\"https:\/\/www.ufmg.br\/procult\/wp-content\/uploads\/2024\/02\/acervo-escritores-mineiros-bu-ufmg-lucasbraga-150x150.jpg 150w, https:\/\/www.ufmg.br\/procult\/wp-content\/uploads\/2024\/02\/acervo-escritores-mineiros-bu-ufmg-lucasbraga-340x340.jpg 340w\" sizes=\"auto, (max-width: 150px) 100vw, 150px\" \/><\/a><\/li><\/ul>\n<p>As demais obras est\u00e3o distribu\u00eddas pelas 34 unidades da UFMG no Campus Pampulha, Campus Sa\u00fade, unidades do centro de Belo Horizonte e de cidades como Tiradentes e Diamantina. Esse patrim\u00f4nio resulta, portanto, de um colecionamento multifacetado, fruto da compreens\u00e3o da universidade como um lugar de produ\u00e7\u00e3o de conhecimento e de salvaguarda dos acervos a ela destinados.<\/p>\n<p>A gest\u00e3o do EAAUFMG tem como meta implantar uma pol\u00edtica para esse importante patrim\u00f4nio art\u00edstico universit\u00e1rio, com o objetivo de aprimorar as a\u00e7\u00f5es de preserva\u00e7\u00e3o, de pesquisa e de extrovers\u00e3o.<\/p>\n<p>Parte das cole\u00e7\u00f5es pode ser conhecida no site Acervo Art\u00edstico UFMG:<\/p>\n<p><i class=\"wp-svg-globe globe\"><\/i>\u00a0 <span style=\"color: #000000;\">\u00a0<a style=\"color: #000000;\" href=\"https:\/\/acervos.ufmg.br\/inweb\/acervoartistico\/resultado.aspx?ns=216000&amp;todosRegistos=true&amp;Lang=BR&amp;c=explorar&amp;IPR=4185&amp;order=2493&amp;by=asc&amp;pageIndex=1#div_objecto_selecionado\" target=\"_blank\" rel=\"noopener\">Conhe\u00e7a o site<\/a><\/span><\/p>\n<p>&nbsp;<\/p>\n<h5><span style=\"color: #000000;\">Cole\u00e7\u00f5es<\/span><\/h5>\n<p>&nbsp;<\/p>\n<ul>\n<li><span style=\"color: #000000;\">Cole\u00e7\u00e3o Brasiliana<\/span>: composta por diversos objetos de arte, livros e documentos raros;<\/li>\n<li>Cole\u00e7\u00e3o Amigas da Cultura: composta por desenhos, pinturas, gravuras, esculturas e objetos;<\/li>\n<li>Acervo art\u00edstico da Funda\u00e7\u00e3o Rodrigo Mello Franco de Andrade: composto por manuscritos, desenhos, poemas, aquarelas, pinturas, esculturas, objetos e estandartes dos s\u00e9culos XVIII, XIX e XX;<\/li>\n<li>Cole\u00e7\u00e3o de Cer\u00e2micas do Jequitinhonha: composta por obras dos artistas populares que trabalham com cer\u00e2mica no Vale do Rio Jequitinhonha;<\/li>\n<li>Pres\u00e9pio do Pipiripau: criado ao longo do s\u00e9culo XX pelo artes\u00e3o Raimundo Machado, \u00e9 composto por 586 figuras m\u00f3veis, distribu\u00eddas por 45 cenas. Incorporado ao Museu de Hist\u00f3ria Natural e Jardim Bot\u00e2nico da UFMG (MHNJB\/UFMG);<\/li>\n<li>Orat\u00f3rio da Casa da Gl\u00f3ria: constru\u00eddo em madeira dourada e policromada em estilo rococ\u00f3;<\/li>\n<li>Acervo de pain\u00e9is em pr\u00e9dios da UFMG: pain\u00e9is e murais em diversas unidades da UFMG;<\/li>\n<li>Cole\u00e7\u00e3o de estudos para pain\u00e9is das escolas municipais de Belo Horizonte: estudos realizados por diversos artistas mostrando a concep\u00e7\u00e3o inicial dos murais realizados posteriormente nas escolas p\u00fablicas de Belo Horizonte;<\/li>\n<li>Acervo de esculturas ao ar livre: esculturas instaladas pelo Campus Pampulha, algumas criadas para situa\u00e7\u00f5es comemorativas;<\/li>\n<li>Acervos de retratos de professores e reitores da UFMG: realizados para homenagear professores;<\/li>\n<li>Acervos de pinturas, desenhos, gravuras e fotografias: acervo diversificado, englobando v\u00e1rias express\u00f5es art\u00edsticas que se encontram nas paredes das salas, corredores e mapotecas das diversas unidades da UFMG.<\/li>\n<li>Cole\u00e7\u00f5es da Biblioteca Universit\u00e1ria da UFMG:<\/li>\n<\/ul>\n<p style=\"padding-left: 80px;\">Acervo Curt Lange: arquivo pessoal do music\u00f3logo Francisco Curt Lange;<\/p>\n<p style=\"padding-left: 80px;\">Acervo do Centro de Estudos Liter\u00e1rios e Culturais: composto por acervos doados por escritores mineiros como Henriqueta Lisboa, Murilo Rubi\u00e3o, Lucia Machado de Almeida, Abgar Renault, entre outros.<\/p>\n<p style=\"padding-left: 80px;\">Cole\u00e7\u00e3o Especial de Livros de Artista: obras de artistas brasileiros e estrangeiros.<\/p>\n<p>&nbsp;<\/p>\n<h4><span style=\"color: #00ccff;\"><strong>Cartilha de Boas Pr\u00e1ticas para Conserva\u00e7\u00e3o das Obras de Arte do Acervo Art\u00edstico da UFMG<\/strong><\/span><\/h4>\n<p>&nbsp;<\/p>\n<p>A cartilha traz orienta\u00e7\u00f5es pr\u00e1ticas para a preserva\u00e7\u00e3o do patrim\u00f4nio art\u00edstico-cultural da Universidade. Destinada \u00e0s unidades acad\u00eamicas e administrativas da UFMG, a publica\u00e7\u00e3o re\u00fane recomenda\u00e7\u00f5es acess\u00edveis e de f\u00e1cil aplica\u00e7\u00e3o, com o objetivo de apoiar servidores e gestores na ado\u00e7\u00e3o de pr\u00e1ticas que assegurem a integridade e a longevidade das obras de arte da institui\u00e7\u00e3o.<\/p>\n<p><img loading=\"lazy\" decoding=\"async\" class=\"alignleft wp-image-3242 \" src=\"https:\/\/www.ufmg.br\/procult\/wp-content\/uploads\/2025\/08\/Capa-Cartilha-de-Boas-Praticas-para-Conservacao-das-Obras-de-Arte-do-Acervo-Artistico-UFMG.jpg\" alt=\"\" width=\"149\" height=\"199\" srcset=\"https:\/\/www.ufmg.br\/procult\/wp-content\/uploads\/2025\/08\/Capa-Cartilha-de-Boas-Praticas-para-Conservacao-das-Obras-de-Arte-do-Acervo-Artistico-UFMG.jpg 571w, https:\/\/www.ufmg.br\/procult\/wp-content\/uploads\/2025\/08\/Capa-Cartilha-de-Boas-Praticas-para-Conservacao-das-Obras-de-Arte-do-Acervo-Artistico-UFMG-224x300.jpg 224w\" sizes=\"auto, (max-width: 149px) 100vw, 149px\" \/><\/p>\n<p>&nbsp;<\/p>\n<p>&nbsp;<\/p>\n<p><a href=\"https:\/\/www.ufmg.br\/procult\/wp-content\/uploads\/2025\/08\/DIGITAL-Cartilha-Acervo-Artistico-UFMG.pdf\" target=\"_blank\" rel=\"noopener\">Fa\u00e7a o download aqui<\/a><\/p>\n<p>&nbsp;<\/p>\n<p>&nbsp;<\/p>\n<p>&nbsp;<\/p>\n<h4><span style=\"color: #00ccff;\"><strong>Contato<\/strong><\/span><\/h4>\n<p>&nbsp;<\/p>\n<p><strong><span style=\"color: #000000;\">Agendamento e informa\u00e7\u00f5es<\/span><\/strong><\/p>\n<p>Agendamento sob consulta<br \/>\n<i class=\"wp-svg-phone phone\"><\/i> (31) 3409-3271<br \/>\n<i class=\"wp-svg-mail-2 mail-2\"><\/i> acervo@dac.ufmg.br<\/p>\n<p><strong><span style=\"color: #000000;\">Endere\u00e7o<\/span><\/strong><\/p>\n<p>Espa\u00e7o Acervo Art\u00edstico UFMG<br \/>\nAv. Ant\u00f4nio Carlos, 6.627 \u2013 Campus Pampulha UFMG<br \/>\nPr\u00e9dio da Biblioteca Central \u2013 Andar t\u00e9rreo<br \/>\nBelo Horizonte \u2013 MG \u2013 CEP: 31270-901<br \/>\n<span style=\"color: #000000;\"><a style=\"color: #000000;\" href=\"https:\/\/www.google.com.br\/maps\/dir\/\/Av.+Pres.+Ant%C3%B4nio+Carlos,+6.280+-+Pampulha,+Belo+Horizonte+-+MG,+31270-122\/@-19.8671725,-43.9971196,13z\/data=!4m9!4m8!1m0!1m5!1m1!1s0xa690627b8cc0af:0x63ec648d3e42a625!2m2!1d-43.95592!2d-19.867258!3e0?entry=ttu\" target=\"_blank\" rel=\"noopener\">Acesse rotas e meios de transporte<\/a><\/span><\/p>\n<h4><\/h4>\n<p>&nbsp;<\/p>\n<h4><span style=\"color: #00ccff;\">Saiba mais<\/span><\/h4>\n<style>#sp-ea-1096 .spcollapsing { height: 0; overflow: hidden; transition-property: height;transition-duration: 500ms;}#sp-ea-1096.sp-easy-accordion>.sp-ea-single {margin-bottom: 10px; border: 1px solid #e2e2e2; }#sp-ea-1096.sp-easy-accordion>.sp-ea-single>.ea-header a {color: #444;}#sp-ea-1096.sp-easy-accordion>.sp-ea-single>.sp-collapse>.ea-body {background: #fff; color: #444;}#sp-ea-1096.sp-easy-accordion>.sp-ea-single {background: #eee;}#sp-ea-1096.sp-easy-accordion>.sp-ea-single>.ea-header a .ea-expand-icon { float: left; color: #444;font-size: 16px;}<\/style><div id=\"sp_easy_accordion-1750186589\">\n<div id=\"sp-ea-1096\" class=\"sp-ea-one sp-easy-accordion\" data-ea-active=\"ea-click\" data-ea-mode=\"vertical\" data-preloader=\"\" data-scroll-active-item=\"\" data-offset-to-scroll=\"0\">\n\n<!-- Start accordion card div. -->\n<div class=\"ea-card  sp-ea-single\">\n\t<!-- Start accordion header. -->\n\t<h3 class=\"ea-header\">\n\t\t<!-- Add anchor tag for header. -->\n\t\t<a class=\"collapsed\" id=\"ea-header-10960\" role=\"button\" data-sptoggle=\"spcollapse\" data-sptarget=\"#collapse10960\" aria-controls=\"collapse10960\" href=\"#\"  aria-expanded=\"false\" tabindex=\"0\">\n\t\t<i aria-hidden=\"true\" role=\"presentation\" class=\"ea-expand-icon eap-icon-ea-expand-plus\"><\/i> Compet\u00eancias\t\t<\/a> <!-- Close anchor tag for header. -->\n\t<\/h3>\t<!-- Close header tag. -->\n\t<!-- Start collapsible content div. -->\n\t<div class=\"sp-collapse spcollapse spcollapse\" id=\"collapse10960\" data-parent=\"#sp-ea-1096\" role=\"region\" aria-labelledby=\"ea-header-10960\">  <!-- Content div. -->\n\t\t<div class=\"ea-body\">\n\t\t<p>Compete ao Espa\u00e7o Acervo Art\u00edstico UFMG:<\/p>\n<ul>\n<li>participar da execu\u00e7\u00e3o da Pol\u00edtica de Cultura da UFMG, a partir das diretrizes estabelecidas pela Procult;<\/li>\n<li>estimular e promover, em suas variadas frentes de atua\u00e7\u00e3o, o di\u00e1logo entre a Universidade e a sociedade, por meio da arte e da cultura;<\/li>\n<li>promover o estudo e a difus\u00e3o do acervo art\u00edstico da UFMG, assim como sua conserva\u00e7\u00e3o, prote\u00e7\u00e3o, valoriza\u00e7\u00e3o e amplia\u00e7\u00e3o, bem como seu conhecimento como patrim\u00f4nio art\u00edstico brasileiro no Brasil e no exterior;<\/li>\n<li>estimular, propor, apoiar e desenvolver atividades de ensino, pesquisa, extens\u00e3o e divulga\u00e7\u00e3o cient\u00edfica nas suas \u00e1reas de compet\u00eancia;<\/li>\n<li>realizar estudos, documenta\u00e7\u00e3o e circula\u00e7\u00e3o dos conhecimentos produzidos para fins de ensino, pesquisa e extens\u00e3o;<\/li>\n<li>realizar trabalhos de comunica\u00e7\u00e3o do conhecimento, por meio de exposi\u00e7\u00f5es, a\u00e7\u00f5es pedag\u00f3gicas e de educa\u00e7\u00e3o e outras formas difus\u00e3o;<\/li>\n<li>promover e apoiar eventos nas \u00e1reas de artes e cultura que estimulem a inter-rela\u00e7\u00e3o entre ensino, pesquisa, extens\u00e3o, como oficinas, cursos, confer\u00eancias, simp\u00f3sios, encontros, mostras e festivais;<\/li>\n<li>criar condi\u00e7\u00f5es para a implanta\u00e7\u00e3o de coopera\u00e7\u00e3o e parceria entre institui\u00e7\u00f5es de ensino, pesquisa e extens\u00e3o, organiza\u00e7\u00f5es n\u00e3o governamentais, empresas, governos e ag\u00eancias nacionais e internacionais, de acordo com os objetivos do Espa\u00e7o Acervo Art\u00edstico UFMG;<\/li>\n<li>realizar a gest\u00e3o compartilhada do EAAUFMG, envolvendo gestores das unidades que t\u00eam sob a sua tutela obras do acervo art\u00edstico da UFMG.<\/li>\n<\/ul>\n\t\t<\/div> <!-- Close content div. -->\n\t<\/div> <!-- Close collapse div. -->\n<\/div> <!-- Close card div. -->\n<!-- Start accordion card div. -->\n<div class=\"ea-card  sp-ea-single\">\n\t<!-- Start accordion header. -->\n\t<h3 class=\"ea-header\">\n\t\t<!-- Add anchor tag for header. -->\n\t\t<a class=\"collapsed\" id=\"ea-header-10961\" role=\"button\" data-sptoggle=\"spcollapse\" data-sptarget=\"#collapse10961\" aria-controls=\"collapse10961\" href=\"#\"  aria-expanded=\"false\" tabindex=\"0\">\n\t\t<i aria-hidden=\"true\" role=\"presentation\" class=\"ea-expand-icon eap-icon-ea-expand-plus\"><\/i> Regimento\t\t<\/a> <!-- Close anchor tag for header. -->\n\t<\/h3>\t<!-- Close header tag. -->\n\t<!-- Start collapsible content div. -->\n\t<div class=\"sp-collapse spcollapse spcollapse\" id=\"collapse10961\" data-parent=\"#sp-ea-1096\" role=\"region\" aria-labelledby=\"ea-header-10961\">  <!-- Content div. -->\n\t\t<div class=\"ea-body\">\n\t\t<h6><span style=\"color: #00ccff\"><a style=\"color: #00ccff\" href=\"https:\/\/www.ufmg.br\/procult\/wp-content\/uploads\/2024\/01\/Regimento_-Espaco-Acervo-Artistico.pdf\">Acesse aqui o documento<\/a><\/span><\/h6>\n\t\t<\/div> <!-- Close content div. -->\n\t<\/div> <!-- Close collapse div. -->\n<\/div> <!-- Close card div. -->\n<!-- Start accordion card div. -->\n<div class=\"ea-card  sp-ea-single\">\n\t<!-- Start accordion header. -->\n\t<h3 class=\"ea-header\">\n\t\t<!-- Add anchor tag for header. -->\n\t\t<a class=\"collapsed\" id=\"ea-header-10962\" role=\"button\" data-sptoggle=\"spcollapse\" data-sptarget=\"#collapse10962\" aria-controls=\"collapse10962\" href=\"#\"  aria-expanded=\"false\" tabindex=\"0\">\n\t\t<i aria-hidden=\"true\" role=\"presentation\" class=\"ea-expand-icon eap-icon-ea-expand-plus\"><\/i> Gest\u00e3o\t\t<\/a> <!-- Close anchor tag for header. -->\n\t<\/h3>\t<!-- Close header tag. -->\n\t<!-- Start collapsible content div. -->\n\t<div class=\"sp-collapse spcollapse spcollapse\" id=\"collapse10962\" data-parent=\"#sp-ea-1096\" role=\"region\" aria-labelledby=\"ea-header-10962\">  <!-- Content div. -->\n\t\t<div class=\"ea-body\">\n\t\t<p>O Acervo Art\u00edstico da UFMG apresenta um papel potencial para o desenvolvimento de projetos de ensino e pesquisa nos \u00e2mbitos da cr\u00edtica de arte, estudos de cole\u00e7\u00e3o, hist\u00f3ria e teoria de arte, museologia, conserva\u00e7\u00e3o-restaura\u00e7\u00e3o e educa\u00e7\u00e3o.<\/p>\n<p>Em conformidade com as normas e as pr\u00e1ticas museol\u00f3gicas, sua gest\u00e3o pretende criar condi\u00e7\u00f5es para que, tanto da perspectiva das obras quanto da forma\u00e7\u00e3o e da preserva\u00e7\u00e3o de suas cole\u00e7\u00f5es, esse acervo se torne um laborat\u00f3rio capaz de contribuir na inova\u00e7\u00e3o e na excel\u00eancia de projetos acad\u00eamicos, desenvolvidos em diferentes campos do conhecimento.<\/p>\n<p>Exposi\u00e7\u00f5es, publica\u00e7\u00f5es e projetos educativos asseguram a abrang\u00eancia a p\u00fablicos diversificados, ampliando a resson\u00e2ncia na sociedade e assegurando os pressupostos que regem a extens\u00e3o universit\u00e1ria, para serem apropriado pelos p\u00fablicos externos \u00e0 universidade, funcionando como uma antena que faz conex\u00f5es com a comunidade, tanto quanto com outros acervos existentes em institui\u00e7\u00f5es brasileiras e estrangeiras.<\/p>\n<p>Para saber mais, acesse o artigo '<a href=\"https:\/\/revistas.usp.br\/cpc\/article\/view\/173043\/185828\" target=\"_blank\" rel=\"noopener\"><em>Gerenciamento documental integrado \u00e0 gest\u00e3o da conserva\u00e7\u00e3o: protocolos para o acervo art\u00edstico da UFMG<\/em><\/a>'.<\/p>\n\t\t<\/div> <!-- Close content div. -->\n\t<\/div> <!-- Close collapse div. -->\n<\/div> <!-- Close card div. -->\n<\/div>\n<\/div>\n\n<p>&nbsp;<\/p>\n<h4><span style=\"color: #00ccff;\">Imagens do acervo<\/span><\/h4>\n<p>&nbsp;<\/p>\n<p><iframe loading=\"lazy\" title=\"YouTube video player\" src=\"https:\/\/www.youtube.com\/embed\/EpX_-GLWcNk?si=vv_0-ddGiwn8q_7A\" width=\"760\" height=\"415\" frameborder=\"0\" allowfullscreen=\"allowfullscreen\"><\/iframe><\/p>\n<p>&nbsp;<\/p>\n","protected":false},"excerpt":{"rendered":"<p>&nbsp; Institucionalizado em 2022, o Espa\u00e7o Acervo Art\u00edstico UFMG (EAAUFMG) [&hellip;]<\/p>\n","protected":false},"author":1,"featured_media":0,"parent":502,"menu_order":0,"comment_status":"closed","ping_status":"closed","template":"","meta":{"_acf_changed":false,"footnotes":""},"tags":[62,59,33],"class_list":["post-504","page","type-page","status-publish","hentry","tag-acervo-artistico","tag-espacos-de-cultura","tag-pro-reitoria-de-cultura"],"acf":[],"_links":{"self":[{"href":"https:\/\/www.ufmg.br\/procult\/wp-json\/wp\/v2\/pages\/504","targetHints":{"allow":["GET"]}}],"collection":[{"href":"https:\/\/www.ufmg.br\/procult\/wp-json\/wp\/v2\/pages"}],"about":[{"href":"https:\/\/www.ufmg.br\/procult\/wp-json\/wp\/v2\/types\/page"}],"author":[{"embeddable":true,"href":"https:\/\/www.ufmg.br\/procult\/wp-json\/wp\/v2\/users\/1"}],"replies":[{"embeddable":true,"href":"https:\/\/www.ufmg.br\/procult\/wp-json\/wp\/v2\/comments?post=504"}],"version-history":[{"count":73,"href":"https:\/\/www.ufmg.br\/procult\/wp-json\/wp\/v2\/pages\/504\/revisions"}],"predecessor-version":[{"id":3247,"href":"https:\/\/www.ufmg.br\/procult\/wp-json\/wp\/v2\/pages\/504\/revisions\/3247"}],"up":[{"embeddable":true,"href":"https:\/\/www.ufmg.br\/procult\/wp-json\/wp\/v2\/pages\/502"}],"wp:attachment":[{"href":"https:\/\/www.ufmg.br\/procult\/wp-json\/wp\/v2\/media?parent=504"}],"wp:term":[{"taxonomy":"post_tag","embeddable":true,"href":"https:\/\/www.ufmg.br\/procult\/wp-json\/wp\/v2\/tags?post=504"}],"curies":[{"name":"wp","href":"https:\/\/api.w.org\/{rel}","templated":true}]}}