{"id":516,"date":"2024-01-15T09:54:41","date_gmt":"2024-01-15T12:54:41","guid":{"rendered":"https:\/\/www.ufmg.br\/procult\/?page_id=516"},"modified":"2024-09-13T11:37:55","modified_gmt":"2024-09-13T14:37:55","slug":"conservatorio-ufmg","status":"publish","type":"page","link":"https:\/\/www.ufmg.br\/procult\/espacos-de-cultura\/conservatorio-ufmg\/","title":{"rendered":"Conservat\u00f3rio UFMG"},"content":{"rendered":"<p>&nbsp;<\/p>\n<p><a href=\"https:\/\/bsky.app\/intent\/compose?text=https:\/\/www.ufmg.br\/procult\/espacos-de-cultura\/conservatorio-ufmg\/\" target=\"_blank\" rel=\"noopener\"><img loading=\"lazy\" decoding=\"async\" class=\"alignnone size-full wp-image-2079\" src=\"https:\/\/www.ufmg.br\/procult\/wp-content\/uploads\/2024\/09\/bluesky-butterfly-logo-05.png\" alt=\"\" width=\"24\" height=\"21\" \/><\/a><a href=\"https:\/\/www.facebook.com\/sharer\/sharer.php?u=https:\/\/www.ufmg.br\/procult\/espacos-de-cultura\/conservatorio-ufmg\/\" target=\"_blank\" rel=\"noopener\"><img loading=\"lazy\" decoding=\"async\" class=\"alignnone size-full wp-image-1892\" src=\"https:\/\/www.ufmg.br\/procult\/wp-content\/uploads\/2024\/08\/facebook-app-round-icon.png\" alt=\"\" width=\"24\" height=\"24\" \/><\/a><a href=\"https:\/\/twitter.com\/intent\/tweet?text=https:\/\/www.ufmg.br\/procult\/espacos-de-cultura\/conservatorio-ufmg\/\" target=\"_blank\" rel=\"noopener\"><img loading=\"lazy\" decoding=\"async\" class=\"alignnone size-full wp-image-1893\" src=\"https:\/\/www.ufmg.br\/procult\/wp-content\/uploads\/2024\/08\/x-social-media-black-icon-1.png\" alt=\"\" width=\"24\" height=\"24\" \/><\/a><a href=\"https:\/\/www.linkedin.com\/sharing\/share-offsite\/?url=https:\/\/www.ufmg.br\/procult\/espacos-de-cultura\/conservatorio-ufmg\/\" target=\"_blank\" rel=\"noopener\"><img loading=\"lazy\" decoding=\"async\" class=\"alignnone size-full wp-image-1894\" src=\"https:\/\/www.ufmg.br\/procult\/wp-content\/uploads\/2024\/08\/linkedin-square-icon.png\" alt=\"\" width=\"24\" height=\"24\" \/><\/a><a href=\"https:\/\/api.whatsapp.com\/send?text=https:\/\/www.ufmg.br\/procult\/espacos-de-cultura\/conservatorio-ufmg\/\" target=\"_blank\" rel=\"noopener\"><img loading=\"lazy\" decoding=\"async\" class=\"alignnone size-full wp-image-1895\" src=\"https:\/\/www.ufmg.br\/procult\/wp-content\/uploads\/2024\/08\/whatsapp-icon.png\" alt=\"\" width=\"24\" height=\"24\" \/><\/a><a href=\"https:\/\/telegram.me\/share\/url?url=https:\/\/www.ufmg.br\/procult\/espacos-de-cultura\/conservatorio-ufmg\/\" target=\"_blank\" rel=\"noopener\"><img loading=\"lazy\" decoding=\"async\" class=\"alignnone size-full wp-image-1896\" src=\"https:\/\/www.ufmg.br\/procult\/wp-content\/uploads\/2024\/08\/telegram-black-icon.png\" alt=\"\" width=\"24\" height=\"24\" \/><\/a><a href=\"mailto:?subject=https:\/\/www.ufmg.br\/procult\/espacos-de-cultura\/conservatorio-ufmg\/\"><img loading=\"lazy\" decoding=\"async\" class=\"alignnone size-full wp-image-1891\" src=\"https:\/\/www.ufmg.br\/procult\/wp-content\/uploads\/2024\/08\/envelope-line-icon.png\" alt=\"\" width=\"24\" height=\"24\" \/><\/a><\/p>\n<div id=\"attachment_1181\" style=\"width: 761px\" class=\"wp-caption alignleft\"><img loading=\"lazy\" decoding=\"async\" aria-describedby=\"caption-attachment-1181\" class=\" wp-image-1181\" src=\"https:\/\/www.ufmg.br\/procult\/wp-content\/uploads\/2024\/02\/Foto-Andre-Fossati-IMG_4260-300x200.jpg\" alt=\"\" width=\"751\" height=\"500\" srcset=\"https:\/\/www.ufmg.br\/procult\/wp-content\/uploads\/2024\/02\/Foto-Andre-Fossati-IMG_4260-300x200.jpg 300w, https:\/\/www.ufmg.br\/procult\/wp-content\/uploads\/2024\/02\/Foto-Andre-Fossati-IMG_4260-1024x683.jpg 1024w, https:\/\/www.ufmg.br\/procult\/wp-content\/uploads\/2024\/02\/Foto-Andre-Fossati-IMG_4260-768x512.jpg 768w, https:\/\/www.ufmg.br\/procult\/wp-content\/uploads\/2024\/02\/Foto-Andre-Fossati-IMG_4260.jpg 1338w\" sizes=\"auto, (max-width: 751px) 100vw, 751px\" \/><p id=\"caption-attachment-1181\" class=\"wp-caption-text\">Conservat\u00f3rio. Foto: Andr\u00e9 Fossati<\/p><\/div>\n<p>&nbsp;<\/p>\n<p>&nbsp;<\/p>\n<p>&nbsp;<\/p>\n<p>&nbsp;<\/p>\n<p>&nbsp;<\/p>\n<p>&nbsp;<\/p>\n<p>&nbsp;<\/p>\n<p>&nbsp;<\/p>\n<p>&nbsp;<\/p>\n<p>&nbsp;<\/p>\n<p>&nbsp;<\/p>\n<p>&nbsp;<\/p>\n<p>O Conservat\u00f3rio UFMG \u00e9 um espa\u00e7o cultural de Belo Horizonte que apresenta\u00a0 espet\u00e1culos gratuitos abertos ao p\u00fablico. Localizado pr\u00f3ximo ao Parque Municipal, o pr\u00e9dio data de 1926 e foi ampliado, restaurado e teve seu novo formato inaugurado em agosto de 2000.<\/p>\n<p>O espa\u00e7o multicultural, em que antes funcionava a Escola de M\u00fasica da UFMG, possui salas de audi\u00e7\u00e3o, audit\u00f3rios, salas de aula e p\u00e1tio interno para eventos, al\u00e9m de um anexo com pra\u00e7a coberta e uma livraria.<\/p>\n<p>&nbsp;<\/p>\n<h4><span style=\"color: #00ccff;\">Programa\u00e7\u00e3o<\/span><\/h4>\n<p>&nbsp;<\/p>\n<div id=\"attachment_2296\" style=\"width: 761px\" class=\"wp-caption alignnone\"><img loading=\"lazy\" decoding=\"async\" aria-describedby=\"caption-attachment-2296\" class=\" wp-image-2296\" src=\"https:\/\/www.ufmg.br\/procult\/wp-content\/uploads\/2024\/09\/2-scaled.jpg\" alt=\"\" width=\"751\" height=\"501\" srcset=\"https:\/\/www.ufmg.br\/procult\/wp-content\/uploads\/2024\/09\/2-scaled.jpg 2560w, https:\/\/www.ufmg.br\/procult\/wp-content\/uploads\/2024\/09\/2-300x200.jpg 300w, https:\/\/www.ufmg.br\/procult\/wp-content\/uploads\/2024\/09\/2-1024x683.jpg 1024w, https:\/\/www.ufmg.br\/procult\/wp-content\/uploads\/2024\/09\/2-768x512.jpg 768w, https:\/\/www.ufmg.br\/procult\/wp-content\/uploads\/2024\/09\/2-1536x1024.jpg 1536w, https:\/\/www.ufmg.br\/procult\/wp-content\/uploads\/2024\/09\/2-2048x1365.jpg 2048w\" sizes=\"auto, (max-width: 751px) 100vw, 751px\" \/><p id=\"caption-attachment-2296\" class=\"wp-caption-text\">Evento no P\u00e1tio Interno. Acervo Procult UFMG<\/p><\/div>\n<p>O Conservat\u00f3rio oferece uma agenda cultural semanal intensa e variada de apresenta\u00e7\u00f5es art\u00edsticas, al\u00e9m de cursos, exposi\u00e7\u00f5es, eventos acad\u00eamicos e culturais.<\/p>\n<p>O carro chefe de sua programa\u00e7\u00e3o s\u00e3o os concertos musicais dos mais variados estilos, que se destinam \u00e0 forma\u00e7\u00e3o de p\u00fablico e \u00e0 divulga\u00e7\u00e3o de novos talentos.<\/p>\n<p>Apresenta, com <strong>entrada gratuita<\/strong> e aberta a toda a popula\u00e7\u00e3o, cursos livres de m\u00fasica e projetos musicais que podem ser acessados em seus canais.<\/p>\n<p>&nbsp;<\/p>\n<h4><span style=\"color: #00ccff;\">Como se informar sobre os eventos<\/span><\/h4>\n<p>&nbsp;<\/p>\n<p>Para seguir a programa\u00e7\u00e3o cultural do espa\u00e7o, basta acompanhar\u00a0 as informa\u00e7\u00f5es nas seguintes\u00a0 m\u00eddias:<\/p>\n<p><i class=\"wp-svg-calendar calendar\"><\/i> \u00a0 <span style=\"color: #000000;\"><a style=\"color: #000000;\" href=\"https:\/\/www.ufmg.br\/procult\/programacao\/calendario\/\" target=\"_blank\" rel=\"noopener\">Calend\u00e1rio de eventos<\/a><\/span><br \/>\n<i class=\"wp-svg-bullhorn bullhorn\"><\/i>\u00a0 \u00a0 <span style=\"color: #000000;\"><a style=\"color: #000000;\" href=\"https:\/\/www.ufmg.br\/conservatorio\/#\" target=\"_blank\" rel=\"noopener\">Not\u00edcias no site do Conservat\u00f3rio<\/a><\/span><br \/>\n<i class=\"wp-svg-link link\"><\/i>\u00a0 \u00a0 <span style=\"color: #000000;\"><a style=\"color: #000000;\" href=\"https:\/\/www.ufmg.br\/procult\/comunicacao\/noticias\/\" target=\"_blank\" rel=\"noopener\">P\u00e1gina de not\u00edcias da Procult<\/a><\/span><\/p>\n<p>&nbsp;<\/p>\n<h4><span style=\"color: #00ccff;\">Contato<\/span><\/h4>\n<p>&nbsp;<\/p>\n<p><strong>Endere\u00e7o<\/strong><\/p>\n<p>Avenida Afonso Pena, 1.534 &#8211; Centro<br \/>\nBelo Horizonte &#8211; MG &#8211; CEP: 30130-005<\/p>\n<p><i class=\"wp-svg-phone phone\"><\/i> (31) 3409-8300<br \/>\n<i class=\"wp-svg-mail-2 mail-2\"><\/i> conservatorioufmgsecretaria@gmail.com<\/p>\n<p><strong><span style=\"color: #333333;\">Hor\u00e1rio de visita\u00e7\u00e3o<\/span><\/strong><\/p>\n<p>Segunda a sexta-feira: 8h \u00e0s 22h<\/p>\n<p><strong>Como chegar<\/strong><\/p>\n<p><a href=\"https:\/\/www.google.com.br\/maps\/dir\/\/Av.+Afonso+Pena,+1.534+-+Centro+-+Belo+Horizonte+-+MG\/@-19.8993149,-44.0319047,12z\/data=!4m2!4m1!3e0?entry=ttu\" target=\"_blank\" rel=\"noopener\">Consulte rotas e meios de transporte<\/a><\/p>\n<h4><span style=\"color: #999999;\"><strong><br \/>\n<span style=\"color: #00ccff;\">Plataformas digitais<\/span><\/strong><\/span><\/h4>\n<p>&nbsp;<\/p>\n<p><i class=\"wp-svg-globe globe\"><\/i>\u00a0 \u00a0 <span style=\"color: #000000;\"><a style=\"color: #000000;\" href=\"https:\/\/www.ufmg.br\/conservatorio\/\" target=\"_blank\" rel=\"noopener\">www.conservatorio.ufmg.br<\/a><\/span><br \/>\n<i class=\"wp-svg-facebook facebook\"><\/i>\u00a0 \u00a0 <span style=\"color: #000000;\"><a style=\"color: #000000;\" href=\"https:\/\/www.facebook.com\/conservatorioufmg\" target=\"_blank\" rel=\"noopener\">www.facebook.com\/conservatorioufmg<\/a><\/span><br \/>\n<i class=\"wp-svg-instagram instagram\"><\/i>\u00a0 \u00a0 <span style=\"color: #000000;\"><a style=\"color: #000000;\" href=\"https:\/\/www.instagram.com\/conservatorioufmg\/\" target=\"_blank\" rel=\"noopener\">www.instagram.com\/conservatorioufmg<\/a><\/span><br \/>\n<i class=\"wp-svg-youtube youtube\"><\/i>\u00a0 \u00a0 \u00a0<span style=\"color: #000000;\"><a style=\"color: #000000;\" href=\"https:\/\/www.youtube.com\/c\/conservatorioufmg\" target=\"_blank\" rel=\"noopener\">www.youtube.com\/c\/Conservat\u00f3rioUFMG<\/a><\/span><\/p>\n<p>&nbsp;<\/p>\n<h4><span style=\"color: #00ccff;\">Saiba mais<\/span><\/h4>\n<style>#sp-ea-2307 .spcollapsing { height: 0; overflow: hidden; transition-property: height;transition-duration: 500ms;}#sp-ea-2307.sp-easy-accordion>.sp-ea-single {margin-bottom: 10px; border: 1px solid #e2e2e2; }#sp-ea-2307.sp-easy-accordion>.sp-ea-single>.ea-header a {color: #444;}#sp-ea-2307.sp-easy-accordion>.sp-ea-single>.sp-collapse>.ea-body {background: #fff; color: #444;}#sp-ea-2307.sp-easy-accordion>.sp-ea-single {background: #eee;}#sp-ea-2307.sp-easy-accordion>.sp-ea-single>.ea-header a .ea-expand-icon { float: left; color: #444;font-size: 16px;}<\/style><div id=\"sp_easy_accordion-1777803233\">\n<div id=\"sp-ea-2307\" class=\"sp-ea-one sp-easy-accordion\" data-ea-active=\"ea-click\" data-ea-mode=\"vertical\" data-preloader=\"\" data-scroll-active-item=\"\" data-offset-to-scroll=\"0\">\n\n<!-- Start accordion card div. -->\n<div class=\"ea-card  sp-ea-single\">\n\t<!-- Start accordion header. -->\n\t<h3 class=\"ea-header\">\n\t\t<!-- Add anchor tag for header. -->\n\t\t<a class=\"collapsed\" id=\"ea-header-23070\" role=\"button\" data-sptoggle=\"spcollapse\" data-sptarget=\"#collapse23070\" aria-controls=\"collapse23070\" href=\"#\"  aria-expanded=\"false\" tabindex=\"0\">\n\t\t<i aria-hidden=\"true\" role=\"presentation\" class=\"ea-expand-icon eap-icon-ea-expand-plus\"><\/i> Hist\u00f3ria\t\t<\/a> <!-- Close anchor tag for header. -->\n\t<\/h3>\t<!-- Close header tag. -->\n\t<!-- Start collapsible content div. -->\n\t<div class=\"sp-collapse spcollapse spcollapse\" id=\"collapse23070\" data-parent=\"#sp-ea-2307\" role=\"region\" aria-labelledby=\"ea-header-23070\">  <!-- Content div. -->\n\t\t<div class=\"ea-body\">\n\t\t<p>Com pedra fundamental lan\u00e7ada em 1905, o edif\u00edcio do Conservat\u00f3rio, projetado originalmente para abrigar a Escola de M\u00fasica, foi inaugurado em 5 de setembro de 1926.<\/p>\n<p>Em 30 de novembro de 1962, o espa\u00e7o passou a integrar a Universidade Federal de Minas Gerais e em 1972 recebeu a denomina\u00e7\u00e3o de Escola de M\u00fasica da UFMG. Em 2000 foi restaurado e passou a funcionar como espa\u00e7o multicultural, tendo ent\u00e3o a Escola de M\u00fasica se transferido para o campus Pampulha UFMG.<\/p>\n<p>O tombamento da edifica\u00e7\u00e3o foi aprovado pelo decreto estadual n.\u00b0 27.927, de 15 de mar\u00e7o de 1988, sendo ent\u00e3o determinada sua inscri\u00e7\u00e3o no Livro de Tombo n.\u00b0 II \u2014 de Belas Artes \u2014 e no Livro de Tombo n.\u00b0 III \u2014 Hist\u00f3rico, das Obras de Arte Hist\u00f3ricas e dos Documentos Paleogr\u00e1ficos ou Bibliogr\u00e1ficos.<\/p>\n<p>O pr\u00e9dio teve originalmente um partido retangular composto por dois pavimentos. O bloco compacto inicialmente tinha a forma da letra \u201cU\u201d. A fachada principal apresenta ligeiramente elevada em rela\u00e7\u00e3o ao n\u00edvel da rua e do terreno.<\/p>\n<p>Comp\u00f5e-se de dois pavimentos, com fachada de s\u00f3bria, simetria e propor\u00e7\u00f5es harm\u00f4nicas, onde observa-se quadro central, de maior apuro ornamental, ladeado por quadros laterais ligeiramente ressaltados.<\/p>\n<p>O pano central apresenta seis colunas colossais de fuste canelurado e capitel cor\u00edntio, delimitando quadros no intercol\u00fanio, onde se inserem vazados, um em cada pavimento, entremeados por relevo quadrangular em massa.<\/p>\n<p>[Fonte: Iepha MG]<\/p>\n\t\t<\/div> <!-- Close content div. -->\n\t<\/div> <!-- Close collapse div. -->\n<\/div> <!-- Close card div. -->\n<!-- Start accordion card div. -->\n<div class=\"ea-card  sp-ea-single\">\n\t<!-- Start accordion header. -->\n\t<h3 class=\"ea-header\">\n\t\t<!-- Add anchor tag for header. -->\n\t\t<a class=\"collapsed\" id=\"ea-header-23071\" role=\"button\" data-sptoggle=\"spcollapse\" data-sptarget=\"#collapse23071\" aria-controls=\"collapse23071\" href=\"#\"  aria-expanded=\"false\" tabindex=\"0\">\n\t\t<i aria-hidden=\"true\" role=\"presentation\" class=\"ea-expand-icon eap-icon-ea-expand-plus\"><\/i> Equipe\t\t<\/a> <!-- Close anchor tag for header. -->\n\t<\/h3>\t<!-- Close header tag. -->\n\t<!-- Start collapsible content div. -->\n\t<div class=\"sp-collapse spcollapse spcollapse\" id=\"collapse23071\" data-parent=\"#sp-ea-2307\" role=\"region\" aria-labelledby=\"ea-header-23071\">  <!-- Content div. -->\n\t\t<div class=\"ea-body\">\n\t\t<p><span style=\"color: #3366ff\"><a style=\"color: #3366ff\" href=\"https:\/\/www.ufmg.br\/conservatorio\/paginas\/quem_somos_equipe.html\" target=\"_blank\" rel=\"noopener\">Acesse a informa\u00e7\u00e3o clicando neste link do site do Conservat\u00f3rio UFMG<\/a><\/span><\/p>\n\t\t<\/div> <!-- Close content div. -->\n\t<\/div> <!-- Close collapse div. -->\n<\/div> <!-- Close card div. -->\n<!-- Start accordion card div. -->\n<div class=\"ea-card  sp-ea-single\">\n\t<!-- Start accordion header. -->\n\t<h3 class=\"ea-header\">\n\t\t<!-- Add anchor tag for header. -->\n\t\t<a class=\"collapsed\" id=\"ea-header-23072\" role=\"button\" data-sptoggle=\"spcollapse\" data-sptarget=\"#collapse23072\" aria-controls=\"collapse23072\" href=\"#\"  aria-expanded=\"false\" tabindex=\"0\">\n\t\t<i aria-hidden=\"true\" role=\"presentation\" class=\"ea-expand-icon eap-icon-ea-expand-plus\"><\/i> Perguntas frequentes\t\t<\/a> <!-- Close anchor tag for header. -->\n\t<\/h3>\t<!-- Close header tag. -->\n\t<!-- Start collapsible content div. -->\n\t<div class=\"sp-collapse spcollapse spcollapse\" id=\"collapse23072\" data-parent=\"#sp-ea-2307\" role=\"region\" aria-labelledby=\"ea-header-23072\">  <!-- Content div. -->\n\t\t<div class=\"ea-body\">\n\t\t<p>[Aguarde!]<\/p>\n\t\t<\/div> <!-- Close content div. -->\n\t<\/div> <!-- Close collapse div. -->\n<\/div> <!-- Close card div. -->\n<\/div>\n<\/div>\n\n<p>&nbsp;<\/p>\n<h4><span style=\"color: #00ccff;\">Imagens do Conservat\u00f3rio<\/span><\/h4>\n<p>&nbsp;<\/p>\n<p><iframe loading=\"lazy\" title=\"YouTube video player\" src=\"https:\/\/www.youtube.com\/embed\/ZdY66xucQbQ?si=9kW2lthvxFlDb0cs\" width=\"760\" height=\"415\" frameborder=\"0\" allowfullscreen=\"allowfullscreen\"><\/iframe><\/p>\n<p>&nbsp;<\/p>\n\t                <ul class=\"easy-image-gallery thumbnails-8 linked\">\r\n                    <li><a data-fancybox=\"gallery768\" href=\"https:\/\/www.ufmg.br\/procult\/wp-content\/uploads\/2024\/09\/Escadaria-do-saguao-principal-do-Conservatorio-UFMG-foto-Foca-Lisboa-1024x683.jpg\" class=\"eig-popup\" title=\"Escadaria do Conservat\u00f3rio UFMG. Foto: Lucas Braga\/UFMG\" data-caption=\"Escadaria do Conservat\u00f3rio UFMG. Foto: Lucas Braga\/UFMG\" target=\"_blank\"><i class=\"icon-view\"><\/i><span class=\"overlay\"><\/span><img loading=\"lazy\" decoding=\"async\" width=\"150\" height=\"150\" src=\"https:\/\/www.ufmg.br\/procult\/wp-content\/uploads\/2024\/09\/Escadaria-do-saguao-principal-do-Conservatorio-UFMG-foto-Foca-Lisboa-150x150.jpg\" class=\"attachment-thumbnail size-thumbnail\" alt=\"\" srcset=\"https:\/\/www.ufmg.br\/procult\/wp-content\/uploads\/2024\/09\/Escadaria-do-saguao-principal-do-Conservatorio-UFMG-foto-Foca-Lisboa-150x150.jpg 150w, https:\/\/www.ufmg.br\/procult\/wp-content\/uploads\/2024\/09\/Escadaria-do-saguao-principal-do-Conservatorio-UFMG-foto-Foca-Lisboa-340x340.jpg 340w\" sizes=\"auto, (max-width: 150px) 100vw, 150px\" \/><\/a><\/li><li><a data-fancybox=\"gallery768\" href=\"https:\/\/www.ufmg.br\/procult\/wp-content\/uploads\/2024\/09\/conservatorio-fachada-foto-lucas-braga-ufmg.jpg\" class=\"eig-popup\" title=\"Fachada do Conservat\u00f3rio UFMG. Foto: Lucas Braga\/UFMG\" data-caption=\"Fachada do Conservat\u00f3rio UFMG. Foto: Lucas Braga\/UFMG\" target=\"_blank\"><i class=\"icon-view\"><\/i><span class=\"overlay\"><\/span><img loading=\"lazy\" decoding=\"async\" width=\"150\" height=\"150\" src=\"https:\/\/www.ufmg.br\/procult\/wp-content\/uploads\/2024\/09\/conservatorio-fachada-foto-lucas-braga-ufmg-150x150.jpg\" class=\"attachment-thumbnail size-thumbnail\" alt=\"\" srcset=\"https:\/\/www.ufmg.br\/procult\/wp-content\/uploads\/2024\/09\/conservatorio-fachada-foto-lucas-braga-ufmg-150x150.jpg 150w, https:\/\/www.ufmg.br\/procult\/wp-content\/uploads\/2024\/09\/conservatorio-fachada-foto-lucas-braga-ufmg-340x340.jpg 340w\" sizes=\"auto, (max-width: 150px) 100vw, 150px\" \/><\/a><\/li><li><a data-fancybox=\"gallery768\" href=\"https:\/\/www.ufmg.br\/procult\/wp-content\/uploads\/2024\/09\/conservatorio-patio-interno-foto-lucas-braga-ufmg.jpg\" class=\"eig-popup\" title=\"P\u00e1tio interno do Conservat\u00f3rio UFMG. Foto: Lucas Braga\/UFMG\" data-caption=\"P\u00e1tio interno do Conservat\u00f3rio UFMG. Foto: Lucas Braga\/UFMG\" target=\"_blank\"><i class=\"icon-view\"><\/i><span class=\"overlay\"><\/span><img loading=\"lazy\" decoding=\"async\" width=\"150\" height=\"150\" src=\"https:\/\/www.ufmg.br\/procult\/wp-content\/uploads\/2024\/09\/conservatorio-patio-interno-foto-lucas-braga-ufmg-150x150.jpg\" class=\"attachment-thumbnail size-thumbnail\" alt=\"\" srcset=\"https:\/\/www.ufmg.br\/procult\/wp-content\/uploads\/2024\/09\/conservatorio-patio-interno-foto-lucas-braga-ufmg-150x150.jpg 150w, https:\/\/www.ufmg.br\/procult\/wp-content\/uploads\/2024\/09\/conservatorio-patio-interno-foto-lucas-braga-ufmg-340x340.jpg 340w\" sizes=\"auto, (max-width: 150px) 100vw, 150px\" \/><\/a><\/li><li><a data-fancybox=\"gallery768\" href=\"https:\/\/www.ufmg.br\/procult\/wp-content\/uploads\/2024\/09\/conservatorio-piso-foto-lucas-braga-ufmg.jpg\" class=\"eig-popup\" title=\"Piso do Conservat\u00f3rio UFMG. Foto: Lucas Braga\/UFMG\" data-caption=\"Piso do Conservat\u00f3rio UFMG. Foto: Lucas Braga\/UFMG\" target=\"_blank\"><i class=\"icon-view\"><\/i><span class=\"overlay\"><\/span><img loading=\"lazy\" decoding=\"async\" width=\"150\" height=\"150\" src=\"https:\/\/www.ufmg.br\/procult\/wp-content\/uploads\/2024\/09\/conservatorio-piso-foto-lucas-braga-ufmg-150x150.jpg\" class=\"attachment-thumbnail size-thumbnail\" alt=\"\" srcset=\"https:\/\/www.ufmg.br\/procult\/wp-content\/uploads\/2024\/09\/conservatorio-piso-foto-lucas-braga-ufmg-150x150.jpg 150w, https:\/\/www.ufmg.br\/procult\/wp-content\/uploads\/2024\/09\/conservatorio-piso-foto-lucas-braga-ufmg-340x340.jpg 340w\" sizes=\"auto, (max-width: 150px) 100vw, 150px\" \/><\/a><\/li><li><a data-fancybox=\"gallery768\" href=\"https:\/\/www.ufmg.br\/procult\/wp-content\/uploads\/2024\/09\/conservatorio-auditorio-foto-lucas-braga-ufmg.jpg\" class=\"eig-popup\" title=\"Audit\u00f3rio do Conservat\u00f3rio UFMG. Foto: Lucas Braga\/UFMG\" data-caption=\"Audit\u00f3rio do Conservat\u00f3rio UFMG. Foto: Lucas Braga\/UFMG\" target=\"_blank\"><i class=\"icon-view\"><\/i><span class=\"overlay\"><\/span><img loading=\"lazy\" decoding=\"async\" width=\"150\" height=\"150\" src=\"https:\/\/www.ufmg.br\/procult\/wp-content\/uploads\/2024\/09\/conservatorio-auditorio-foto-lucas-braga-ufmg-150x150.jpg\" class=\"attachment-thumbnail size-thumbnail\" alt=\"\" srcset=\"https:\/\/www.ufmg.br\/procult\/wp-content\/uploads\/2024\/09\/conservatorio-auditorio-foto-lucas-braga-ufmg-150x150.jpg 150w, https:\/\/www.ufmg.br\/procult\/wp-content\/uploads\/2024\/09\/conservatorio-auditorio-foto-lucas-braga-ufmg-340x340.jpg 340w\" sizes=\"auto, (max-width: 150px) 100vw, 150px\" \/><\/a><\/li><li><a data-fancybox=\"gallery768\" href=\"https:\/\/www.ufmg.br\/procult\/wp-content\/uploads\/2024\/09\/conservatorio-piano-foto-lucas-braga-ufmg.jpg\" class=\"eig-popup\" title=\"Piano do Conservat\u00f3rio. Foto: Lucas Braga\/UFMG\" data-caption=\"Piano do Conservat\u00f3rio. Foto: Lucas Braga\/UFMG\" target=\"_blank\"><i class=\"icon-view\"><\/i><span class=\"overlay\"><\/span><img loading=\"lazy\" decoding=\"async\" width=\"150\" height=\"150\" src=\"https:\/\/www.ufmg.br\/procult\/wp-content\/uploads\/2024\/09\/conservatorio-piano-foto-lucas-braga-ufmg-150x150.jpg\" class=\"attachment-thumbnail size-thumbnail\" alt=\"\" srcset=\"https:\/\/www.ufmg.br\/procult\/wp-content\/uploads\/2024\/09\/conservatorio-piano-foto-lucas-braga-ufmg-150x150.jpg 150w, https:\/\/www.ufmg.br\/procult\/wp-content\/uploads\/2024\/09\/conservatorio-piano-foto-lucas-braga-ufmg-340x340.jpg 340w\" sizes=\"auto, (max-width: 150px) 100vw, 150px\" \/><\/a><\/li><li><a data-fancybox=\"gallery768\" href=\"https:\/\/www.ufmg.br\/procult\/wp-content\/uploads\/2024\/09\/IMG_0490-1024x683.jpg\" class=\"eig-popup\" title=\"Evento de abertura do Festival de Ver\u00e3o UFMG 2024. Acervo Procult UFMG\" data-caption=\"Evento de abertura do Festival de Ver\u00e3o UFMG 2024. Acervo Procult UFMG\" target=\"_blank\"><i class=\"icon-view\"><\/i><span class=\"overlay\"><\/span><img loading=\"lazy\" decoding=\"async\" width=\"150\" height=\"150\" src=\"https:\/\/www.ufmg.br\/procult\/wp-content\/uploads\/2024\/09\/IMG_0490-150x150.jpg\" class=\"attachment-thumbnail size-thumbnail\" alt=\"\" srcset=\"https:\/\/www.ufmg.br\/procult\/wp-content\/uploads\/2024\/09\/IMG_0490-150x150.jpg 150w, https:\/\/www.ufmg.br\/procult\/wp-content\/uploads\/2024\/09\/IMG_0490-340x340.jpg 340w\" sizes=\"auto, (max-width: 150px) 100vw, 150px\" \/><\/a><\/li><li><a data-fancybox=\"gallery768\" href=\"https:\/\/www.ufmg.br\/procult\/wp-content\/uploads\/2024\/09\/festival-verao-2017-conceicao-evaristo-1024x682.jpg\" class=\"eig-popup\" title=\"Debate. Festival de Ver\u00e3o UFMG 2017. Foto: Lucas Braga\/UFMG\" data-caption=\"Debate. Festival de Ver\u00e3o UFMG 2017. Foto: Lucas Braga\/UFMG\" target=\"_blank\"><i class=\"icon-view\"><\/i><span class=\"overlay\"><\/span><img loading=\"lazy\" decoding=\"async\" width=\"150\" height=\"150\" src=\"https:\/\/www.ufmg.br\/procult\/wp-content\/uploads\/2024\/09\/festival-verao-2017-conceicao-evaristo-150x150.jpg\" class=\"attachment-thumbnail size-thumbnail\" alt=\"\" srcset=\"https:\/\/www.ufmg.br\/procult\/wp-content\/uploads\/2024\/09\/festival-verao-2017-conceicao-evaristo-150x150.jpg 150w, https:\/\/www.ufmg.br\/procult\/wp-content\/uploads\/2024\/09\/festival-verao-2017-conceicao-evaristo-340x340.jpg 340w\" sizes=\"auto, (max-width: 150px) 100vw, 150px\" \/><\/a><\/li><\/ul>\n<p>&nbsp;<\/p>\n","protected":false},"excerpt":{"rendered":"<p>&nbsp; &nbsp; &nbsp; &nbsp; &nbsp; &nbsp; &nbsp; &nbsp; &nbsp; &nbsp; [&hellip;]<\/p>\n","protected":false},"author":1,"featured_media":0,"parent":502,"menu_order":0,"comment_status":"closed","ping_status":"closed","template":"","meta":{"_acf_changed":false,"footnotes":""},"tags":[74,59,33],"class_list":["post-516","page","type-page","status-publish","hentry","tag-conservatorio-ufmg","tag-espacos-de-cultura","tag-pro-reitoria-de-cultura"],"acf":[],"_links":{"self":[{"href":"https:\/\/www.ufmg.br\/procult\/wp-json\/wp\/v2\/pages\/516","targetHints":{"allow":["GET"]}}],"collection":[{"href":"https:\/\/www.ufmg.br\/procult\/wp-json\/wp\/v2\/pages"}],"about":[{"href":"https:\/\/www.ufmg.br\/procult\/wp-json\/wp\/v2\/types\/page"}],"author":[{"embeddable":true,"href":"https:\/\/www.ufmg.br\/procult\/wp-json\/wp\/v2\/users\/1"}],"replies":[{"embeddable":true,"href":"https:\/\/www.ufmg.br\/procult\/wp-json\/wp\/v2\/comments?post=516"}],"version-history":[{"count":26,"href":"https:\/\/www.ufmg.br\/procult\/wp-json\/wp\/v2\/pages\/516\/revisions"}],"predecessor-version":[{"id":2312,"href":"https:\/\/www.ufmg.br\/procult\/wp-json\/wp\/v2\/pages\/516\/revisions\/2312"}],"up":[{"embeddable":true,"href":"https:\/\/www.ufmg.br\/procult\/wp-json\/wp\/v2\/pages\/502"}],"wp:attachment":[{"href":"https:\/\/www.ufmg.br\/procult\/wp-json\/wp\/v2\/media?parent=516"}],"wp:term":[{"taxonomy":"post_tag","embeddable":true,"href":"https:\/\/www.ufmg.br\/procult\/wp-json\/wp\/v2\/tags?post=516"}],"curies":[{"name":"wp","href":"https:\/\/api.w.org\/{rel}","templated":true}]}}