{"id":518,"date":"2024-01-15T09:55:43","date_gmt":"2024-01-15T12:55:43","guid":{"rendered":"https:\/\/www.ufmg.br\/procult\/?page_id=518"},"modified":"2024-09-13T13:42:02","modified_gmt":"2024-09-13T16:42:02","slug":"espaco-do-conhecimento-ufmg","status":"publish","type":"page","link":"https:\/\/www.ufmg.br\/procult\/espacos-de-cultura\/espaco-do-conhecimento-ufmg\/","title":{"rendered":"Espa\u00e7o do Conhecimento UFMG"},"content":{"rendered":"<p>&nbsp;<\/p>\n<p><a href=\"https:\/\/bsky.app\/intent\/compose?text=https:\/\/www.ufmg.br\/procult\/espacos-de-cultura\/espaco-do-conhecimento-ufmg\/\" target=\"_blank\" rel=\"noopener\"><img loading=\"lazy\" decoding=\"async\" class=\"alignnone size-full wp-image-2079\" src=\"https:\/\/www.ufmg.br\/procult\/wp-content\/uploads\/2024\/09\/bluesky-butterfly-logo-05.png\" alt=\"\" width=\"24\" height=\"21\" \/><\/a><a href=\"https:\/\/www.facebook.com\/sharer\/sharer.php?u=https:\/\/www.ufmg.br\/procult\/espacos-de-cultura\/espaco-do-conhecimento-ufmg\/\" target=\"_blank\" rel=\"noopener\"><img loading=\"lazy\" decoding=\"async\" class=\"alignnone size-full wp-image-1892\" src=\"https:\/\/www.ufmg.br\/procult\/wp-content\/uploads\/2024\/08\/facebook-app-round-icon.png\" alt=\"\" width=\"24\" height=\"24\" \/><\/a><a href=\"https:\/\/twitter.com\/intent\/tweet?text=https:\/\/www.ufmg.br\/procult\/espacos-de-cultura\/espaco-do-conhecimento-ufmg\/\" target=\"_blank\" rel=\"noopener\"><img loading=\"lazy\" decoding=\"async\" class=\"alignnone size-full wp-image-1893\" src=\"https:\/\/www.ufmg.br\/procult\/wp-content\/uploads\/2024\/08\/x-social-media-black-icon-1.png\" alt=\"\" width=\"24\" height=\"24\" \/><\/a><a href=\"https:\/\/www.linkedin.com\/sharing\/share-offsite\/?url=https:\/\/www.ufmg.br\/procult\/espacos-de-cultura\/espaco-do-conhecimento-ufmg\/\" target=\"_blank\" rel=\"noopener\"><img loading=\"lazy\" decoding=\"async\" class=\"alignnone size-full wp-image-1894\" src=\"https:\/\/www.ufmg.br\/procult\/wp-content\/uploads\/2024\/08\/linkedin-square-icon.png\" alt=\"\" width=\"24\" height=\"24\" \/><\/a><a href=\"https:\/\/api.whatsapp.com\/send?text=https:\/\/www.ufmg.br\/procult\/espacos-de-cultura\/espaco-do-conhecimento-ufmg\/\" target=\"_blank\" rel=\"noopener\"><img loading=\"lazy\" decoding=\"async\" class=\"alignnone size-full wp-image-1895\" src=\"https:\/\/www.ufmg.br\/procult\/wp-content\/uploads\/2024\/08\/whatsapp-icon.png\" alt=\"\" width=\"24\" height=\"24\" \/><\/a><a href=\"https:\/\/telegram.me\/share\/url?url=https:\/\/www.ufmg.br\/procult\/espacos-de-cultura\/espaco-do-conhecimento-ufmg\/\" target=\"_blank\" rel=\"noopener\"><img loading=\"lazy\" decoding=\"async\" class=\"alignnone size-full wp-image-1896\" src=\"https:\/\/www.ufmg.br\/procult\/wp-content\/uploads\/2024\/08\/telegram-black-icon.png\" alt=\"\" width=\"24\" height=\"24\" \/><\/a><a href=\"mailto:?subject=https:\/\/www.ufmg.br\/procult\/espacos-de-cultura\/espaco-do-conhecimento-ufmg\/\"><img loading=\"lazy\" decoding=\"async\" class=\"alignnone size-full wp-image-1891\" src=\"https:\/\/www.ufmg.br\/procult\/wp-content\/uploads\/2024\/08\/envelope-line-icon.png\" alt=\"\" width=\"24\" height=\"24\" \/><\/a><\/p>\n<div id=\"attachment_1177\" style=\"width: 760px\" class=\"wp-caption alignnone\"><img loading=\"lazy\" decoding=\"async\" aria-describedby=\"caption-attachment-1177\" class=\" wp-image-1177\" src=\"https:\/\/www.ufmg.br\/procult\/wp-content\/uploads\/2024\/02\/Espaco-do-Conhecimento-UFMG-foto-de-Pedro-Furtado-1-300x279.jpg\" alt=\"\" width=\"750\" height=\"698\" srcset=\"https:\/\/www.ufmg.br\/procult\/wp-content\/uploads\/2024\/02\/Espaco-do-Conhecimento-UFMG-foto-de-Pedro-Furtado-1-300x279.jpg 300w, https:\/\/www.ufmg.br\/procult\/wp-content\/uploads\/2024\/02\/Espaco-do-Conhecimento-UFMG-foto-de-Pedro-Furtado-1-1024x951.jpg 1024w, https:\/\/www.ufmg.br\/procult\/wp-content\/uploads\/2024\/02\/Espaco-do-Conhecimento-UFMG-foto-de-Pedro-Furtado-1-1536x1427.jpg 1536w, https:\/\/www.ufmg.br\/procult\/wp-content\/uploads\/2024\/02\/Espaco-do-Conhecimento-UFMG-foto-de-Pedro-Furtado-1-2048x1902.jpg 2048w, https:\/\/www.ufmg.br\/procult\/wp-content\/uploads\/2024\/02\/Espaco-do-Conhecimento-UFMG-foto-de-Pedro-Furtado-1-135x125.jpg 135w\" sizes=\"auto, (max-width: 750px) 100vw, 750px\" \/><p id=\"caption-attachment-1177\" class=\"wp-caption-text\">Fachada digital do Espa\u00e7o do Conhecimento. Foto: Pedro Furtado<\/p><\/div>\n<p>O Espa\u00e7o do Conhecimento UFMG \u00e9 um espa\u00e7o cultural diferenciado, que conjuga cultura, ci\u00eancia e arte. Sua miss\u00e3o \u00e9 difundir o conhecimento cient\u00edfico e produzir diversos saberes, propondo linguagens que combinam conte\u00fados, de forma l\u00fadica.<\/p>\n<p>No local, o p\u00fablico encontra programa\u00e7\u00e3o diversificada como exposi\u00e7\u00f5es, sess\u00f5es de planet\u00e1rio e no terra\u00e7o astron\u00f4mico, oficinas, debates, proje\u00e7\u00f5es na fachada digital, visitas mediadas, al\u00e9m de outras atra\u00e7\u00f5es.<\/p>\n<p>&nbsp;<\/p>\n<h4><span style=\"color: #00ccff;\">Agenda<\/span><\/h4>\n<p>&nbsp;<\/p>\n<p>As atra\u00e7\u00f5es podem ser acessadas nas seguintes m\u00eddias:<\/p>\n<p><i class=\"wp-svg-calendar calendar\"><\/i>\u00a0 \u00a0 <span style=\"color: #000000;\"><a style=\"color: #000000;\" href=\"https:\/\/www.ufmg.br\/procult\/programacao\/calendario\/\" target=\"_blank\" rel=\"noopener\">Calend\u00e1rio de eventos da Procult<\/a><\/span><br \/>\n<i class=\"wp-svg-bullhorn bullhorn\"><\/i>\u00a0 \u00a0 <span style=\"color: #000000;\"><a style=\"color: #000000;\" href=\"https:\/\/www.ufmg.br\/espacodoconhecimento\/acontece\/programacao\/\" target=\"_blank\" rel=\"noopener\">Programa\u00e7\u00e3o no site do Espa\u00e7o<\/a><br \/>\n<i class=\"wp-svg-link link\"><\/i>\u00a0 \u00a0 <a style=\"color: #000000;\" href=\"https:\/\/www.ufmg.br\/procult\/comunicacao\/noticias\/\" target=\"_blank\" rel=\"noopener\">P\u00e1gina de not\u00edcias da Procult<\/a><br \/>\n<i class=\"wp-svg-bubbles bubbles\"><\/i>\u00a0 \u00a0 <a style=\"color: #000000;\" href=\"https:\/\/www.ufmg.br\/procult\/comunicacao\/redes-sociais\/\" target=\"_blank\" rel=\"noopener\">Redes sociais<\/a><\/span><\/p>\n<p>&nbsp;<\/p>\n<h4><span style=\"color: #00ccff;\">Espa\u00e7os e suas atra\u00e7\u00f5es<\/span><\/h4>\n<p>&nbsp;<\/p>\n<h5><strong>Planet\u00e1rio<\/strong><\/h5>\n<p>&nbsp;<\/p>\n<div id=\"attachment_2334\" style=\"width: 410px\" class=\"wp-caption alignleft\"><img loading=\"lazy\" decoding=\"async\" aria-describedby=\"caption-attachment-2334\" class=\" wp-image-2334\" src=\"https:\/\/www.ufmg.br\/procult\/wp-content\/uploads\/2024\/09\/Planetario-Creditos-Espaco-do-Conhecimento-UFMG-1024x837-1.png\" alt=\"\" width=\"400\" height=\"327\" srcset=\"https:\/\/www.ufmg.br\/procult\/wp-content\/uploads\/2024\/09\/Planetario-Creditos-Espaco-do-Conhecimento-UFMG-1024x837-1.png 1024w, https:\/\/www.ufmg.br\/procult\/wp-content\/uploads\/2024\/09\/Planetario-Creditos-Espaco-do-Conhecimento-UFMG-1024x837-1-300x245.png 300w, https:\/\/www.ufmg.br\/procult\/wp-content\/uploads\/2024\/09\/Planetario-Creditos-Espaco-do-Conhecimento-UFMG-1024x837-1-768x628.png 768w\" sizes=\"auto, (max-width: 400px) 100vw, 400px\" \/><p id=\"caption-attachment-2334\" class=\"wp-caption-text\">Planet\u00e1rio. Espa\u00e7o do Conhecimento UFMG\/Reprodu\u00e7\u00e3o<\/p><\/div>\n<p>O Planet\u00e1rio do Espa\u00e7o do Conhecimento UFMG possui um conjunto especial de projetores de imagens que permite, entre outras fa\u00e7anhas, a reprodu\u00e7\u00e3o do c\u00e9u como se fosse de qualquer local do planeta, em qualquer \u00e9poca \u2013 passado, presente ou futuro.<\/p>\n<p>Nele, o espectador tem uma vis\u00e3o de 180\u00ba x 360\u00ba, em que todo o ambiente se transforma em cinema imersivo. As sess\u00f5es s\u00e3o comentadas pela equipe de Astronomia do museu e t\u00eam exibi\u00e7\u00e3o de filmes digitais fulldome.<\/p>\n<p>&nbsp;<\/p>\n<p><strong>Informa\u00e7\u00f5es:<\/strong><\/p>\n<p><i class=\"wp-svg-link link\"><\/i> <span style=\"color: #000000;\"><a style=\"color: #000000;\" href=\"https:\/\/www.ufmg.br\/espacodoconhecimento\/descubra\/planetario\/\" target=\"_blank\" rel=\"noopener\">Acesse este link<\/a><\/span><\/p>\n<p>&nbsp;<\/p>\n<h5><strong>Terra\u00e7o astron\u00f4mico<\/strong><\/h5>\n<p>&nbsp;<\/p>\n<div id=\"attachment_2338\" style=\"width: 411px\" class=\"wp-caption alignleft\"><img loading=\"lazy\" decoding=\"async\" aria-describedby=\"caption-attachment-2338\" class=\" wp-image-2338\" src=\"https:\/\/www.ufmg.br\/procult\/wp-content\/uploads\/2024\/09\/espaco-conhecimento-terraco-astronomico-foto-lucas-braga-ufmg.jpg\" alt=\"\" width=\"401\" height=\"267\" srcset=\"https:\/\/www.ufmg.br\/procult\/wp-content\/uploads\/2024\/09\/espaco-conhecimento-terraco-astronomico-foto-lucas-braga-ufmg.jpg 799w, https:\/\/www.ufmg.br\/procult\/wp-content\/uploads\/2024\/09\/espaco-conhecimento-terraco-astronomico-foto-lucas-braga-ufmg-300x200.jpg 300w, https:\/\/www.ufmg.br\/procult\/wp-content\/uploads\/2024\/09\/espaco-conhecimento-terraco-astronomico-foto-lucas-braga-ufmg-768x512.jpg 768w\" sizes=\"auto, (max-width: 401px) 100vw, 401px\" \/><p id=\"caption-attachment-2338\" class=\"wp-caption-text\">Terra\u00e7o astron\u00f4mico. Foto: Lucas Braga\/UFMG<\/p><\/div>\n<p>O quinto andar do Espa\u00e7o do Conhecimento UFMG oferece uma experi\u00eancia completa de observa\u00e7\u00e3o astron\u00f4mica. O Terra\u00e7o Astron\u00f4mico possui teto retr\u00e1til que permite a observa\u00e7\u00e3o celeste por meio da utiliza\u00e7\u00e3o de telesc\u00f3pios.<\/p>\n<p>As sess\u00f5es s\u00e3o apresentadas e comentadas pela equipe de Astronomia do museu. As observa\u00e7\u00f5es tamb\u00e9m podem ser feitas a olho nu, de acordo com a programa\u00e7\u00e3o.<\/p>\n<p><strong>Informa\u00e7\u00f5es:<\/strong><\/p>\n<p><i class=\"wp-svg-link link\"><\/i> <span style=\"color: #000000;\"><a style=\"color: #000000;\" href=\"https:\/\/www.ufmg.br\/espacodoconhecimento\/descubra\/terraco-astronomico\/\" target=\"_blank\" rel=\"noopener\">Acesse este link<\/a><\/span><\/p>\n<p>&nbsp;<\/p>\n<h5><strong>Fachada digital<\/strong><\/h5>\n<p>&nbsp;<\/p>\n<div id=\"attachment_2342\" style=\"width: 410px\" class=\"wp-caption alignleft\"><img loading=\"lazy\" decoding=\"async\" aria-describedby=\"caption-attachment-2342\" class=\" wp-image-2342\" src=\"https:\/\/www.ufmg.br\/procult\/wp-content\/uploads\/2024\/09\/espaco-conhecimento-videograma.png\" alt=\"\" width=\"400\" height=\"192\" srcset=\"https:\/\/www.ufmg.br\/procult\/wp-content\/uploads\/2024\/09\/espaco-conhecimento-videograma.png 1909w, https:\/\/www.ufmg.br\/procult\/wp-content\/uploads\/2024\/09\/espaco-conhecimento-videograma-300x144.png 300w, https:\/\/www.ufmg.br\/procult\/wp-content\/uploads\/2024\/09\/espaco-conhecimento-videograma-1024x492.png 1024w, https:\/\/www.ufmg.br\/procult\/wp-content\/uploads\/2024\/09\/espaco-conhecimento-videograma-768x369.png 768w, https:\/\/www.ufmg.br\/procult\/wp-content\/uploads\/2024\/09\/espaco-conhecimento-videograma-1536x738.png 1536w\" sizes=\"auto, (max-width: 400px) 100vw, 400px\" \/><p id=\"caption-attachment-2342\" class=\"wp-caption-text\">Fachada digital. Espa\u00e7o do Conhecimento\/Reprodu\u00e7\u00e3o<\/p><\/div>\n<p>A fachada frontal do pr\u00e9dio do Espa\u00e7o do Conhecimento, denominada Fachada Digital, \u00e9 revestida por um material v\u00edtreo especial, que a transforma em uma grande tela de proje\u00e7\u00e3o, preparada para transportar os conte\u00fados cient\u00edficos e culturais expostos em seu interior para o exterior do Espa\u00e7o, por meio de imagens, filmes e atividades interativas.<\/p>\n<p>&nbsp;<\/p>\n<h4><span style=\"color: #00ccff;\">Agendamento de visitas<\/span><\/h4>\n<p>&nbsp;<\/p>\n<p>Al\u00e9m da visita\u00e7\u00e3o espont\u00e2nea, que pode ser feita individualmente ou em grupos, o Espa\u00e7o do Conhecimento UFMG oferece visitas mediadas para escolas p\u00fablicas e privadas, ONGs, funda\u00e7\u00f5es e outras institui\u00e7\u00f5es.<\/p>\n<p>Os grupos podem ter acesso \u00e0 exposi\u00e7\u00e3o demasiado humano, \u00e0s exposi\u00e7\u00f5es tempor\u00e1rias e sess\u00f5es no Planet\u00e1rio.<\/p>\n<p>Informa\u00e7\u00f5es:<\/p>\n<p><i class=\"wp-svg-link link\"><\/i> <span style=\"color: #000000;\"><a style=\"color: #000000;\" href=\"https:\/\/www.ufmg.br\/espacodoconhecimento\/explore\/agendamento-de-visitas\/\" target=\"_blank\" rel=\"noopener\">Acesse este link<\/a><\/span><\/p>\n<p>&nbsp;<\/p>\n<h4><span style=\"color: #00ccff;\">Conhe\u00e7a<\/span><\/h4>\n<p>&nbsp;<\/p>\n<style>#sp-ea-2345 .spcollapsing { height: 0; overflow: hidden; transition-property: height;transition-duration: 500ms;}#sp-ea-2345.sp-easy-accordion>.sp-ea-single {margin-bottom: 10px; border: 1px solid #e2e2e2; }#sp-ea-2345.sp-easy-accordion>.sp-ea-single>.ea-header a {color: #444;}#sp-ea-2345.sp-easy-accordion>.sp-ea-single>.sp-collapse>.ea-body {background: #fff; color: #444;}#sp-ea-2345.sp-easy-accordion>.sp-ea-single {background: #eee;}#sp-ea-2345.sp-easy-accordion>.sp-ea-single>.ea-header a .ea-expand-icon { float: left; color: #444;font-size: 16px;}<\/style><div id=\"sp_easy_accordion-1777574303\">\n<div id=\"sp-ea-2345\" class=\"sp-ea-one sp-easy-accordion\" data-ea-active=\"ea-click\" data-ea-mode=\"vertical\" data-preloader=\"\" data-scroll-active-item=\"\" data-offset-to-scroll=\"0\">\n\n<!-- Start accordion card div. -->\n<div class=\"ea-card  sp-ea-single\">\n\t<!-- Start accordion header. -->\n\t<h3 class=\"ea-header\">\n\t\t<!-- Add anchor tag for header. -->\n\t\t<a class=\"collapsed\" id=\"ea-header-23450\" role=\"button\" data-sptoggle=\"spcollapse\" data-sptarget=\"#collapse23450\" aria-controls=\"collapse23450\" href=\"#\"  aria-expanded=\"false\" tabindex=\"0\">\n\t\t<i aria-hidden=\"true\" role=\"presentation\" class=\"ea-expand-icon eap-icon-ea-expand-plus\"><\/i> Hist\u00f3ria\t\t<\/a> <!-- Close anchor tag for header. -->\n\t<\/h3>\t<!-- Close header tag. -->\n\t<!-- Start collapsible content div. -->\n\t<div class=\"sp-collapse spcollapse spcollapse\" id=\"collapse23450\" data-parent=\"#sp-ea-2345\" role=\"region\" aria-labelledby=\"ea-header-23450\">  <!-- Content div. -->\n\t\t<div class=\"ea-body\">\n\t\t<p>Inaugurado em 21 de mar\u00e7o de 2010, o Espa\u00e7o do Conhecimento UFMG \u00e9 fruto de uma parceria entre o governo do Estado de Minas Gerais e a UFMG. Desde 2017, recebe o patroc\u00ednio do Instituto Unimed-BH e da Cemig, atrav\u00e9s da Lei Federal de Incentivo \u00e0 Cultura.<\/p>\n\t\t<\/div> <!-- Close content div. -->\n\t<\/div> <!-- Close collapse div. -->\n<\/div> <!-- Close card div. -->\n<!-- Start accordion card div. -->\n<div class=\"ea-card  sp-ea-single\">\n\t<!-- Start accordion header. -->\n\t<h3 class=\"ea-header\">\n\t\t<!-- Add anchor tag for header. -->\n\t\t<a class=\"collapsed\" id=\"ea-header-23451\" role=\"button\" data-sptoggle=\"spcollapse\" data-sptarget=\"#collapse23451\" aria-controls=\"collapse23451\" href=\"#\"  aria-expanded=\"false\" tabindex=\"0\">\n\t\t<i aria-hidden=\"true\" role=\"presentation\" class=\"ea-expand-icon eap-icon-ea-expand-plus\"><\/i> Perguntas frequentes\t\t<\/a> <!-- Close anchor tag for header. -->\n\t<\/h3>\t<!-- Close header tag. -->\n\t<!-- Start collapsible content div. -->\n\t<div class=\"sp-collapse spcollapse spcollapse\" id=\"collapse23451\" data-parent=\"#sp-ea-2345\" role=\"region\" aria-labelledby=\"ea-header-23451\">  <!-- Content div. -->\n\t\t<div class=\"ea-body\">\n\t\t<p>[Aguarde!]<\/p>\n\t\t<\/div> <!-- Close content div. -->\n\t<\/div> <!-- Close collapse div. -->\n<\/div> <!-- Close card div. -->\n<!-- Start accordion card div. -->\n<div class=\"ea-card  sp-ea-single\">\n\t<!-- Start accordion header. -->\n\t<h3 class=\"ea-header\">\n\t\t<!-- Add anchor tag for header. -->\n\t\t<a class=\"collapsed\" id=\"ea-header-23452\" role=\"button\" data-sptoggle=\"spcollapse\" data-sptarget=\"#collapse23452\" aria-controls=\"collapse23452\" href=\"#\"  aria-expanded=\"false\" tabindex=\"0\">\n\t\t<i aria-hidden=\"true\" role=\"presentation\" class=\"ea-expand-icon eap-icon-ea-expand-plus\"><\/i> Equipe\t\t<\/a> <!-- Close anchor tag for header. -->\n\t<\/h3>\t<!-- Close header tag. -->\n\t<!-- Start collapsible content div. -->\n\t<div class=\"sp-collapse spcollapse spcollapse\" id=\"collapse23452\" data-parent=\"#sp-ea-2345\" role=\"region\" aria-labelledby=\"ea-header-23452\">  <!-- Content div. -->\n\t\t<div class=\"ea-body\">\n\t\t<p><span style=\"color: #00ccff\"><a style=\"color: #00ccff\" href=\"https:\/\/www.ufmg.br\/espacodoconhecimento\/descubra\/equipe\/\" target=\"_blank\" rel=\"noopener\">Acesse neste link informa\u00e7\u00f5es sobre a equipe<\/a><\/span><\/p>\n\t\t<\/div> <!-- Close content div. -->\n\t<\/div> <!-- Close collapse div. -->\n<\/div> <!-- Close card div. -->\n<\/div>\n<\/div>\n\n<p>&nbsp;<\/p>\n<h4><span style=\"color: #00ccff;\">Contato<\/span><\/h4>\n<p>&nbsp;<\/p>\n<p><strong>Endere\u00e7o<\/strong><\/p>\n<p>Pra\u00e7a da Liberdade, s\/n &#8211; Funcion\u00e1rios<br \/>\nBelo Horizonte &#8211; MG &#8211; CEP: 30140-010<\/p>\n<p><i class=\"wp-svg-phone phone\"><\/i> (31) 3409-8350<br \/>\n<i class=\"wp-svg-mail-2 mail-2\"><\/i> secretaria@espacoconhecimento.ufmg.br<\/p>\n<p><span style=\"color: #333333;\"><strong>Hor\u00e1rio de visita\u00e7\u00e3o<\/strong><\/span><\/p>\n<p>Ter\u00e7a a sexta: 10h \u00e0s 17h<br \/>\nS\u00e1bado: 10h \u00e0s 21h<br \/>\nDomingo: 10h \u00e0s 17h<\/p>\n<p><strong>Como chegar<\/strong><\/p>\n<p><a href=\"https:\/\/www.google.com.br\/maps\/dir\/\/Espa%C3%A7o+do+Conhecimento+UFMG+-+Pra%C3%A7a+da+Liberdade+-+Funcion%C3%A1rios,+Belo+Horizonte+-+MG\/@-19.9318701,-43.98012,13z\/data=!4m9!4m8!1m0!1m5!1m1!1s0xa699dc2a30fd55:0xf458840f17330880!2m2!1d-43.9389204!2d-19.9319555!3e0?entry=ttu\" target=\"_blank\" rel=\"noopener\">Consulte rotas e meios de transporte<\/a><\/p>\n<p><span style=\"color: #333333;\"><strong>Plataformas digitais<\/strong><\/span><\/p>\n<p><i class=\"wp-svg-globe globe\"><\/i>\u00a0 \u00a0 <span style=\"color: #000000;\"><a style=\"color: #000000;\" href=\"https:\/\/www.ufmg.br\/espacodoconhecimento\/\" target=\"_blank\" rel=\"noopener\">ufmg.br\/espacodoconhecimento<\/a><\/span><br \/>\n<i class=\"wp-svg-facebook facebook\"><\/i>\u00a0 \u00a0 <span style=\"color: #000000;\"><a style=\"color: #000000;\" href=\"https:\/\/www.facebook.com\/espacodoconhecimentoufmg\" target=\"_blank\" rel=\"noopener\">www.facebook.com\/espacodoconhecimentoufmg<\/a><\/span><br \/>\n<i class=\"wp-svg-twitter twitter\"><\/i>\u00a0 \u00a0 <span style=\"color: #000000;\"><a style=\"color: #000000;\" href=\"https:\/\/www.twitter.com\/espacoufmg\" target=\"_blank\" rel=\"noopener\">twitter.com\/espacoufmg<\/a><\/span><br \/>\n<i class=\"wp-svg-instagram instagram\"><\/i>\u00a0 \u00a0 <span style=\"color: #000000;\"><a style=\"color: #000000;\" href=\"https:\/\/www.instagram.com\/espacoufmg\/\" target=\"_blank\" rel=\"noopener\">www.instagram.com\/espacoufmg<\/a><\/span><br \/>\n<i class=\"wp-svg-youtube youtube\"><\/i>\u00a0 \u00a0 <span style=\"color: #000000;\"><a style=\"color: #000000;\" href=\"https:\/\/www.youtube.com\/espacoufmg\" target=\"_blank\" rel=\"noopener\">www.youtube.com\/espacoufmg<\/a><\/span><br \/>\n<img loading=\"lazy\" decoding=\"async\" class=\"size-full wp-image-1994 alignleft\" src=\"https:\/\/www.ufmg.br\/procult\/wp-content\/uploads\/2024\/08\/spotify-round-black-icon.png\" alt=\"\" width=\"16\" height=\"16\" \/> <span style=\"color: #000000;\"><a style=\"color: #000000;\" href=\"https:\/\/open.spotify.com\/user\/espacoufmg\" target=\"_blank\" rel=\"noopener\">open.spotify.com\/user\/espacoufmg<\/a><\/span><\/p>\n<p>&nbsp;<\/p>\n<h4><span style=\"color: #00ccff;\">Imagens do Espa\u00e7o<\/span><\/h4>\n<p>&nbsp;<\/p>\n<p><iframe loading=\"lazy\" title=\"YouTube video player\" src=\"https:\/\/www.youtube.com\/embed\/TzSNjrkXRcs?si=z0n4M2EKVHYNdYna\" width=\"760\" height=\"415\" frameborder=\"0\" allowfullscreen=\"allowfullscreen\"><\/iframe><\/p>\n<p>&nbsp;<\/p>\n\t                <ul class=\"easy-image-gallery thumbnails-4 linked\">\r\n                    <li><a data-fancybox=\"gallery308\" href=\"https:\/\/www.ufmg.br\/procult\/wp-content\/uploads\/2024\/09\/Espaco-Aberto-a-Educadores-Espaco-do-Conhecimento-UFMG-1024x768.jpeg\" class=\"eig-popup\" title=\"Espa\u00e7o aberto a educadores\" data-caption=\"Espa\u00e7o aberto a educadores\" target=\"_blank\"><i class=\"icon-view\"><\/i><span class=\"overlay\"><\/span><img loading=\"lazy\" decoding=\"async\" width=\"150\" height=\"150\" src=\"https:\/\/www.ufmg.br\/procult\/wp-content\/uploads\/2024\/09\/Espaco-Aberto-a-Educadores-Espaco-do-Conhecimento-UFMG-150x150.jpeg\" class=\"attachment-thumbnail size-thumbnail\" alt=\"\" srcset=\"https:\/\/www.ufmg.br\/procult\/wp-content\/uploads\/2024\/09\/Espaco-Aberto-a-Educadores-Espaco-do-Conhecimento-UFMG-150x150.jpeg 150w, https:\/\/www.ufmg.br\/procult\/wp-content\/uploads\/2024\/09\/Espaco-Aberto-a-Educadores-Espaco-do-Conhecimento-UFMG-340x340.jpeg 340w\" sizes=\"auto, (max-width: 150px) 100vw, 150px\" \/><\/a><\/li><li><a data-fancybox=\"gallery308\" href=\"https:\/\/www.ufmg.br\/procult\/wp-content\/uploads\/2024\/09\/espaco-conhecimento-piso-foto-lucas-braga-ufmg.jpg\" class=\"eig-popup\" title=\"Piso do Espa\u00e7o do Conhecimento. Foto: Lucas Braga\/UFMG\" data-caption=\"Piso do Espa\u00e7o do Conhecimento. Foto: Lucas Braga\/UFMG\" target=\"_blank\"><i class=\"icon-view\"><\/i><span class=\"overlay\"><\/span><img loading=\"lazy\" decoding=\"async\" width=\"150\" height=\"150\" src=\"https:\/\/www.ufmg.br\/procult\/wp-content\/uploads\/2024\/09\/espaco-conhecimento-piso-foto-lucas-braga-ufmg-150x150.jpg\" class=\"attachment-thumbnail size-thumbnail\" alt=\"\" srcset=\"https:\/\/www.ufmg.br\/procult\/wp-content\/uploads\/2024\/09\/espaco-conhecimento-piso-foto-lucas-braga-ufmg-150x150.jpg 150w, https:\/\/www.ufmg.br\/procult\/wp-content\/uploads\/2024\/09\/espaco-conhecimento-piso-foto-lucas-braga-ufmg-340x340.jpg 340w\" sizes=\"auto, (max-width: 150px) 100vw, 150px\" \/><\/a><\/li><li><a data-fancybox=\"gallery308\" href=\"https:\/\/www.ufmg.br\/procult\/wp-content\/uploads\/2024\/09\/espaco-conhecimento-visita-mediada-3-foto-lucas-braga-ufmg.jpg\" class=\"eig-popup\" title=\"Visita mediada. Foto: Lucas Braga\/UFMG\" data-caption=\"Visita mediada. Foto: Lucas Braga\/UFMG\" target=\"_blank\"><i class=\"icon-view\"><\/i><span class=\"overlay\"><\/span><img loading=\"lazy\" decoding=\"async\" width=\"150\" height=\"150\" src=\"https:\/\/www.ufmg.br\/procult\/wp-content\/uploads\/2024\/09\/espaco-conhecimento-visita-mediada-3-foto-lucas-braga-ufmg-150x150.jpg\" class=\"attachment-thumbnail size-thumbnail\" alt=\"\" srcset=\"https:\/\/www.ufmg.br\/procult\/wp-content\/uploads\/2024\/09\/espaco-conhecimento-visita-mediada-3-foto-lucas-braga-ufmg-150x150.jpg 150w, https:\/\/www.ufmg.br\/procult\/wp-content\/uploads\/2024\/09\/espaco-conhecimento-visita-mediada-3-foto-lucas-braga-ufmg-340x340.jpg 340w\" sizes=\"auto, (max-width: 150px) 100vw, 150px\" \/><\/a><\/li><li><a data-fancybox=\"gallery308\" href=\"https:\/\/www.ufmg.br\/procult\/wp-content\/uploads\/2024\/09\/espaco-conhecimento-visita-mediada-foto-lucas-braga-ufmg.jpg\" class=\"eig-popup\" title=\"Visita mediada. Foto: Lucas Braga\/UFMG\" data-caption=\"Visita mediada. Foto: Lucas Braga\/UFMG\" target=\"_blank\"><i class=\"icon-view\"><\/i><span class=\"overlay\"><\/span><img loading=\"lazy\" decoding=\"async\" width=\"150\" height=\"150\" src=\"https:\/\/www.ufmg.br\/procult\/wp-content\/uploads\/2024\/09\/espaco-conhecimento-visita-mediada-foto-lucas-braga-ufmg-150x150.jpg\" class=\"attachment-thumbnail size-thumbnail\" alt=\"\" srcset=\"https:\/\/www.ufmg.br\/procult\/wp-content\/uploads\/2024\/09\/espaco-conhecimento-visita-mediada-foto-lucas-braga-ufmg-150x150.jpg 150w, https:\/\/www.ufmg.br\/procult\/wp-content\/uploads\/2024\/09\/espaco-conhecimento-visita-mediada-foto-lucas-braga-ufmg-340x340.jpg 340w\" sizes=\"auto, (max-width: 150px) 100vw, 150px\" \/><\/a><\/li><\/ul>\n<p>&nbsp;<\/p>\n","protected":false},"excerpt":{"rendered":"<p>&nbsp; O Espa\u00e7o do Conhecimento UFMG \u00e9 um espa\u00e7o cultural [&hellip;]<\/p>\n","protected":false},"author":1,"featured_media":0,"parent":502,"menu_order":0,"comment_status":"closed","ping_status":"closed","template":"","meta":{"_acf_changed":false,"footnotes":""},"tags":[76,59,33],"class_list":["post-518","page","type-page","status-publish","hentry","tag-espaco-do-conhecimento-ufmg","tag-espacos-de-cultura","tag-pro-reitoria-de-cultura"],"acf":[],"_links":{"self":[{"href":"https:\/\/www.ufmg.br\/procult\/wp-json\/wp\/v2\/pages\/518","targetHints":{"allow":["GET"]}}],"collection":[{"href":"https:\/\/www.ufmg.br\/procult\/wp-json\/wp\/v2\/pages"}],"about":[{"href":"https:\/\/www.ufmg.br\/procult\/wp-json\/wp\/v2\/types\/page"}],"author":[{"embeddable":true,"href":"https:\/\/www.ufmg.br\/procult\/wp-json\/wp\/v2\/users\/1"}],"replies":[{"embeddable":true,"href":"https:\/\/www.ufmg.br\/procult\/wp-json\/wp\/v2\/comments?post=518"}],"version-history":[{"count":32,"href":"https:\/\/www.ufmg.br\/procult\/wp-json\/wp\/v2\/pages\/518\/revisions"}],"predecessor-version":[{"id":2332,"href":"https:\/\/www.ufmg.br\/procult\/wp-json\/wp\/v2\/pages\/518\/revisions\/2332"}],"up":[{"embeddable":true,"href":"https:\/\/www.ufmg.br\/procult\/wp-json\/wp\/v2\/pages\/502"}],"wp:attachment":[{"href":"https:\/\/www.ufmg.br\/procult\/wp-json\/wp\/v2\/media?parent=518"}],"wp:term":[{"taxonomy":"post_tag","embeddable":true,"href":"https:\/\/www.ufmg.br\/procult\/wp-json\/wp\/v2\/tags?post=518"}],"curies":[{"name":"wp","href":"https:\/\/api.w.org\/{rel}","templated":true}]}}