{"id":13729,"date":"2024-09-19T17:12:32","date_gmt":"2024-09-19T20:12:32","guid":{"rendered":"https:\/\/www.ufmg.br\/proex\/?page_id=13729"},"modified":"2024-09-19T17:12:37","modified_gmt":"2024-09-19T20:12:37","slug":"projeto-historias-impossiveis","status":"publish","type":"page","link":"https:\/\/www.ufmg.br\/proex\/projeto-historias-impossiveis\/","title":{"rendered":"Projeto Hist\u00f3rias Imposs\u00edveis"},"content":{"rendered":"<p>O projeto <em>Hist\u00f3rias imposs\u00edveis: um podcast sobre antropologia e arqueologia<\/em> est\u00e1 com inscri\u00e7\u00f5es abertas para bolsistas dos cursos de gradua\u00e7\u00e3o e p\u00f3s-gradua\u00e7\u00e3o.<\/p>\n<p>As inscri\u00e7\u00f5es est\u00e3o abertas at\u00e9<strong> 24 de setembro de 2024.<\/strong><\/p>\n<p>\u00c9 disponibilizada uma vaga (bolsa PBEXT A\u00e7\u00e3o Afirmativa) para estudantes de gradua\u00e7\u00e3o preferencialmente dos cursos de Arqueologia, Antropologia, ou Jornalismo; uma vaga (bolsa FORMEX-PG) para estudantes de p\u00f3s-gradua\u00e7\u00e3o do Programa de P\u00f3s-Gradua\u00e7\u00e3o em Antropologia (PPGAN) e quatro vagas volunt\u00e1rias para estudantes dos dois n\u00edveis.<\/p>\n<p>As inscri\u00e7\u00f5es s\u00e3o realizadas exclusivamente por meio do e-mail <a href=\"mailto:nanacabral75@gmail.com\" target=\"_blank\" rel=\"noopener\">nanacabral75@gmail.com<\/a>.<\/p>\n<p>Os documentos necess\u00e1rios e demais orienta\u00e7\u00f5es est\u00e3o no <a href=\"https:\/\/www.ufmg.br\/proex\/wp-content\/uploads\/2024\/09\/Edital-para-Selecao-de-Bolsista_FORMEX2024_HistoriasImpossiveis_assinado.pdf\" target=\"_blank\" rel=\"noopener\">edital de sele\u00e7\u00e3o<\/a>.<\/p>\n<p>O projeto \u00e9 coordenado pela professora Mariana Petry Cabral. Para saber mais sobre a iniciativa, acesse este <a href=\"https:\/\/sistemas.ufmg.br\/siex\/VerIdentificacao.do?id=100388&amp;tipo=Projeto\" target=\"_blank\" rel=\"noopener\">link<\/a>.<\/p>\n<p>&nbsp;<\/p>\n<p>&nbsp;<\/p>\n","protected":false},"excerpt":{"rendered":"<p>O projeto Hist\u00f3rias imposs\u00edveis: um podcast sobre antropologia e arqueologia [&hellip;]<\/p>\n","protected":false},"author":2,"featured_media":0,"parent":0,"menu_order":0,"comment_status":"closed","ping_status":"closed","template":"","meta":[],"tags":[191,23,25,29],"_links":{"self":[{"href":"https:\/\/www.ufmg.br\/proex\/wp-json\/wp\/v2\/pages\/13729"}],"collection":[{"href":"https:\/\/www.ufmg.br\/proex\/wp-json\/wp\/v2\/pages"}],"about":[{"href":"https:\/\/www.ufmg.br\/proex\/wp-json\/wp\/v2\/types\/page"}],"author":[{"embeddable":true,"href":"https:\/\/www.ufmg.br\/proex\/wp-json\/wp\/v2\/users\/2"}],"replies":[{"embeddable":true,"href":"https:\/\/www.ufmg.br\/proex\/wp-json\/wp\/v2\/comments?post=13729"}],"version-history":[{"count":7,"href":"https:\/\/www.ufmg.br\/proex\/wp-json\/wp\/v2\/pages\/13729\/revisions"}],"predecessor-version":[{"id":13737,"href":"https:\/\/www.ufmg.br\/proex\/wp-json\/wp\/v2\/pages\/13729\/revisions\/13737"}],"wp:attachment":[{"href":"https:\/\/www.ufmg.br\/proex\/wp-json\/wp\/v2\/media?parent=13729"}],"wp:term":[{"taxonomy":"post_tag","embeddable":true,"href":"https:\/\/www.ufmg.br\/proex\/wp-json\/wp\/v2\/tags?post=13729"}],"curies":[{"name":"wp","href":"https:\/\/api.w.org\/{rel}","templated":true}]}}