{"id":15329,"date":"2025-05-12T15:34:12","date_gmt":"2025-05-12T18:34:12","guid":{"rendered":"https:\/\/www.ufmg.br\/proex\/?page_id=15329"},"modified":"2025-11-12T15:51:10","modified_gmt":"2025-11-12T18:51:10","slug":"congresso-de-extensao-augm-2025","status":"publish","type":"page","link":"https:\/\/www.ufmg.br\/proex\/congresso-de-extensao-augm-2025\/","title":{"rendered":"Congresso de Extens\u00e3o AUGM 2025"},"content":{"rendered":"<h4><em>Evento ser\u00e1 realizado no <strong>campus Pampulha da UFMG em<\/strong><strong> Belo Horizonte\u00a0<\/strong><\/em><\/h4>\n<p>&nbsp;<\/p>\n<div id=\"attachment_15038\" style=\"width: 760px\" class=\"wp-caption alignnone\"><img aria-describedby=\"caption-attachment-15038\" loading=\"lazy\" class=\"wp-image-15038\" src=\"https:\/\/www.ufmg.br\/proex\/wp-content\/uploads\/2025\/04\/VII-Congresso-de-Extensao-da-Associacao-das-Universidades-do-Grupo-Montevideu-AUGM-300x200.jpg\" alt=\"\u00daltima edi\u00e7\u00e3o do evento, em 2024, na Universidade Nacional de Mar del Plata (UNMdP), na Argentina | Foto: Divulga\u00e7\u00e3o Congresso AUGM 2024\" width=\"750\" height=\"500\" srcset=\"https:\/\/www.ufmg.br\/proex\/wp-content\/uploads\/2025\/04\/VII-Congresso-de-Extensao-da-Associacao-das-Universidades-do-Grupo-Montevideu-AUGM-300x200.jpg 300w, https:\/\/www.ufmg.br\/proex\/wp-content\/uploads\/2025\/04\/VII-Congresso-de-Extensao-da-Associacao-das-Universidades-do-Grupo-Montevideu-AUGM-1024x683.jpg 1024w, https:\/\/www.ufmg.br\/proex\/wp-content\/uploads\/2025\/04\/VII-Congresso-de-Extensao-da-Associacao-das-Universidades-do-Grupo-Montevideu-AUGM-768x512.jpg 768w, https:\/\/www.ufmg.br\/proex\/wp-content\/uploads\/2025\/04\/VII-Congresso-de-Extensao-da-Associacao-das-Universidades-do-Grupo-Montevideu-AUGM.jpg 1080w\" sizes=\"(max-width: 750px) 100vw, 750px\" \/><p id=\"caption-attachment-15038\" class=\"wp-caption-text\">\u00daltima edi\u00e7\u00e3o do evento, em 2024, na Universidade Nacional de Mar del Plata (UNMdP), na Argentina | Foto: Divulga\u00e7\u00e3o AUGM<\/p><\/div>\n<p data-pm-slice=\"1 1 []\">Vem a\u00ed o <a href=\"https:\/\/www.ufmg.br\/augm2025\/extensao\" target=\"_blank\" rel=\"noopener\">8\u00ba Congresso de Extens\u00e3o da Associa\u00e7\u00e3o de Universidades do Grupo Montevid\u00e9u (AUGM)<\/a>.<\/p>\n<p data-pm-slice=\"1 1 []\">O evento ser\u00e1 realizado no <strong>campus Pampulha da UFMG, em Belo Horizonte (MG)<\/strong>, de <strong>26 a 28 de novembro de 2025<\/strong>, em formato h\u00edbrido.<\/p>\n<p data-pm-slice=\"1 1 []\">Os trabalhos ser\u00e3o apresentados em rodas de conversa, que contemplar\u00e3o os seguintes eixos tem\u00e1ticos:<\/p>\n<ul>\n<li data-pm-slice=\"1 1 []\">Institucionaliza\u00e7\u00e3o da Extens\u00e3o Universit\u00e1ria;<\/li>\n<li data-pm-slice=\"1 1 []\">Produ\u00e7\u00e3o Art\u00edstica e Cultural;<\/li>\n<li data-pm-slice=\"1 1 []\">Desenvolvimento Sustent\u00e1vel, Estado e Sociedade;<\/li>\n<li data-pm-slice=\"1 1 []\">Forma\u00e7\u00e3o de Cidadania, Direitos Humanos e Inclus\u00e3o; e<\/li>\n<li data-pm-slice=\"1 1 []\">Comunica\u00e7\u00e3o e Redes.<\/li>\n<\/ul>\n<p data-pm-slice=\"1 1 []\"><span class=\"OYPEnA font-feature-liga-off font-feature-clig-off font-feature-calt-off text-decoration-none text-strikethrough-none\">As inscri\u00e7\u00f5es de resumos se encerraram<\/span><span class=\"OYPEnA font-feature-liga-off font-feature-clig-off font-feature-calt-off text-decoration-none text-strikethrough-none\"> em<\/span><span class=\"OYPEnA font-feature-liga-off font-feature-clig-off font-feature-calt-off text-decoration-none text-strikethrough-none\">\u00a015 de agosto.<\/span><\/p>\n<p data-pm-slice=\"1 1 []\"><a href=\"https:\/\/www.ufmg.br\/augm2025\/extensao\/wp-content\/uploads\/2025\/10\/3a-circular-08-10.pdf\" target=\"_blank\" rel=\"noopener\">Terceira circular do evento (10 de outubro de 2025)<\/a><\/p>\n<p data-pm-slice=\"1 1 []\"><a href=\"https:\/\/www.ufmg.br\/proex\/wp-content\/uploads\/2025\/05\/2a-circular-congresso-augm-ufmg-09-05-2025.pdf\" target=\"_blank\" rel=\"noopener\">Segunda circular do evento (9 de maio de 2025)<\/a><\/p>\n<p data-pm-slice=\"1 1 []\"><a href=\"https:\/\/www.ufmg.br\/proex\/jornadadeextensaoufmg\/wp-content\/uploads\/2025\/04\/1a-circular-final.pdf\" target=\"_blank\" rel=\"noopener\">Primeira circular do evento (31 de mar\u00e7o de 2025)<\/a><\/p>\n<p data-pm-slice=\"1 1 []\">Al\u00e9m de apresenta\u00e7\u00f5es de trabalhos<em>, <\/em>o 8\u00ba Congresso de Extens\u00e3o da AUGM tamb\u00e9m vai contar com mesas-redondas, palestras, apresenta\u00e7\u00f5es de arte e cultura e outras atividades gratuitas e abertas ao p\u00fablico em geral.<\/p>\n<p data-pm-slice=\"1 1 []\">Tema do evento: <strong>Redes para a internacionaliza\u00e7\u00e3o da extens\u00e3o universit\u00e1ria<\/strong><\/p>\n<p data-pm-slice=\"1 1 []\">A programa\u00e7\u00e3o\u00a0reunir\u00e1 estudantes, docentes e pesquisadores de institui\u00e7\u00f5es p\u00fablicas de ensino superior da Am\u00e9rica do Sul, al\u00e9m de representantes da sociedade.<\/p>\n<p data-pm-slice=\"1 1 []\">O objetivo \u00e9 discutir a extens\u00e3o no contexto internacional e aprofundar o debate sobre o papel das universidades na constru\u00e7\u00e3o das pol\u00edticas p\u00fablicas, na forma\u00e7\u00e3o de professores e na comunica\u00e7\u00e3o de saberes, com foco na transforma\u00e7\u00e3o social, democracia, direitos humanos e desenvolvimento sustent\u00e1vel.<\/p>\n<p data-pm-slice=\"1 1 []\">Mais informa\u00e7\u00f5es est\u00e3o no <a href=\"https:\/\/www.ufmg.br\/augm2025\/extensao\/\" target=\"_blank\" rel=\"noopener\">site oficial<\/a> e <a href=\"https:\/\/www.instagram.com\/extensaoufmg\/\" target=\"_blank\" rel=\"noopener\">Instagram<\/a> da Pr\u00f3-reitoria de Extens\u00e3o da UFMG.<\/p>\n<p>D\u00favidas podem ser esclarecidas pelo e-mail <a href=\"mailto:augm2025@ufmg.br\" target=\"_blank\" rel=\"noopener\">augm2025@ufmg.br <\/a>ou telefone (31) 3409-3215.<\/p>\n","protected":false},"excerpt":{"rendered":"<p>Evento ser\u00e1 realizado no campus Pampulha da UFMG em Belo [&hellip;]<\/p>\n","protected":false},"author":2,"featured_media":0,"parent":0,"menu_order":0,"comment_status":"closed","ping_status":"closed","template":"","meta":[],"tags":[875,23,25,29],"_links":{"self":[{"href":"https:\/\/www.ufmg.br\/proex\/wp-json\/wp\/v2\/pages\/15329"}],"collection":[{"href":"https:\/\/www.ufmg.br\/proex\/wp-json\/wp\/v2\/pages"}],"about":[{"href":"https:\/\/www.ufmg.br\/proex\/wp-json\/wp\/v2\/types\/page"}],"author":[{"embeddable":true,"href":"https:\/\/www.ufmg.br\/proex\/wp-json\/wp\/v2\/users\/2"}],"replies":[{"embeddable":true,"href":"https:\/\/www.ufmg.br\/proex\/wp-json\/wp\/v2\/comments?post=15329"}],"version-history":[{"count":30,"href":"https:\/\/www.ufmg.br\/proex\/wp-json\/wp\/v2\/pages\/15329\/revisions"}],"predecessor-version":[{"id":16764,"href":"https:\/\/www.ufmg.br\/proex\/wp-json\/wp\/v2\/pages\/15329\/revisions\/16764"}],"wp:attachment":[{"href":"https:\/\/www.ufmg.br\/proex\/wp-json\/wp\/v2\/media?parent=15329"}],"wp:term":[{"taxonomy":"post_tag","embeddable":true,"href":"https:\/\/www.ufmg.br\/proex\/wp-json\/wp\/v2\/tags?post=15329"}],"curies":[{"name":"wp","href":"https:\/\/api.w.org\/{rel}","templated":true}]}}