{"id":396,"date":"2021-07-29T23:37:00","date_gmt":"2021-07-30T02:37:00","guid":{"rendered":"https:\/\/www.ufmg.br\/proex\/?page_id=396"},"modified":"2025-08-28T16:16:31","modified_gmt":"2025-08-28T19:16:31","slug":"universidade-dos-direitos-humanos","status":"publish","type":"page","link":"https:\/\/www.ufmg.br\/proex\/diretorias\/universidade-dos-direitos-humanos\/","title":{"rendered":"Universidade dos Direitos Humanos"},"content":{"rendered":"<p><span style=\"font-weight: 400;\">A Universidade dos Direitos Humanos \u00e9 uma diretoria da Pr\u00f3-reitoria de Extens\u00e3o da UFMG que tem por objetivo contribuir com a promo\u00e7\u00e3o e defesa da agenda dos direitos humanos, por meio da articula\u00e7\u00e3o e parceria com distintos \u00f3rg\u00e3os, coletivos e institui\u00e7\u00f5es, dentro e fora da comunidade acad\u00eamica. Tendo em vista o prop\u00f3sito de potencializar as a\u00e7\u00f5es da UFMG neste campo, a UDH estabelece como eixos de atua\u00e7\u00e3o:<\/span><\/p>\n<p><span style=\"font-weight: 400;\">1- Direitos humanos e educa\u00e7\u00e3o;<br \/>\n<\/span><span style=\"font-weight: 400;\">2- Direitos humanos, comunica\u00e7\u00e3o e informa\u00e7\u00e3o;<br \/>\n3- Direitos humanos e diversidade.<\/span><\/p>\n<p><span style=\"font-weight: 400;\">Dentre as principais atividades desenvolvidas pela UDH destacamos:\u00a0<\/span><\/p>\n<ol>\n<li style=\"font-weight: 400;\" aria-level=\"1\"><b>Centro de Refer\u00eancia e Informa\u00e7\u00e3o em Direitos Humanos<\/b><span style=\"font-weight: 400;\">: <\/span><span style=\"font-weight: 400;\">O CRIDH est\u00e1 em fase de constru\u00e7\u00e3o e ser\u00e1 um centro de refer\u00eancia e informa\u00e7\u00e3o especializado em direitos humanos dedicado a apoiar as a\u00e7\u00f5es extensionistas, a produ\u00e7\u00e3o de conhecimento qualificado, a forma\u00e7\u00e3o acad\u00eamica transversal e pluriepist\u00eamica e a sensibiliza\u00e7\u00e3o para prote\u00e7\u00e3o destes direitos no \u00e2mbito da UFMG e em di\u00e1logo e colabora\u00e7\u00e3o com a sociedade. O projeto conta com a parceria do Sistema de bibliotecas da UFMG.\u00a0<\/span><\/li>\n<li style=\"font-weight: 400;\" aria-level=\"1\"><b>Redes interdisciplinares<\/b><span style=\"font-weight: 400;\">: <\/span><span style=\"font-weight: 400;\">As redes s\u00e3o espa\u00e7os horizontais e interdisciplinares que congregam diferentes grupos de pesquisa, laborat\u00f3rios, institui\u00e7\u00f5es e coletivos que pautam o debate sobre direitos humanos em sua transversalidade. O trabalho em rede visa, portanto, a promo\u00e7\u00e3o de uma agenda coletiva de a\u00e7\u00f5es e atividades. A UDH \u00e9, dessa forma, o setor da PROEX respons\u00e1vel pela anima\u00e7\u00e3o e articula\u00e7\u00e3o das Redes. Atualmente existem as Redes: Rede de Direitos Humanos, Rede de Sa\u00fade Mental, Rede Cidades, Rede Cursinhos Populares e Comunit\u00e1rios, Rede Juventude, Rede Sa\u00fade &#8211; Educa\u00e7\u00e3o B\u00e1sica e Programa Participa UFMG Mariana-Rio Doce. Dentre os eventos desenvolvidos pelas redes destacamos: Semana de Sa\u00fade Mental e Inclus\u00e3o Social da UFMG, <a href=\"https:\/\/www.ufmg.br\/proex\/jornadadh\/\">Jornada de Direitos Humanos da UFMG<\/a> e Ciclo de Debates Pr\u00e9-jornada de Direitos Humanos da UFMG.<\/span><span style=\"font-weight: 400;\">\u00a0<\/span><\/li>\n<\/ol>\n<p><b>Equipe<br \/>\n<\/b>Maria Guiomar da Cunha Frota <span style=\"font-weight: 400;\">\u2013 diretora<br \/>\n<\/span><b> <\/b>Ada Lopes<br \/>\nRaquel Serafim<\/p>\n<p><b>Endere\u00e7o<br \/>\n<\/b><span style=\"font-weight: 400;\">Reitoria \u2013 6\u00ba andar, sala 6007<\/span><\/p>\n<p><b>Contato<\/b><span style=\"font-weight: 400;\">:<br \/>\n<\/span><span style=\"font-weight: 400;\">E-mail: <\/span><a href=\"mailto:udh@proex.ufmg.br\" target=\"_blank\" rel=\"noopener\"><span style=\"font-weight: 400;\">udh@proex.ufmg.br<\/span><\/a><br \/>\n<span style=\"font-weight: 400;\">Telefone: (31) 3409-4065<\/span><\/p>\n<p>&nbsp;<\/p>\n<article id=\"conteudo\" class=\"article\">\n<div class=\"widget widget--small widget--text\">\n<footer>\n<div><\/div>\n<\/footer>\n<\/div>\n<\/article>\n<p>&nbsp;<\/p>\n<p>&nbsp;<\/p>\n","protected":false},"excerpt":{"rendered":"<p>A Universidade dos Direitos Humanos \u00e9 uma diretoria da Pr\u00f3-reitoria [&hellip;]<\/p>\n","protected":false},"author":2,"featured_media":0,"parent":367,"menu_order":0,"comment_status":"closed","ping_status":"closed","template":"","meta":[],"tags":[23,365],"_links":{"self":[{"href":"https:\/\/www.ufmg.br\/proex\/wp-json\/wp\/v2\/pages\/396"}],"collection":[{"href":"https:\/\/www.ufmg.br\/proex\/wp-json\/wp\/v2\/pages"}],"about":[{"href":"https:\/\/www.ufmg.br\/proex\/wp-json\/wp\/v2\/types\/page"}],"author":[{"embeddable":true,"href":"https:\/\/www.ufmg.br\/proex\/wp-json\/wp\/v2\/users\/2"}],"replies":[{"embeddable":true,"href":"https:\/\/www.ufmg.br\/proex\/wp-json\/wp\/v2\/comments?post=396"}],"version-history":[{"count":38,"href":"https:\/\/www.ufmg.br\/proex\/wp-json\/wp\/v2\/pages\/396\/revisions"}],"predecessor-version":[{"id":16348,"href":"https:\/\/www.ufmg.br\/proex\/wp-json\/wp\/v2\/pages\/396\/revisions\/16348"}],"up":[{"embeddable":true,"href":"https:\/\/www.ufmg.br\/proex\/wp-json\/wp\/v2\/pages\/367"}],"wp:attachment":[{"href":"https:\/\/www.ufmg.br\/proex\/wp-json\/wp\/v2\/media?parent=396"}],"wp:term":[{"taxonomy":"post_tag","embeddable":true,"href":"https:\/\/www.ufmg.br\/proex\/wp-json\/wp\/v2\/tags?post=396"}],"curies":[{"name":"wp","href":"https:\/\/api.w.org\/{rel}","templated":true}]}}