{"id":4933,"date":"2022-04-25T16:34:24","date_gmt":"2022-04-25T19:34:24","guid":{"rendered":"https:\/\/www.ufmg.br\/proex\/?page_id=4933"},"modified":"2026-08-24T14:51:55","modified_gmt":"2026-08-24T17:51:55","slug":"diverso","status":"publish","type":"page","link":"https:\/\/www.ufmg.br\/proex\/diverso\/","title":{"rendered":"Diverso UFMG"},"content":{"rendered":"<p>O Programa de Extens\u00e3o Diverso \u2013 N\u00facleo Jur\u00eddico de Diversidade Sexual e de G\u00eanero est\u00e1 com<strong> duas\u00a0vagas abertas<\/strong> para bolsistas.<\/p>\n<ul>\n<li>1 vaga para estudante de gradua\u00e7\u00e3o (bolsa Pbext A\u00e7\u00e3o Afirmativa)<\/li>\n<li>1 vaga para estudante de p\u00f3s-gradua\u00e7\u00e3o (bolsa Formex)<\/li>\n<\/ul>\n<p>Prazo de inscri\u00e7\u00f5es<strong> at\u00e9 27 de agosto de 2026<\/strong><\/p>\n<p>Podem se inscrever alunos(as) da UFMG dos cursos de <strong>Direito, Ci\u00eancias do Estado e \u00e1reas afins<\/strong>.<\/p>\n<p><strong>Valor da bolsa<br \/>\n<\/strong>R$700,00\/mensal (gradua\u00e7\u00e3o)<br \/>\nR$550,00\/mensal (p\u00f3s-gradua\u00e7\u00e3o)<\/p>\n<p><strong>Vig\u00eancia<\/strong>: at\u00e9 julho de 2027<\/p>\n<p><strong>Como se inscrever<br \/>\n<\/strong>A inscri\u00e7\u00e3o deve ser realizada por meio do e-mail <a href=\"mailto:diverso.ufmg@gmail.com\" target=\"_blank\" rel=\"noopener\">diverso.ufmg@gmail.com<\/a>.<\/p>\n<p>No corpo do e-mail, os(as) interessados(as) devem informar nome completo, matr\u00edcula da UFMG, telefone e anexar os seguintes <strong>documentos<\/strong> em PDF:<\/p>\n<ul>\n<li>Curr\u00edculo lattes<\/li>\n<li>Comprovante de matr\u00edcula da UFMG<\/li>\n<li>Carta de motiva\u00e7\u00e3o<\/li>\n<\/ul>\n<p>As informa\u00e7\u00f5es completas est\u00e3o no <a href=\"https:\/\/drive.google.com\/file\/d\/1nyDtjyoxDigIeRXQo2ZuSyJ4KabB4_nY\/view\" target=\"_blank\" rel=\"noopener\">Edital 02\/2026.<\/a><\/p>\n<p><strong>Sobre o projeto<br \/>\n<\/strong>O Diverso \u00e9 um programa interdisciplinar da Faculdade de Direito da UFMG que visa \u00e0 forma\u00e7\u00e3o de estudantes sens\u00edveis \u00e0s realidades dos direitos humanos em mat\u00e9ria de g\u00eanero e sexualidade.<\/p>\n<p>A iniciativa desenvolve diversas atividades como o Observat\u00f3rio de Viol\u00eancias LGBT+, o Longeviver e o Educa\u00e7\u00e3o Jur\u00eddica para Diversidade.<\/p>\n<p>A cada dois anos, o Diverso promove o Congresso Internacional de Diversidade Sexual e de G\u00eanero, que re\u00fane grandes nomes nacionais e internacionais em dias de debates intensos e muito crescimento.<\/p>\n<p>Outras informa\u00e7\u00f5es do projeto est\u00e3o no <a href=\"http:\/\/www.diversoufmg.com\" target=\"_blank\" rel=\"noopener\">site<\/a> e\u00a0<a href=\"https:\/\/www.instagram.com\/diversoufmg\/\" target=\"_blank\" rel=\"noopener\">Instagram<\/a>.<\/p>\n<p>&nbsp;<\/p>\n","protected":false},"excerpt":{"rendered":"<p>O Programa de Extens\u00e3o Diverso \u2013 N\u00facleo Jur\u00eddico de Diversidade [&hellip;]<\/p>\n","protected":false},"author":2,"featured_media":0,"parent":0,"menu_order":0,"comment_status":"closed","ping_status":"closed","template":"","meta":[],"tags":[191,869,23],"_links":{"self":[{"href":"https:\/\/www.ufmg.br\/proex\/wp-json\/wp\/v2\/pages\/4933"}],"collection":[{"href":"https:\/\/www.ufmg.br\/proex\/wp-json\/wp\/v2\/pages"}],"about":[{"href":"https:\/\/www.ufmg.br\/proex\/wp-json\/wp\/v2\/types\/page"}],"author":[{"embeddable":true,"href":"https:\/\/www.ufmg.br\/proex\/wp-json\/wp\/v2\/users\/2"}],"replies":[{"embeddable":true,"href":"https:\/\/www.ufmg.br\/proex\/wp-json\/wp\/v2\/comments?post=4933"}],"version-history":[{"count":37,"href":"https:\/\/www.ufmg.br\/proex\/wp-json\/wp\/v2\/pages\/4933\/revisions"}],"predecessor-version":[{"id":18345,"href":"https:\/\/www.ufmg.br\/proex\/wp-json\/wp\/v2\/pages\/4933\/revisions\/18345"}],"wp:attachment":[{"href":"https:\/\/www.ufmg.br\/proex\/wp-json\/wp\/v2\/media?parent=4933"}],"wp:term":[{"taxonomy":"post_tag","embeddable":true,"href":"https:\/\/www.ufmg.br\/proex\/wp-json\/wp\/v2\/tags?post=4933"}],"curies":[{"name":"wp","href":"https:\/\/api.w.org\/{rel}","templated":true}]}}