{"id":5464,"date":"2022-06-03T15:03:13","date_gmt":"2022-06-03T18:03:13","guid":{"rendered":"https:\/\/www.ufmg.br\/proex\/?page_id=5464"},"modified":"2022-06-03T15:04:30","modified_gmt":"2022-06-03T18:04:30","slug":"vivamusica","status":"publish","type":"page","link":"https:\/\/www.ufmg.br\/proex\/vivamusica\/","title":{"rendered":"VivaM\u00fasica"},"content":{"rendered":"<p><span style=\"font-weight: 400;\">Est\u00e3o abertas, at\u00e9 13\/06, as inscri\u00e7\u00f5es para bolsista de extens\u00e3o para o Programa N\u00facleo de Educa\u00e7\u00e3o Musical e Cultura &#8211; Projeto \u201cVivaM\u00fasica\u201d.<\/span><\/p>\n<p><span style=\"font-weight: 400;\">Podem se inscrever alunos regularmente matriculados nos cursos de Bacharelado da Escola de Belas Artes ou nos cursos de Bacharelado ou Licenciatura em M\u00fasica da Escola de M\u00fasica da UFMG.\u00a0<\/span><\/p>\n<p><span style=\"font-weight: 400;\">Para realizar a inscri\u00e7\u00e3o, o candidato dever\u00e1 enviar um e-mail para <\/span><a href=\"mailto:cenex@musica.ufmg.br\"><span style=\"font-weight: 400;\">cenex@musica.ufmg.br<\/span><\/a><span style=\"font-weight: 400;\"> e anexar (PDF):\u00a0<\/span><\/p>\n<ul>\n<li style=\"font-weight: 400;\" aria-level=\"1\"><span style=\"font-weight: 400;\">Comprovante de Matr\u00edcula;\u00a0<\/span><\/li>\n<li style=\"font-weight: 400;\" aria-level=\"1\"><span style=\"font-weight: 400;\">Arquivo com formul\u00e1rio pr\u00f3prio devidamente preenchido;\u00a0<\/span><\/li>\n<li style=\"font-weight: 400;\" aria-level=\"1\"><span style=\"font-weight: 400;\">Hist\u00f3rico Escolar.\u00a0<\/span><\/li>\n<\/ul>\n<p><span style=\"font-weight: 400;\">O aluno selecionado cumprir\u00e1 uma jornada de 20 horas semanais, sendo divididas da seguinte forma: 2 horas prepara\u00e7\u00e3o de evento (palestra e concerto no Audit\u00f3rio Escola de M\u00fasica), 2 horas de grava\u00e7\u00f5es dos v\u00eddeos; 10 horas de edi\u00e7\u00e3o, 6 horas de outras atividades pertinentes.\u00a0<\/span><\/p>\n<p><span style=\"font-weight: 400;\">As demais informa\u00e7\u00f5es devem ser consultadas no <\/span><a href=\"https:\/\/musica.ufmg.br\/wp-content\/uploads\/2022\/06\/Edital-994-Selecao-de-Bolsistas-PBEXT-Projeto-VivaMusica.pdf\" target=\"_blank\" rel=\"noopener\"><span style=\"font-weight: 400;\">Edital 994\/2022<\/span><\/a><span style=\"font-weight: 400;\">.\u00a0\u00a0<\/span><\/p>\n<p>&nbsp;<\/p>\n","protected":false},"excerpt":{"rendered":"<p>Est\u00e3o abertas, at\u00e9 13\/06, as inscri\u00e7\u00f5es para bolsista de extens\u00e3o [&hellip;]<\/p>\n","protected":false},"author":1,"featured_media":0,"parent":0,"menu_order":0,"comment_status":"closed","ping_status":"closed","template":"","meta":[],"tags":[],"_links":{"self":[{"href":"https:\/\/www.ufmg.br\/proex\/wp-json\/wp\/v2\/pages\/5464"}],"collection":[{"href":"https:\/\/www.ufmg.br\/proex\/wp-json\/wp\/v2\/pages"}],"about":[{"href":"https:\/\/www.ufmg.br\/proex\/wp-json\/wp\/v2\/types\/page"}],"author":[{"embeddable":true,"href":"https:\/\/www.ufmg.br\/proex\/wp-json\/wp\/v2\/users\/1"}],"replies":[{"embeddable":true,"href":"https:\/\/www.ufmg.br\/proex\/wp-json\/wp\/v2\/comments?post=5464"}],"version-history":[{"count":2,"href":"https:\/\/www.ufmg.br\/proex\/wp-json\/wp\/v2\/pages\/5464\/revisions"}],"predecessor-version":[{"id":5471,"href":"https:\/\/www.ufmg.br\/proex\/wp-json\/wp\/v2\/pages\/5464\/revisions\/5471"}],"wp:attachment":[{"href":"https:\/\/www.ufmg.br\/proex\/wp-json\/wp\/v2\/media?parent=5464"}],"wp:term":[{"taxonomy":"post_tag","embeddable":true,"href":"https:\/\/www.ufmg.br\/proex\/wp-json\/wp\/v2\/tags?post=5464"}],"curies":[{"name":"wp","href":"https:\/\/api.w.org\/{rel}","templated":true}]}}