{"id":5647,"date":"2022-06-28T18:03:38","date_gmt":"2022-06-28T21:03:38","guid":{"rendered":"https:\/\/www.ufmg.br\/proex\/?page_id=5647"},"modified":"2026-03-02T17:29:04","modified_gmt":"2026-03-02T20:29:04","slug":"horto-do-igc","status":"publish","type":"page","link":"https:\/\/www.ufmg.br\/proex\/horto-do-igc\/","title":{"rendered":"Horto do IGC &#8211; Forma\u00e7\u00e3o para o di\u00e1logo de saberes"},"content":{"rendered":"<p><span style=\"font-weight: 400;\">Inscreva-se, <strong>at\u00e9 5 de mar\u00e7o de 2026<\/strong>, para concorrer a duas bolsas de extens\u00e3o (modalidade PBEXT A\u00e7\u00e3o Afirmativa) no projeto <em>Horto do IGC &#8211; Forma\u00e7\u00e3o para o di\u00e1logo de Saberes, <\/em>vinculado ao Departamento de Geografia do Instituto de Geoci\u00eancias da UFMG.<\/span><\/p>\n<p><span style=\"font-weight: 400;\">A oportunidade \u00e9 voltada para alunos e alunas da UFMG dos cursos de\u00a0 gradua\u00e7\u00e3o em <strong>Geografia, Ci\u00eancias Socioambientais, Nutri\u00e7\u00e3o, Pedagogia, Ci\u00eancias Sociais, Belas Artes e Arquitetura e Urbanismo.<\/strong><\/span><\/p>\n<p><strong>Quem pode se inscrever<br \/>\n<\/strong>&#8211; Estudantes que estejam regularmente matriculados em 2026 do segundo ao pen\u00faltimo per\u00edodo.<br \/>\n<span style=\"font-weight: 400;\">&#8211; Estudantes que sejam m\u00e3es com crian\u00e7a em idade escolar, estudantes travestis e transexuais, estudantes com defici\u00eancia, discentes que ingressaram na UFMG pelo sistema de cotas e discentes classificados socioeconomicamente no n\u00edvel I, II ou III pela Funda\u00e7\u00e3o Universit\u00e1ria Mendes Pimentel (FUMP) .<br \/>\n<\/span><span style=\"font-weight: 400;\">&#8211; Tenham disponibilidade para trabalhar 20hs\/semanais.<br \/>\n&#8211; Tenham interesse em trabalhar com o desenvolvimento e aprimoramento das pol\u00edticas de extens\u00e3o da UFMG.<\/span><\/p>\n<p><strong>Como se inscrever<br \/>\n<\/strong><span style=\"font-weight: 400;\">Os(as) interessados(as) devem se inscrever <\/span><span style=\"font-weight: 400;\">por este e-mail <\/span><a href=\"mailto:cenex@igc.ufmg.br\" target=\"_blank\" rel=\"noopener\"><span style=\"font-weight: 400;\">cenex@igc.ufmg.br<\/span><\/a><span style=\"font-weight: 400;\">.<\/span><\/p>\n<p>\u00c9 necess\u00e1rio o envio<span style=\"font-weight: 400;\"> dos seguintes documentos:<\/span><\/p>\n<ul>\n<li style=\"font-weight: 400;\" aria-level=\"1\"><span style=\"font-weight: 400;\">Hist\u00f3rico Escolar da gradua\u00e7\u00e3o atualizado.<\/span><\/li>\n<li aria-level=\"1\">Curr\u00edculo vitae.<\/li>\n<li style=\"font-weight: 400;\" aria-level=\"1\"><span style=\"font-weight: 400;\">Texto contendo breve exposi\u00e7\u00e3o dos motivos que levaram o(a) estudante a pleitear sua participa\u00e7\u00e3o no projeto (m\u00e1ximo uma lauda).<\/span><\/li>\n<li style=\"font-weight: 400;\" aria-level=\"1\"><span style=\"font-weight: 400;\">Declara\u00e7\u00e3o de classifica\u00e7\u00e3o socioecon\u00f4mica da FUMP ou documento comprobat\u00f3rio de que ingressou na UFMG pela modalidade de reserva de vagas.<\/span><\/li>\n<\/ul>\n<p><span style=\"font-weight: 400;\">As demais informa\u00e7\u00f5es est\u00e3o no <a href=\"https:\/\/www.ufmg.br\/proex\/wp-content\/uploads\/2026\/03\/SEI_UFMG-4972575-Edital-Janise-Bruno-Dias.pdf\" target=\"_blank\" rel=\"noopener\">edital de sele\u00e7\u00e3o 384\/2026.<\/a><\/span><\/p>\n<p><strong>Horto do IGC<\/strong><\/p>\n<p>O projeto <span style=\"font-weight: 400;\"><em>Horto do IGC &#8211; Forma\u00e7\u00e3o para o di\u00e1logo de Saberes<\/em><\/span> \u00e9 desenvolvido pelo <a href=\"https:\/\/aueufmg.wordpress.com\" target=\"_blank\" rel=\"noopener\">Grupo AU\u00ca &#8211; Estudos em Agricultura Urbana da UFMG<\/a>, que \u00e9 formado por estudantes, pesquisadoras\/es e professoras\/es do IGC dedicados a fortalecer e visibilizar as agriculturas da Regi\u00e3o Metropolitana de Belo Horizonte (RMBH), especialmente a agricultura urbana e a agroecologia.<\/p>\n<p>O projeto busca apoiar a organiza\u00e7\u00e3o social de base de agricultoras e agricultores agroecol\u00f3gicas\/os, urbanas\/os e familiares que, a partir de sua atua\u00e7\u00e3o, fortalecem a seguran\u00e7a e a soberania alimentar e nutricional da popula\u00e7\u00e3o e ampliam o acesso \u00e0 alimenta\u00e7\u00e3o saud\u00e1vel.<\/p>\n<p>&nbsp;<\/p>\n","protected":false},"excerpt":{"rendered":"<p>Inscreva-se, at\u00e9 5 de mar\u00e7o de 2026, para concorrer a [&hellip;]<\/p>\n","protected":false},"author":1,"featured_media":0,"parent":0,"menu_order":0,"comment_status":"closed","ping_status":"closed","template":"","meta":[],"tags":[191,791,23],"_links":{"self":[{"href":"https:\/\/www.ufmg.br\/proex\/wp-json\/wp\/v2\/pages\/5647"}],"collection":[{"href":"https:\/\/www.ufmg.br\/proex\/wp-json\/wp\/v2\/pages"}],"about":[{"href":"https:\/\/www.ufmg.br\/proex\/wp-json\/wp\/v2\/types\/page"}],"author":[{"embeddable":true,"href":"https:\/\/www.ufmg.br\/proex\/wp-json\/wp\/v2\/users\/1"}],"replies":[{"embeddable":true,"href":"https:\/\/www.ufmg.br\/proex\/wp-json\/wp\/v2\/comments?post=5647"}],"version-history":[{"count":30,"href":"https:\/\/www.ufmg.br\/proex\/wp-json\/wp\/v2\/pages\/5647\/revisions"}],"predecessor-version":[{"id":17200,"href":"https:\/\/www.ufmg.br\/proex\/wp-json\/wp\/v2\/pages\/5647\/revisions\/17200"}],"wp:attachment":[{"href":"https:\/\/www.ufmg.br\/proex\/wp-json\/wp\/v2\/media?parent=5647"}],"wp:term":[{"taxonomy":"post_tag","embeddable":true,"href":"https:\/\/www.ufmg.br\/proex\/wp-json\/wp\/v2\/tags?post=5647"}],"curies":[{"name":"wp","href":"https:\/\/api.w.org\/{rel}","templated":true}]}}