{"id":8827,"date":"2023-06-14T09:58:10","date_gmt":"2023-06-14T12:58:10","guid":{"rendered":"https:\/\/www.ufmg.br\/proex\/?page_id=8827"},"modified":"2023-06-15T21:38:20","modified_gmt":"2023-06-16T00:38:20","slug":"alem-dos-muros","status":"publish","type":"page","link":"https:\/\/www.ufmg.br\/proex\/alem-dos-muros\/","title":{"rendered":"Al\u00e9m dos muros: sa\u00fade mental nos diferentes espa\u00e7os"},"content":{"rendered":"<p>Est\u00e3o abertas, <strong>at\u00e9 16 de junho de 2023<\/strong>, as inscri\u00e7\u00f5es para oportunidade de bolsa PBEXT (uma vaga) no programa <em>Al\u00e9m dos muros: sa\u00fade mental nos diferentes espa\u00e7os<\/em>, da Escola de Enfermagem da UFMG.<\/p>\n<p>A vaga \u00e9 destinada a estudantes matriculados a partir do 3\u00ba per\u00edodo no curso de gradua\u00e7\u00e3o em Enfermagem, que cursaram e foram aprovados na disciplina \u201cENA018 \u2013 Sa\u00fade mental\u201d e atendam aos crit\u00e9rios do <a href=\"http:\/\/www.enf.ufmg.br\/index.php\/editais\/3482-edital-de-selecao-para-bolsista-de-extensao-do-programa-alem-dos-muros-saude-mental-nos-diferentes-espacos\/file\" target=\"_blank\" rel=\"noopener\">edital no 01\/2022.<\/a><\/p>\n<p><strong>Documenta\u00e7\u00e3o de inscri\u00e7\u00e3o<\/strong><br \/>\n&#8211; Hist\u00f3rico escolar<br \/>\n&#8211; Carta de motiva\u00e7\u00e3o e de disponibilidade para participa\u00e7\u00e3o.<br \/>\nA documenta\u00e7\u00e3o exigida dever\u00e1 ser encaminhada, em PDF, para o e-mail <a href=\"mailto:cenex@enf.ufmg.br\" target=\"_blank\" rel=\"noopener\">cenex@enf.ufmg.br<\/a>. O assunto do e-mail deve conter o n\u00famero do edital e o nome do programa.<\/p>\n<p>A sele\u00e7\u00e3o compreender\u00e1 an\u00e1lise do hist\u00f3rico escolar e an\u00e1lise da carta de motiva\u00e7\u00e3o e de disponibilidade.<\/p>\n<p>O resultado da sele\u00e7\u00e3o ser\u00e1 divulgado no dia 28 de junho no <a href=\"http:\/\/www.enf.ufmg.br\/\" target=\"_blank\" rel=\"noopener\">site da Escola de Enfermagem<\/a> e no Cento de Extens\u00e3o (CENEX) da unidade.<\/p>\n<p>O programa <em>Al\u00e9m dos muros: sa\u00fade mental nos diferentes espa\u00e7os<\/em> \u00e9 coordenado pela professora Renata Marques de Oliveira. Outras informa\u00e7\u00f5es da iniciativa est\u00e3o no <a href=\"https:\/\/sistemas.ufmg.br\/siex\/VerIdentificacao.do?id=91450&amp;tipo=Projeto\" target=\"_blank\" rel=\"noopener\">SIEX<\/a>.<\/p>\n<p>&nbsp;<\/p>\n<p>&nbsp;<\/p>\n","protected":false},"excerpt":{"rendered":"<p>Est\u00e3o abertas, at\u00e9 16 de junho de 2023, as inscri\u00e7\u00f5es [&hellip;]<\/p>\n","protected":false},"author":2,"featured_media":0,"parent":0,"menu_order":0,"comment_status":"closed","ping_status":"closed","template":"","meta":[],"tags":[23,109],"_links":{"self":[{"href":"https:\/\/www.ufmg.br\/proex\/wp-json\/wp\/v2\/pages\/8827"}],"collection":[{"href":"https:\/\/www.ufmg.br\/proex\/wp-json\/wp\/v2\/pages"}],"about":[{"href":"https:\/\/www.ufmg.br\/proex\/wp-json\/wp\/v2\/types\/page"}],"author":[{"embeddable":true,"href":"https:\/\/www.ufmg.br\/proex\/wp-json\/wp\/v2\/users\/2"}],"replies":[{"embeddable":true,"href":"https:\/\/www.ufmg.br\/proex\/wp-json\/wp\/v2\/comments?post=8827"}],"version-history":[{"count":6,"href":"https:\/\/www.ufmg.br\/proex\/wp-json\/wp\/v2\/pages\/8827\/revisions"}],"predecessor-version":[{"id":8859,"href":"https:\/\/www.ufmg.br\/proex\/wp-json\/wp\/v2\/pages\/8827\/revisions\/8859"}],"wp:attachment":[{"href":"https:\/\/www.ufmg.br\/proex\/wp-json\/wp\/v2\/media?parent=8827"}],"wp:term":[{"taxonomy":"post_tag","embeddable":true,"href":"https:\/\/www.ufmg.br\/proex\/wp-json\/wp\/v2\/tags?post=8827"}],"curies":[{"name":"wp","href":"https:\/\/api.w.org\/{rel}","templated":true}]}}