{"id":8909,"date":"2025-03-19T09:43:43","date_gmt":"2025-03-19T12:43:43","guid":{"rendered":"https:\/\/www.ufmg.br\/proex\/?page_id=8909"},"modified":"2026-02-11T09:57:14","modified_gmt":"2026-02-11T12:57:14","slug":"ajup","status":"publish","type":"page","link":"https:\/\/www.ufmg.br\/proex\/ajup\/","title":{"rendered":"Assessoria Jur\u00eddica Universit\u00e1ria Popular"},"content":{"rendered":"<p data-pm-slice=\"1 1 []\">A Assessoria Jur\u00eddica Universit\u00e1ria Popular (AJUP\/UFMG) est\u00e1 com chamada p\u00fablica aberta para selecionar estudantes interessados (as) em participar do projeto como bolsista ou como extensionista volunt\u00e1rio (a).<\/p>\n<p data-pm-slice=\"1 1 []\">Podem se inscrever alunos e alunas dos cursos de gradua\u00e7\u00e3o em Direito, Ci\u00eancias do Estado, Psicologia, Pedagogia ou Ci\u00eancias Sociais da UFMG.<\/p>\n<p data-pm-slice=\"1 1 []\">Inscri\u00e7\u00f5es abertas <strong>at\u00e9 20 de fevereiro (sexta-feira), <\/strong>via\u00a0<a href=\"https:\/\/forms.gle\/ekmgTk4ojYsDw8Y77\" target=\"_blank\" rel=\"noopener\">formul\u00e1rio de inscri\u00e7\u00e3o.<\/a><\/p>\n<p data-pm-slice=\"1 1 []\"><strong>Valor da bolsa<\/strong>: 700\/mensal<br \/>\n<strong>Vig\u00eancia<\/strong>: mar\u00e7o de 2026 a fevereiro de 2027 (6 meses com a possibilidade de prorroga\u00e7\u00e3o por igual per\u00edodo)<\/p>\n<p data-pm-slice=\"1 1 []\">Em rela\u00e7\u00e3o \u00e0s vagas de bolsistas, s\u00e3o oferecidas uma vaga na modalidade PBEXT Ampla Concorr\u00eancia e duas vagas na modalidade PBEXT A\u00e7\u00e3o Afirmativa.<\/p>\n<p data-pm-slice=\"1 1 []\"><strong>Inscri\u00e7\u00e3o<br \/>\n<\/strong>Al\u00e9m de preencher o formul\u00e1rio de inscri\u00e7\u00e3o, o (a) candidato(a) deve anexar Carta de Apresenta\u00e7\u00e3o, de no m\u00e1ximo uma lauda, em formato PDF, na qual exponha raz\u00f5es do interesse em participar do projeto. Os(as) candidatos(as) na modalidade PBEXT A\u00e7\u00e3o Afirmativa dever\u00e3o, tamb\u00e9m, anexar documento que comprove essa condi\u00e7\u00e3o.<\/p>\n<p>As informa\u00e7\u00f5es completas est\u00e3o no <a href=\"https:\/\/drive.google.com\/file\/d\/1g8z0ThQRanL2DvYktJEmtwNqs5vviJ_y\/view\" target=\"_blank\" rel=\"noopener\">edital 01\/2026.<\/a><\/p>\n<p>A AJUP \u00e9 um projeto de extens\u00e3o da Faculdade de Direito da UFMG que atua no assessoramento de movimentos sociais, atualmente com foco no desencarceramento e nos campos de atua\u00e7\u00e3o da equipe. Siga o projeto nas <a href=\"https:\/\/www.instagram.com\/ajupufmg\/\" target=\"_blank\" rel=\"noopener\">redes sociais.<\/a><\/p>\n","protected":false},"excerpt":{"rendered":"<p>A Assessoria Jur\u00eddica Universit\u00e1ria Popular (AJUP\/UFMG) est\u00e1 com chamada p\u00fablica [&hellip;]<\/p>\n","protected":false},"author":2,"featured_media":0,"parent":0,"menu_order":0,"comment_status":"closed","ping_status":"closed","template":"","meta":[],"tags":[825,191,23],"_links":{"self":[{"href":"https:\/\/www.ufmg.br\/proex\/wp-json\/wp\/v2\/pages\/8909"}],"collection":[{"href":"https:\/\/www.ufmg.br\/proex\/wp-json\/wp\/v2\/pages"}],"about":[{"href":"https:\/\/www.ufmg.br\/proex\/wp-json\/wp\/v2\/types\/page"}],"author":[{"embeddable":true,"href":"https:\/\/www.ufmg.br\/proex\/wp-json\/wp\/v2\/users\/2"}],"replies":[{"embeddable":true,"href":"https:\/\/www.ufmg.br\/proex\/wp-json\/wp\/v2\/comments?post=8909"}],"version-history":[{"count":48,"href":"https:\/\/www.ufmg.br\/proex\/wp-json\/wp\/v2\/pages\/8909\/revisions"}],"predecessor-version":[{"id":17055,"href":"https:\/\/www.ufmg.br\/proex\/wp-json\/wp\/v2\/pages\/8909\/revisions\/17055"}],"wp:attachment":[{"href":"https:\/\/www.ufmg.br\/proex\/wp-json\/wp\/v2\/media?parent=8909"}],"wp:term":[{"taxonomy":"post_tag","embeddable":true,"href":"https:\/\/www.ufmg.br\/proex\/wp-json\/wp\/v2\/tags?post=8909"}],"curies":[{"name":"wp","href":"https:\/\/api.w.org\/{rel}","templated":true}]}}