{"id":9097,"date":"2023-07-05T17:10:40","date_gmt":"2023-07-05T20:10:40","guid":{"rendered":"https:\/\/www.ufmg.br\/proex\/?page_id=9097"},"modified":"2025-02-13T11:23:32","modified_gmt":"2025-02-13T14:23:32","slug":"feu","status":"publish","type":"page","link":"https:\/\/www.ufmg.br\/proex\/feu\/","title":{"rendered":"Forma\u00e7\u00e3o em Extens\u00e3o Universit\u00e1ria"},"content":{"rendered":"<h4 data-pm-slice=\"1 1 []\"><em><strong>UFMG busca uma forma\u00e7\u00e3o cr\u00edtica e human\u00edstica de seus estudantes por meio da integra\u00e7\u00e3o da extens\u00e3o aos curr\u00edculos<\/strong><\/em><\/h4>\n<p>&nbsp;<\/p>\n<p>Docentes, estudantes e t\u00e9cnico administrativos da Universidade Federal de Minas Gerais (UFMG) est\u00e3o mobilizados para integrar a extens\u00e3o \u00e0s atividades acad\u00eamicas curriculares de todos os cursos de gradua\u00e7\u00e3o da universidade.<\/p>\n<p>A Forma\u00e7\u00e3o em Extens\u00e3o Universit\u00e1ria, a FEU, se refere ao processo de integraliza\u00e7\u00e3o m\u00ednima de 10% da carga hor\u00e1ria dos curr\u00edculos dos cursos com atividades de extens\u00e3o universit\u00e1ria.<\/p>\n<p>Essa regra foi estabelecida pelo Conselho Nacional de Educa\u00e7\u00e3o (CNE). Na UFMG , foi normatizada por <a href=\"https:\/\/www.ufmg.br\/proex\/wp-content\/uploads\/2021\/12\/RESOLUCAO-CEPE-10.2019-1.pdf\" target=\"_blank\" rel=\"noopener\">resolu\u00e7\u00e3o pr\u00f3pria<\/a> e chamada Forma\u00e7\u00e3o em Extens\u00e3o Universit\u00e1ria.<\/p>\n<p>Essa resolu\u00e7\u00e3o foi aprovada pela institui\u00e7\u00e3o em 2019, por\u00e9m passou a ser obrigat\u00f3ria no primeiro semestre de 2023.<\/p>\n<p>A partir dessa data, todos os estudantes que ingressaram na UFMG passaram a cumprir essa carga hor\u00e1ria com as atividades de extens\u00e3o, como projetos e programas.<\/p>\n<div id=\"attachment_8842\" style=\"width: 760px\" class=\"wp-caption alignnone\"><img aria-describedby=\"caption-attachment-8842\" loading=\"lazy\" class=\"wp-image-8842\" title=\"Comunidade acad\u00eamica participa de oficina da FEU no 1\u00ba semestre de 2023 no curso 'Extens\u00e3o Acad\u00eamica na Pr\u00e1tica' | Foto: Giulia Di Napoli\/Proex\" src=\"https:\/\/www.ufmg.br\/proex\/wp-content\/uploads\/2023\/06\/Oficina-3-Do-que-se-trata-a-formacao-em-extensao-na-graduacao-e-como-posso-contribuir-Foto-Giulia-Di-Napoli-PROEX-UFMG-300x200.jpg\" alt=\"Oficina 3 &quot;Do que se trata a forma\u00e7\u00e3o em extens\u00e3o na gradua\u00e7\u00e3o e como posso contribuir?&quot; \/ Foto: Giulia Di Napoli\" width=\"750\" height=\"500\" srcset=\"https:\/\/www.ufmg.br\/proex\/wp-content\/uploads\/2023\/06\/Oficina-3-Do-que-se-trata-a-formacao-em-extensao-na-graduacao-e-como-posso-contribuir-Foto-Giulia-Di-Napoli-PROEX-UFMG-300x200.jpg 300w, https:\/\/www.ufmg.br\/proex\/wp-content\/uploads\/2023\/06\/Oficina-3-Do-que-se-trata-a-formacao-em-extensao-na-graduacao-e-como-posso-contribuir-Foto-Giulia-Di-Napoli-PROEX-UFMG-1024x683.jpg 1024w, https:\/\/www.ufmg.br\/proex\/wp-content\/uploads\/2023\/06\/Oficina-3-Do-que-se-trata-a-formacao-em-extensao-na-graduacao-e-como-posso-contribuir-Foto-Giulia-Di-Napoli-PROEX-UFMG-768x512.jpg 768w, https:\/\/www.ufmg.br\/proex\/wp-content\/uploads\/2023\/06\/Oficina-3-Do-que-se-trata-a-formacao-em-extensao-na-graduacao-e-como-posso-contribuir-Foto-Giulia-Di-Napoli-PROEX-UFMG-1536x1024.jpg 1536w, https:\/\/www.ufmg.br\/proex\/wp-content\/uploads\/2023\/06\/Oficina-3-Do-que-se-trata-a-formacao-em-extensao-na-graduacao-e-como-posso-contribuir-Foto-Giulia-Di-Napoli-PROEX-UFMG-2048x1365.jpg 2048w\" sizes=\"(max-width: 750px) 100vw, 750px\" \/><p id=\"caption-attachment-8842\" class=\"wp-caption-text\">Comunidade acad\u00eamica participa de oficina da FEU no 1\u00ba semestre de 2023 no curso &#8216;Extens\u00e3o Acad\u00eamica na Pr\u00e1tica&#8217; | Foto: Giulia Di Napoli\/Proex<\/p><\/div>\n<p><strong>Impacto na forma\u00e7\u00e3o<\/strong><\/p>\n<p>A UFMG espera com a FEU garantir uma forma\u00e7\u00e3o mais cr\u00edtica e human\u00edstica de seus estudantes, fornecendo-lhes a base para que desenvolvam uma atua\u00e7\u00e3o profissional e \u00e9tica articulada com as necessidades e os principais problemas de nossa sociedade.<\/p>\n<div id=\"attachment_9084\" style=\"width: 310px\" class=\"wp-caption alignright\"><img aria-describedby=\"caption-attachment-9084\" loading=\"lazy\" class=\"wp-image-9084\" title=\"Equipe do projeto de extens\u00e3o 'Conectividade para ind\u00edgenas e quilombolas', da FaE UFMG \u00a0| Foto: arquivo professora Vanessa Tomaz\" src=\"https:\/\/www.ufmg.br\/proex\/wp-content\/uploads\/2023\/07\/9e9f22a4e32f3fe4e978eddc81d78622_16877929674801_980622038-196x300.png\" alt=\"A professora Vanessa Tomaz e ind\u00edgenas Maxakali mostram o Starlink instalado na aldeia Foto: Arquivo pessoal\" width=\"300\" height=\"460\" srcset=\"https:\/\/www.ufmg.br\/proex\/wp-content\/uploads\/2023\/07\/9e9f22a4e32f3fe4e978eddc81d78622_16877929674801_980622038-196x300.png 196w, https:\/\/www.ufmg.br\/proex\/wp-content\/uploads\/2023\/07\/9e9f22a4e32f3fe4e978eddc81d78622_16877929674801_980622038.png 352w\" sizes=\"(max-width: 300px) 100vw, 300px\" \/><p id=\"caption-attachment-9084\" class=\"wp-caption-text\">Equipe do projeto de extens\u00e3o &#8216;Conectividade para ind\u00edgenas e quilombolas&#8217;, da FaE UFMG \u00a0| Foto: arquivo professora Vanessa Tomaz<\/p><\/div>\n<p><strong>Manual da FEU<\/strong><\/p>\n<p>Os colegiados de extens\u00e3o (CENEX) e de gradua\u00e7\u00e3o t\u00eam \u00e0 sua disposi\u00e7\u00e3o o <a href=\"https:\/\/www.ufmg.br\/proex\/wp-content\/uploads\/2025\/01\/FEU_FAQ.pdf\" target=\"_blank\" rel=\"noopener\">MANUAL COM PERGUNTAS E RESPOSTAS DA FEU.<\/a><\/p>\n<p>O material foi elaborado pela Comiss\u00e3o Respons\u00e1vel pelo Acompanhamento da Implementa\u00e7\u00e3o da FEU na UFMG e pode ser consultado por todos interessados (as).<\/p>\n<p><strong>Atendimento\u00a0<\/strong><\/p>\n<p>A comunidade acad\u00eamica pode tamb\u00e9m contar com o apoio e o atendimento direto dessa comiss\u00e3o. O agendamento deve ser solicitado por meio de formul\u00e1rio. <a href=\"https:\/\/docs.google.com\/spreadsheets\/d\/1EktNGpPn20rM9OKIDAij1Cvah_beBXyz\/edit#gid=849067767\" target=\"_blank\" rel=\"noopener\">Solicite atendimento<\/a><\/p>\n<p><strong>Quer uma ajuda agora?<\/strong><\/p>\n<p>No v\u00eddeo abaixo, temos alguns esclarecimentos importantes sobre a FEU apresentados pelo professor Glaucinei Rodrigues Corr\u00eaa, que presidiu at\u00e9 julho de 2024 a Comiss\u00e3o Respons\u00e1vel pelo Acompanhamento da Implementa\u00e7\u00e3o da FEU na UFMG.<\/p>\n<div class=\"video-container\"><iframe loading=\"lazy\" title=\"O que \u00e9 a Forma\u00e7\u00e3o em Extens\u00e3o Universit\u00e1ria (FEU)\" width=\"500\" height=\"281\" src=\"https:\/\/www.youtube.com\/embed\/VtUwxfhPEW0?feature=oembed\" frameborder=\"0\" allow=\"accelerometer; autoplay; clipboard-write; encrypted-media; gyroscope; picture-in-picture; web-share\" referrerpolicy=\"strict-origin-when-cross-origin\" allowfullscreen><\/iframe><\/div>\n<p><a href=\"https:\/\/www.youtube.com\/playlist?list=PL_AztmKDIPEbziBBsPMG2c0FmOP6jmI_o\" target=\"_blank\" rel=\"noopener\">Assista a outros v\u00eddeos da FEU<\/a><\/p>\n<p><a href=\"https:\/\/www.ufmg.br\/proex\/wp-content\/uploads\/2023\/09\/minuto_feu01.png\" target=\"_blank\" rel=\"noopener\">Cartaz: O que \u00e9 a Forma\u00e7\u00e3o em Extens\u00e3o Universit\u00e1ria<\/a><\/p>\n<p><a href=\"https:\/\/www.ufmg.br\/proex\/wp-content\/uploads\/2023\/09\/minuto_feu02.png\" target=\"_blank\" rel=\"noopener\">Cartaz: Como implementar a Forma\u00e7\u00e3o em Extens\u00e3o Universit\u00e1ria<\/a><\/p>\n<p><b>Assessoria de Comunica\u00e7\u00e3o Pr\u00f3-reitoria de Extens\u00e3o |UFMG\u00a0<\/b><\/p>\n<p>&nbsp;<\/p>\n","protected":false},"excerpt":{"rendered":"<p>UFMG busca uma forma\u00e7\u00e3o cr\u00edtica e human\u00edstica de seus estudantes [&hellip;]<\/p>\n","protected":false},"author":2,"featured_media":0,"parent":0,"menu_order":0,"comment_status":"closed","ping_status":"closed","template":"","meta":[],"tags":[],"_links":{"self":[{"href":"https:\/\/www.ufmg.br\/proex\/wp-json\/wp\/v2\/pages\/9097"}],"collection":[{"href":"https:\/\/www.ufmg.br\/proex\/wp-json\/wp\/v2\/pages"}],"about":[{"href":"https:\/\/www.ufmg.br\/proex\/wp-json\/wp\/v2\/types\/page"}],"author":[{"embeddable":true,"href":"https:\/\/www.ufmg.br\/proex\/wp-json\/wp\/v2\/users\/2"}],"replies":[{"embeddable":true,"href":"https:\/\/www.ufmg.br\/proex\/wp-json\/wp\/v2\/comments?post=9097"}],"version-history":[{"count":122,"href":"https:\/\/www.ufmg.br\/proex\/wp-json\/wp\/v2\/pages\/9097\/revisions"}],"predecessor-version":[{"id":14554,"href":"https:\/\/www.ufmg.br\/proex\/wp-json\/wp\/v2\/pages\/9097\/revisions\/14554"}],"wp:attachment":[{"href":"https:\/\/www.ufmg.br\/proex\/wp-json\/wp\/v2\/media?parent=9097"}],"wp:term":[{"taxonomy":"post_tag","embeddable":true,"href":"https:\/\/www.ufmg.br\/proex\/wp-json\/wp\/v2\/tags?post=9097"}],"curies":[{"name":"wp","href":"https:\/\/api.w.org\/{rel}","templated":true}]}}