{"id":9490,"date":"2023-08-07T09:49:29","date_gmt":"2023-08-07T12:49:29","guid":{"rendered":"https:\/\/www.ufmg.br\/proex\/?page_id=9490"},"modified":"2023-08-07T09:52:48","modified_gmt":"2023-08-07T12:52:48","slug":"projeto-cenex-faca-face-extensao","status":"publish","type":"page","link":"https:\/\/www.ufmg.br\/proex\/projeto-cenex-faca-face-extensao\/","title":{"rendered":"Projeto Cenex: Fa\u00e7a Face Extens\u00e3o"},"content":{"rendered":"<p>At\u00e9 11 de agosto, est\u00e3o abertas as inscri\u00e7\u00f5es em bolsa (1 vaga) no projeto de extens\u00e3o CENEX: FA\u00c7A FACE EXTENS\u00c3O.<\/p>\n<p><strong>Requisitos<\/strong><\/p>\n<p>&#8211; Ter cursado, no m\u00ednimo, o 2\u00ba per\u00edodo de cursos de gradua\u00e7\u00e3o da UFMG.<\/p>\n<p>&#8211; Familiaridade com uso de redes sociais<\/p>\n<p><strong>Inscri\u00e7\u00f5es <\/strong>devem ser realizadas via e-mail <span id=\"cloak54bcbe1e0caddeddff0c3c3a24290eaf\"><a href=\"mailto:cenex@face.ufmg.br\" target=\"_blank\" rel=\"noopener\">cenex@face.ufmg.br<\/a><\/span>.<\/p>\n<p>&#8211; Devem ser enviados, obrigatoriamente: CV e Hist\u00f3rico Escolar<\/p>\n<p>Prazo de vig\u00eancia da bolsa: 12 meses.<\/p>\n<p>In\u00edcio previsto: Agosto\/2023.<\/p>\n<p>Valor: R$ 700,00 (setecentos reais)<\/p>\n<p><strong>Etapas<\/strong><\/p>\n<p>-An\u00e1lise de Curr\u00edculo (etapa classificat\u00f3ria) &#8211; resultado: 11\/08\/2023<\/p>\n<p>&#8211; Entrevistas: 14\/08\/2023 (formato online) &#8211; hor\u00e1rios a combinar com classificados<\/p>\n<p>-Resultado Final: 15\/08\/2023<\/p>\n<p><strong>Atividades esperadas<\/strong><\/p>\n<p>&#8211; Estudo das refer\u00eancias te\u00f3ricas e pr\u00e1ticas sobre marketing digital, comunica\u00e7\u00e3o integrada e m\u00eddias sociais; Familiariza\u00e7\u00e3o com as atividades de extens\u00e3o existentes e objetivos espec\u00edficos de cada projeto na FACE; Participa\u00e7\u00e3o em treinamentos e capacita\u00e7\u00f5es relacionados a estrat\u00e9gias de comunica\u00e7\u00e3o digital; Busca por parcerias estrat\u00e9gicas.<\/p>\n<p>&#8211; Pesquisa e an\u00e1lise das plataformas digitais mais relevantes para a divulga\u00e7\u00e3o das atividades de extens\u00e3o; Desenvolvimento de uma estrat\u00e9gia de conte\u00fado alinhada aos objetivos das atividades e ao perfil do p\u00fablico-alvo; Cria\u00e7\u00e3o de interfaces digitais, como perfis nas redes sociais; Participa\u00e7\u00e3o em eventos ou a\u00e7\u00f5es conjuntas para ampliar o alcance e o impacto das atividades.<\/p>\n<p>&#8211; Produ\u00e7\u00e3o regular de conte\u00fado de qualidade, incluindo textos, imagens, v\u00eddeos e outros formatos relevantes; Implementa\u00e7\u00e3o das estrat\u00e9gias de comunica\u00e7\u00e3o definidas, como a programa\u00e7\u00e3o de postagens e o engajamento com o p\u00fablico nas redes sociais; Colabora\u00e7\u00e3o na produ\u00e7\u00e3o de conte\u00fado conjunto e na divulga\u00e7\u00e3o m\u00fatua das atividades de extens\u00e3o; Monitoramento do desempenho das atividades por meio de m\u00e9tricas e an\u00e1lise de dados.<\/p>\n<p>Mais informa\u00e7\u00f5es no <a href=\"https:\/\/www.ufmg.br\/proex\/wp-content\/uploads\/2023\/08\/Edital_Selecao-de-Bolsista_CENEX_FACE.pdf\" target=\"_blank\" rel=\"noopener\">edital de sele\u00e7\u00e3o.<\/a><\/p>\n<p>&nbsp;<\/p>\n","protected":false},"excerpt":{"rendered":"<p>At\u00e9 11 de agosto, est\u00e3o abertas as inscri\u00e7\u00f5es em bolsa [&hellip;]<\/p>\n","protected":false},"author":2,"featured_media":0,"parent":0,"menu_order":0,"comment_status":"closed","ping_status":"closed","template":"","meta":[],"tags":[23,109],"_links":{"self":[{"href":"https:\/\/www.ufmg.br\/proex\/wp-json\/wp\/v2\/pages\/9490"}],"collection":[{"href":"https:\/\/www.ufmg.br\/proex\/wp-json\/wp\/v2\/pages"}],"about":[{"href":"https:\/\/www.ufmg.br\/proex\/wp-json\/wp\/v2\/types\/page"}],"author":[{"embeddable":true,"href":"https:\/\/www.ufmg.br\/proex\/wp-json\/wp\/v2\/users\/2"}],"replies":[{"embeddable":true,"href":"https:\/\/www.ufmg.br\/proex\/wp-json\/wp\/v2\/comments?post=9490"}],"version-history":[{"count":5,"href":"https:\/\/www.ufmg.br\/proex\/wp-json\/wp\/v2\/pages\/9490\/revisions"}],"predecessor-version":[{"id":9496,"href":"https:\/\/www.ufmg.br\/proex\/wp-json\/wp\/v2\/pages\/9490\/revisions\/9496"}],"wp:attachment":[{"href":"https:\/\/www.ufmg.br\/proex\/wp-json\/wp\/v2\/media?parent=9490"}],"wp:term":[{"taxonomy":"post_tag","embeddable":true,"href":"https:\/\/www.ufmg.br\/proex\/wp-json\/wp\/v2\/tags?post=9490"}],"curies":[{"name":"wp","href":"https:\/\/api.w.org\/{rel}","templated":true}]}}