{"id":1684,"date":"2022-01-14T09:52:39","date_gmt":"2022-01-14T12:52:39","guid":{"rendered":"https:\/\/www.ufmg.br\/prograd\/?page_id=1684"},"modified":"2025-08-04T15:58:22","modified_gmt":"2025-08-04T18:58:22","slug":"projetos-das-formacoes-transversais","status":"publish","type":"page","link":"https:\/\/www.ufmg.br\/prograd\/projetos-das-formacoes-transversais\/","title":{"rendered":"Projetos das Forma\u00e7\u00f5es Transversais"},"content":{"rendered":"<p align=\"justify\">Para conhecer o projeto de cada uma das Forma\u00e7\u00f5es Transversais, incluindo suas concep\u00e7\u00f5es epistemol\u00f3gicas e estrutura\u00e7\u00e3o curricular, basta acessar o link dispon\u00edvel ao lado de cada forma\u00e7\u00e3o no quadro a seguir:<\/p>\n<p>&nbsp;<\/p>\n<table style=\"height: 817px;\" width=\"837\" cellspacing=\"0\" cellpadding=\"1\">\n<thead>\n<tr>\n<td style=\"background: #2f5496;\" bgcolor=\"#2f5496\" width=\"342\">\n<p align=\"center\"><span style=\"color: #ffffff;\"><span style=\"font-family: Arial, serif;\"><span style=\"font-size: small;\"><b>Forma\u00e7\u00e3o Transversal<\/b><\/span><\/span><\/span><\/p>\n<\/td>\n<td style=\"background: #2f5496;\" bgcolor=\"#2f5496\" width=\"74\">\n<p align=\"center\"><span style=\"color: #ffffff;\"><span style=\"font-family: Arial, serif;\"><span style=\"font-size: small;\"><b>Ano de Cria\u00e7\u00e3o<\/b><\/span><\/span><\/span><\/p>\n<\/td>\n<td style=\"background: #2f5496;\" bgcolor=\"#2f5496\" width=\"220\">\n<p align=\"center\"><span style=\"color: #ffffff;\"><span style=\"font-family: Arial, serif;\"><span style=\"font-size: small;\"><b>Projeto<\/b><\/span><\/span><\/span><\/p>\n<\/td>\n<\/tr>\n<\/thead>\n<tbody>\n<tr>\n<td width=\"342\" height=\"29\">\n<p align=\"center\"><span style=\"color: #000000;\"><span style=\"font-family: Arial, serif;\"><span style=\"font-size: small;\">Forma\u00e7\u00e3o Transversal em Acessibilidade e Inclus\u00e3o<\/span><\/span><\/span><\/p>\n<\/td>\n<td width=\"74\">\n<p align=\"center\"><span style=\"color: #000000;\"><span style=\"font-family: Arial, serif;\"><span style=\"font-size: small;\">2018\/1<\/span><\/span><\/span><\/p>\n<\/td>\n<td width=\"220\">\n<p align=\"center\"><a href=\"https:\/\/www.ufmg.br\/prograd\/arquivos\/FT\/ProjPedAcessibilidadeEInclus%C3%A3o\"><span style=\"color: #2f5496;\"><span style=\"font-family: Arial, serif;\"><span style=\"font-size: small;\"><i>Clique aqui para acessar o projeto<\/i><\/span><\/span><\/span><\/a><\/p>\n<\/td>\n<\/tr>\n<tr>\n<td width=\"342\" height=\"29\">\n<p align=\"center\"><span style=\"color: #000000;\"><span style=\"font-family: Arial, serif;\"><span style=\"font-size: small;\">Forma\u00e7\u00e3o Transversal em Agricultura Familiar e Agroecologia<\/span><\/span><\/span><\/p>\n<\/td>\n<td width=\"74\">\n<p align=\"center\"><span style=\"color: #000000;\"><span style=\"font-family: Arial, serif;\"><span style=\"font-size: small;\">2024\/1<\/span><\/span><\/span><\/p>\n<\/td>\n<td width=\"220\">\n<p align=\"center\"><a href=\"https:\/\/www.ufmg.br\/prograd\/arquivos\/FT\/ProjPedAgriculturaFamiliar\"><span style=\"color: #2f5496;\"><span style=\"font-family: Arial, serif;\"><span style=\"font-size: small;\"><i>Clique aqui para acessar o projeto<\/i><\/span><\/span><\/span><\/a><\/p>\n<\/td>\n<\/tr>\n<tr>\n<td width=\"342\" height=\"29\">\n<p align=\"center\"><span style=\"color: #000000;\"><span style=\"font-family: Arial, serif;\"><span style=\"font-size: small;\">Forma\u00e7\u00e3o Transversal em Culturas em Movimento e Processos Criativos<\/span><\/span><\/span><\/p>\n<\/td>\n<td width=\"74\">\n<p align=\"center\"><span style=\"color: #000000;\"><span style=\"font-family: Arial, serif;\"><span style=\"font-size: small;\">2016\/2<\/span><\/span><\/span><\/p>\n<\/td>\n<td width=\"220\">\n<p align=\"center\"><a href=\"https:\/\/www.ufmg.br\/prograd\/arquivos\/FT\/ProjPedCulturasMovimento\"><span style=\"color: #2f5496;\"><span style=\"font-family: Arial, serif;\"><span style=\"font-size: small;\"><i>Clique aqui para acessar o projeto<\/i><\/span><\/span><\/span><\/a><\/p>\n<\/td>\n<\/tr>\n<tr>\n<td width=\"342\" height=\"29\">\n<p align=\"center\"><span style=\"color: #000000;\"><span style=\"font-family: Arial, serif;\"><span style=\"font-size: small;\">Forma\u00e7\u00e3o Transversal em Direitos Humanos<\/span><\/span><\/span><\/p>\n<\/td>\n<td width=\"74\">\n<p align=\"center\"><span style=\"color: #000000;\"><span style=\"font-family: Arial, serif;\"><span style=\"font-size: small;\">2017\/1<\/span><\/span><\/span><\/p>\n<\/td>\n<td width=\"220\">\n<p align=\"center\"><a href=\"https:\/\/www.ufmg.br\/prograd\/arquivos\/FT\/ProjDireitosHumanos\"><span style=\"color: #2f5496;\"><span style=\"font-family: Arial, serif;\"><span style=\"font-size: small;\"><i>Clique aqui para acessar o projeto<\/i><\/span><\/span><\/span><\/a><\/p>\n<\/td>\n<\/tr>\n<tr>\n<td width=\"342\" height=\"29\">\n<p align=\"center\"><span style=\"color: #000000;\"><span style=\"font-family: Arial, serif;\"><span style=\"font-size: small;\">Forma\u00e7\u00e3o Transversal em Divulga\u00e7\u00e3o Cient\u00edfica<\/span><\/span><\/span><\/p>\n<\/td>\n<td width=\"74\">\n<p align=\"center\"><span style=\"color: #000000;\"><span style=\"font-family: Arial, serif;\"><span style=\"font-size: small;\">2016\/1<\/span><\/span><\/span><\/p>\n<\/td>\n<td width=\"220\">\n<p align=\"center\"><a href=\"https:\/\/www.ufmg.br\/prograd\/arquivos\/FT\/ProjDivulgacaoCientifica\"><span style=\"color: #2f5496;\"><span style=\"font-family: Arial, serif;\"><span style=\"font-size: small;\"><i>Clique aqui para acessar o projeto<\/i><\/span><\/span><\/span><\/a><\/p>\n<\/td>\n<\/tr>\n<tr>\n<td width=\"342\" height=\"29\">\n<p align=\"center\"><span style=\"color: #000000;\"><span style=\"font-family: Arial, serif;\"><span style=\"font-size: small;\">Forma\u00e7\u00e3o Transversal em Empreendedorismo e Inova\u00e7\u00e3o<\/span><\/span><\/span><\/p>\n<\/td>\n<td width=\"74\">\n<p align=\"center\"><span style=\"color: #000000;\"><span style=\"font-family: Arial, serif;\"><span style=\"font-size: small;\">2017\/2<\/span><\/span><\/span><\/p>\n<\/td>\n<td width=\"220\">\n<p align=\"center\"><a href=\"http:\/\/www.ufmg.br\/prograd\/arquivos\/FT\/ProjEmpreendorismoInovacao.pdf\"><span style=\"color: #a6a6a6;\"><span style=\"font-family: Arial, serif;\"><span style=\"font-size: small;\"><i><span style=\"color: #000080;\"><span style=\"color: #333399;\">Clique aqui para acessar o projeto<\/span><\/span><\/i><\/span><\/span><\/span><\/a><\/p>\n<\/td>\n<\/tr>\n<tr>\n<td width=\"342\" height=\"29\">\n<p align=\"center\"><span style=\"color: #000000;\"><span style=\"font-family: Arial, serif;\"><span style=\"font-size: small;\">Forma\u00e7\u00e3o Transversal em Estudos Internacionais<\/span><\/span><\/span><\/p>\n<\/td>\n<td width=\"74\">\n<p align=\"center\"><span style=\"color: #000000;\"><span style=\"font-family: Arial, serif;\"><span style=\"font-size: small;\">2019\/2<\/span><\/span><\/span><\/p>\n<\/td>\n<td width=\"220\">\n<p align=\"center\"><a href=\"https:\/\/www.ufmg.br\/prograd\/arquivos\/FT\/ProjEstudosInternacionais\"><span style=\"color: #2f5496;\"><span style=\"font-family: Arial, serif;\"><span style=\"font-size: small;\"><i>Clique aqui para acessar o projeto<\/i><\/span><\/span><\/span><\/a><\/p>\n<\/td>\n<\/tr>\n<tr>\n<td width=\"342\" height=\"29\">\n<p align=\"center\"><span style=\"color: #000000;\"><span style=\"font-family: Arial, serif;\"><span style=\"font-size: small;\">Forma\u00e7\u00e3o Transversal em G\u00eanero e Sexualidade: Perspectivas LGBTQIA+<\/span><\/span><\/span><\/p>\n<\/td>\n<td width=\"74\">\n<p align=\"center\"><span style=\"color: #000000;\"><span style=\"font-family: Arial, serif;\"><span style=\"font-size: small;\">2017\/2<\/span><\/span><\/span><\/p>\n<\/td>\n<td width=\"220\">\n<p align=\"center\"><a href=\"https:\/\/www.ufmg.br\/prograd\/arquivos\/FT\/ProjGeneroeSexualidade\"><span style=\"color: #2f5496;\"><span style=\"font-family: Arial, serif;\"><span style=\"font-size: small;\"><i>Clique aqui para acessar o projeto<\/i><\/span><\/span><\/span><\/a><\/p>\n<\/td>\n<\/tr>\n<tr>\n<td width=\"342\" height=\"29\">\n<p align=\"center\"><span style=\"color: #000000;\"><span style=\"font-family: Arial, serif;\"><span style=\"font-size: small;\">Forma\u00e7\u00e3o Transversal em Meio Ambiente e Sustentabilidade<\/span><\/span><\/span><\/p>\n<\/td>\n<td width=\"74\">\n<p align=\"center\"><span style=\"color: #000000;\"><span style=\"font-family: Arial, serif;\"><span style=\"font-size: small;\">2025\/1<\/span><\/span><\/span><\/p>\n<\/td>\n<td width=\"220\">\n<p align=\"center\"><a href=\"http:\/\/www.ufmg.br\/prograd\/arquivos\/FT\/ProjMeioAmbSustent.pdf\"><span style=\"color: #2f5496;\"><span style=\"font-family: Arial, serif;\"><span style=\"font-size: small;\"><i>Clique aqui para acessar o projeto<\/i><\/span><\/span><\/span><\/a><\/p>\n<\/td>\n<\/tr>\n<tr>\n<td width=\"342\" height=\"29\">\n<p align=\"center\"><span style=\"color: #000000;\"><span style=\"font-family: Arial, serif;\"><span style=\"font-size: small;\">Forma\u00e7\u00e3o Transversal em Rela\u00e7\u00f5es \u00c9tnico-Raciais, Hist\u00f3ria da \u00c1frica e Cultura Afro-Brasileira<\/span><\/span><\/span><\/p>\n<\/td>\n<td width=\"74\">\n<p align=\"center\"><span style=\"color: #000000;\"><span style=\"font-family: Arial, serif;\"><span style=\"font-size: small;\">2016\/1<\/span><\/span><\/span><\/p>\n<\/td>\n<td width=\"220\">\n<p align=\"center\"><a href=\"https:\/\/www.ufmg.br\/prograd\/arquivos\/FT\/ProjRelacoesEtnicosRaciais\"><span style=\"color: #2f5496;\"><span style=\"font-family: Arial, serif;\"><span style=\"font-size: small;\"><i>Clique aqui para acessar o projeto<\/i><\/span><\/span><\/span><\/a><\/p>\n<\/td>\n<\/tr>\n<tr>\n<td width=\"342\" height=\"28\">\n<p align=\"center\"><span style=\"color: #000000;\"><span style=\"font-family: Arial, serif;\"><span style=\"font-size: small;\">Forma\u00e7\u00e3o Transversal em Saberes Tradicionais<\/span><\/span><\/span><\/p>\n<\/td>\n<td width=\"74\">\n<p align=\"center\"><span style=\"color: #000000;\"><span style=\"font-family: Arial, serif;\"><span style=\"font-size: small;\">2015\/1<\/span><\/span><\/span><\/p>\n<\/td>\n<td width=\"220\">\n<p align=\"center\"><a href=\"https:\/\/www.ufmg.br\/prograd\/arquivos\/FT\/ProjSaberesTradicionais\"><span style=\"color: #2f5496;\"><span style=\"font-family: Arial, serif;\"><span style=\"font-size: small;\"><i>Clique aqui para acessar o projeto<\/i><\/span><\/span><\/span><\/a><\/p>\n<\/td>\n<\/tr>\n<\/tbody>\n<\/table>\n<p>&nbsp;<\/p>\n<p>&nbsp;<\/p>\n<p>&nbsp;<\/p>\n<p>&nbsp;<\/p>\n<p>&nbsp;<\/p>\n","protected":false},"excerpt":{"rendered":"<p>Para conhecer o projeto de cada uma das Forma\u00e7\u00f5es Transversais, [&hellip;]<\/p>\n","protected":false},"author":1,"featured_media":0,"parent":0,"menu_order":0,"comment_status":"closed","ping_status":"closed","template":"","meta":{"_acf_changed":false,"footnotes":""},"tags":[],"class_list":["post-1684","page","type-page","status-publish","hentry"],"acf":[],"_links":{"self":[{"href":"https:\/\/www.ufmg.br\/prograd\/wp-json\/wp\/v2\/pages\/1684","targetHints":{"allow":["GET"]}}],"collection":[{"href":"https:\/\/www.ufmg.br\/prograd\/wp-json\/wp\/v2\/pages"}],"about":[{"href":"https:\/\/www.ufmg.br\/prograd\/wp-json\/wp\/v2\/types\/page"}],"author":[{"embeddable":true,"href":"https:\/\/www.ufmg.br\/prograd\/wp-json\/wp\/v2\/users\/1"}],"replies":[{"embeddable":true,"href":"https:\/\/www.ufmg.br\/prograd\/wp-json\/wp\/v2\/comments?post=1684"}],"version-history":[{"count":46,"href":"https:\/\/www.ufmg.br\/prograd\/wp-json\/wp\/v2\/pages\/1684\/revisions"}],"predecessor-version":[{"id":5079,"href":"https:\/\/www.ufmg.br\/prograd\/wp-json\/wp\/v2\/pages\/1684\/revisions\/5079"}],"wp:attachment":[{"href":"https:\/\/www.ufmg.br\/prograd\/wp-json\/wp\/v2\/media?parent=1684"}],"wp:term":[{"taxonomy":"post_tag","embeddable":true,"href":"https:\/\/www.ufmg.br\/prograd\/wp-json\/wp\/v2\/tags?post=1684"}],"curies":[{"name":"wp","href":"https:\/\/api.w.org\/{rel}","templated":true}]}}