{"id":891,"date":"2022-01-27T16:04:42","date_gmt":"2022-01-27T19:04:42","guid":{"rendered":"https:\/\/www.ufmg.br\/proplan\/?page_id=891"},"modified":"2022-05-03T16:12:00","modified_gmt":"2022-05-03T19:12:00","slug":"execucao-orcamentaria-2014","status":"publish","type":"page","link":"https:\/\/www.ufmg.br\/proplan\/execucao-orcamentaria-2014\/","title":{"rendered":"Execu\u00e7\u00e3o Or\u00e7ament\u00e1ria 2014"},"content":{"rendered":"<p><a href=\"https:\/\/www.ufmg.br\/proplan\/wp-content\/uploads\/1-Unidades-Acad%C3%AAmicas-por-Plano-Interno-1.pdf\">1 \u2013 Unidades Acad\u00eamicas por Plano Interno<\/a><\/p>\n<p><a href=\"https:\/\/www.ufmg.br\/proplan\/wp-content\/uploads\/2-Unidades-Administrativas-por-Plano-Interno-1.pdf\">2 \u2013 Unidades Administrativas por Plano Interno<\/a><\/p>\n<p><a href=\"https:\/\/www.ufmg.br\/proplan\/wp-content\/uploads\/3-Plano-interno-por-Unidade-Acad%C3%AAmica.pdf\">3 \u2013 Plano Interno por Unidade Acad\u00eamica<\/a><\/p>\n<p><a href=\"https:\/\/www.ufmg.br\/proplan\/wp-content\/uploads\/4-Total-por-Plano-Interno-Unidades-Acad%C3%AAmicas.pdf\">4 \u2013 Total por Plano Interno Unidades Acad\u00eamicas<\/a><\/p>\n<p><a href=\"https:\/\/www.ufmg.br\/proplan\/wp-content\/uploads\/5-Or%C3%A7amento-Total-das-Unidades-Acad%C3%AAmicas-1.pdf\">5 \u2013 Or\u00e7amento Total das Unidades Acad\u00eamicas<\/a><\/p>\n<p><a href=\"https:\/\/www.ufmg.br\/proplan\/wp-content\/uploads\/6-Or%C3%A7amento-Total-das-Unidades-Administrativas-1.pdf\">6 \u2013 Or\u00e7amento Total das Unidades Administrativas<\/a><\/p>\n<p><a href=\"https:\/\/www.ufmg.br\/proplan\/wp-content\/uploads\/7-Assist%C3%AAncia-ao-Estudante-do-Ensino-de-Gradua%C3%A7%C3%A3oPNAES.pdf\">7 \u2013 Assist\u00eancia ao Estudante do Ensino de Gradua\u00e7\u00e3o(PNAES)<\/a><\/p>\n<p><a href=\"https:\/\/www.ufmg.br\/proplan\/wp-content\/uploads\/8-Assist%C3%AAncia-Estudantil-Col%C3%A9gio-T%C3%A9cnico-e-Teatro-Universit%C3%A1rio.pdf\">8 \u2013 Assist\u00eancia Estudantil Col\u00e9gio T\u00e9cnico e Teatro Universit\u00e1rio<\/a><\/p>\n<p><a href=\"https:\/\/www.ufmg.br\/proplan\/wp-content\/uploads\/9-Assist%C3%AAncia-Estudantil-Incluir-e-Promisaes.pdf\">9 \u2013 Assist\u00eancia Estudantil Incluir e Promisaes<\/a><\/p>\n<p><a href=\"https:\/\/www.ufmg.br\/proplan\/wp-content\/uploads\/10-Total-por-Programa-PNAES.pdf\">10 \u2013 Total por Programa \u2013 PNAES<\/a><\/p>\n<p><a href=\"https:\/\/www.ufmg.br\/proplan\/wp-content\/uploads\/11-Apoio-a-Capacita%C3%A7%C3%A3o-e-Forma%C3%A7%C3%A3o-Inicial-e-Continuada-Educa%C3%A7%C3%A3o-B%C3%A1sica-SECADI-e-SEB.pdf\">11 \u2013 Apoio a Capacita\u00e7\u00e3o e Forma\u00e7\u00e3o Inicial e Continuada Educa\u00e7\u00e3o B\u00e1sica \u2013 SECADI e SEB<\/a><\/p>\n<p><a href=\"https:\/\/www.ufmg.br\/proplan\/wp-content\/uploads\/12-Total-por-Programa-SEB-e-SECADI.pdf\">12 \u2013 Total por Programa \u2013 SEB e SECADI<\/a><\/p>\n<p><a href=\"https:\/\/www.ufmg.br\/proplan\/wp-content\/uploads\/13-Programa-Especial-Centro-de-Treinamento-EsportivoCTE-e-Investimentos.pdf\">13 \u2013 Programa Especial Centro de Treinamento Esportivo(CTE) e Investimentos<\/a><\/p>\n","protected":false},"excerpt":{"rendered":"<p>1 \u2013 Unidades Acad\u00eamicas por Plano Interno 2 \u2013 Unidades [&hellip;]<\/p>\n","protected":false},"author":1,"featured_media":0,"parent":0,"menu_order":0,"comment_status":"closed","ping_status":"closed","template":"","meta":{"footnotes":""},"tags":[],"class_list":["post-891","page","type-page","status-publish","hentry"],"_links":{"self":[{"href":"https:\/\/www.ufmg.br\/proplan\/wp-json\/wp\/v2\/pages\/891","targetHints":{"allow":["GET"]}}],"collection":[{"href":"https:\/\/www.ufmg.br\/proplan\/wp-json\/wp\/v2\/pages"}],"about":[{"href":"https:\/\/www.ufmg.br\/proplan\/wp-json\/wp\/v2\/types\/page"}],"author":[{"embeddable":true,"href":"https:\/\/www.ufmg.br\/proplan\/wp-json\/wp\/v2\/users\/1"}],"replies":[{"embeddable":true,"href":"https:\/\/www.ufmg.br\/proplan\/wp-json\/wp\/v2\/comments?post=891"}],"version-history":[{"count":3,"href":"https:\/\/www.ufmg.br\/proplan\/wp-json\/wp\/v2\/pages\/891\/revisions"}],"predecessor-version":[{"id":1505,"href":"https:\/\/www.ufmg.br\/proplan\/wp-json\/wp\/v2\/pages\/891\/revisions\/1505"}],"wp:attachment":[{"href":"https:\/\/www.ufmg.br\/proplan\/wp-json\/wp\/v2\/media?parent=891"}],"wp:term":[{"taxonomy":"post_tag","embeddable":true,"href":"https:\/\/www.ufmg.br\/proplan\/wp-json\/wp\/v2\/tags?post=891"}],"curies":[{"name":"wp","href":"https:\/\/api.w.org\/{rel}","templated":true}]}}