{"id":1257,"date":"2021-10-06T15:35:10","date_gmt":"2021-10-06T18:35:10","guid":{"rendered":"https:\/\/www.ufmg.br\/prorh\/?page_id=1257"},"modified":"2026-02-25T10:23:53","modified_gmt":"2026-02-25T13:23:53","slug":"cppd-comissao-permanente-de-pessoal-docente","status":"publish","type":"page","link":"https:\/\/www.ufmg.br\/prorh\/a-prorh\/estrutura-2\/cppd-comissao-permanente-de-pessoal-docente\/","title":{"rendered":"CPPD (Comiss\u00e3o Permanente de Pessoal Docente)"},"content":{"rendered":"<h6><a href=\"https:\/\/www.ufmg.br\/prorh\/wp-content\/uploads\/2021\/11\/8870394685_b8c97de24a_o-1-scaled-e1636163830133.jpg\"><img loading=\"lazy\" class=\"alignnone wp-image-1957 size-full\" src=\"https:\/\/www.ufmg.br\/prorh\/wp-content\/uploads\/2021\/11\/8870394685_b8c97de24a_o-1-scaled-e1636491797454.jpg\" alt=\"\" width=\"780\" height=\"300\" \/><\/a><\/h6>\n<h6><em>Foto: Lucas Braga\/UFMG<\/em><\/h6>\n<p>&nbsp;<\/p>\n<div id=\"sp-ea-1245\" class=\"sp-ea-one sp-easy-accordion\" data-ex-icon=\"fa-minus\" data-col-icon=\"fa-plus\"  data-ea-active=\"ea-click\"  data-ea-mode=\"vertical\" data-preloader=\"\"><div class=\"ea-card ea-expand sp-ea-single\"><h3 class=\"ea-header\"><a class=\"collapsed\" data-sptoggle=\"spcollapse\" data-sptarget=#collapse12450 href=\"javascript:void(0)\" aria-expanded=\"true\"><i class=\"ea-expand-icon fa fa-minus\"><\/i> Sobre<\/a><\/h3><div class=\"sp-collapse spcollapse collapsed show\" id=\"collapse12450\" data-parent=#sp-ea-1245><div class=\"ea-body\"><p style=\"text-align: justify\">A Comiss\u00e3o Permanente de Pessoal Docente-CPPD \u00e9 \u00f3rg\u00e3o vinculado \u00e0 Pr\u00f3-Reitoria de Recursos Humanos-PRORH, competindo-lhe assessorar o Conselho de Ensino, Pesquisa e Extens\u00e3o-CEPE, o Reitor e o Pr\u00f3-Reitor de Recursos Humanos nos assuntos referentes \u00e0 formula\u00e7\u00e3o e \u00e0 execu\u00e7\u00e3o da pol\u00edtica de pessoal docente da UFMG. Sua institui\u00e7\u00e3o est\u00e1 prevista no Art. 26 da Lei 12.772\/2012 e, na UFMG, \u00e9 regulamentada pela Resolu\u00e7\u00e3o n\u00ba 08\/2016 do Conselho Universit\u00e1rio, que estabelece sua constitui\u00e7\u00e3o e atribui\u00e7\u00f5es.<\/p>\n<\/div><\/div><\/div><div class=\"ea-card  sp-ea-single\"><h3 class=\"ea-header\"><a class=\"collapsed\" data-sptoggle=\"spcollapse\" data-sptarget=#collapse12451 href=\"javascript:void(0)\" aria-expanded=\"false\"><i class=\"ea-expand-icon fa fa-plus\"><\/i> Atribui\u00e7\u00f5es<\/a><\/h3><div class=\"sp-collapse spcollapse \" id=\"collapse12451\" data-parent=#sp-ea-1245><div class=\"ea-body\"><p style=\"text-align: justify;\">As atribui\u00e7\u00f5es da CPPD, definidas pela Resolu\u00e7\u00e3o 08\/2016 do Conselho Universit\u00e1rio, incluem:<\/p>\n<ul style=\"text-align: justify;\">\n<li>Emitir pareceres, para decis\u00e3o do CEPE, do Reitor ou do Pr\u00f3-Reitor de Recursos Humanos, nos assuntos referentes \u00e0:\n<ul>\n<li>aloca\u00e7\u00e3o de vagas docentes;<\/li>\n<li>altera\u00e7\u00e3o de regime de trabalho e de titula\u00e7\u00e3o;<\/li>\n<li>contrata\u00e7\u00e3o e admiss\u00e3o de professores efetivos, tempor\u00e1rios e volunt\u00e1rios;<\/li>\n<li>avalia\u00e7\u00e3o de desempenho em est\u00e1gio probat\u00f3rio;<\/li>\n<li>avalia\u00e7\u00e3o de desempenho para fins de promo\u00e7\u00e3o, progress\u00e3o funcional e retribui\u00e7\u00e3o por titula\u00e7\u00e3o;<\/li>\n<li>afastamento de docentes para aperfei\u00e7oamento, especializa\u00e7\u00e3o, mestrado, doutorado ou p\u00f3s-doutorado;<\/li>\n<li>libera\u00e7\u00e3o de professores para programas de coopera\u00e7\u00e3o com outras institui\u00e7\u00f5es;<\/li>\n<li>remo\u00e7\u00e3o e redistribui\u00e7\u00e3o.<\/li>\n<\/ul>\n<\/li>\n<li>Desenvolver estudos que forne\u00e7am subs\u00eddios para o estabelecimento, o aperfei\u00e7oamento e a modifica\u00e7\u00e3o da pol\u00edtica docente e de seus instrumentos de acompanhamento e execu\u00e7\u00e3o.<\/li>\n<li>Cuidar de quest\u00f5es relativas \u00e0 an\u00e1lise dos relat\u00f3rios de atividades dos departamentos \/ estruturas equivalentes, de acordo com pol\u00edticas, crit\u00e9rios e par\u00e2metros determinados pelo CEPE.<\/li>\n<li>Manifestar-se sobre assunto relativo \u00e0 doc\u00eancia, quando solicitada pelo CEPE, Reitor, Pr\u00f3-Reitor de Recursos Humanos ou pelos Pr\u00f3-Reitores acad\u00eamicos.<\/li>\n<\/ul>\n<p style=\"text-align: justify;\">Al\u00e9m das atribui\u00e7\u00f5es acima, foram tamb\u00e9m delegadas \u00e0 CPPD as fun\u00e7\u00f5es de gest\u00e3o dos concursos p\u00fablicos para docentes e a an\u00e1lise dos planos de qualifica\u00e7\u00e3o departamentais e das estruturas equivalentes.<\/p>\n<p style=\"text-align: justify;\">Grande demanda cotidiana de atendimento e orienta\u00e7\u00e3o aos Chefes dos Departamentos, aos Diretores das Unidades e de resposta a questionamentos jur\u00eddicos, sindicais e oriundos da Ouvidoria da UFMG.<\/p>\n<hr \/>\n<p><a href=\"https:\/\/www.ufmg.br\/prorh\/wp-content\/uploads\/2026\/04\/PORTARIA-2818-2026-Subdelegacao-de-competencias-CPPD.pdf\">Portaria de Subdelega\u00e7\u00e3o de Compet\u00eancias<\/a><\/p>\n<\/div><\/div><\/div><div class=\"ea-card  sp-ea-single\"><h3 class=\"ea-header\"><a class=\"collapsed\" data-sptoggle=\"spcollapse\" data-sptarget=#collapse12452 href=\"javascript:void(0)\" aria-expanded=\"false\"><i class=\"ea-expand-icon fa fa-plus\"><\/i> Organograma<\/a><\/h3><div class=\"sp-collapse spcollapse \" id=\"collapse12452\" data-parent=#sp-ea-1245><div class=\"ea-body\"><p>A CPPD \u00e9 constitu\u00edda por:<\/p>\n<ul>\n<li>1 docente da Carreira de Magist\u00e9rio do Ensino B\u00e1sico, T\u00e9cnico e Tecnol\u00f3gico;<\/li>\n<li>3 docentes da Carreira do Magist\u00e9rio Superior das \u00e1reas de Ci\u00eancias da Vida;<\/li>\n<li>3 docentes da Carreira de Magist\u00e9rio Superior das \u00e1reas de Ci\u00eancias da Natureza;<\/li>\n<li>3 docentes das \u00e1reas de Humanidades;<\/li>\n<li>Presidente<\/li>\n<li>Vice-Presidente<\/li>\n<li>Representantes discentes, na forma do Estatuto Geral da UFMG.<\/li>\n<\/ul>\n<p>Com exce\u00e7\u00e3o do presidente e vice-presidente, que s\u00e3o indicados pelo Reitor, ouvidos os membros eleitos da CPPD e do CEPE, os demais membros da CPPD s\u00e3o eleitos por seus pares, com mandatos de 3 anos.<\/p>\n<p>A CPPD conta tamb\u00e9m com uma secretaria de apoio formada por equipe de servidores t\u00e9cnicos-administrativos.<a href=\"https:\/\/www.ufmg.br\/prorh\/wp-content\/uploads\/2021\/10\/CPPD2-2-e1638319774481.png\"><img class=\"aligncenter wp-image-2374 size-full\" src=\"https:\/\/www.ufmg.br\/prorh\/wp-content\/uploads\/2021\/10\/CPPD2-2-e1638319774481.png\" alt=\"\" width=\"693\" height=\"224\" \/><\/a><\/p>\n<\/div><\/div><\/div><div class=\"ea-card  sp-ea-single\"><h3 class=\"ea-header\"><a class=\"collapsed\" data-sptoggle=\"spcollapse\" data-sptarget=#collapse12453 href=\"javascript:void(0)\" aria-expanded=\"false\"><i class=\"ea-expand-icon fa fa-plus\"><\/i> Equipe<\/a><\/h3><div class=\"sp-collapse spcollapse \" id=\"collapse12453\" data-parent=#sp-ea-1245><div class=\"ea-body\"><h5 style=\"text-align: justify\"><strong>Presidente e Vice-Presidente, indicados pelo Reitor, ouvida a Comiss\u00e3o e CEPE<\/strong><\/h5>\n<p style=\"text-align: justify\">Ana Lydia Reis de Castro e Silva<br \/>\nAdalgisa Peixoto Ribeiro<\/p>\n<h5 style=\"text-align: justify\"><strong>Comiss\u00e3o composta por 10 docentes, representantes das v\u00e1rias \u00e1reas de conhecimento, e 2 representantes discentes, eleitos por seus pares<\/strong><\/h5>\n<h5 style=\"text-align: justify\"><strong>\u00c1rea de Ci\u00eancias da Vida<\/strong><\/h5>\n<p style=\"text-align: justify\">Helton Jos\u00e9 dos Reis \u2013 ICB<br \/>\nIzabela Guimar\u00e3es Barbosa \u2013 Faculdade de Medicina<\/p>\n<p style=\"text-align: justify\">Maicon Rodrigues Albuquerque \u2013 EEFFTO<br \/>\nCl\u00e1udia Borges Brasileiro \u2013 Faculdade de Odontologia<\/p>\n<p style=\"text-align: justify\">M\u00e1rcia Martins \u2013 ICA<br \/>\nFab\u00edola de Oliveira Paes Leme \u2013 Escola de Veterin\u00e1ria<\/p>\n<h5 style=\"text-align: justify\"><strong>\u00c1rea de Ci\u00eancias da Natureza<\/strong><\/h5>\n<p style=\"text-align: justify\">Anderson Dias \u2013 ICEx<br \/>\nAriete Righi \u2013 ICEx<\/p>\n<p style=\"text-align: justify\">Willian Moreira Duarte \u2013 Escola de Engenharia<br \/>\nMarys Lene Braga Almeida \u2013 Escola de Engenharia<\/p>\n<h5 style=\"text-align: justify\"><strong>\u00c1rea de Humanidades<\/strong><\/h5>\n<p style=\"text-align: justify\">Rosana Passos \u2013 FALE<br \/>\nB\u00e1rbara Neves Salviano de Paula \u2013 FALE<\/p>\n<p style=\"text-align: justify\">M\u00f4nica Yumi Jinzenji \u2013 FaE<br \/>\nClarice Cristine Ferreira Menezes \u2013 FAFICH<\/p>\n<p style=\"text-align: justify\">Adamo Dias Alves \u2013 Faculdade de Direito<br \/>\nGabriela Cristina Braga Navarro \u2013 Faculdade de Direito<\/p>\n<h5 style=\"text-align: justify\"><strong>Carreira do Ensino B\u00e1sico, T\u00e9cnico e Tecnol\u00f3gico<\/strong><\/h5>\n<p style=\"text-align: justify\">Warley Machado Correia \u2013 CP<br \/>\nDiogo Alves de Faria Reis \u2013 CP<\/p>\n<h5 style=\"text-align: justify\"><strong>Discentes<\/strong><\/h5>\n<p style=\"text-align: justify\">Vago<\/p>\n<h5 style=\"text-align: justify\"><strong>Equipe T\u00e9cnica<\/strong><\/h5>\n<p>Erica Vanessa Martins Rocha da Mota \u2013 Secret\u00e1ria<br \/>\nBruna Lana Camargos Costa<br \/>\nBruno Disid\u00e9rio Pereira<br \/>\nFabr\u00edcio Brand\u00e3o Madureira<br \/>\nJ\u00falio C\u00e9sar Gon\u00e7alves J\u00fanior<br \/>\nRita de C\u00e1ssia Nogueira da Mota<br \/>\nS\u00edlvia Let\u00edcia Abreu de Oliveira<br \/>\nVin\u00edcius V\u00edtor Ladeira<\/p>\n<\/div><\/div><\/div><div class=\"ea-card  sp-ea-single\"><h3 class=\"ea-header\"><a class=\"collapsed\" data-sptoggle=\"spcollapse\" data-sptarget=#collapse12454 href=\"javascript:void(0)\" aria-expanded=\"false\"><i class=\"ea-expand-icon fa fa-plus\"><\/i> Informes<\/a><\/h3><div class=\"sp-collapse spcollapse \" id=\"collapse12454\" data-parent=#sp-ea-1245><div class=\"ea-body\"><h2 id=\"tablepress-13-name\" class=\"tablepress-table-name tablepress-table-name-id-13\">Of\u00edcios Circulares CPPD<\/h2>\n\n<table id=\"tablepress-13\" class=\"tablepress tablepress-id-13\" aria-labelledby=\"tablepress-13-name\">\n<thead>\n<tr class=\"row-1 odd\">\n\t<th class=\"column-1\">Ano<\/th><th class=\"column-2\">Item<\/th><th class=\"column-3\">T\u00edtulo<\/th><th class=\"column-4\">Assunto<\/th><th class=\"column-5\">Link<\/th>\n<\/tr>\n<\/thead>\n<tbody class=\"row-hover\">\n<tr class=\"row-2 even\">\n\t<td class=\"column-1\">2026<\/td><td class=\"column-2\">1<\/td><td class=\"column-3\">OF\u00cdCIO CIRCULAR N\u00ba 1\/2026\/CPPD-UFMG<\/td><td class=\"column-4\">Atualiza\u00e7\u00e3o de informa\u00e7\u00f5es nos sistemas da UFMG para fins de Aloca\u00e7\u00e3o de Vagas do Magist\u00e9rio Superior<\/td><td class=\"column-5\"><a href=\"https:\/\/www.ufmg.br\/prorh\/wp-content\/uploads\/2026\/02\/OFICIO-CIRCULAR-CPPD_001-2026_ATUALIZACAO-INFORMACOES-PARA-FINS-ALOCACAO-DE-VAGAS-MS.pdf\" rel=\"noopener\" target=\"_blank\">Acesse aqui<\/a><\/td>\n<\/tr>\n<tr class=\"row-3 odd\">\n\t<td class=\"column-1\">2025<\/td><td class=\"column-2\">4<\/td><td class=\"column-3\">OF\u00cdCIO CIRCULAR N\u00ba 4\/2025\/CPPD-UFMG<\/td><td class=\"column-4\">Cronograma ReDoc e ReCAD 2025<\/td><td class=\"column-5\"><a href=\"https:\/\/www.ufmg.br\/prorh\/wp-content\/uploads\/2026\/02\/Oficio_Circular.CPPD-UFMG_4.2025_cronograma_ReDoc_e_ReCAD_2025.pdf\" rel=\"noopener\" target=\"_blank\">Acesse aqui<\/a><\/td>\n<\/tr>\n<tr class=\"row-4 even\">\n\t<td class=\"column-1\">2025<\/td><td class=\"column-2\">3<\/td><td class=\"column-3\">OF\u00cdCIO CIRCULAR N\u00ba 3\/2025\/CPPD-UFMG<\/td><td class=\"column-4\">Vagas do Magist\u00e9rio Superior em fun\u00e7\u00e3o de Situa\u00e7\u00f5es At\u00edpicas de Manuten\u00e7\u00e3o<\/td><td class=\"column-5\"><a href=\"https:\/\/www.ufmg.br\/prorh\/wp-content\/uploads\/2026\/02\/Oficio_Circular.CPPD-UFMG_3.2025_Vagas-do-Magisterio-Superior-em-funcao-de-Situacoes-Atipicas-de-Manutencao.pdf\" rel=\"noopener\" target=\"_blank\">Acesse aqui<\/a><\/td>\n<\/tr>\n<tr class=\"row-5 odd\">\n\t<td class=\"column-1\">2025<\/td><td class=\"column-2\">2<\/td><td class=\"column-3\">OF\u00cdCIO CIRCULAR N\u00ba 2\/2025\/CPPD-UFMG<\/td><td class=\"column-4\">Dados da Matriz de Dimensionamento para verifica\u00e7\u00e3o pelo Departamento\/Estrutura<br \/>\nEquivalente<\/td><td class=\"column-5\"><a href=\"https:\/\/www.ufmg.br\/prorh\/wp-content\/uploads\/2026\/02\/Oficio_Circular.CPPD-UFMG_2.2025_Dados-da-Matriz-de-Dimensionamento-para-verificacao-pelo-Departamento_Estrutura.pdf\" rel=\"noopener\" target=\"_blank\">Acesse aqui<\/a><\/td>\n<\/tr>\n<tr class=\"row-6 even\">\n\t<td class=\"column-1\">2025<\/td><td class=\"column-2\">1<\/td><td class=\"column-3\">OF\u00cdCIO CIRCULAR N\u00ba 1\/2025\/CPPD-UFMG<\/td><td class=\"column-4\">Cronograma ReDoc e ReCAD 2024<\/td><td class=\"column-5\"><a href=\"https:\/\/www.ufmg.br\/prorh\/wp-content\/uploads\/2025\/10\/OFICIO-CIRCULAR-No-1-2025-CPPD-UFMG.pdf\" rel=\"noopener\" target=\"_blank\">Acesse aqui<\/a><\/td>\n<\/tr>\n<tr class=\"row-7 odd\">\n\t<td class=\"column-1\">2024<\/td><td class=\"column-2\">1<\/td><td class=\"column-3\">OF\u00cdCIO CIRCULAR N\u00ba 2\/2024\/CPPD-UFMG<\/td><td class=\"column-4\">Proposta de aloca\u00e7\u00e3o de vagas docentes extra-matriz para situa\u00e7\u00f5es at\u00edpicas de manuten\u00e7\u00e3o<\/td><td class=\"column-5\"><a href=\"https:\/\/www.ufmg.br\/prorh\/wp-content\/uploads\/2024\/04\/OFICIO-CIRCULAR-CPPD-UFMG-002-2024-Proposta-de-alocacao-de-vagas-docentes-extra-matriz-para-situacoes-atipicas-de-manutencao.pdf\" rel=\"noopener\" target=\"_blank\">Acesse aqui<\/a><\/td>\n<\/tr>\n<tr class=\"row-8 even\">\n\t<td class=\"column-1\">2023<\/td><td class=\"column-2\">1<\/td><td class=\"column-3\">OF\u00cdCIO CIRCULAR N\u00ba 1\/2023\/CPPD-UFMG<\/td><td class=\"column-4\">Plano de qualifica\u00e7\u00e3o docente<\/td><td class=\"column-5\"><a href=\"https:\/\/www.ufmg.br\/prorh\/wp-content\/uploads\/2023\/05\/OFICIO-CIRCULAR-CPPD-001-2023-PLANO-DE-QUALIFICACAO-DOCENTE.pdf\" rel=\"noopener\" target=\"_blank\">Acesse aqui<\/a><\/td>\n<\/tr>\n<tr class=\"row-9 odd\">\n\t<td class=\"column-1\">2021<\/td><td class=\"column-2\">8<\/td><td class=\"column-3\">OF\u00cdCIO CIRCULAR N\u00ba 8\/2021\/CPPD-UFMG<\/td><td class=\"column-4\">Divulga altera\u00e7\u00e3o do calend\u00e1rio ReDoc 2020<\/td><td class=\"column-5\"><a href=\"https:\/\/www.ufmg.br\/prorh\/wp-content\/uploads\/2021\/11\/OFICIO-CIRCULAR-CPPD-008-2021_Divulga-alteracao-do-calendario-ReDoc-2020-.pdf\" rel=\"noopener\" target=\"_blank\">Acesse aqui<\/a><\/td>\n<\/tr>\n<tr class=\"row-10 even\">\n\t<td class=\"column-1\">2021<\/td><td class=\"column-2\">7<\/td><td class=\"column-3\">OF\u00cdCIO CIRCULAR N\u00ba 7\/2021\/CPPD-UFMG<\/td><td class=\"column-4\">Vagas extramatriz para Situa\u00e7\u00f5es At\u00edpicas de Manuten\u00e7\u00e3o 2021<\/td><td class=\"column-5\"><a href=\"https:\/\/www.ufmg.br\/prorh\/wp-content\/uploads\/2021\/11\/OFICIO-CIRCULAR-CPPD-007-2021_Vagas-extramatriz-para-Situacoes-Atipicas-de-Manutencao-2021.pdf\" rel=\"noopener\" target=\"_blank\">Acesse aqui<\/a><\/td>\n<\/tr>\n<tr class=\"row-11 odd\">\n\t<td class=\"column-1\">2021<\/td><td class=\"column-2\">6<\/td><td class=\"column-3\">OF\u00cdCIO CIRCULAR N\u00ba 6\/2021\/CPPD-UFMG<\/td><td class=\"column-4\">Altera\u00e7\u00e3o de regime de trabalho docente - prazo para submiss\u00e3o em 2021<\/td><td class=\"column-5\"><a href=\"https:\/\/www.ufmg.br\/prorh\/wp-content\/uploads\/2021\/11\/OFICIO-CIRCULAR-CPPD-006-2021-Alteracao-de-regime-de-trabalho-docente-prazo-para-submissao-em-2021.pdf\" rel=\"noopener\" target=\"_blank\">Acesse aqui<\/a><\/td>\n<\/tr>\n<tr class=\"row-12 even\">\n\t<td class=\"column-1\">2021<\/td><td class=\"column-2\">5<\/td><td class=\"column-3\">OF\u00cdCIO CIRCULAR N\u00ba 5\/2021\/CPPD-UFMG<\/td><td class=\"column-4\">Manifesta\u00e7\u00e3o da FAO quanto ao Of\u00edcio Circular 02\/2021\/CPPD-PRORH<\/td><td class=\"column-5\"><a href=\"https:\/\/www.ufmg.br\/prorh\/wp-content\/uploads\/2021\/11\/OFICIO-CIRCULAR-CPPD-005-2021_Manifestacao-da-FAO-quanto-ao-Oficio-Circular-022021CPPD-PRORH.pdf\" rel=\"noopener\" target=\"_blank\">Acesse aqui<\/a><\/td>\n<\/tr>\n<tr class=\"row-13 odd\">\n\t<td class=\"column-1\">2021<\/td><td class=\"column-2\">4<\/td><td class=\"column-3\">OF\u00cdCIO CIRCULAR N\u00ba 4\/2021\/CPPD-UFMG<\/td><td class=\"column-4\">Divulga calend\u00e1rio ReDoc 2020<\/td><td class=\"column-5\"><a href=\"https:\/\/www.ufmg.br\/prorh\/wp-content\/uploads\/2021\/11\/OFICIO-CIRCULAR-CPPD-004-2021_Divulga-calendario-ReDoc-2020.pdf\" rel=\"noopener\" target=\"_blank\">Acesse aqui<\/a><\/td>\n<\/tr>\n<tr class=\"row-14 even\">\n\t<td class=\"column-1\">2021<\/td><td class=\"column-2\">3<\/td><td class=\"column-3\">OF\u00cdCIO CIRCULAR N\u00ba 3\/2021\/CPPD-UFMG<\/td><td class=\"column-4\">Perfil de Refer\u00eancia da Unidade<\/td><td class=\"column-5\"><a href=\"https:\/\/www.ufmg.br\/prorh\/wp-content\/uploads\/2021\/11\/OFICIO-CIRCULAR-CPPD-003-2021_PERFIL-DE-REFERENCIA.pdf\" rel=\"noopener\" target=\"_blank\">Acesse aqui<\/a><\/td>\n<\/tr>\n<tr class=\"row-15 odd\">\n\t<td class=\"column-1\">2021<\/td><td class=\"column-2\">2<\/td><td class=\"column-3\">OF\u00cdCIO CIRCULAR N\u00ba 2\/2021\/CPPD-UFMG<\/td><td class=\"column-4\">Atribui\u00e7\u00e3o de encargos did\u00e1ticos durante pandemia de COVID-19<\/td><td class=\"column-5\"><a href=\"https:\/\/www.ufmg.br\/prorh\/wp-content\/uploads\/2021\/11\/OFICIO-CIRCULAR-CPPD-002-2021_Atribuicao-encargos-didaticos-pandemia.pdf\" rel=\"noopener\" target=\"_blank\">Acesse aqui<\/a><\/td>\n<\/tr>\n<tr class=\"row-16 even\">\n\t<td class=\"column-1\">2020<\/td><td class=\"column-2\">12<\/td><td class=\"column-3\">OF\u00cdCIO CIRCULAR N\u00ba 12\/2020\/CPPD-UFMG<\/td><td class=\"column-4\">Orienta\u00e7\u00f5es para retomada dos concursos p\u00fablicos e manifesta\u00e7\u00e3o sobre provimento de<br \/>\nvagas docentes<\/td><td class=\"column-5\"><a href=\"https:\/\/www.ufmg.br\/prorh\/wp-content\/uploads\/2021\/11\/OFICIO-CIRCULAR-CPPD-012-2020_ORIENTACOES-RETOMADA-CONCURSOS.pdf\" rel=\"noopener\" target=\"_blank\">Acesse aqui<\/a><\/td>\n<\/tr>\n<tr class=\"row-17 odd\">\n\t<td class=\"column-1\">2020<\/td><td class=\"column-2\">11<\/td><td class=\"column-3\">OF\u00cdCIO CIRCULAR N\u00ba 11\/2020\/CPPD-UFMG<\/td><td class=\"column-4\">Divulga novo calend\u00e1rio ReDoc 2017-2018-2019<\/td><td class=\"column-5\"><a href=\"https:\/\/www.ufmg.br\/prorh\/wp-content\/uploads\/2021\/11\/OFICIO-CIRCULAR-CPPD-011-2020_-NOVO-CALENDARIO-REDOC.pdf\" rel=\"noopener\" target=\"_blank\">Acesse aqui<\/a><\/td>\n<\/tr>\n<tr class=\"row-18 even\">\n\t<td class=\"column-1\">2020<\/td><td class=\"column-2\">10<\/td><td class=\"column-3\">OF\u00cdCIO CIRCULAR N\u00ba 10\/2020\/CPPD-UFMG<\/td><td class=\"column-4\">ALTERA Convite para Reuni\u00e3o sobre ReDoc 2017 - 2018 - 2019<\/td><td class=\"column-5\"><a href=\"https:\/\/www.ufmg.br\/prorh\/wp-content\/uploads\/2021\/11\/OFICIO-CIRCULAR-CPPD-010-2020_-CONVITE-REDOC-NOVA-SALA.pdf\" rel=\"noopener\" target=\"_blank\">Acesse aqui<\/a><\/td>\n<\/tr>\n<tr class=\"row-19 odd\">\n\t<td class=\"column-1\">2020<\/td><td class=\"column-2\">9<\/td><td class=\"column-3\">OF\u00cdCIO CIRCULAR N\u00ba 9\/2020\/CPPD-UFMG<\/td><td class=\"column-4\">Convite para Reuni\u00e3o sobre ReDoc 2017 - 2018 - 2019<\/td><td class=\"column-5\"><a href=\"https:\/\/www.ufmg.br\/prorh\/wp-content\/uploads\/2021\/11\/OFICIO-CIRCULAR-CPPD-009-2020_CONVITE-REDOC.pdf\" rel=\"noopener\" target=\"_blank\">Acesse aqui<\/a><\/td>\n<\/tr>\n<tr class=\"row-20 even\">\n\t<td class=\"column-1\">2020<\/td><td class=\"column-2\">8<\/td><td class=\"column-3\">OF\u00cdCIO CIRCULAR N\u00ba 8\/2020\/CPPD-UFMG<\/td><td class=\"column-4\">Prorroga\u00e7\u00e3o de validade dos processos seletivos para professor visitante e<br \/>\nvisitante estrangeiro<\/td><td class=\"column-5\"><a href=\"https:\/\/www.ufmg.br\/prorh\/wp-content\/uploads\/2021\/11\/OFICIO-CIRCULAR-CPPD-008-2020-PROROGACAO-VALIDADE-VISITANTE.pdf\" rel=\"noopener\" target=\"_blank\">Acesse aqui<\/a><\/td>\n<\/tr>\n<tr class=\"row-21 odd\">\n\t<td class=\"column-1\">2020<\/td><td class=\"column-2\">7<\/td><td class=\"column-3\">OF\u00cdCIO CIRCULAR N\u00ba 7\/2020\/CPPD-UFMG<\/td><td class=\"column-4\">RETIFICA OF\u00cdCIO CIRCULAR N\u00ba 6\/2020\/CPPD - Relat\u00f3rios Individuais de Atividades<br \/>\nDocente \u2013 ReDoc 2017, 2018 e 2019<\/td><td class=\"column-5\"><a href=\"https:\/\/www.ufmg.br\/prorh\/wp-content\/uploads\/2021\/11\/OFICIO-CIRCULAR-CPPD-007_2020-RET-OFICIO-CIRCULAR-006.pdf\" rel=\"noopener\" target=\"_blank\">Acesse aqui<\/a><\/td>\n<\/tr>\n<tr class=\"row-22 even\">\n\t<td class=\"column-1\">2020<\/td><td class=\"column-2\">6<\/td><td class=\"column-3\">OF\u00cdCIO CIRCULAR N\u00ba 6\/2020\/CPPD-UFMG<\/td><td class=\"column-4\">Relat\u00f3rios Individuais de Atividades Docente \u2013 ReDoc 2017, 2018 e 2019<\/td><td class=\"column-5\"><a href=\"https:\/\/www.ufmg.br\/prorh\/wp-content\/uploads\/2021\/11\/OFICIO-CIRCULAR-CPPD-006-2020.pdf\" rel=\"noopener\" target=\"_blank\">Acesse aqui<\/a><\/td>\n<\/tr>\n<tr class=\"row-23 odd\">\n\t<td class=\"column-1\">2020<\/td><td class=\"column-2\">5<\/td><td class=\"column-3\">OF\u00cdCIO CIRCULAR N\u00ba 5\/2020\/CPPD-UFMG<\/td><td class=\"column-4\">Prorroga\u00e7\u00e3o de validade dos processos sele<\/td><td class=\"column-5\"><a href=\"https:\/\/www.ufmg.br\/prorh\/wp-content\/uploads\/2021\/11\/OFICIO-CIRCULAR-CPPD-005-2020_PRORROGACAO-VALIDADE-PROCESSO-SELETIVO-VISITANTE.pdf\" rel=\"noopener\" target=\"_blank\">Acesse aqui<\/a><\/td>\n<\/tr>\n<tr class=\"row-24 even\">\n\t<td class=\"column-1\">2020<\/td><td class=\"column-2\">4<\/td><td class=\"column-3\">OF\u00cdCIO CIRCULAR N\u00ba 4\/2020\/CPPD-UFMG<\/td><td class=\"column-4\">Altera informa\u00e7\u00f5es do Of\u00edcio Circular N\u00ba 02\/2020\/CPPD - Processos de Contrata\u00e7\u00e3o de Professores Substitutos no SEI<\/td><td class=\"column-5\"><a href=\"https:\/\/www.ufmg.br\/prorh\/wp-content\/uploads\/2021\/11\/OFICIO-CIRCULAR-CPPD-004-2020_Contratacao-subst.pdf\" rel=\"noopener\" target=\"_blank\">Acesse aqui<\/a><\/td>\n<\/tr>\n<tr class=\"row-25 odd\">\n\t<td class=\"column-1\">2020<\/td><td class=\"column-2\">3.2<\/td><td class=\"column-3\">OF\u00cdCIO CIRCULAR N\u00ba 3\/2020\/CPPD-UFMG<\/td><td class=\"column-4\">ERRATA 2<\/td><td class=\"column-5\"><a href=\"https:\/\/www.ufmg.br\/prorh\/wp-content\/uploads\/2021\/11\/ERRATA-2-OFICIO-CIRCULAR-CPPD-003-2020-SEI.pdf\" rel=\"noopener\" target=\"_blank\">Acesse aqui<\/a><\/td>\n<\/tr>\n<tr class=\"row-26 even\">\n\t<td class=\"column-1\">2020<\/td><td class=\"column-2\">3.1<\/td><td class=\"column-3\">OF\u00cdCIO CIRCULAR N\u00ba 3\/2020\/CPPD-UFMG<\/td><td class=\"column-4\">ERRATA 1<\/td><td class=\"column-5\"><a href=\"https:\/\/www.ufmg.br\/prorh\/wp-content\/uploads\/2021\/11\/ERRATA-1-OFICIO-CIRCULAR-CPPD-003-2020-SEI.pdf\" rel=\"noopener\" target=\"_blank\">Acesse aqui<\/a><\/td>\n<\/tr>\n<tr class=\"row-27 odd\">\n\t<td class=\"column-1\">2020<\/td><td class=\"column-2\">3<\/td><td class=\"column-3\">OF\u00cdCIO CIRCULAR N\u00ba 3\/2020\/CPPD-UFMG<\/td><td class=\"column-4\">Abertura de Edital de Processo Seletivo para Professor Substituto<\/td><td class=\"column-5\"><a href=\"https:\/\/www.ufmg.br\/prorh\/wp-content\/uploads\/2021\/11\/OFICIO-CIRCULAR-CPPD-003-2020-SEI.pdf\" rel=\"noopener\" target=\"_blank\">Acesse aqui<\/a><\/td>\n<\/tr>\n<tr class=\"row-28 even\">\n\t<td class=\"column-1\">2020<\/td><td class=\"column-2\">2<\/td><td class=\"column-3\">OF\u00cdCIO CIRCULAR N\u00ba 2\/2020\/CPPD-UFMG<\/td><td class=\"column-4\">Orienta\u00e7\u00f5es para nomea\u00e7\u00e3o e contrata\u00e7\u00e3o de docentes<\/td><td class=\"column-5\"><a href=\"https:\/\/www.ufmg.br\/prorh\/wp-content\/uploads\/2021\/11\/OFICIO-CIRCULAR-CPPD-002-2020-SEI.pdf\" rel=\"noopener\" target=\"_blank\">Acesse aqui<\/a><\/td>\n<\/tr>\n<tr class=\"row-29 odd\">\n\t<td class=\"column-1\">2020<\/td><td class=\"column-2\">1<\/td><td class=\"column-3\">OF\u00cdCIO CIRCULAR N\u00ba 1\/2020\/CPPD-UFMG<\/td><td class=\"column-4\">Suspens\u00e3o da realiza\u00e7\u00e3o de concursos<\/td><td class=\"column-5\"><a href=\"https:\/\/www.ufmg.br\/prorh\/wp-content\/uploads\/2021\/11\/OFICIO-CIRCULAR-CPPD-001-2020-SEI_suspensao-realizacao-de-concursos.pdf\" rel=\"noopener\" target=\"_blank\">Acesse aqui<\/a><\/td>\n<\/tr>\n<tr class=\"row-30 even\">\n\t<td class=\"column-1\">2020<\/td><td class=\"column-2\">1<\/td><td class=\"column-3\">OF\u00cdCIO CIRCULAR N\u00ba 1\/2020\/CPPD-UFMG<\/td><td class=\"column-4\">Instru\u00e7\u00e3o aos processos de concess\u00e3o de vaga de professor substituto, contrata\u00e7\u00e3o e prorroga\u00e7\u00e3o de contratos<\/td><td class=\"column-5\"><a href=\"https:\/\/www.ufmg.br\/prorh\/wp-content\/uploads\/2021\/11\/OFICIO-CIRCULAR-CPPD-001-2020_Instrucao-processos-substitutos.pdf\" rel=\"noopener\" target=\"_blank\">Acesse aqui<\/a><\/td>\n<\/tr>\n<tr class=\"row-31 odd\">\n\t<td class=\"column-1\">2019<\/td><td class=\"column-2\">8<\/td><td class=\"column-3\">OF\u00cdCIO CIRCULAR N\u00ba 008\/2019\/CPPD\/PRORH\/UFMG<\/td><td class=\"column-4\">Altera\u00e7\u00e3o de prazo m\u00e1ximo de afastamento para p\u00f3s-doutorado<\/td><td class=\"column-5\"><a href=\"https:\/\/www.ufmg.br\/prorh\/wp-content\/uploads\/2021\/11\/OF.CIRCULAR.008-Ajuste_proced_afastam_pos-doc.pdf\" rel=\"noopener\" target=\"_blank\">Acesse aqui<\/a><\/td>\n<\/tr>\n<tr class=\"row-32 even\">\n\t<td class=\"column-1\">2019<\/td><td class=\"column-2\">7<\/td><td class=\"column-3\">OF\u00cdCIO CIRCULAR N\u00ba 007\/2019\/CPPD\/PRORH\/UFMG<\/td><td class=\"column-4\">Aplicativo Coleta de Dados Docentes - Colad<\/td><td class=\"column-5\"><a href=\"https:\/\/www.ufmg.br\/prorh\/wp-content\/uploads\/2021\/11\/OF.CIRCULAR.007_Informa-COLAD_versao2-revisado.pdf\" rel=\"noopener\" target=\"_blank\">Acesse aqui<\/a><\/td>\n<\/tr>\n<tr class=\"row-33 odd\">\n\t<td class=\"column-1\">2019<\/td><td class=\"column-2\">5<\/td><td class=\"column-3\">OF.CIRCULAR CPPD.005\/2019<\/td><td class=\"column-4\">Ajuste de procedimento para processos de acelera\u00e7\u00e3o da promo\u00e7\u00e3o<\/td><td class=\"column-5\"><a href=\"https:\/\/www.ufmg.br\/prorh\/wp-content\/uploads\/2021\/11\/OF.CIRCULAR.005-Ajuste_proced_acerel_promo.pdf\" rel=\"noopener\" target=\"_blank\">Acesse aqui<\/a><\/td>\n<\/tr>\n<tr class=\"row-34 even\">\n\t<td class=\"column-1\">2019<\/td><td class=\"column-2\">4.1<\/td><td class=\"column-3\">OF\u00cdCIO CIRCULAR N\u00ba 004\/2019\/CPPD\/PRORH\/UFMG - RETIFICA\u00c7\u00c3O<\/td><td class=\"column-4\">Homologa\u00e7\u00e3o e Contrata\u00e7\u00e3o de Professores Visitantes e Professores Visitantes Estrangeiros<\/td><td class=\"column-5\"><a href=\"https:\/\/www.ufmg.br\/prorh\/wp-content\/uploads\/2021\/11\/OF.CIRCULAR.004-Fluxo-Homologacao-e-Contratacao-Prof-Visitante-RETIFICACAO.pdf\" rel=\"noopener\" target=\"_blank\">Acesse aqui<\/a><\/td>\n<\/tr>\n<tr class=\"row-35 odd\">\n\t<td class=\"column-1\">2019<\/td><td class=\"column-2\">4<\/td><td class=\"column-3\">OF\u00cdCIO CIRCULAR N\u00ba 004\/2019\/CPPD\/PRORH\/UFMG<\/td><td class=\"column-4\">Homologa\u00e7\u00e3o e Contrata\u00e7\u00e3o de Professores Visitantes e Professores Visitantes Estrangeiros<\/td><td class=\"column-5\"><a href=\"https:\/\/www.ufmg.br\/prorh\/wp-content\/uploads\/2021\/11\/OF.CIRCULAR.004-Fluxo-Homologacao-e-Contratacao-Prof-Visitante.pdf\" rel=\"noopener\" target=\"_blank\">Acesse aqui<\/a><\/td>\n<\/tr>\n<tr class=\"row-36 even\">\n\t<td class=\"column-1\">2019<\/td><td class=\"column-2\">3<\/td><td class=\"column-3\">OF. CIRCULAR CPPD.003\/2019<\/td><td class=\"column-4\">Roteiro para An\u00e1lise e Corre\u00e7\u00e3o do Relat\u00f3rio Consolidado Acad\u00eamico Departamental - ReCAD 2016<\/td><td class=\"column-5\"><a href=\"https:\/\/www.ufmg.br\/prorh\/wp-content\/uploads\/2021\/11\/OF.CIRCULAR.003-encaminha-RECAD-2016.docx.pdf\" rel=\"noopener\" target=\"_blank\">Acesse aqui<\/a><\/td>\n<\/tr>\n<tr class=\"row-37 odd\">\n\t<td class=\"column-1\">2019<\/td><td class=\"column-2\">2<\/td><td class=\"column-3\">OF. CIRCULAR CPPD.002\/2019<\/td><td class=\"column-4\">Ajuste de procedimento para reclassifica\u00e7\u00e3o de candidato para o \u00faltimo lugar da lista de aprovados em concurso<\/td><td class=\"column-5\"><a href=\"https:\/\/www.ufmg.br\/prorh\/wp-content\/uploads\/2021\/11\/OF.CIRCULAR.002-Ajuste_proced_reclass_cand_resultado_concursos.pdf\" rel=\"noopener\" target=\"_blank\">Acesse aqui<\/a><\/td>\n<\/tr>\n<tr class=\"row-38 even\">\n\t<td class=\"column-1\">2019<\/td><td class=\"column-2\">1<\/td><td class=\"column-3\">OF. CIRCULAR CPPD.001\/2019<\/td><td class=\"column-4\">Vagas extramatriz para situa\u00e7\u00f5es at\u00edpicas de manuten\u00e7\u00e3o<\/td><td class=\"column-5\"><a href=\"https:\/\/www.ufmg.br\/prorh\/wp-content\/uploads\/2021\/11\/OF.CIRCULAR.001-Vagas-extra-matriz-Situacoes-Atipicas-de-Manutencao.pdf\" rel=\"noopener\" target=\"_blank\">Acesse aqui<\/a><\/td>\n<\/tr>\n<\/tbody>\n<\/table>\n<!-- #tablepress-13 from cache -->\n<hr \/>\n<p><a href=\"https:\/\/www.ufmg.br\/prorh\/wp-content\/uploads\/2026\/02\/Criterios-de-Alocacao-de-Vagas-de-Magisterio-Superior-pela-Matriz-de-Dimensionamento-da-UFMG.pdf\">Crit\u00e9rios de Aloca\u00e7\u00e3o de Vagas de Magist\u00e9rio Superior pela Matriz de Dimensionamento da UFMG<\/a><\/p>\n<hr \/>\n<p><a href=\"https:\/\/www.ufmg.br\/prorh\/wp-content\/uploads\/2026\/02\/Proposta-de-Ajustes-da-Alocacao-de-Vagas-da-Carreira-Docente-do-Magisterio-Superior-na-UFMG.pdf\">Proposta de Ajustes da Aloca\u00e7\u00e3o de Vagas da Carreira Docente do Magist\u00e9rio Superior na UFMG<\/a><\/p>\n<hr \/>\n<\/div><\/div><\/div><div class=\"ea-card  sp-ea-single\"><h3 class=\"ea-header\"><a class=\"collapsed\" data-sptoggle=\"spcollapse\" data-sptarget=#collapse12455 href=\"javascript:void(0)\" aria-expanded=\"false\"><i class=\"ea-expand-icon fa fa-plus\"><\/i> Contatos<\/a><\/h3><div class=\"sp-collapse spcollapse \" id=\"collapse12455\" data-parent=#sp-ea-1245><div class=\"ea-body\"><h5><strong>Secretaria da Presid\u00eancia<\/strong><\/h5>\n<p>Erica Vanessa Martins Rocha da Mota<\/p>\n<ul>\n<li>E-mail: cppd-pres@prorh.ufmg.br<\/li>\n<li>Telefone: (31) 3409-4114<\/li>\n<\/ul>\n<h5><strong>Suporte T\u00e9cnico - Relat\u00f3rios\u00a0 (REDOC E RECAD)<\/strong><\/h5>\n<p>Bruno Disid\u00e9rio Pereira<\/p>\n<ul>\n<li>E-mail: cppd-helpdesk@prorh.ufmg.br<\/li>\n<li>Telefone: (31) 3409-4112<\/li>\n<\/ul>\n<h5><strong>Equipe T\u00e9cnica<\/strong><\/h5>\n<p>Bruna Lana Camargos Costa<\/p>\n<ul>\n<li>E-mail: cppd@prorh.ufmg.br<\/li>\n<li>Telefone: (31) 3409-3226<\/li>\n<\/ul>\n<p>Fabr\u00edcio Brand\u00e3o Madureira<\/p>\n<ul>\n<li>E-mail: cppd@prorh.ufmg.br<\/li>\n<li>Telefone: (31) 3409-4406<\/li>\n<\/ul>\n<p>J\u00falio C\u00e9sar Gon\u00e7alves J\u00fanior<\/p>\n<ul>\n<li>E-mail: cppd@prorh.ufmg.br<\/li>\n<li>Telefone: (31) 3409-4771<\/li>\n<\/ul>\n<p>Rita de C\u00e1ssia Nogueira da Mota<\/p>\n<ul>\n<li>E-mail: cppd@prorh.ufmg.br<\/li>\n<li>Telefone: (31) 3409-4116<\/li>\n<\/ul>\n<p>S\u00edlvia Let\u00edcia Abreu de Oliveira<\/p>\n<ul>\n<li>E-mail: cppd@prorh.ufmg.br<\/li>\n<li>Telefone: (31) 3409-4243<\/li>\n<\/ul>\n<p>Vin\u00edcius V\u00edtor Ladeira<\/p>\n<ul>\n<li>E-mail: cppd@prorh.ufmg.br<\/li>\n<li>Telefone: (31) 3409-3933<\/li>\n<\/ul>\n<\/div><\/div><\/div><div class=\"ea-card  sp-ea-single\"><h3 class=\"ea-header\"><a class=\"collapsed\" data-sptoggle=\"spcollapse\" data-sptarget=#collapse12456 href=\"javascript:void(0)\" aria-expanded=\"false\"><i class=\"ea-expand-icon fa fa-plus\"><\/i> Localiza\u00e7\u00e3o<\/a><\/h3><div class=\"sp-collapse spcollapse \" id=\"collapse12456\" data-parent=#sp-ea-1245><div class=\"ea-body\"><p>Universidade Federal de Minas Gerais<br \/>\nCampus Pampulha \u2013 Reitoria \u2013 2\u00b0 andar<br \/>\nAv. Ant\u00f4nio Carlos, 6.627, Pampulha<br \/>\nCEP 31.270-901 \u2013 Belo Horizonte \u2013 MG<\/p>\n<\/div><\/div><\/div><\/div>\n","protected":false},"excerpt":{"rendered":"<p>Foto: Lucas Braga\/UFMG &nbsp;<\/p>\n","protected":false},"author":1,"featured_media":0,"parent":725,"menu_order":0,"comment_status":"closed","ping_status":"closed","template":"","meta":[],"tags":[],"_links":{"self":[{"href":"https:\/\/www.ufmg.br\/prorh\/wp-json\/wp\/v2\/pages\/1257"}],"collection":[{"href":"https:\/\/www.ufmg.br\/prorh\/wp-json\/wp\/v2\/pages"}],"about":[{"href":"https:\/\/www.ufmg.br\/prorh\/wp-json\/wp\/v2\/types\/page"}],"author":[{"embeddable":true,"href":"https:\/\/www.ufmg.br\/prorh\/wp-json\/wp\/v2\/users\/1"}],"replies":[{"embeddable":true,"href":"https:\/\/www.ufmg.br\/prorh\/wp-json\/wp\/v2\/comments?post=1257"}],"version-history":[{"count":9,"href":"https:\/\/www.ufmg.br\/prorh\/wp-json\/wp\/v2\/pages\/1257\/revisions"}],"predecessor-version":[{"id":4988,"href":"https:\/\/www.ufmg.br\/prorh\/wp-json\/wp\/v2\/pages\/1257\/revisions\/4988"}],"up":[{"embeddable":true,"href":"https:\/\/www.ufmg.br\/prorh\/wp-json\/wp\/v2\/pages\/725"}],"wp:attachment":[{"href":"https:\/\/www.ufmg.br\/prorh\/wp-json\/wp\/v2\/media?parent=1257"}],"wp:term":[{"taxonomy":"post_tag","embeddable":true,"href":"https:\/\/www.ufmg.br\/prorh\/wp-json\/wp\/v2\/tags?post=1257"}],"curies":[{"name":"wp","href":"https:\/\/api.w.org\/{rel}","templated":true}]}}