{"id":1260,"date":"2021-10-06T15:35:35","date_gmt":"2021-10-06T18:35:35","guid":{"rendered":"https:\/\/www.ufmg.br\/prorh\/?page_id=1260"},"modified":"2021-11-09T18:00:59","modified_gmt":"2021-11-09T21:00:59","slug":"dap-departamento-de-administracao-de-pessoal","status":"publish","type":"page","link":"https:\/\/www.ufmg.br\/prorh\/a-prorh\/estrutura-2\/dap-departamento-de-administracao-de-pessoal\/","title":{"rendered":"DAP (Departamento de Administra\u00e7\u00e3o de Pessoal)"},"content":{"rendered":"<h6><a href=\"https:\/\/www.ufmg.br\/prorh\/wp-content\/uploads\/2021\/11\/16033512786_6532aeef6a_o-1-scaled-e1636163384946.jpg\"><img loading=\"lazy\" class=\"alignnone wp-image-1947 size-full\" src=\"https:\/\/www.ufmg.br\/prorh\/wp-content\/uploads\/2021\/11\/16033512786_6532aeef6a_o-1-scaled-e1636491652701.jpg\" alt=\"\" width=\"780\" height=\"300\" \/><\/a><\/h6>\n<h6><em>Foto: Lucas Braga\/UFMG<\/em><\/h6>\n<p>&nbsp;<\/p>\n<div id=\"sp-ea-1246\" class=\"sp-ea-one sp-easy-accordion\" data-ex-icon=\"fa-minus\" data-col-icon=\"fa-plus\"  data-ea-active=\"ea-click\"  data-ea-mode=\"vertical\" data-preloader=\"\"><div class=\"ea-card ea-expand sp-ea-single\"><h3 class=\"ea-header\"><a class=\"collapsed\" data-sptoggle=\"spcollapse\" data-sptarget=#collapse12460 href=\"javascript:void(0)\" aria-expanded=\"true\"><i class=\"ea-expand-icon fa fa-minus\"><\/i> Sobre<\/a><\/h3><div class=\"sp-collapse spcollapse collapsed show\" id=\"collapse12460\" data-parent=#sp-ea-1246><div class=\"ea-body\"><p style=\"text-align: justify\">O Departamento de Administra\u00e7\u00e3o de Pessoal (DAP) \u00e9 um \u00f3rg\u00e3o integrante da Pr\u00f3-Reitoria de Recursos Humanos respons\u00e1vel pela operacionaliza\u00e7\u00e3o, supervis\u00e3o e controle de assuntos relativos \u00e0 concess\u00e3o de benef\u00edcios, cadastro, remunera\u00e7\u00e3o, folha de pagamento, seguridade social, arquivo dos registros funcionais e outros. \u00c9 o respons\u00e1vel pela gest\u00e3o do SIAPE (Sistema Integrado de Administra\u00e7\u00e3o de Recursos Humanos) consistindo, dessa forma, em uma Unidade Pagadora \u2013 UPAG nesse sistema.<\/p>\n<\/div><\/div><\/div><div class=\"ea-card  sp-ea-single\"><h3 class=\"ea-header\"><a class=\"collapsed\" data-sptoggle=\"spcollapse\" data-sptarget=#collapse12461 href=\"javascript:void(0)\" aria-expanded=\"false\"><i class=\"ea-expand-icon fa fa-plus\"><\/i> Atribui\u00e7\u00f5es<\/a><\/h3><div class=\"sp-collapse spcollapse \" id=\"collapse12461\" data-parent=#sp-ea-1246><div class=\"ea-body\"><p>Em suma, compete ao Departamento de Administra\u00e7\u00e3o de Pessoal:<\/p>\n<ul>\n<li>Elaborar atos administrativos para concess\u00e3o de direitos, vantagens e benef\u00edcios dos servidores da UFMG;<\/li>\n<li>Processar a folha de pagamento dos servidores da UFMG;<\/li>\n<li>Acompanhar a legisla\u00e7\u00e3o que rege os assuntos de pessoal aplic\u00e1veis \u00e0 Universidade;<\/li>\n<li>Gerenciar os Sistemas de Informa\u00e7\u00e3o de gest\u00e3o de pessoas;<\/li>\n<li>Manter e atualizar os arquivos funcionais.<\/li>\n<\/ul>\n<hr \/>\n<p><a href=\"https:\/\/www.ufmg.br\/prorh\/wp-content\/uploads\/2026\/04\/PORTARIA-3409-2026-Subdelegacao-de-competencias-DAP.pdf\">Portaria de Subdelega\u00e7\u00e3o de Compet\u00eancias<\/a><\/p>\n<\/div><\/div><\/div><div class=\"ea-card  sp-ea-single\"><h3 class=\"ea-header\"><a class=\"collapsed\" data-sptoggle=\"spcollapse\" data-sptarget=#collapse12462 href=\"javascript:void(0)\" aria-expanded=\"false\"><i class=\"ea-expand-icon fa fa-plus\"><\/i> Organograma<\/a><\/h3><div class=\"sp-collapse spcollapse \" id=\"collapse12462\" data-parent=#sp-ea-1246><div class=\"ea-body\"><p><a href=\"https:\/\/www.ufmg.br\/prorh\/wp-content\/uploads\/2021\/10\/dap-1-e1633549525500.png\"><img class=\"alignnone wp-image-1305 size-full\" src=\"https:\/\/www.ufmg.br\/prorh\/wp-content\/uploads\/2021\/10\/dap-1-e1633549525500.png\" alt=\"\" width=\"693\" height=\"304\" \/><\/a><\/p>\n<\/div><\/div><\/div><div class=\"ea-card  sp-ea-single\"><h3 class=\"ea-header\"><a class=\"collapsed\" data-sptoggle=\"spcollapse\" data-sptarget=#collapse12463 href=\"javascript:void(0)\" aria-expanded=\"false\"><i class=\"ea-expand-icon fa fa-plus\"><\/i> Equipe<\/a><\/h3><div class=\"sp-collapse spcollapse \" id=\"collapse12463\" data-parent=#sp-ea-1246><div class=\"ea-body\">\n<table id=\"tablepress-3\" class=\"tablepress tablepress-id-3\">\n<thead>\n<tr class=\"row-1 odd\">\n\t<th class=\"column-1\">SETOR<\/th><th class=\"column-2\">CHEFIA<\/th>\n<\/tr>\n<\/thead>\n<tbody class=\"row-hover\">\n<tr class=\"row-2 even\">\n\t<td class=\"column-1\">DIRETORIA<\/td><td class=\"column-2\">Diretora-Geral:<br \/>\nSaiuri Soares Muniz Marques<br \/>\n<br \/>\nVice-Diretor Geral:<br \/>\nPablo de Souza Pereira<\/td>\n<\/tr>\n<tr class=\"row-3 odd\">\n\t<td class=\"column-1\">SECRETARIA DA DIRETORIA<\/td><td class=\"column-2\">Secret\u00e1ria:<br \/>\nMaressa Hubner Fernandes de Oliveira<\/td>\n<\/tr>\n<tr class=\"row-4 even\">\n\t<td class=\"column-1\">ASSESSORIA DE A\u00c7\u00d5ES JUDICIAIS<\/td><td class=\"column-2\">Coordenadora:<br \/>\nMarisa Luiz Feliciano<br \/>\n<br \/>\nVice- Coordenadora: <br \/>\nCamila  Barbosa de Souza<br \/>\n<\/td>\n<\/tr>\n<tr class=\"row-5 odd\">\n\t<td class=\"column-1\">ASSESSORIA DE TECNOLOGIA DA INFORMA\u00c7\u00c3O<\/td><td class=\"column-2\">Coordenador:<br \/>\nThales Valentim Assis<br \/>\n<br \/>\nVice-Coordenador: <br \/>\nWarley Fernando de Oliveira Martins<\/td>\n<\/tr>\n<tr class=\"row-6 even\">\n\t<td class=\"column-1\">ASSESSORIA T\u00c9CNICA<\/td><td class=\"column-2\">Coordenadora:<br \/>\nL\u00facia Cristina dos Santos Sousa<br \/>\n<br \/>\nVice-Coordenadora:<br \/>\nCinthia Mara Oliveira e Souza <\/td>\n<\/tr>\n<tr class=\"row-7 odd\">\n\t<td class=\"column-1\">DIVIS\u00c3O DE APOIO ADMINISTRATIVO<\/td><td class=\"column-2\">Diretor:<br \/>\nCarlos Helmar Duarte<br \/>\n<br \/>\nVice-Diretora:<br \/>\nThalysan Eisemberg Greg\u00f3rio e Trajano<\/td>\n<\/tr>\n<tr class=\"row-8 even\">\n\t<td class=\"column-1\">DIVIS\u00c3O DE APOSENTADORIA E PENS\u00c3O<\/td><td class=\"column-2\">Diretor:<br \/>\nLuiz Saraiva Narciso<br \/>\n<br \/>\nVice-Diretor:<br \/>\nPaulo Augusto Tavares da Silva<\/td>\n<\/tr>\n<tr class=\"row-9 odd\">\n\t<td class=\"column-1\">DIVIS\u00c3O DE ARQUIVO<\/td><td class=\"column-2\">Diretor:<br \/>\nGeorge Fredman Santos Oliveira<br \/>\n<br \/>\nVice-Diretora:<br \/>\nLuiza Valamiel Pedroso Andrade<\/td>\n<\/tr>\n<tr class=\"row-10 even\">\n\t<td class=\"column-1\">DIVIS\u00c3O DE CADASTRO<\/td><td class=\"column-2\">Diretora:<br \/>\nPatr\u00edcia da Costa Gomes<br \/>\n<br \/>\nVice-Diretora:<br \/>\nDaniela Aparecida Ferreira Vasconcelos dos Reis<\/td>\n<\/tr>\n<tr class=\"row-11 odd\">\n\t<td class=\"column-1\">DIVIS\u00c3O DE PAGAMENTO<\/td><td class=\"column-2\">Diretora:<br \/>\nB\u00e1rbara Palmela de Oliveira<br \/>\n<br \/>\nVice-Diretora:<br \/>\nElizana Chaves de Assun\u00e7\u00e3o<\/td>\n<\/tr>\n<tr class=\"row-12 even\">\n\t<td class=\"column-1\">DIVIS\u00c3O DE REPOSI\u00c7\u00c3O AO ER\u00c1RIO<\/td><td class=\"column-2\">Diretora:<br \/>\nRosemary Coutinho da Silva J\u00e1come<br \/>\n<br \/>\nVice-Diretor:<br \/>\nWanderson Tadeu Jorge da Silva<\/td>\n<\/tr>\n<\/tbody>\n<\/table>\n<!-- #tablepress-3 from cache -->\n<\/div><\/div><\/div><div class=\"ea-card  sp-ea-single\"><h3 class=\"ea-header\"><a class=\"collapsed\" data-sptoggle=\"spcollapse\" data-sptarget=#collapse12464 href=\"javascript:void(0)\" aria-expanded=\"false\"><i class=\"ea-expand-icon fa fa-plus\"><\/i> Informes<\/a><\/h3><div class=\"sp-collapse spcollapse \" id=\"collapse12464\" data-parent=#sp-ea-1246><div class=\"ea-body\"><ul>\n<li><a href=\"https:\/\/www.ufmg.br\/prorh\/wp-content\/uploads\/2025\/08\/Informativo-DAP-1a-Edicao.pdf\">Informativo DAP 1\u00aa Edi\u00e7\u00e3o | 2025<\/a><\/li>\n<li><a href=\"https:\/\/www.ufmg.br\/prorh\/wp-content\/uploads\/2025\/11\/Informativo-DAP-2a-Edicao-2025.pdf\">Informativo DAP 2\u00aa Edi\u00e7\u00e3o | 2025<\/a><\/li>\n<\/ul>\n<\/div><\/div><\/div><div class=\"ea-card  sp-ea-single\"><h3 class=\"ea-header\"><a class=\"collapsed\" data-sptoggle=\"spcollapse\" data-sptarget=#collapse12465 href=\"javascript:void(0)\" aria-expanded=\"false\"><i class=\"ea-expand-icon fa fa-plus\"><\/i> Contatos<\/a><\/h3><div class=\"sp-collapse spcollapse \" id=\"collapse12465\" data-parent=#sp-ea-1246><div class=\"ea-body\"><h5>Diretoria-Geral<\/h5>\n<ul>\n<li>E-mail: info@dap.ufmg.br<\/li>\n<li>Telefones: (31) 3409-4324<\/li>\n<\/ul>\n<h5>Secretaria da Diretoria (SECD)<\/h5>\n<ul>\n<li>E-mail: info@dap.ufmg.br<\/li>\n<li>Telefones: (31) 3409-4324<\/li>\n<\/ul>\n<h5>Assessoria de Assuntos Judiciais (AAJU)<\/h5>\n<ul>\n<li>E-mail: aaju@dap.ufmg.br<\/li>\n<li>Telefones: (31) 3409-4322<\/li>\n<\/ul>\n<h5>Assessoria de\u00a0Tecnologia da Informa\u00e7\u00e3o (ASSI)<\/h5>\n<ul>\n<li>E-mail: assi@dap.ufmg.br<\/li>\n<li>Telefones: (31) 3409-4323<\/li>\n<\/ul>\n<h5>Assessoria T\u00e9cnica (ASST)<\/h5>\n<ul>\n<li>E-mail: ass@dap.ufmg.br<\/li>\n<li>Telefones: (31) 3409-3906<\/li>\n<\/ul>\n<h5>Divis\u00e3o de Apoio Administrativo (DAAD)<\/h5>\n<ul>\n<li>E-mail: daa@dap.ufmg.br<\/li>\n<li>Telefones: (31) 3409-3969<\/li>\n<\/ul>\n<h5>Divis\u00e3o de Aposentadoria e Pens\u00e3o (DAPP)<\/h5>\n<ul>\n<li>E-mail: dapp@dap.ufmg.br<\/li>\n<li>Telefones: (31) 3409-4351<\/li>\n<\/ul>\n<h5>Divis\u00e3o de Arquivo (DARQ)<\/h5>\n<ul>\n<li>E-mail: darq@dap.ufmg.br<\/li>\n<li>Telefones: (31) 3409-6422<\/li>\n<\/ul>\n<h5>Divis\u00e3o de Cadastro (DCAD)<\/h5>\n<ul>\n<li>E-mail: dcad@dap.ufmg.br<\/li>\n<li>Telefones: (31) 3409-6483<\/li>\n<\/ul>\n<h5>Divis\u00e3o de Pagamento (DPAG)<\/h5>\n<ul>\n<li>E-mail: dpag@dap.ufmg.br<\/li>\n<li>Telefones: (31) 3409-4344<\/li>\n<\/ul>\n<h5>Divis\u00e3o de Reposi\u00e7\u00e3o ao Er\u00e1rio (DRE)<\/h5>\n<ul>\n<li>E-mail: dre@dap.ufmg.br<\/li>\n<li>Telefones: (31) 3409-3856<\/li>\n<\/ul>\n<\/div><\/div><\/div><div class=\"ea-card  sp-ea-single\"><h3 class=\"ea-header\"><a class=\"collapsed\" data-sptoggle=\"spcollapse\" data-sptarget=#collapse12466 href=\"javascript:void(0)\" aria-expanded=\"false\"><i class=\"ea-expand-icon fa fa-plus\"><\/i> Localiza\u00e7\u00e3o<\/a><\/h3><div class=\"sp-collapse spcollapse \" id=\"collapse12466\" data-parent=#sp-ea-1246><div class=\"ea-body\"><p>Universidade Federal de Minas Gerais<br \/>\nCampus Pampulha \u2013 Unidade Administrativa III<br \/>\nAv. Ant\u00f4nio Carlos, 6.627, Pampulha<br \/>\nCEP 31.270-901 \u2013 Belo Horizonte \u2013 MG<\/p>\n<\/div><\/div><\/div><\/div>\n","protected":false},"excerpt":{"rendered":"<p>Foto: Lucas Braga\/UFMG &nbsp;<\/p>\n","protected":false},"author":1,"featured_media":0,"parent":725,"menu_order":0,"comment_status":"closed","ping_status":"closed","template":"","meta":[],"tags":[],"_links":{"self":[{"href":"https:\/\/www.ufmg.br\/prorh\/wp-json\/wp\/v2\/pages\/1260"}],"collection":[{"href":"https:\/\/www.ufmg.br\/prorh\/wp-json\/wp\/v2\/pages"}],"about":[{"href":"https:\/\/www.ufmg.br\/prorh\/wp-json\/wp\/v2\/types\/page"}],"author":[{"embeddable":true,"href":"https:\/\/www.ufmg.br\/prorh\/wp-json\/wp\/v2\/users\/1"}],"replies":[{"embeddable":true,"href":"https:\/\/www.ufmg.br\/prorh\/wp-json\/wp\/v2\/comments?post=1260"}],"version-history":[{"count":6,"href":"https:\/\/www.ufmg.br\/prorh\/wp-json\/wp\/v2\/pages\/1260\/revisions"}],"predecessor-version":[{"id":2018,"href":"https:\/\/www.ufmg.br\/prorh\/wp-json\/wp\/v2\/pages\/1260\/revisions\/2018"}],"up":[{"embeddable":true,"href":"https:\/\/www.ufmg.br\/prorh\/wp-json\/wp\/v2\/pages\/725"}],"wp:attachment":[{"href":"https:\/\/www.ufmg.br\/prorh\/wp-json\/wp\/v2\/media?parent=1260"}],"wp:term":[{"taxonomy":"post_tag","embeddable":true,"href":"https:\/\/www.ufmg.br\/prorh\/wp-json\/wp\/v2\/tags?post=1260"}],"curies":[{"name":"wp","href":"https:\/\/api.w.org\/{rel}","templated":true}]}}