{"id":420,"date":"2021-07-24T00:12:15","date_gmt":"2021-07-24T03:12:15","guid":{"rendered":"https:\/\/www.ufmg.br\/prorh\/?page_id=420"},"modified":"2021-10-21T16:13:41","modified_gmt":"2021-10-21T19:13:41","slug":"aposentadoria-e-pensao-civil","status":"publish","type":"page","link":"https:\/\/www.ufmg.br\/prorh\/aposentadoria-e-pensao-civil\/","title":{"rendered":"Aposentadoria e Pens\u00e3o Civil"},"content":{"rendered":"<p>Aqui \u00e9 poss\u00edvel obter informa\u00e7\u00f5es gerais sobre Aposentadoria e Pens\u00e3o Civil, informa\u00e7\u00e3o sobre normativos relacionados ao tema, quem tem direito e como solicitar um benef\u00edcio\/servi\u00e7o, fluxo dos processos com os documentos necess\u00e1rios, esclarecimentos quanto a prazos, e setores respons\u00e1veis pelo processo com dados de contato para mais informa\u00e7\u00f5es.<\/p>\n<p>&nbsp;<\/p>\n<h2 class=\"eap_section_title eap_section_title_962\"> Aposentadoria e Pens\u00e3o Civil <\/h2><div id=\"sp-ea-962\" class=\"sp-ea-one sp-easy-accordion\" data-ex-icon=\"fa-minus\" data-col-icon=\"fa-plus\"  data-ea-active=\"ea-click\"  data-ea-mode=\"vertical\" data-preloader=\"\"><div class=\"ea-card  sp-ea-single\"><h3 class=\"ea-header\"><a class=\"collapsed\" data-sptoggle=\"spcollapse\" data-sptarget=#collapse9620 href=\"javascript:void(0)\" aria-expanded=\"false\"><i class=\"ea-expand-icon fa fa-plus\"><\/i> Abono Perman\u00eancia<\/a><\/h3><div class=\"sp-collapse spcollapse spcollapse\" id=\"collapse9620\" data-parent=#sp-ea-962><div class=\"ea-body\"><div id=\"sp-ea-1354\" class=\"sp-ea-one sp-easy-accordion\" data-ex-icon=\"fa-minus\" data-col-icon=\"fa-plus\"  data-ea-active=\"ea-click\"  data-ea-mode=\"vertical\" data-preloader=\"\"><div class=\"ea-card ea-expand sp-ea-single\"><h3 class=\"ea-header\"><a class=\"collapsed\" data-sptoggle=\"spcollapse\" data-sptarget=#collapse13540 href=\"javascript:void(0)\" aria-expanded=\"true\"><i class=\"ea-expand-icon fa fa-minus\"><\/i> Abono Perman\u00eancia<\/a><\/h3><div class=\"sp-collapse spcollapse collapsed show\" id=\"collapse13540\" data-parent=#sp-ea-1354><div class=\"ea-body\"><blockquote><p>\u00c9 concess\u00e3o de abono pecuni\u00e1rio equivalente ao valor da contribui\u00e7\u00e3o previdenci\u00e1ria, ao servidor p\u00fablico que tenha preenchido os requisitos para se aposentar voluntariamente e opte por permanecer em atividade, at\u00e9 completar a idade para aposentadoria compuls\u00f3ria.<\/p><\/blockquote>\n<h5><strong>Para mais informa\u00e7\u00f5es, acesse:<br \/>\n<\/strong><\/h5>\n<ul>\n<li><a href=\"https:\/\/sei.ufmg.br\/index.php\/2019\/08\/28\/bases-de-conhecimento\/?id=100000586\" target=\"_blank\" rel=\"noopener\">Base de conhecimento<\/a><\/li>\n<li><a href=\"https:\/\/www.ufmg.br\/prorh\/wp-content\/uploads\/2021\/10\/abp.pdf\" target=\"_blank\" rel=\"noopener\">Compilado de normas<\/a><\/li>\n<li><a href=\"https:\/\/www.ufmg.br\/prorh\/wp-content\/uploads\/2023\/02\/Aposentadoria-e-Pensao-Perguntas-Frequentes.pdf\" target=\"_blank\" rel=\"noopener\">FAQ - Perguntas frequentes<\/a><\/li>\n<\/ul>\n<\/div><\/div><\/div><\/div>\n<\/div><\/div><\/div><div class=\"ea-card  sp-ea-single\"><h3 class=\"ea-header\"><a class=\"collapsed\" data-sptoggle=\"spcollapse\" data-sptarget=#collapse9621 href=\"javascript:void(0)\" aria-expanded=\"false\"><i class=\"ea-expand-icon fa fa-plus\"><\/i> Aposentadoria Compuls\u00f3ria<\/a><\/h3><div class=\"sp-collapse spcollapse spcollapse\" id=\"collapse9621\" data-parent=#sp-ea-962><div class=\"ea-body\"><blockquote><p>Passagem obrigat\u00f3ria do servidor da atividade para a inatividade por ter completado 75 (setenta e cinco) anos de idade, independente de sexo.<\/p><\/blockquote>\n<h5><strong>Para mais informa\u00e7\u00f5es, acesse:<br \/>\n<\/strong><\/h5>\n<ul>\n<li><a href=\"https:\/\/sei.ufmg.br\/index.php\/2019\/08\/28\/bases-de-conhecimento\/?id=100000151\" target=\"_blank\" rel=\"noopener\">Base de conhecimento<\/a><\/li>\n<li><a href=\"https:\/\/www.ufmg.br\/prorh\/wp-content\/uploads\/2023\/03\/apc.pdf\" target=\"_blank\" rel=\"noopener\">Compilado de normas<\/a><\/li>\n<li><a href=\"https:\/\/www.ufmg.br\/prorh\/wp-content\/uploads\/2023\/02\/Aposentadoria-e-Pensao-Perguntas-Frequentes.pdf\" target=\"_blank\" rel=\"noopener\">FAQ - Perguntas frequentes<\/a><\/li>\n<\/ul>\n<\/div><\/div><\/div><div class=\"ea-card  sp-ea-single\"><h3 class=\"ea-header\"><a class=\"collapsed\" data-sptoggle=\"spcollapse\" data-sptarget=#collapse9622 href=\"javascript:void(0)\" aria-expanded=\"false\"><i class=\"ea-expand-icon fa fa-plus\"><\/i> Aposentadoria Especial<\/a><\/h3><div class=\"sp-collapse spcollapse spcollapse\" id=\"collapse9622\" data-parent=#sp-ea-962><div class=\"ea-body\"><div id=\"sp-ea-1045\" class=\"sp-ea-one sp-easy-accordion\" data-ex-icon=\"fa-minus\" data-col-icon=\"fa-plus\"  data-ea-active=\"ea-click\"  data-ea-mode=\"vertical\" data-preloader=\"\"><div class=\"ea-card  sp-ea-single\"><h3 class=\"ea-header\"><a class=\"collapsed\" data-sptoggle=\"spcollapse\" data-sptarget=#collapse10450 href=\"javascript:void(0)\" aria-expanded=\"false\"><i class=\"ea-expand-icon fa fa-plus\"><\/i> An\u00e1lise de Tempo Trabalhado em Condi\u00e7\u00f5es Especiais (ATE)<\/a><\/h3><div class=\"sp-collapse spcollapse spcollapse\" id=\"collapse10450\" data-parent=#sp-ea-1045><div class=\"ea-body\"><blockquote><p>\u00c9 a an\u00e1lise do\u00a0tempo trabalhado em condi\u00e7\u00f5es especiais no servi\u00e7o p\u00fablico, para fins de concess\u00e3o de abono perman\u00eancia ou de aposentadoria especial, nos termos da legisla\u00e7\u00e3o vigente.<\/p><\/blockquote>\n<h5>Para mais informa\u00e7\u00f5es acesse:<\/h5>\n<ul>\n<li><a href=\"https:\/\/sei.ufmg.br\/index.php\/2019\/08\/28\/bases-de-conhecimento\/?id=100000601\" target=\"_blank\" rel=\"noopener\">Base de conhecimento<\/a><\/li>\n<\/ul>\n<\/div><\/div><\/div><div class=\"ea-card  sp-ea-single\"><h3 class=\"ea-header\"><a class=\"collapsed\" data-sptoggle=\"spcollapse\" data-sptarget=#collapse10451 href=\"javascript:void(0)\" aria-expanded=\"false\"><i class=\"ea-expand-icon fa fa-plus\"><\/i> Convers\u00e3o de Tempo Especial<\/a><\/h3><div class=\"sp-collapse spcollapse spcollapse\" id=\"collapse10451\" data-parent=#sp-ea-1045><div class=\"ea-body\"><blockquote><p>\u00a0Convers\u00e3o de tempo trabalhado em condi\u00e7\u00f5es especial em tempo comum.<\/p><\/blockquote>\n<p>O Minist\u00e9rio da Economia divulgou a <a href=\"https:\/\/www.gov.br\/previdencia\/pt-br\/assuntos\/previdencia-no-servico-publico\/legislacao-dos-rpps\/notas\/nt-792_6178-conversao-de-tempo-especial.pdf\">Nota T\u00e9cnica\u00a0\u00a0SEI n\u00ba 792\/2021\/ME, de 21 de janeiro de 2021<\/a>\u00a0aprovada pelo <a href=\"https:\/\/www.gov.br\/previdencia\/pt-br\/assuntos\/previdencia-no-servico-publico\/legislacao-dos-rpps\/notas\/nt-792_6178-conversao-de-tempo-especial.pdf\">Despacho n\u00ba 846\/2021\/SPREV\/SEPRT-ME<\/a>, datado de 10\/02\/2021, que analisou a tese fixada pelo Supremo Tribunal Federal no Recurso Extraordin\u00e1rio n\u00ba 1014286\/STF (Tema n\u00ba 942 da Repercuss\u00e3o Geral) e concluiu pela possibilidade de convers\u00e3o de tempo especial em comum pelos RPPS para todo o tempo exercido em atividades sob condi\u00e7\u00f5es especiais, nocivas \u00e0 sa\u00fade ou \u00e0 integridade f\u00edsica anteriores \u00e0 EC n\u00ba 103\/2019.<\/p>\n<p>Para o per\u00edodo posterior \u00e0 EC n\u00ba 103, de 2019, a Nota T\u00e9cnica esclarece que no RGPS e no RPPS da Uni\u00e3o tem-se veda\u00e7\u00e3o expressa de convers\u00e3o do tempo especial em comum.<\/p>\n<p>O referido despacho autoriza divulga\u00e7\u00e3o da Nota T\u00e9cnica\u00a0SEI n\u00ba 792\/2021\/ME como orienta\u00e7\u00e3o aos Regimes Pr\u00f3prios de Previd\u00eancia Social - RPPS da Uni\u00e3o, dos Estados, do Distrito Federal e dos Munic\u00edpios e ao Instituto Nacional do Seguro Social \u2013 INSS.<\/p>\n<h5>Para mais informa\u00e7\u00f5es acesse:<\/h5>\n<ul>\n<li>Processo dispon\u00edvel no Sistema Eletr\u00f4nico de Informa\u00e7\u00f5es (SEI).<\/li>\n<li>Processo \"Pessoal: Convers\u00e3o de Tempo Especial\"<\/li>\n<li>Formul\u00e1rio \"164 Convers\u00e3o de Tempo Especial - Requerimento 1\"<\/li>\n<\/ul>\n<\/div><\/div><\/div><div class=\"ea-card  sp-ea-single\"><h3 class=\"ea-header\"><a class=\"collapsed\" data-sptoggle=\"spcollapse\" data-sptarget=#collapse10452 href=\"javascript:void(0)\" aria-expanded=\"false\"><i class=\"ea-expand-icon fa fa-plus\"><\/i> PPP - Perfil Profissiogr\u00e1fico Previdenci\u00e1rio<\/a><\/h3><div class=\"sp-collapse spcollapse spcollapse\" id=\"collapse10452\" data-parent=#sp-ea-1045><div class=\"ea-body\"><div id=\"sp-ea-1209\" class=\"sp-ea-one sp-easy-accordion\" data-ex-icon=\"fa-minus\" data-col-icon=\"fa-plus\"  data-ea-active=\"ea-click\"  data-ea-mode=\"vertical\" data-preloader=\"\"><div class=\"ea-card ea-expand sp-ea-single\"><h3 class=\"ea-header\"><a class=\"collapsed\" data-sptoggle=\"spcollapse\" data-sptarget=#collapse12090 href=\"javascript:void(0)\" aria-expanded=\"true\"><i class=\"ea-expand-icon fa fa-minus\"><\/i> PPP - Perfil Profissiogr\u00e1fico Previdenci\u00e1rio<\/a><\/h3><div class=\"sp-collapse spcollapse collapsed show\" id=\"collapse12090\" data-parent=#sp-ea-1209><div class=\"ea-body\"><blockquote><p>O Perfil Profissiogr\u00e1fico Previdenci\u00e1rio (PPP) \u00e9 uma descri\u00e7\u00e3o hist\u00f3rico-laboral, elaborada em formul\u00e1rio pr\u00f3prio do INSS, que possui campos a serem preenchidos com todas as informa\u00e7\u00f5es relativas ao empregado, no per\u00edodo em que exerceram atividades expostos a agentes nocivos qu\u00edmicos, f\u00edsicos, biol\u00f3gicos ou associa\u00e7\u00e3o de agentes prejudiciais \u00e0 sa\u00fade ou \u00e0 integridade f\u00edsica.<\/p><\/blockquote>\n<h5>Para mais informa\u00e7\u00f5es acesse:<\/h5>\n<ul>\n<li><a href=\"https:\/\/sei.ufmg.br\/index.php\/2019\/08\/28\/bases-de-conhecimento\/?id=100000658\">Base de conhecimento<\/a><\/li>\n<li><a href=\"https:\/\/www.ufmg.br\/prorh\/wp-content\/uploads\/2025\/08\/ppp.pdf\" target=\"_blank\" rel=\"noopener\">Compilado de normas<\/a><\/li>\n<\/ul>\n<\/div><\/div><\/div><\/div>\n<\/div><\/div><\/div><\/div>\n<\/div><\/div><\/div><div class=\"ea-card  sp-ea-single\"><h3 class=\"ea-header\"><a class=\"collapsed\" data-sptoggle=\"spcollapse\" data-sptarget=#collapse9623 href=\"javascript:void(0)\" aria-expanded=\"false\"><i class=\"ea-expand-icon fa fa-plus\"><\/i> Aposentadoria por Invalidez<\/a><\/h3><div class=\"sp-collapse spcollapse spcollapse\" id=\"collapse9623\" data-parent=#sp-ea-962><div class=\"ea-body\"><div id=\"sp-ea-1046\" class=\"sp-ea-one sp-easy-accordion\" data-ex-icon=\"fa-minus\" data-col-icon=\"fa-plus\"  data-ea-active=\"ea-click\"  data-ea-mode=\"vertical\" data-preloader=\"\"><div class=\"ea-card  sp-ea-single\"><h3 class=\"ea-header\"><a class=\"collapsed\" data-sptoggle=\"spcollapse\" data-sptarget=#collapse10460 href=\"javascript:void(0)\" aria-expanded=\"false\"><i class=\"ea-expand-icon fa fa-plus\"><\/i> Aposentadoria por Invalidez<\/a><\/h3><div class=\"sp-collapse spcollapse spcollapse\" id=\"collapse10460\" data-parent=#sp-ea-1046><div class=\"ea-body\"><blockquote><p>A invalidez ocorre quando o servidor for acometido de uma doen\u00e7a que o incapacite para o desempenho das atribui\u00e7\u00f5es do cargo. As doen\u00e7as podem impor limita\u00e7\u00f5es \u00e0s atividades da vida di\u00e1ria e\/ou laborais do indiv\u00edduo, sem, contudo, torn\u00e1-lo totalmente incapaz.<\/p><\/blockquote>\n<h5><strong>Informa\u00e7\u00f5es gerais<\/strong><\/h5>\n<p>A invalidez pode ser considerada de car\u00e1ter tempor\u00e1rio, quando h\u00e1 possibilidade de recupera\u00e7\u00e3o, ap\u00f3s tratamento espec\u00edfico. Nesses casos, a junta dever\u00e1 indicar um prazo para reavalia\u00e7\u00e3o da capacidade laborativa do servidor.<\/p>\n<p>A invalidez total e permanente para o trabalho \u00e9 a incapacidade definitiva para o exerc\u00edcio do cargo, fun\u00e7\u00e3o ou emprego em decorr\u00eancia de altera\u00e7\u00f5es provocadas por doen\u00e7a ou acidente com a impossibilidade de ser reabilitado, levando em conta os recursos terap\u00eauticos e\/ou tecnol\u00f3gicos existentes.<\/p>\n<p><strong>O laudo m\u00e9dico pericial pode concluir pela:<\/strong><\/p>\n<ol>\n<li><strong>Concess\u00e3o ou n\u00e3o de licen\u00e7a para tratamento da pr\u00f3pria sa\u00fade<\/strong> (Manual de Per\u00edcia Oficial em Sa\u00fade do Servidor P\u00fablico Federal, 3\u00aa edi\u00e7\u00e3o) - Importante ressaltar que a capacidade laborativa n\u00e3o implica obrigatoriamente na aus\u00eancia de doen\u00e7a ou les\u00e3o. Na avalia\u00e7\u00e3o da capacidade laborativa do examinado deve ser considerada a repercuss\u00e3o da sua doen\u00e7a ou les\u00e3o no desempenho das atividades laborais;<\/li>\n<li><strong>Restri\u00e7\u00e3o laboral:<\/strong> caso o servidor seja capaz de executar mais de 70% das atribui\u00e7\u00f5es de seu cargo, configura-se caso de restri\u00e7\u00e3o de atividades e dever\u00e1 retornar ao trabalho no seu pr\u00f3prio cargo, mesmo que seja necess\u00e1rio evitar algumas atribui\u00e7\u00f5es (Manual de Per\u00edcia Oficial em Sa\u00fade do Servidor P\u00fablico Federal, 3\u00aa edi\u00e7\u00e3o).<\/li>\n<li><strong>Recomenda\u00e7\u00e3o de Readapta\u00e7\u00e3o: <\/strong>caso o servidor n\u00e3o consiga atender a um m\u00ednimo de 70% das atribui\u00e7\u00f5es de seu cargo, dever\u00e1 ser sugerida a sua readapta\u00e7\u00e3o para um cargo afim, nos termos da legisla\u00e7\u00e3o vigente (Manual de Per\u00edcia Oficial em Sa\u00fade do Servidor P\u00fablico Federal, 3\u00aa edi\u00e7\u00e3o). Nesse caso, segue-se o fluxo de Readapta\u00e7\u00e3o.<\/li>\n<li><strong>Aposentadoria por Invalidez: <\/strong>a invalidez ocorre quando o servidor for acometido de uma doen\u00e7a que o incapacite para o desempenho das atribui\u00e7\u00f5es do cargo. Caso seja constatada, a qualquer tempo, a impossibilidade de revers\u00e3o da condi\u00e7\u00e3o e n\u00e3o for poss\u00edvel a readapta\u00e7\u00e3o, ou ainda, expirado o prazo de 24 meses de afastamento pela mesma enfermidade, ou doen\u00e7as correlatas, ser\u00e1 sugerida a aposentadoria por invalidez (Manual de Per\u00edcia Oficial em Sa\u00fade do Servidor P\u00fablico Federal, 3\u00aa edi\u00e7\u00e3o). Nesse caso, segue-se o fluxo de Aposentadoria por Invalidez.<\/li>\n<\/ol>\n<p>Caso seja constatada, a qualquer tempo, a impossibilidade de revers\u00e3o da condi\u00e7\u00e3o e n\u00e3o for poss\u00edvel a readapta\u00e7\u00e3o, ou ainda, expirado o prazo de 24 meses de afastamento pela mesma enfermidade, ou doen\u00e7as correlatas, ser\u00e1 sugerida a aposentadoria por invalidez.<\/p>\n<p>\u00c9 importante destacar que a Junta Oficial poder\u00e1 propor a aposentadoria por invalidez a qualquer momento, mesmo antes de completados os 24 meses de afastamento por motivo de sa\u00fade, ininterruptos ou n\u00e3o, uma vez confirmada a impossibilidade de retorno \u00e0 atividade.<\/p>\n<p>Em toda aposentadoria por invalidez, a junta poder\u00e1 determinar prazo para reavalia\u00e7\u00e3o.<\/p>\n<p>No caso de servidor nomeado para vaga destinada \u00e0 pessoa com defici\u00eancia, a limita\u00e7\u00e3o que levou ao seu ingresso em \u00f3rg\u00e3o p\u00fablico n\u00e3o poder\u00e1 por si s\u00f3 ser motivo de aposentadoria por invalidez, devendo ser observado se a sua capacidade laborativa foi agravada por doen\u00e7a, les\u00e3o ou pelo exerc\u00edcio do cargo, fun\u00e7\u00e3o ou emprego.<\/p>\n<p>Cabe ressaltar que nos casos de doen\u00e7a enquadrada no \u00a7 1\u00ba, do art. 186 da Lei n\u00ba 8.112, de 1990 e nos acidentes de trabalho e\/ou doen\u00e7a profissional, dever\u00e1 constar no laudo o nome da doen\u00e7a por extenso (art. 205 da Lei n\u00ba 8.112, de 1990).<\/p>\n<p>O lapso de tempo compreendido entre o t\u00e9rmino da licen\u00e7a e a publica\u00e7\u00e3o do ato da aposentadoria ser\u00e1 considerado pela Unidade de Recursos Humanos\/Gest\u00e3o de Pessoas como prorroga\u00e7\u00e3o da licen\u00e7a (art. 188, \u00a7 3\u00ba, da Lei n\u00ba 8.112 de1990).<\/p>\n<p><strong>A recomenda\u00e7\u00e3o de Aposentadoria por Invalidez \u00e9 realizada pela per\u00edcia oficial em sa\u00fade\u00a0a qualquer momento, durante per\u00edcia para tratamento da pr\u00f3pria sa\u00fade ou ap\u00f3s avalia\u00e7\u00e3o da capacidade laborativa do servidor.<\/strong><\/p>\n<h5>Base legal:<\/h5>\n<ul>\n<li><a href=\"http:\/\/www.planalto.gov.br\/ccivil_03\/leis\/l8112cons.htm\" target=\"_blank\" rel=\"noopener\">Lei n\u00ba 8.112, de 11 de dezembro de 1990<\/a><\/li>\n<li><a href=\"https:\/\/www2.siapenet.gov.br\/saude\/portal\/public\/index.xhtml\" target=\"_blank\" rel=\"noopener\">Manual de Per\u00edcia Oficial em Sa\u00fade do Servidor P\u00fablico Federal, 3\u00aa edi\u00e7\u00e3o, institu\u00eddo por meio da Portaria SEGRT\/MP n\u00ba 19, de abril de 2017, publicada no DOU de 25.04.2017<\/a><\/li>\n<\/ul>\n<h5>T\u00f3picos relacionados:<\/h5>\n<div id=\"sp-ea-1063\" class=\"sp-ea-one sp-easy-accordion\" data-ex-icon=\"fa-minus\" data-col-icon=\"fa-plus\"  data-ea-active=\"ea-click\"  data-ea-mode=\"vertical\" data-preloader=\"\"><div class=\"ea-card  sp-ea-single\"><h3 class=\"ea-header\"><a class=\"collapsed\" data-sptoggle=\"spcollapse\" data-sptarget=#collapse10630 href=\"javascript:void(0)\" aria-expanded=\"false\"><i class=\"ea-expand-icon fa fa-plus\"><\/i> Avalia\u00e7\u00e3o da capacidade laborativa<\/a><\/h3><div class=\"sp-collapse spcollapse spcollapse\" id=\"collapse10630\" data-parent=#sp-ea-1063><div class=\"ea-body\"><blockquote><p>Avalia\u00e7\u00e3o da Capacidade Laborativa consiste na submiss\u00e3o de servidor, que apresente ind\u00edcios de les\u00f5es org\u00e2nicas ou funcionais, \u00e0 inspe\u00e7\u00e3o m\u00e9dica da capacidade laborativa (Art. 206 da Lei n\u00ba 8.112\/90; Manual de Per\u00edcia Oficial em Sa\u00fade do Servidor P\u00fablico Federal, 3\u00aa edi\u00e7\u00e3o).<\/p><\/blockquote>\n<p>Entende-se por les\u00e3o, o dano em qualquer \u00f3rg\u00e3o ou estrutura corporal. Les\u00e3o Funcional \u00e9 a altera\u00e7\u00e3o na fun\u00e7\u00e3o de \u00f3rg\u00e3o, tecido ou outras estruturas, sem que haja altera\u00e7\u00e3o anat\u00f4mica e Les\u00e3o Org\u00e2nica, a les\u00e3o em \u00f3rg\u00e3o, tecido ou outras estruturas, com altera\u00e7\u00e3o anat\u00f4mica\u00a0 (Manual de Per\u00edcia Oficial em Sa\u00fade do Servidor P\u00fablico Federal, 3\u00aa edi\u00e7\u00e3o).<\/p>\n<p>Capacidade Laborativa \u00e9 o estado f\u00edsico e mental que define se o servidor est\u00e1 em condi\u00e7\u00f5es para exercer as atividades inerentes ao cargo. Ter capacidade laborativa significa que o examinado re\u00fane as condi\u00e7\u00f5es morfopsicofisiol\u00f3gicas compat\u00edveis com o desempenho dessas atividades. Importante ressaltar que a capacidade laborativa n\u00e3o implica obrigatoriamente na aus\u00eancia de doen\u00e7a ou les\u00e3o. Na avalia\u00e7\u00e3o da capacidade laborativa do examinado deve ser considerada a repercuss\u00e3o da sua doen\u00e7a ou les\u00e3o no desempenho das atividades laborais (Manual de Per\u00edcia Oficial em Sa\u00fade do Servidor P\u00fablico Federal, 3\u00aa edi\u00e7\u00e3o).<\/p>\n<h5>Para mais informa\u00e7\u00f5es acesse:<\/h5>\n<ul>\n<li><a href=\"https:\/\/sei.ufmg.br\/index.php\/2019\/08\/28\/bases-de-conhecimento\/?id=100000864\" target=\"_blank\" rel=\"noopener\">Base de conhecimento<\/a><\/li>\n<\/ul>\n<\/div><\/div><\/div><div class=\"ea-card  sp-ea-single\"><h3 class=\"ea-header\"><a class=\"collapsed\" data-sptoggle=\"spcollapse\" data-sptarget=#collapse10631 href=\"javascript:void(0)\" aria-expanded=\"false\"><i class=\"ea-expand-icon fa fa-plus\"><\/i> Readapta\u00e7\u00e3o funcional de servidor por redu\u00e7\u00e3o da capacidade laboral<\/a><\/h3><div class=\"sp-collapse spcollapse spcollapse\" id=\"collapse10631\" data-parent=#sp-ea-1063><div class=\"ea-body\"><div id=\"sp-ea-1207\" class=\"sp-ea-one sp-easy-accordion\" data-ex-icon=\"fa-minus\" data-col-icon=\"fa-plus\"  data-ea-active=\"ea-click\"  data-ea-mode=\"vertical\" data-preloader=\"\"><div class=\"ea-card ea-expand sp-ea-single\"><h3 class=\"ea-header\"><a class=\"collapsed\" data-sptoggle=\"spcollapse\" data-sptarget=#collapse12070 href=\"javascript:void(0)\" aria-expanded=\"true\"><i class=\"ea-expand-icon fa fa-minus\"><\/i> Readapta\u00e7\u00e3o funcional de servidor por redu\u00e7\u00e3o da capacidade laboral<\/a><\/h3><div class=\"sp-collapse spcollapse collapsed show\" id=\"collapse12070\" data-parent=#sp-ea-1207><div class=\"ea-body\"><blockquote><p>Readapta\u00e7\u00e3o \u00e9 a investidura do servidor em cargo de atribui\u00e7\u00f5es e responsabilidades compat\u00edveis com a limita\u00e7\u00e3o que tenha sofrido em sua capacidade f\u00edsica ou mental verificada em inspe\u00e7\u00e3o m\u00e9dica\/odontol\u00f3gica (Art. 24 da Lei n\u00ba 8.112\/90; Manual de Per\u00edcia Oficial em Sa\u00fade do Servidor P\u00fablico Federal, 3\u00aa edi\u00e7\u00e3o).<\/p><\/blockquote>\n<p><strong>A recomenda\u00e7\u00e3o de Readapta\u00e7\u00e3o \u00e9 realizada pela per\u00edcia oficial em sa\u00fade\u00a0ap\u00f3s avalia\u00e7\u00e3o da capacidade laborativa do servidor. Desse modo, o fluxo de Readapta\u00e7\u00e3o, inicia-se com a Avalia\u00e7\u00e3o da Capacidade Laborativa.<\/strong><\/p>\n<\/div><\/div><\/div><\/div>\n<\/div><\/div><\/div><\/div>\n<\/div><\/div><\/div><div class=\"ea-card  sp-ea-single\"><h3 class=\"ea-header\"><a class=\"collapsed\" data-sptoggle=\"spcollapse\" data-sptarget=#collapse10461 href=\"javascript:void(0)\" aria-expanded=\"false\"><i class=\"ea-expand-icon fa fa-plus\"><\/i> Revers\u00e3o de Aposentadoria<\/a><\/h3><div class=\"sp-collapse spcollapse spcollapse\" id=\"collapse10461\" data-parent=#sp-ea-1046><div class=\"ea-body\"><div id=\"sp-ea-1043\" class=\"sp-ea-one sp-easy-accordion\" data-ex-icon=\"fa-minus\" data-col-icon=\"fa-plus\"  data-ea-active=\"ea-click\"  data-ea-mode=\"vertical\" data-preloader=\"\"><div class=\"ea-card ea-expand sp-ea-single\"><h3 class=\"ea-header\"><a class=\"collapsed\" data-sptoggle=\"spcollapse\" data-sptarget=#collapse10430 href=\"javascript:void(0)\" aria-expanded=\"true\"><i class=\"ea-expand-icon fa fa-minus\"><\/i> Revers\u00e3o de Aposentadoria<\/a><\/h3><div class=\"sp-collapse spcollapse collapsed show\" id=\"collapse10430\" data-parent=#sp-ea-1043><div class=\"ea-body\"><blockquote><p>\u00c9 o retorno \u00e0 ativa de servidor que tenha se aposentado: por invalidez, quando a junta m\u00e9dica declarar insubsistentes os motivos para aposentadoria; ou de forma volunt\u00e1ria, quando houver interesse da Administra\u00e7\u00e3o.<\/p><\/blockquote>\n<p>Na UFMG, existem 2 tipos de processos:<\/p>\n<ul>\n<li>Revers\u00e3o de aposentadoria por invalidez;<\/li>\n<li>Revers\u00e3o de aposentadoria no interesse da administra\u00e7\u00e3o (aposentadoria volunt\u00e1ria).<\/li>\n<\/ul>\n<h5>Para mais informa\u00e7\u00f5es, acesse:<\/h5>\n<ul>\n<li><a href=\"https:\/\/sei.ufmg.br\/index.php\/2019\/08\/28\/bases-de-conhecimento\/?id=100000515\" target=\"_blank\" rel=\"noopener\">Base de conhecimento<\/a><\/li>\n<li><a href=\"https:\/\/www.ufmg.br\/prorh\/wp-content\/uploads\/2025\/12\/rve.pdf\" target=\"_blank\" rel=\"noopener\">Compilado de normas<\/a><\/li>\n<\/ul>\n<p>Para mais informa\u00e7\u00f5es sobre a abertura do processo, gentileza encaminhar consulta \u00e0 Divis\u00e3o de Provimento e Movimenta\u00e7\u00e3o (DPM\/DRH): dpm@drh.ufmg.br.<\/p>\n<\/div><\/div><\/div><\/div>\n<\/div><\/div><\/div><\/div>\n<\/div><\/div><\/div><div class=\"ea-card  sp-ea-single\"><h3 class=\"ea-header\"><a class=\"collapsed\" data-sptoggle=\"spcollapse\" data-sptarget=#collapse9624 href=\"javascript:void(0)\" aria-expanded=\"false\"><i class=\"ea-expand-icon fa fa-plus\"><\/i> Aposentadoria Volunt\u00e1ria<\/a><\/h3><div class=\"sp-collapse spcollapse spcollapse\" id=\"collapse9624\" data-parent=#sp-ea-962><div class=\"ea-body\"><blockquote><p>Benef\u00edcio requerido pelo servidor, alterando sua situa\u00e7\u00e3o de ativo para inativo, abrangido pelo Regime Pr\u00f3prio de Previd\u00eancia Social de que trata o art. 40, e altera\u00e7\u00f5es posteriores, da Constitui\u00e7\u00e3o Federal de 1988, desde que preenchidos os requisitos exigidos por lei.<\/p><\/blockquote>\n<h5><strong>Para mais informa\u00e7\u00f5es, acesse:<br \/>\n<\/strong><\/h5>\n<ul>\n<li><a href=\"https:\/\/sei.ufmg.br\/index.php\/2019\/08\/28\/bases-de-conhecimento\/?id=100000151\" target=\"_blank\" rel=\"noopener\">Base de conhecimento<\/a><\/li>\n<li><a href=\"https:\/\/www.ufmg.br\/prorh\/wp-content\/uploads\/2023\/06\/apv.pdf\" target=\"_blank\" rel=\"noopener\">Compilado de normas<\/a><\/li>\n<li><a href=\"https:\/\/www.ufmg.br\/prorh\/wp-content\/uploads\/2023\/02\/Aposentadoria-e-Pensao-Perguntas-Frequentes.pdf\" target=\"_blank\" rel=\"noopener\">FAQ - Perguntas frequentes<\/a><\/li>\n<\/ul>\n<div id=\"sp-ea-1043\" class=\"sp-ea-one sp-easy-accordion\" data-ex-icon=\"fa-minus\" data-col-icon=\"fa-plus\"  data-ea-active=\"ea-click\"  data-ea-mode=\"vertical\" data-preloader=\"\"><div class=\"ea-card ea-expand sp-ea-single\"><h3 class=\"ea-header\"><a class=\"collapsed\" data-sptoggle=\"spcollapse\" data-sptarget=#collapse10430 href=\"javascript:void(0)\" aria-expanded=\"true\"><i class=\"ea-expand-icon fa fa-minus\"><\/i> Revers\u00e3o de Aposentadoria<\/a><\/h3><div class=\"sp-collapse spcollapse collapsed show\" id=\"collapse10430\" data-parent=#sp-ea-1043><div class=\"ea-body\"><blockquote><p>\u00c9 o retorno \u00e0 ativa de servidor que tenha se aposentado: por invalidez, quando a junta m\u00e9dica declarar insubsistentes os motivos para aposentadoria; ou de forma volunt\u00e1ria, quando houver interesse da Administra\u00e7\u00e3o.<\/p><\/blockquote>\n<p>Na UFMG, existem 2 tipos de processos:<\/p>\n<ul>\n<li>Revers\u00e3o de aposentadoria por invalidez;<\/li>\n<li>Revers\u00e3o de aposentadoria no interesse da administra\u00e7\u00e3o (aposentadoria volunt\u00e1ria).<\/li>\n<\/ul>\n<h5>Para mais informa\u00e7\u00f5es, acesse:<\/h5>\n<ul>\n<li><a href=\"https:\/\/sei.ufmg.br\/index.php\/2019\/08\/28\/bases-de-conhecimento\/?id=100000515\" target=\"_blank\" rel=\"noopener\">Base de conhecimento<\/a><\/li>\n<li><a href=\"https:\/\/www.ufmg.br\/prorh\/wp-content\/uploads\/2025\/12\/rve.pdf\" target=\"_blank\" rel=\"noopener\">Compilado de normas<\/a><\/li>\n<\/ul>\n<p>Para mais informa\u00e7\u00f5es sobre a abertura do processo, gentileza encaminhar consulta \u00e0 Divis\u00e3o de Provimento e Movimenta\u00e7\u00e3o (DPM\/DRH): dpm@drh.ufmg.br.<\/p>\n<\/div><\/div><\/div><\/div>\n<\/div><\/div><\/div><div class=\"ea-card  sp-ea-single\"><h3 class=\"ea-header\"><a class=\"collapsed\" data-sptoggle=\"spcollapse\" data-sptarget=#collapse9625 href=\"javascript:void(0)\" aria-expanded=\"false\"><i class=\"ea-expand-icon fa fa-plus\"><\/i> Contagem de Tempo<\/a><\/h3><div class=\"sp-collapse spcollapse spcollapse\" id=\"collapse9625\" data-parent=#sp-ea-962><div class=\"ea-body\"><div>\n<blockquote><p>Refere-se \u00e0 solicita\u00e7\u00e3o de contagem de tempo de contribui\u00e7\u00e3o na UFMG, para fins de aposentadoria.<\/p><\/blockquote>\n<h5>Para mais informa\u00e7\u00f5es, acesse:<\/h5>\n<\/div>\n<div>\n<ul>\n<li><a href=\"https:\/\/sei.ufmg.br\/index.php\/2019\/08\/28\/base-de-conhecimento\/?id_procedimento=100000783&id_base=671\" target=\"_blank\" rel=\"noopener\">Base de conhecimento<\/a><\/li>\n<\/ul>\n<\/div>\n<\/div><\/div><\/div><div class=\"ea-card  sp-ea-single\"><h3 class=\"ea-header\"><a class=\"collapsed\" data-sptoggle=\"spcollapse\" data-sptarget=#collapse9626 href=\"javascript:void(0)\" aria-expanded=\"false\"><i class=\"ea-expand-icon fa fa-plus\"><\/i> Pens\u00e3o Civil<\/a><\/h3><div class=\"sp-collapse spcollapse spcollapse\" id=\"collapse9626\" data-parent=#sp-ea-962><div class=\"ea-body\"><blockquote><p>Benef\u00edcio pago mensalmente aos dependentes nas hip\u00f3teses legais, por morte do servidor.<\/p><\/blockquote>\n<h5><strong>Para mais informa\u00e7\u00f5es acesse:<br \/>\n<\/strong><\/h5>\n<ul>\n<li><a href=\"https:\/\/sei.ufmg.br\/index.php\/2019\/08\/28\/bases-de-conhecimento\/?id=100000228\" target=\"_blank\" rel=\"noopener\">Base de conhecimento<\/a><\/li>\n<li><a href=\"https:\/\/www.ufmg.br\/prorh\/wp-content\/uploads\/2025\/08\/pes.pdf\" target=\"_blank\" rel=\"noopener\">Compilado de normas<\/a><\/li>\n<li><a href=\"https:\/\/www.ufmg.br\/prorh\/wp-content\/uploads\/2023\/02\/Aposentadoria-e-Pensao-Perguntas-Frequentes.pdf\" target=\"_blank\" rel=\"noopener\">FAQ - Perguntas frequentes<\/a><\/li>\n<\/ul>\n<\/div><\/div><\/div><div class=\"ea-card  sp-ea-single\"><h3 class=\"ea-header\"><a class=\"collapsed\" data-sptoggle=\"spcollapse\" data-sptarget=#collapse9627 href=\"javascript:void(0)\" aria-expanded=\"false\"><i class=\"ea-expand-icon fa fa-plus\"><\/i> Plano de Seguridade Social do Servidor<\/a><\/h3><div class=\"sp-collapse spcollapse spcollapse\" id=\"collapse9627\" data-parent=#sp-ea-962><div class=\"ea-body\"><blockquote><p>O Plano de Seguridade Social visa a dar cobertura aos riscos a que est\u00e3o sujeitos o servidor e sua fam\u00edlia, e compreende um conjunto de benef\u00edcios e a\u00e7\u00f5es que lhes garantam: meios de subsist\u00eancia nos eventos de doen\u00e7a, invalidez, velhice, acidente em servi\u00e7o, inatividade, falecimento e reclus\u00e3o; prote\u00e7\u00e3o \u00e0 maternidade, \u00e0 ado\u00e7\u00e3o e \u00e0 paternidade; assist\u00eancia \u00e0 sa\u00fade. (Art. 184 da Lei n\u00ba 8.112\/90)<\/p><\/blockquote>\n<h5><strong>CONTRIBUI\u00c7\u00c3O PARA O PLANO DE SEGURIDADE SOCIAL DO SERVIDOR \u2013 CPSS <\/strong><\/h5>\n<p>Contribui\u00e7\u00e3o incidente sobre o subs\u00eddio ou vencimento do cargo, acrescido de vantagens pecuni\u00e1rias permanentes estabelecidas em lei e dos adicionais de car\u00e1ter individual e sobre os proventos de aposentadorias e pens\u00f5es, destinado ao custeio da previd\u00eancia social dos servidores p\u00fablicos dos tr\u00eas Poderes da Uni\u00e3o.<\/p>\n<\/div><\/div><\/div><\/div>\n","protected":false},"excerpt":{"rendered":"<p>Aqui \u00e9 poss\u00edvel obter informa\u00e7\u00f5es gerais sobre Aposentadoria e Pens\u00e3o [&hellip;]<\/p>\n","protected":false},"author":1,"featured_media":0,"parent":0,"menu_order":0,"comment_status":"closed","ping_status":"closed","template":"","meta":[],"tags":[49,69,51,53,55,57,59,61,63,67,65],"_links":{"self":[{"href":"https:\/\/www.ufmg.br\/prorh\/wp-json\/wp\/v2\/pages\/420"}],"collection":[{"href":"https:\/\/www.ufmg.br\/prorh\/wp-json\/wp\/v2\/pages"}],"about":[{"href":"https:\/\/www.ufmg.br\/prorh\/wp-json\/wp\/v2\/types\/page"}],"author":[{"embeddable":true,"href":"https:\/\/www.ufmg.br\/prorh\/wp-json\/wp\/v2\/users\/1"}],"replies":[{"embeddable":true,"href":"https:\/\/www.ufmg.br\/prorh\/wp-json\/wp\/v2\/comments?post=420"}],"version-history":[{"count":8,"href":"https:\/\/www.ufmg.br\/prorh\/wp-json\/wp\/v2\/pages\/420\/revisions"}],"predecessor-version":[{"id":1325,"href":"https:\/\/www.ufmg.br\/prorh\/wp-json\/wp\/v2\/pages\/420\/revisions\/1325"}],"wp:attachment":[{"href":"https:\/\/www.ufmg.br\/prorh\/wp-json\/wp\/v2\/media?parent=420"}],"wp:term":[{"taxonomy":"post_tag","embeddable":true,"href":"https:\/\/www.ufmg.br\/prorh\/wp-json\/wp\/v2\/tags?post=420"}],"curies":[{"name":"wp","href":"https:\/\/api.w.org\/{rel}","templated":true}]}}