{"id":14,"date":"2018-08-21T18:13:30","date_gmt":"2018-08-21T18:13:30","guid":{"rendered":"http:\/\/150.164.74.223\/site_em_construcao\/?page_id=14"},"modified":"2023-12-18T15:01:01","modified_gmt":"2023-12-18T18:01:01","slug":"grupo-de-trabalho","status":"publish","type":"page","link":"https:\/\/www.ufmg.br\/prpq\/patgen\/index.php\/grupo-de-trabalho\/","title":{"rendered":"Comiss\u00e3o PGCTA da UFMG"},"content":{"rendered":"<p class=\"page-header\">Tendo em vista a iminente atualiza\u00e7\u00e3o da Lei da Biodiversidade, em 2015, e a necessidade de an\u00e1lise e avalia\u00e7\u00e3o de a\u00e7\u00f5es de acesso ao patrim\u00f4nio gen\u00e9tico e\/ou conhecimento tradicional associado em atividade com fins de pesquisa cient\u00edfica e\/ou desenvolvimento tecnol\u00f3gico desenvolvidos na UFMG foi constitu\u00edda, em dezembro de 2014, a Comiss\u00e3o do Patrim\u00f4nio Gen\u00e9tico da UFMG, com as seguintes atribui\u00e7\u00f5es:<\/p>\n<p>\u2022 Elaborar proposta de cria\u00e7\u00e3o do Comit\u00ea Gestor do Patrim\u00f4nio Gen\u00e9tico da UFMG e seu regimento interno;<br \/>\n\u2022 Emitir parecer em projetos realizados sob a coordena\u00e7\u00e3o\/responsabilidade de servidores ativos e inativos da UFMG sobre o enquadramento dos mesmos nas normas de acesso ao patrim\u00f4nio gen\u00e9tico e\/ou conhecimento tradicional associado;<br \/>\n\u2022 Desempenhar papel consultivo e educativo sobre o cumprimento das normas de acesso ao patrim\u00f4nio gen\u00e9tico e\/ou conhecimento tradicional associado.<\/p>\n<p>A composi\u00e7\u00e3o inicial da Comiss\u00e3o, designada pela Portaria PRPq n\u00ba 26\/2018, de 05 de setembro de 2018, contava com\u00a0nove membros, sendo 07 docentes &#8211; 01 do Instituto de Ci\u00eancias exatas &#8211; ICEX, 04 do Instituto de Ci\u00eancias Biol\u00f3gicas &#8211; ICB, 01 da Faculdade de Farm\u00e1cia, 01 da Escola de Veterin\u00e1ria) &#8211; al\u00e9m de 01 funcion\u00e1rio da Coordenadoria de Transfer\u00eancia e Inova\u00e7\u00e3o Tecnol\u00f3gica &#8211; CTIT e de 01 servidor t\u00e9cnico-administrativo em educa\u00e7\u00e3o da PRPq.<\/p>\n<p>O Regimento do Comit\u00ea Gestor do Patrim\u00f4nio Gen\u00e9tico da UFMG &#8211; COGEN-UFMG elaborado pela Comiss\u00e3o foi aprovado pela C\u00e2mara de Pesquisa do Conselho de Ensino, Pesquisa e Extens\u00e3o da UFMG, conforme Resolu\u00e7\u00e3o PRPq n\u00ba 03\/2021, de 30 de novembro de 2021. Ao longo de 2022, a Comiss\u00e3o trabalhou na transi\u00e7\u00e3o para o COGEN, tendo realizado sua \u00faltima reuni\u00e3o em 11 de outubro daquele ano.<\/p>\n<p>Os membros do COGEN foram designados pela Portaria n\u00ba 10291, de 16 de dezembro de 2022, e a primeira reuni\u00e3o do novo \u00f3rg\u00e3o colegiado foi realizada em 08 de fevereiro de 2023.<\/p>\n<p>Abaixo, rela\u00e7\u00e3o de membros efetivos e suplentes da Comiss\u00e3o, em ordem alfab\u00e9tica, durante todo o seu per\u00edodo de atua\u00e7\u00e3o, entre 2014 e 2022.<\/p>\n<p><strong>Docentes<\/strong><\/p>\n<p>\u2022 Prof. Alexandre Salino &#8211; Instituto de Ci\u00eancias Biol\u00f3gicas<br \/>\n\u2022 Prof. Almir Rog\u00e9rio Pepato &#8211; Instituto de Ci\u00eancias Biol\u00f3gicas<br \/>\n\u2022 Profa. Amanda Maria Sena Reis &#8211; Instituto de Ci\u00eancias Biol\u00f3gicas<br \/>\n\u2022 Prof. Andrey Pereira Lage &#8211; Escola de Veterin\u00e1ria<br \/>\n\u2022 Prof. Ary Corr\u00eaa Junior &#8211; Instituto de Ci\u00eancias Biol\u00f3gicas<br \/>\n\u2022 Prof. Carlos Augusto Rosa &#8211; Instituto de Ci\u00eancias Biol\u00f3gicas<br \/>\n\u2022 Profa. Elene Cristina Pereira Maia &#8211; Instituto de Ci\u00eancias Exatas<br \/>\n\u2022 Prof. Fern\u00e3o Castro Braga &#8211; Faculdade de Farm\u00e1cia<br \/>\n\u2022 Prof. Fabr\u00edcio Rodrigues dos Santos &#8211; Centro de Cole\u00e7\u00f5es Taxon\u00f4micas \/ ICB<br \/>\n\u2022 Profa. Grasiely Faria de Sousa &#8211; Instituto de Ci\u00eancias Exatas<br \/>\n\u2022 Profa. Inayara Alves Lacerda &#8211; Faculdade de Farm\u00e1cia<br \/>\n\u2022 Prof. Jacqueline Aparecida Takahashi &#8211; Instituto de Ci\u00eancias Exatas \u2013 Presidiu a Comiss\u00e3o de 2015 a 2022<br \/>\n\u2022 Profa. Jacqueline Isaura Alvarez Leite &#8211; Instituto de Ci\u00eancias Exatas<br \/>\n\u2022 Prof. Jo\u00e3o Aguiar Nogueira Batista -Centro de Cole\u00e7\u00f5es Taxon\u00f4micas \/ ICB<br \/>\n\u2022 Prof. Jo\u00e3o Renato Stehmann &#8211; Centro de Cole\u00e7\u00f5es Taxon\u00f4micas \/ ICB<br \/>\n\u2022 Prof. J\u00f4natas Santos Abrah\u00e3o &#8211; Instituto de Ci\u00eancias Biol\u00f3gicas<br \/>\n\u2022 Profa. Kirstern Lica Follmann Haseyama &#8211; Instituto de Ci\u00eancias Biol\u00f3gicas<br \/>\n\u2022 Profa. L\u00facia Pinheiro Santos Pimenta &#8211; Instituto de Ci\u00eancias Exatas<br \/>\n\u2022 Prof. Luiz Henrique Rosa &#8211; Instituto de Ci\u00eancias Biol\u00f3gicas<br \/>\n\u2022 Prof. Oliveiro Caetano de Freitas Neto &#8211; Escola de Veterin\u00e1ria<br \/>\n\u2022 Profa. Paulina Maria Barbosa &#8211; Instituto de Ci\u00eancias Biol\u00f3gicas<br \/>\n\u2022 Prof. Paulo Christiano de Anchietta Garcia &#8211; Instituto de Ci\u00eancias Biol\u00f3gicas<br \/>\n\u2022 Prof. Rodrigo Ot\u00e1vio Silveira Silva &#8211; Escola de Veterin\u00e1ria<br \/>\n\u2022 Prof. Vasco Ariston de Carvalho Azevedo &#8211; Instituto de Ci\u00eancias Biol\u00f3gicas<br \/>\n\u2022 Profa. Ver\u00f4nica Ortiz Alvarenga &#8211; Faculdade de Farm\u00e1cia<\/p>\n<p><strong>TAE<\/strong><\/p>\n<p>\u2022 T\u00e9cnica-Administrativo em Educa\u00e7\u00e3o D\u00e9bora Augusta Rossi Fantini &#8211; Pr\u00f3-Reitoria de Pesquisa<br \/>\n\u2022 T\u00e9cnica-Administrativo em Educa\u00e7\u00e3o Jana\u00edna Santana &#8211; Pr\u00f3-Reitoria de Pesquisa<br \/>\n\u2022 T\u00e9cnica-Administrativo em Educa\u00e7\u00e3o Larissa Carvalho Puglielli &#8211; Pr\u00f3-Reitoria de Pesquisa<\/p>\n<p><strong>CTIT<\/strong><\/p>\n<p>\u2022 Anete Oliveira Carvalho &#8211; Coordenadoria de Transfer\u00eancia e Inova\u00e7\u00e3o Tecnol\u00f3gica<br \/>\n\u2022 Mateus Reis Braga &#8211; Coordenadoria de Transfer\u00eancia e Inova\u00e7\u00e3o Tecnol\u00f3gica<br \/>\n\u2022 Raissa de Luca &#8211; Coordenadoria de Transfer\u00eancia e Inova\u00e7\u00e3o Tecnol\u00f3gica<\/p>\n","protected":false},"excerpt":{"rendered":"<p>Tendo em vista a iminente atualiza\u00e7\u00e3o da Lei da Biodiversidade, em 2015, e a necessidade de an\u00e1lise e avalia\u00e7\u00e3o de a\u00e7\u00f5es de acesso ao patrim\u00f4nio gen\u00e9tico e\/ou conhecimento tradicional associado em atividade com fins de pesquisa cient\u00edfica e\/ou desenvolvimento tecnol\u00f3gico desenvolvidos na UFMG foi constitu\u00edda, em dezembro de 2014, a Comiss\u00e3o do Patrim\u00f4nio Gen\u00e9tico da [&hellip;]<\/p>\n","protected":false},"author":1,"featured_media":0,"parent":0,"menu_order":0,"comment_status":"closed","ping_status":"closed","template":"","meta":{"_bbp_topic_count":0,"_bbp_reply_count":0,"_bbp_total_topic_count":0,"_bbp_total_reply_count":0,"_bbp_voice_count":0,"_bbp_anonymous_reply_count":0,"_bbp_topic_count_hidden":0,"_bbp_reply_count_hidden":0,"_bbp_forum_subforum_count":0},"categories":[],"_links":{"self":[{"href":"https:\/\/www.ufmg.br\/prpq\/patgen\/index.php\/wp-json\/wp\/v2\/pages\/14"}],"collection":[{"href":"https:\/\/www.ufmg.br\/prpq\/patgen\/index.php\/wp-json\/wp\/v2\/pages"}],"about":[{"href":"https:\/\/www.ufmg.br\/prpq\/patgen\/index.php\/wp-json\/wp\/v2\/types\/page"}],"author":[{"embeddable":true,"href":"https:\/\/www.ufmg.br\/prpq\/patgen\/index.php\/wp-json\/wp\/v2\/users\/1"}],"replies":[{"embeddable":true,"href":"https:\/\/www.ufmg.br\/prpq\/patgen\/index.php\/wp-json\/wp\/v2\/comments?post=14"}],"version-history":[{"count":14,"href":"https:\/\/www.ufmg.br\/prpq\/patgen\/index.php\/wp-json\/wp\/v2\/pages\/14\/revisions"}],"predecessor-version":[{"id":1057,"href":"https:\/\/www.ufmg.br\/prpq\/patgen\/index.php\/wp-json\/wp\/v2\/pages\/14\/revisions\/1057"}],"wp:attachment":[{"href":"https:\/\/www.ufmg.br\/prpq\/patgen\/index.php\/wp-json\/wp\/v2\/media?parent=14"}],"wp:term":[{"taxonomy":"category","embeddable":true,"href":"https:\/\/www.ufmg.br\/prpq\/patgen\/index.php\/wp-json\/wp\/v2\/categories?post=14"}],"curies":[{"name":"wp","href":"https:\/\/api.w.org\/{rel}","templated":true}]}}