{"id":22,"date":"2025-10-01T13:59:01","date_gmt":"2025-10-01T13:59:01","guid":{"rendered":"https:\/\/www.ufmg.br\/rededemuseus\/servicos\/?page_id=22"},"modified":"2026-04-29T13:43:29","modified_gmt":"2026-04-29T16:43:29","slug":"home","status":"publish","type":"page","link":"https:\/\/www.ufmg.br\/rededemuseus\/servicos\/","title":{"rendered":"In\u00edcio"},"content":{"rendered":"\n<div class=\"wp-block-group alignfull has-white-background-color has-background is-layout-constrained wp-block-group-is-layout-constrained\" style=\"padding-top:7rem;padding-bottom:7rem\">\n<blockquote class=\"wp-block-quote is-layout-flow wp-block-quote-is-layout-flow\">\n<h1 class=\"wp-block-heading\" style=\"margin-top:-8%;margin-bottom:-8%\">Reposit\u00f3rio de Servi\u00e7os<\/h1>\n<\/blockquote>\n\n\n\n<hr class=\"wp-block-separator has-text-color has-palette-color-4-color has-alpha-channel-opacity has-palette-color-4-background-color has-background is-style-wide\" style=\"margin-top:9%;margin-bottom:9%\"\/>\n\n\n\n<div style=\"height:27px\" aria-hidden=\"true\" class=\"wp-block-spacer\"><\/div>\n\n\n\n<h4 class=\"wp-block-heading has-text-align-center\" style=\"margin-top:-8%;margin-bottom:-8%\"><mark style=\"background-color:rgba(0, 0, 0, 0)\" class=\"has-inline-color has-palette-color-1-color\">Conhe\u00e7a nossos recursos:<\/mark><\/h4>\n\n\n\n<div style=\"height:117px\" aria-hidden=\"true\" class=\"wp-block-spacer\"><\/div>\n\n\n\n<div class=\"wp-block-columns is-layout-flex wp-container-core-columns-is-layout-643ced6b wp-block-columns-is-layout-flex\">\n<div class=\"wp-block-column is-layout-flow wp-block-column-is-layout-flow\">\n<div class=\"wp-block-cover is-light has-custom-content-position is-position-bottom-center\" style=\"border-radius:20px;padding-top:30px;padding-right:30px;padding-bottom:30px;padding-left:30px;min-height:425px;aspect-ratio:unset;\"><img loading=\"lazy\" decoding=\"async\" width=\"960\" height=\"640\" class=\"wp-block-cover__image-background wp-image-305 size-full\" alt=\"\" src=\"https:\/\/www.ufmg.br\/rededemuseus\/servicos\/wp-content\/uploads\/2025\/10\/2021-11-16-08-52-01-960x640-1.jpg\" data-object-fit=\"cover\" srcset=\"https:\/\/www.ufmg.br\/rededemuseus\/servicos\/wp-content\/uploads\/2025\/10\/2021-11-16-08-52-01-960x640-1.jpg 960w, https:\/\/www.ufmg.br\/rededemuseus\/servicos\/wp-content\/uploads\/2025\/10\/2021-11-16-08-52-01-960x640-1-300x200.jpg 300w, https:\/\/www.ufmg.br\/rededemuseus\/servicos\/wp-content\/uploads\/2025\/10\/2021-11-16-08-52-01-960x640-1-768x512.jpg 768w, https:\/\/www.ufmg.br\/rededemuseus\/servicos\/wp-content\/uploads\/2025\/10\/2021-11-16-08-52-01-960x640-1-205x137.jpg 205w, https:\/\/www.ufmg.br\/rededemuseus\/servicos\/wp-content\/uploads\/2025\/10\/2021-11-16-08-52-01-960x640-1-480x320.jpg 480w\" sizes=\"auto, (max-width: 960px) 100vw, 960px\" \/><span aria-hidden=\"true\" class=\"wp-block-cover__background has-background-dim-0 has-background-dim\"><\/span><div class=\"wp-block-cover__inner-container is-layout-constrained wp-container-core-cover-is-layout-edcd9cee wp-block-cover-is-layout-constrained\">\n<div class=\"wp-block-group has-white-background-color has-background is-layout-constrained wp-container-core-group-is-layout-edcd9cee wp-block-group-is-layout-constrained\" style=\"border-radius:10px;padding-top:30px;padding-right:30px;padding-bottom:30px;padding-left:30px\">\n<h2 class=\"wp-block-heading has-black-color has-text-color has-link-color has-medium-font-size wp-elements-268bfc2a1c7dc9a21b502b49c2acc713\" style=\"margin-top:0\">Agenda Cient\u00edfico-Cultural<\/h2>\n\n\n\n<hr class=\"wp-block-separator has-alpha-channel-opacity is-style-wide\"\/>\n\n\n\n<p class=\"has-text-color has-link-color wp-elements-92ef74b981772ba4d4c7c84df105ebf1\" style=\"color:#000000a8;margin-bottom:30px\">Conhe\u00e7a nosso portfolio contendo: 1) Atividades sem agendamento pr\u00e9vio ou sob inscri\u00e7\u00e3o no mesmo dia\/local (visitas individuais ou de pequenos grupos . n\u00e3o escolares); 2) Atividades sob agendamento pr\u00e9vio (turmas escolares e grupos maiores, com ou sem media\u00e7\u00e3o).<\/p>\n\n\n\n<p class=\"has-text-color has-link-color wp-elements-8c1d6a5f9bfcd379b305c5973440ab01\" style=\"color:#000000a8;margin-bottom:30px\">Voc\u00ea pode utilizar a ferramenta de filtragem para selecionar o tipo de atividade e\/ou os espa\u00e7os desejados.<br><\/p>\n\n\n\n<div class=\"wp-block-buttons is-layout-flex wp-block-buttons-is-layout-flex\">\n<div class=\"wp-block-button\"><a class=\"wp-block-button__link wp-element-button\" href=\"https:\/\/www.ufmg.br\/rededemuseus\/servicos\/agenda\">Acesse aqui&#8230;<\/a><\/div>\n<\/div>\n<\/div>\n<\/div><\/div>\n<\/div>\n\n\n\n<div class=\"wp-block-column is-layout-flow wp-block-column-is-layout-flow\">\n<div class=\"wp-block-cover is-light has-custom-content-position is-position-bottom-center\" style=\"border-radius:20px;padding-top:30px;padding-right:30px;padding-bottom:30px;padding-left:30px;min-height:425px;aspect-ratio:unset;\"><img loading=\"lazy\" decoding=\"async\" width=\"960\" height=\"640\" class=\"wp-block-cover__image-background wp-image-305 size-full\" alt=\"\" src=\"https:\/\/www.ufmg.br\/rededemuseus\/servicos\/wp-content\/uploads\/2025\/10\/2021-11-16-08-52-01-960x640-1.jpg\" data-object-fit=\"cover\" srcset=\"https:\/\/www.ufmg.br\/rededemuseus\/servicos\/wp-content\/uploads\/2025\/10\/2021-11-16-08-52-01-960x640-1.jpg 960w, https:\/\/www.ufmg.br\/rededemuseus\/servicos\/wp-content\/uploads\/2025\/10\/2021-11-16-08-52-01-960x640-1-300x200.jpg 300w, https:\/\/www.ufmg.br\/rededemuseus\/servicos\/wp-content\/uploads\/2025\/10\/2021-11-16-08-52-01-960x640-1-768x512.jpg 768w, https:\/\/www.ufmg.br\/rededemuseus\/servicos\/wp-content\/uploads\/2025\/10\/2021-11-16-08-52-01-960x640-1-205x137.jpg 205w, https:\/\/www.ufmg.br\/rededemuseus\/servicos\/wp-content\/uploads\/2025\/10\/2021-11-16-08-52-01-960x640-1-480x320.jpg 480w\" sizes=\"auto, (max-width: 960px) 100vw, 960px\" \/><span aria-hidden=\"true\" class=\"wp-block-cover__background has-background-dim-0 has-background-dim\"><\/span><div class=\"wp-block-cover__inner-container is-layout-constrained wp-container-core-cover-is-layout-edcd9cee wp-block-cover-is-layout-constrained\">\n<div class=\"wp-block-group has-white-background-color has-background is-layout-constrained wp-container-core-group-is-layout-edcd9cee wp-block-group-is-layout-constrained\" style=\"border-radius:10px;padding-top:30px;padding-right:30px;padding-bottom:30px;padding-left:30px\">\n<h2 class=\"wp-block-heading has-black-color has-text-color has-link-color has-medium-font-size wp-elements-ae6850bc587117eb432fd9d21d86789d\" style=\"margin-top:0\">Forma\u00e7\u00e3o em Extens\u00e3o Universit\u00e1ria <br>(1\u00ba semestre de 2026)<\/h2>\n\n\n\n<hr class=\"wp-block-separator has-alpha-channel-opacity is-style-wide\"\/>\n\n\n\n<p class=\"has-text-color has-link-color wp-elements-ed42c6b29ad77adf5ec8e4bff2834ef1\" style=\"color:#000000a8;margin-bottom:30px\">O Edital em Fluxo Cont\u00ednuo \u201cForma\u00e7\u00e3o em Extens\u00e3o Universit\u00e1ria na Rede de Museus\u201d promove a articula\u00e7\u00e3o entre docentes, discentes e a Rede de Museus por meio da disponibiliza\u00e7\u00e3o de informa\u00e7\u00f5es sobre demandas dos espa\u00e7os (para os pr\u00f3ximos semestres letivos) que sejam pass\u00edveis de v\u00ednculo com Atividades Acad\u00eamicas Curriculares.<br><\/p>\n\n\n\n<div class=\"wp-block-buttons is-layout-flex wp-block-buttons-is-layout-flex\">\n<div class=\"wp-block-button\"><a class=\"wp-block-button__link wp-element-button\" href=\"https:\/\/www.ufmg.br\/rededemuseus\/servicos\/feu\/\">Acesse aqui&#8230;<\/a><\/div>\n<\/div>\n<\/div>\n<\/div><\/div>\n<\/div>\n\n\n\n<div class=\"wp-block-column is-layout-flow wp-block-column-is-layout-flow\">\n<div class=\"wp-block-cover is-light has-custom-content-position is-position-bottom-center\" style=\"border-radius:20px;padding-top:30px;padding-right:30px;padding-bottom:30px;padding-left:30px;min-height:425px;aspect-ratio:unset;\"><img loading=\"lazy\" decoding=\"async\" width=\"960\" height=\"640\" class=\"wp-block-cover__image-background wp-image-305 size-full\" alt=\"\" src=\"https:\/\/www.ufmg.br\/rededemuseus\/servicos\/wp-content\/uploads\/2025\/10\/2021-11-16-08-52-01-960x640-1.jpg\" data-object-fit=\"cover\" srcset=\"https:\/\/www.ufmg.br\/rededemuseus\/servicos\/wp-content\/uploads\/2025\/10\/2021-11-16-08-52-01-960x640-1.jpg 960w, https:\/\/www.ufmg.br\/rededemuseus\/servicos\/wp-content\/uploads\/2025\/10\/2021-11-16-08-52-01-960x640-1-300x200.jpg 300w, https:\/\/www.ufmg.br\/rededemuseus\/servicos\/wp-content\/uploads\/2025\/10\/2021-11-16-08-52-01-960x640-1-768x512.jpg 768w, https:\/\/www.ufmg.br\/rededemuseus\/servicos\/wp-content\/uploads\/2025\/10\/2021-11-16-08-52-01-960x640-1-205x137.jpg 205w, https:\/\/www.ufmg.br\/rededemuseus\/servicos\/wp-content\/uploads\/2025\/10\/2021-11-16-08-52-01-960x640-1-480x320.jpg 480w\" sizes=\"auto, (max-width: 960px) 100vw, 960px\" \/><span aria-hidden=\"true\" class=\"wp-block-cover__background has-background-dim-0 has-background-dim\"><\/span><div class=\"wp-block-cover__inner-container is-layout-constrained wp-container-core-cover-is-layout-edcd9cee wp-block-cover-is-layout-constrained\">\n<div class=\"wp-block-group has-white-background-color has-background is-layout-constrained wp-container-core-group-is-layout-edcd9cee wp-block-group-is-layout-constrained\" style=\"border-radius:10px;padding-top:30px;padding-right:30px;padding-bottom:30px;padding-left:30px\">\n<h2 class=\"wp-block-heading has-black-color has-text-color has-link-color has-medium-font-size wp-elements-d4d5990200d689ea47db025df3f78600\" style=\"margin-top:0\">Cadastro de Oportunidades de Fomento<\/h2>\n\n\n\n<hr class=\"wp-block-separator has-alpha-channel-opacity is-style-wide\"\/>\n\n\n\n<p class=\"has-text-color has-link-color wp-elements-46cb8a080cbcdad962cdb29d4833c360\" style=\"color:#000000a8;margin-bottom:30px\">Consulte as oportunidades de fomento dispon\u00edveis para os museus e processos museol\u00f3gicos vinculados \u00e0s institui\u00e7\u00f5es federais de ensino superior (editais, chamadas p\u00fablicas, pr\u00eamios, concursos, bolsas e patroc\u00ednios). <br><\/p>\n\n\n\n<div class=\"wp-block-buttons is-layout-flex wp-block-buttons-is-layout-flex\">\n<div class=\"wp-block-button\"><a class=\"wp-block-button__link wp-element-button\" href=\"https:\/\/www.ufmg.br\/rededemuseus\/servicos\/oportunidades-de-fomento\/\">Acesse aqui&#8230;<\/a><\/div>\n<\/div>\n<\/div>\n<\/div><\/div>\n<\/div>\n<\/div>\n<\/div>\n\n\n\n<div class=\"wp-block-columns is-layout-flex wp-container-core-columns-is-layout-28f84493 wp-block-columns-is-layout-flex\">\n<div class=\"wp-block-column is-layout-flow wp-block-column-is-layout-flow\"><\/div>\n\n\n\n<div class=\"wp-block-column is-layout-flow wp-block-column-is-layout-flow\"><\/div>\n\n\n\n<div class=\"wp-block-column is-layout-flow wp-block-column-is-layout-flow\"><\/div>\n<\/div>\n\n\n\n<p><\/p>\n","protected":false},"excerpt":{"rendered":"<p>Reposit\u00f3rio de Servi\u00e7os Conhe\u00e7a nossos recursos:<\/p>\n","protected":false},"author":1,"featured_media":0,"parent":0,"menu_order":0,"comment_status":"closed","ping_status":"closed","template":"","meta":{"footnotes":""},"class_list":["post-22","page","type-page","status-publish","hentry"],"blocksy_meta":{"has_hero_section":"default","hero_elements":[{"id":"custom_title","enabled":false,"heading_tag":"h1","title":"Home","__id":"wB5wfM2d2VnQXJwWhbpF3"},{"id":"custom_description","enabled":false,"description_visibility":{"desktop":true,"tablet":true,"mobile":false},"__id":"eGXJBqLK-T4T_emq7up3l"},{"id":"custom_meta","enabled":false,"meta_elements":[{"id":"author","enabled":true,"label":"Por","has_author_avatar":"yes","avatar_size":25},{"id":"post_date","enabled":true,"label":"Ligar","date_format_source":"default","date_format":"M j, Y"},{"id":"updated_date","enabled":false,"label":"Ligar","date_format_source":"default","date_format":"M j, Y"},{"id":"categories","enabled":false,"label":"Em","style":"simple"},{"id":"comments","enabled":true}],"page_meta_elements":{"joined":true,"articles_count":true,"comments":true},"__id":"a668vge8YHFu4W_xfGpVK"},{"id":"breadcrumbs","enabled":false,"__id":"_mu--eP3O71o4IhojAG2s"}],"styles_descriptor":{"styles":{"desktop":"","tablet":"","mobile":""},"google_fonts":[],"version":6},"page_structure_type":"type-4"},"_links":{"self":[{"href":"https:\/\/www.ufmg.br\/rededemuseus\/servicos\/wp-json\/wp\/v2\/pages\/22","targetHints":{"allow":["GET"]}}],"collection":[{"href":"https:\/\/www.ufmg.br\/rededemuseus\/servicos\/wp-json\/wp\/v2\/pages"}],"about":[{"href":"https:\/\/www.ufmg.br\/rededemuseus\/servicos\/wp-json\/wp\/v2\/types\/page"}],"author":[{"embeddable":true,"href":"https:\/\/www.ufmg.br\/rededemuseus\/servicos\/wp-json\/wp\/v2\/users\/1"}],"replies":[{"embeddable":true,"href":"https:\/\/www.ufmg.br\/rededemuseus\/servicos\/wp-json\/wp\/v2\/comments?post=22"}],"version-history":[{"count":97,"href":"https:\/\/www.ufmg.br\/rededemuseus\/servicos\/wp-json\/wp\/v2\/pages\/22\/revisions"}],"predecessor-version":[{"id":11729,"href":"https:\/\/www.ufmg.br\/rededemuseus\/servicos\/wp-json\/wp\/v2\/pages\/22\/revisions\/11729"}],"wp:attachment":[{"href":"https:\/\/www.ufmg.br\/rededemuseus\/servicos\/wp-json\/wp\/v2\/media?parent=22"}],"curies":[{"name":"wp","href":"https:\/\/api.w.org\/{rel}","templated":true}]}}