{"id":229,"date":"2025-07-23T15:44:45","date_gmt":"2025-07-23T18:44:45","guid":{"rendered":"https:\/\/www.ufmg.br\/semanadoconhecimento\/?page_id=229"},"modified":"2025-09-17T11:16:17","modified_gmt":"2025-09-17T14:16:17","slug":"eventos","status":"publish","type":"page","link":"https:\/\/www.ufmg.br\/semanadoconhecimento\/eventos\/","title":{"rendered":"Eventos"},"content":{"rendered":"<h3>Administra\u00e7\u00e3o Central<\/h3>\n<div id=\"sp-ea-278\" class=\"sp-ea-one sp-easy-accordion\" data-ex-icon=\"fa-minus\" data-col-icon=\"fa-plus\"  data-ea-active=\"ea-click\"  data-ea-mode=\"vertical\" data-preloader=\"\"><div class=\"ea-card ea-expand sp-ea-single\"><h3 class=\"ea-header\"><a class=\"collapsed\" data-sptoggle=\"spcollapse\" data-sptarget=#collapse2780 href=\"javascript:void(0)\" aria-expanded=\"true\"><i class=\"ea-expand-icon fa fa-minus\"><\/i> 13\/10 - Cerim\u00f4nia de Abertura<\/a><\/h3><div class=\"sp-collapse spcollapse collapsed show\" id=\"collapse2780\" data-parent=#sp-ea-278><div class=\"ea-body\"><p><strong>9h | Audit\u00f3rio da Reitoria<\/strong><br \/>\nPalestrante: Atila Iamarino<\/p>\n<p><img loading=\"lazy\" decoding=\"async\" class=\"alignnone wp-image-322 size-medium\" src=\"https:\/\/www.ufmg.br\/semanadoconhecimento\/wp-content\/uploads\/2025\/08\/Foto-Atila-1-1-300x169.jpg\" alt=\"\" width=\"300\" height=\"169\" srcset=\"https:\/\/www.ufmg.br\/semanadoconhecimento\/wp-content\/uploads\/2025\/08\/Foto-Atila-1-1-300x169.jpg 300w, https:\/\/www.ufmg.br\/semanadoconhecimento\/wp-content\/uploads\/2025\/08\/Foto-Atila-1-1-1024x576.jpg 1024w, https:\/\/www.ufmg.br\/semanadoconhecimento\/wp-content\/uploads\/2025\/08\/Foto-Atila-1-1-768x432.jpg 768w, https:\/\/www.ufmg.br\/semanadoconhecimento\/wp-content\/uploads\/2025\/08\/Foto-Atila-1-1-1536x864.jpg 1536w, https:\/\/www.ufmg.br\/semanadoconhecimento\/wp-content\/uploads\/2025\/08\/Foto-Atila-1-1-2048x1152.jpg 2048w\" sizes=\"(max-width: 300px) 100vw, 300px\" \/><\/p>\n<p><span style=\"font-weight: 400\">Ganhando notoriedade pela abordagem durante a pandemia de Covid-19, o doutor em Microbiologia e comunicador cient\u00edfico Atila Iamarino\u00a0 re\u00fane mais de 1,5 milh\u00e3o de inscritos em seu canal.<\/span><\/p>\n<p><span style=\"font-weight: 400\">*Haver\u00e1 emiss\u00e3o de certificado.<\/span><\/p>\n<\/div><\/div><\/div><div class=\"ea-card  sp-ea-single\"><h3 class=\"ea-header\"><a class=\"collapsed\" data-sptoggle=\"spcollapse\" data-sptarget=#collapse2781 href=\"javascript:void(0)\" aria-expanded=\"false\"><i class=\"ea-expand-icon fa fa-plus\"><\/i> 14\/10 - Pr\u00eamio UFMG de Teses<\/a><\/h3><div class=\"sp-collapse spcollapse \" id=\"collapse2781\" data-parent=#sp-ea-278><div class=\"ea-body\"><p><strong>18h | Audit\u00f3rio da Reitoria<\/strong><\/p>\n<p>Premia\u00e7\u00e3o das melhores teses de cada Programa de P\u00f3s-Gradua\u00e7\u00e3o e de cada grande \u00e1rea do conhecimento.<\/p>\n<\/div><\/div><\/div><div class=\"ea-card  sp-ea-single\"><h3 class=\"ea-header\"><a class=\"collapsed\" data-sptoggle=\"spcollapse\" data-sptarget=#collapse2782 href=\"javascript:void(0)\" aria-expanded=\"false\"><i class=\"ea-expand-icon fa fa-plus\"><\/i> 16\/10 - 2\u00ba Semin\u00e1rio Intelig\u00eancia Artificial, \u00c9tica e Universidade<\/a><\/h3><div class=\"sp-collapse spcollapse \" id=\"collapse2782\" data-parent=#sp-ea-278><div class=\"ea-body\"><p>CAD 3, audit\u00f3rio 107<\/p>\n<p><strong>9h \u00e0s 10h30<\/strong><br \/>\nPainel: Intelig\u00eancia Artificial e Ensino<\/p>\n<p>Modera\u00e7\u00e3o: Vilma Macagnan (Dedd\/UFMG)<br \/>\nGeane Alzamora (DCS\/UFMG)<br \/>\nMarcos Prates (DEST\/UFMG)<br \/>\nRonaldo Gomes Jr. (Fale\/UFMG)<\/p>\n<p><strong>10h30 \u00e0s 12h<\/strong><br \/>\nPainel: Intelig\u00eancia Artificial na Pesquisa<\/p>\n<p>Modera\u00e7\u00e3o: Ricardo Fabrino (DCP\/UFMG)<br \/>\nRaquel Oliveira Prates (INCT TILD-IAR\/UFMG)<br \/>\nMichele Nogueira (INCT IA e Ciberseguran\u00e7a\/UFMG)<br \/>\nTiago Novo (IGC\/UFMG)<\/p>\n<p><span style=\"font-weight: 400\">*Este evento integra a programa\u00e7\u00e3o do ciclo de confer\u00eancias <\/span><i><span style=\"font-weight: 400\">UFMG Centen\u00e1ria: Universidade e Democracia.<\/span><\/i><\/p>\n<p><span style=\"font-weight: 400\">**Haver\u00e1 emiss\u00e3o de certificado.<\/span><\/p>\n<\/div><\/div><\/div><div class=\"ea-card  sp-ea-single\"><h3 class=\"ea-header\"><a class=\"collapsed\" data-sptoggle=\"spcollapse\" data-sptarget=#collapse2783 href=\"javascript:void(0)\" aria-expanded=\"false\"><i class=\"ea-expand-icon fa fa-plus\"><\/i> 17\/10 - Encerramento e premia\u00e7\u00e3o<\/a><\/h3><div class=\"sp-collapse spcollapse \" id=\"collapse2783\" data-parent=#sp-ea-278><div class=\"ea-body\"><p><strong>14h | Audit\u00f3rio da Reitoria<\/strong><\/p>\n<\/div><\/div><\/div><\/div>\n<p>&nbsp;<\/p>\n<h3>Unidades Acad\u00eamicas<\/h3>\n<div id=\"sp-ea-286\" class=\"sp-ea-one sp-easy-accordion\" data-ex-icon=\"fa-minus\" data-col-icon=\"fa-plus\"  data-ea-active=\"ea-click\"  data-ea-mode=\"vertical\" data-preloader=\"\"><div class=\"ea-card ea-expand sp-ea-single\"><h3 class=\"ea-header\"><a class=\"collapsed\" data-sptoggle=\"spcollapse\" data-sptarget=#collapse2860 href=\"javascript:void(0)\" aria-expanded=\"true\"><i class=\"ea-expand-icon fa fa-minus\"><\/i> Sinais que Nomeiam Saberes: Terminologia em Libras e o Papel das Ci\u00eancias do L\u00e9xico na Educa\u00e7\u00e3o de Surdos<\/a><\/h3><div class=\"sp-collapse spcollapse collapsed show\" id=\"collapse2860\" data-parent=#sp-ea-286><div class=\"ea-body\"><p>Data: 16 de outubro de 2025 \u2013 19:00h<br \/>\nLocal: Audit\u00f3rio 2001, Faculdade de Letras<\/p>\n<\/div><\/div><\/div><\/div>\n","protected":false},"excerpt":{"rendered":"<p>Administra\u00e7\u00e3o Central &nbsp; Unidades Acad\u00eamicas<\/p>\n","protected":false},"author":4,"featured_media":0,"parent":0,"menu_order":0,"comment_status":"closed","ping_status":"closed","template":"","meta":{"_acf_changed":false,"footnotes":""},"class_list":["post-229","page","type-page","status-publish","hentry"],"acf":[],"_links":{"self":[{"href":"https:\/\/www.ufmg.br\/semanadoconhecimento\/wp-json\/wp\/v2\/pages\/229"}],"collection":[{"href":"https:\/\/www.ufmg.br\/semanadoconhecimento\/wp-json\/wp\/v2\/pages"}],"about":[{"href":"https:\/\/www.ufmg.br\/semanadoconhecimento\/wp-json\/wp\/v2\/types\/page"}],"author":[{"embeddable":true,"href":"https:\/\/www.ufmg.br\/semanadoconhecimento\/wp-json\/wp\/v2\/users\/4"}],"replies":[{"embeddable":true,"href":"https:\/\/www.ufmg.br\/semanadoconhecimento\/wp-json\/wp\/v2\/comments?post=229"}],"version-history":[{"count":4,"href":"https:\/\/www.ufmg.br\/semanadoconhecimento\/wp-json\/wp\/v2\/pages\/229\/revisions"}],"predecessor-version":[{"id":287,"href":"https:\/\/www.ufmg.br\/semanadoconhecimento\/wp-json\/wp\/v2\/pages\/229\/revisions\/287"}],"wp:attachment":[{"href":"https:\/\/www.ufmg.br\/semanadoconhecimento\/wp-json\/wp\/v2\/media?parent=229"}],"curies":[{"name":"wp","href":"https:\/\/api.w.org\/{rel}","templated":true}]}}