{"id":374,"date":"2021-10-05T22:16:05","date_gmt":"2021-10-06T01:16:05","guid":{"rendered":"https:\/\/www.ufmg.br\/semanadoservidor\/?page_id=374"},"modified":"2025-09-19T15:18:09","modified_gmt":"2025-09-19T18:18:09","slug":"edicao-2025","status":"publish","type":"page","link":"https:\/\/www.ufmg.br\/semanadoservidor\/edicao-2025\/","title":{"rendered":"Edi\u00e7\u00e3o 2025"},"content":{"rendered":"<h3 style=\"text-align: justify;\"><b>25 anos da Pr\u00f3-Reitoria de Recursos Humanos da UFMG<\/b><\/h3>\n<p><\/p>\n<p style=\"text-align: justify;\">A Semana do Servidor \u00e9 uma excelente chance de reconhecer e valorizar o esfor\u00e7o dos agentes p\u00fablicos da Universidade Federal de Minas Gerais (UFMG).<\/p>\n<p style=\"text-align: justify;\"><span style=\"text-align: justify;\">Com uma programa\u00e7\u00e3o variada, o evento visa promover o bem-estar e a uni\u00e3o entre os pares, ressaltando o papel fundamental que cada um desempenha para o bom funcionamento da institui\u00e7\u00e3o. Ser\u00e3o realizadas homenagens aos antigos e atuais gestores, mesas tem\u00e1ticas, oficinas, apresenta\u00e7\u00f5es art\u00edsticas e atividades esportivas.<\/span><\/p>\n<p style=\"text-align: justify;\">O evento deste ano \u00e9 uma edi\u00e7\u00e3o especial de Comemora\u00e7\u00e3o dos 25 Anos da Pr\u00f3-Reitoria de Recursos Humanos (PRORH) da Universidade, e ocorrer\u00e1 entre os dias 27\/09 e 04\/10.<\/p>\n<p style=\"text-align: justify;\">Ao longo do tempo, a gest\u00e3o de recursos humanos na UFMG mudou bastante. No in\u00edcio, cada Unidade Acad\u00eamica gerenciava seu pr\u00f3prio quadro de servidores de forma independente. Posteriormente, determinadas atividades de pessoal foram concentradas em um \u00f3rg\u00e3o que passou a atender toda entidade, acompanhando as tend\u00eancias da gest\u00e3o p\u00fablica da \u00e9poca. Mais tarde, a Universidade implementou novas pr\u00e1ticas voltadas para a sa\u00fade do trabalhador, o desenvolvimento pessoal e profissional, o que levou \u00e0 cria\u00e7\u00e3o da PRORH.<\/p>\n<p style=\"text-align: justify;\">Esse acontecimento significou uma maior valoriza\u00e7\u00e3o da pol\u00edtica de pessoal, al\u00e7ando a responsabilidade deste papel para uma Pr\u00f3-Reitoria. Os gestores que est\u00e3o e estiveram \u00e0 frente do \u00d3rg\u00e3o e de suas Unidades vinculadas (CPPD, CPPTA, CIS-UFMG, CGESP, DAST, DRH, DAP) ser\u00e3o homenageados em cerim\u00f4nia.<\/p>\n<p style=\"text-align: justify;\">Por fim, destaca-se que a Semana do Servidor \u00e9 um evento que representa n\u00e3o apenas uma oportunidade de confraterniza\u00e7\u00e3o, mas tamb\u00e9m um espa\u00e7o valioso para reflex\u00e3o sobre os caminhos e desafios da atua\u00e7\u00e3o dos servidores. Com atividades que promovem o engajamento e o pensamento cr\u00edtico, a comemora\u00e7\u00e3o busca consolidar-se como um marco significativo na trajet\u00f3ria profissional de docentes e t\u00e9cnico-administrativos da Universidade.<\/p>\n\n\n<p><\/p>\n","protected":false},"excerpt":{"rendered":"<p>25 anos da Pr\u00f3-Reitoria de Recursos Humanos da UFMG A [&hellip;]<\/p>\n","protected":false},"author":1,"featured_media":0,"parent":0,"menu_order":0,"comment_status":"closed","ping_status":"closed","template":"","meta":[],"_links":{"self":[{"href":"https:\/\/www.ufmg.br\/semanadoservidor\/wp-json\/wp\/v2\/pages\/374"}],"collection":[{"href":"https:\/\/www.ufmg.br\/semanadoservidor\/wp-json\/wp\/v2\/pages"}],"about":[{"href":"https:\/\/www.ufmg.br\/semanadoservidor\/wp-json\/wp\/v2\/types\/page"}],"author":[{"embeddable":true,"href":"https:\/\/www.ufmg.br\/semanadoservidor\/wp-json\/wp\/v2\/users\/1"}],"replies":[{"embeddable":true,"href":"https:\/\/www.ufmg.br\/semanadoservidor\/wp-json\/wp\/v2\/comments?post=374"}],"version-history":[{"count":73,"href":"https:\/\/www.ufmg.br\/semanadoservidor\/wp-json\/wp\/v2\/pages\/374\/revisions"}],"predecessor-version":[{"id":2875,"href":"https:\/\/www.ufmg.br\/semanadoservidor\/wp-json\/wp\/v2\/pages\/374\/revisions\/2875"}],"wp:attachment":[{"href":"https:\/\/www.ufmg.br\/semanadoservidor\/wp-json\/wp\/v2\/media?parent=374"}],"curies":[{"name":"wp","href":"https:\/\/api.w.org\/{rel}","templated":true}]}}