{"id":1036,"date":"2021-03-02T08:21:06","date_gmt":"2021-03-02T11:21:06","guid":{"rendered":"https:\/\/www.ufmg.br\/sustentabilidade\/?page_id=1036"},"modified":"2021-03-02T09:08:33","modified_gmt":"2021-03-02T12:08:33","slug":"pecuaria-sustentavel","status":"publish","type":"page","link":"https:\/\/www.ufmg.br\/sustentabilidade\/projetos\/pecuaria-sustentavel\/","title":{"rendered":"Pecu\u00e1ria Sustent\u00e1vel"},"content":{"rendered":"<p style=\"text-align: justify;\"><span style=\"font-family: verdana, geneva, sans-serif; font-size: 12pt;\">A Fazenda Experimental Prof. H\u00e9lio Barbosa (FEPHB), adquirida pela UFMG em 1963, se situa no munic\u00edpio de Igarap\u00e9-MG e possui uma \u00e1rea total de 240 hectares. \u00c9 \u00f3rg\u00e3o complementar da Escola de Veterin\u00e1ria da UFMG (EV-UFMG) e tem o objetivo de dar suporte \u00e0s atividades did\u00e1ticas cient\u00edficas envolvendo os diversos Departamentos da EV-UFMG e de outras unidades da UFMG.<\/span><\/p>\n<p style=\"text-align: justify;\"><span style=\"font-family: verdana, geneva, sans-serif; font-size: 12pt;\">A Fazenda tem infraestrutura e pessoal qualificado para apoiar atividades de ensino, pesquisa e extens\u00e3o nas \u00e1reas de bovinocultura, suinocultura, nutri\u00e7\u00e3o, avicultura, cunicultura, saneamento, produ\u00e7\u00e3o de forrageiras e sanidade animal. Nela s\u00e3o ministradas 25 disciplinas dos cursos de Medicina Veterin\u00e1ria e Aquacultura, atendendo anualmente cerca de 2300 alunos, al\u00e9m de um p\u00fablico externo que frequenta os cursos e dias de campo.<\/span><\/p>\n<p style=\"text-align: justify;\"><span style=\"font-family: verdana, geneva, sans-serif; font-size: 12pt;\">Planejada na d\u00e9cada de 1960, a FEPHB n\u00e3o trouxe em seus projetos originais atividades ligadas \u00e0s pr\u00e1ticas sustent\u00e1veis e hoje buscamos a atualiza\u00e7\u00e3o de sua estrutura para atender tecnologias sanit\u00e1ria e ambientalmente modernas oferecendo aos nossos alunos e ao p\u00fablico externo conhecimento e pr\u00e1ticas avan\u00e7adas na \u00e1rea da agropecu\u00e1ria sustent\u00e1vel.<\/span><\/p>\n<p style=\"text-align: justify;\"><span style=\"font-family: verdana, geneva, sans-serif; font-size: 12pt;\">Procurando apropriar a infraestrutura da Fazenda, projetos est\u00e3o sendo elaborados focando tr\u00eas \u00e1reas principais: o aproveitamento de energias alternativas, o melhor aproveitamento de recursos h\u00eddricos e o correto manejo de res\u00edduos e dejetos. Para tanto uma equipe de docentes e t\u00e9cnicos administrativos da Escola j\u00e1 vem trabalhado h\u00e1 um tempo buscando alternativas vi\u00e1veis para as melhorias desejadas.<\/span><\/p>\n<p style=\"text-align: justify;\"><span style=\"font-family: verdana, geneva, sans-serif; font-size: 12pt;\">A equipe da EV-UFMG recebeu, de forma especial, o assessoramento e orienta\u00e7\u00e3o da Comiss\u00e3o Permanente de Gest\u00e3o Energ\u00e9tica, H\u00eddrica e Ambiental da UFMG (CPGEHA) que se tornou grande parceira na busca de solu\u00e7\u00f5es sustent\u00e1veis e financeiramente acess\u00edveis para a Fazenda.<\/span><\/p>\n<p style=\"text-align: justify;\"><span style=\"font-family: verdana, geneva, sans-serif; font-size: 12pt;\">A CPGEHA tem acompanhado e auxiliado na elabora\u00e7\u00e3o dos projetos, j\u00e1 tendo realizado v\u00e1rias visitas \u00e0 Fazenda para conhecer melhor a realidade e os problemas que l\u00e1 s\u00e3o encontrados, bem como propor solu\u00e7\u00f5es e sugest\u00f5es que sejam tecnicamente atuais e economicamente vi\u00e1veis.<\/span><\/p>\n<p style=\"text-align: justify;\"><span style=\"font-family: verdana, geneva, sans-serif; font-size: 12pt;\">O primeiro projeto enviado com o assessoramento da CPGEHA, em busca de financiamento, traz entre outras, a proposta da implanta\u00e7\u00e3o de uma usina fotovoltaica para a \u00e1rea de bovinocultura de leite que consome muita energia com os equipamentos utilizados para ordenha, resfriamento do leite e limpeza da \u00e1rea. Ainda, faz adapta\u00e7\u00f5es para melhor uso dos recursos h\u00eddricos existentes e o aproveitamento da \u00e1gua de chuva para utiliza\u00e7\u00e3o da limpeza da \u00e1rea do curral.<\/span><\/p>\n<p style=\"text-align: center;\"><span style=\"font-family: verdana, geneva, sans-serif; font-size: 12pt;\"><img loading=\"lazy\" decoding=\"async\" class=\"wp-image-878 aligncenter\" src=\"https:\/\/www.ufmg.br\/sustentabilidade\/wp-content\/uploads\/2021\/01\/FEPHB-e1610982854400.jpg\" alt=\"\" width=\"735\" height=\"479\" srcset=\"https:\/\/www.ufmg.br\/sustentabilidade\/wp-content\/uploads\/2021\/01\/FEPHB-e1610982854400.jpg 956w, https:\/\/www.ufmg.br\/sustentabilidade\/wp-content\/uploads\/2021\/01\/FEPHB-e1610982854400-300x196.jpg 300w, https:\/\/www.ufmg.br\/sustentabilidade\/wp-content\/uploads\/2021\/01\/FEPHB-e1610982854400-768x501.jpg 768w\" sizes=\"(max-width: 735px) 100vw, 735px\" \/><\/span><\/p>\n<p style=\"text-align: center;\"><span style=\"font-family: verdana, geneva, sans-serif; font-size: 12pt;\"><em>Visita de campo da CPGEHA nas instala\u00e7\u00f5es da FEPHB, 2019. Fonte: DISA\/DGA\/PRA<\/em><\/span><\/p>\n<p style=\"text-align: justify;\"><span style=\"font-family: verdana, geneva, sans-serif; font-size: 12pt;\">A equipe da FEPHB espera em breve poder iniciar a execu\u00e7\u00e3o dos projetos que possibilitar\u00e3o a difus\u00e3o dessas t\u00e9cnicas aos alunos, produtores rurais e \u00e0 comunidade em geral, trazendo mais um diferencial de excel\u00eancia nas atividades de ensino e extens\u00e3o que a UFMG oferece.<\/span><\/p>\n<p style=\"text-align: justify;\"><span style=\"font-family: verdana, geneva, sans-serif; font-size: 12pt;\"><strong>Informa\u00e7\u00f5es e solicita\u00e7\u00f5es:<\/strong><\/span><\/p>\n<p style=\"text-align: justify;\"><span style=\"font-family: verdana, geneva, sans-serif; font-size: 12pt;\">Diretora Z\u00e9lia Lobato &#8211; E-mail: ziplobato@gmail.com<\/span><\/p>\n","protected":false},"excerpt":{"rendered":"<p>A Fazenda Experimental Prof. H\u00e9lio Barbosa (FEPHB), adquirida pela UFMG em 1963, se situa no munic\u00edpio de Igarap\u00e9-MG e possui uma \u00e1rea total de 240 hectares. \u00c9 \u00f3rg\u00e3o complementar da Escola de Veterin\u00e1ria da UFMG (EV-UFMG) e tem o objetivo de dar suporte \u00e0s atividades did\u00e1ticas cient\u00edficas envolvendo os diversos Departamentos da EV-UFMG e de [&hellip;]<\/p>\n","protected":false},"author":1,"featured_media":0,"parent":835,"menu_order":0,"comment_status":"closed","ping_status":"closed","template":"","meta":{"_acf_changed":false,"footnotes":""},"class_list":["post-1036","page","type-page","status-publish","hentry"],"acf":[],"_links":{"self":[{"href":"https:\/\/www.ufmg.br\/sustentabilidade\/wp-json\/wp\/v2\/pages\/1036"}],"collection":[{"href":"https:\/\/www.ufmg.br\/sustentabilidade\/wp-json\/wp\/v2\/pages"}],"about":[{"href":"https:\/\/www.ufmg.br\/sustentabilidade\/wp-json\/wp\/v2\/types\/page"}],"author":[{"embeddable":true,"href":"https:\/\/www.ufmg.br\/sustentabilidade\/wp-json\/wp\/v2\/users\/1"}],"replies":[{"embeddable":true,"href":"https:\/\/www.ufmg.br\/sustentabilidade\/wp-json\/wp\/v2\/comments?post=1036"}],"version-history":[{"count":5,"href":"https:\/\/www.ufmg.br\/sustentabilidade\/wp-json\/wp\/v2\/pages\/1036\/revisions"}],"predecessor-version":[{"id":1049,"href":"https:\/\/www.ufmg.br\/sustentabilidade\/wp-json\/wp\/v2\/pages\/1036\/revisions\/1049"}],"up":[{"embeddable":true,"href":"https:\/\/www.ufmg.br\/sustentabilidade\/wp-json\/wp\/v2\/pages\/835"}],"wp:attachment":[{"href":"https:\/\/www.ufmg.br\/sustentabilidade\/wp-json\/wp\/v2\/media?parent=1036"}],"curies":[{"name":"wp","href":"https:\/\/api.w.org\/{rel}","templated":true}]}}