{"id":1742,"date":"2025-04-08T10:02:45","date_gmt":"2025-04-08T13:02:45","guid":{"rendered":"https:\/\/www.ufmg.br\/sustentabilidade\/?page_id=1742"},"modified":"2025-04-08T10:03:17","modified_gmt":"2025-04-08T13:03:17","slug":"extensao-e-colaboracao-com-a-comunidade-associada-para-reciclagem-de-materiais-da-regiao-da-pampulha-comarp","status":"publish","type":"page","link":"https:\/\/www.ufmg.br\/sustentabilidade\/projetos\/extensao-e-colaboracao-com-a-comunidade-associada-para-reciclagem-de-materiais-da-regiao-da-pampulha-comarp\/","title":{"rendered":"Extens\u00e3o e colabora\u00e7\u00e3o com a Comunidade Associada para Reciclagem de Materiais da Regi\u00e3o da Pampulha (COMARP)"},"content":{"rendered":"\n<p>O trabalho de cata\u00e7\u00e3o de materiais recicl\u00e1veis no Brasil teve in\u00edcio na informalidade. Este segmento social \u00e9 composto por pessoas de diversas idades que, enfrentando condi\u00e7\u00f5es de vulnerabilidade socioecon\u00f4mica, encontram na coleta seletiva uma alternativa de trabalho. Esses catadores s\u00e3o respons\u00e1veis por coletar, separar, transportar e armazenar res\u00edduos s\u00f3lidos que possuem valor de mercado (IPEA, 2013). Ao fazer isso, contribuem para a transforma\u00e7\u00e3o desses materiais em novos produtos, permitindo sua reintegra\u00e7\u00e3o no ciclo produtivo, o que gera impactos positivos tanto na sociedade quanto no meio ambiente. O objetivo geral \u00e9 desenvolver e implementar atividades extensionistas baseadas no DRPE e na Cartografia Social para fortalecer a sustentabilidade, a agrega\u00e7\u00e3o de valor e a economia circular entre os catadores de materiais recicl\u00e1veis da COMARP em Belo Horizonte.<\/p>\n\n\n\n<p>O projeto ainda est\u00e1 na sua fase inicial. O projeto incluir\u00e1 o uso do DRPE, um m\u00e9todo dial\u00f3gico e participativo que inclui t\u00e9cnicas como mapeamento hist\u00f3rico e grupos focais, e a Cartografia Social, que envolve a cria\u00e7\u00e3o de mapas colaborativos para identificar pontos cr\u00edticos de coleta e recursos dispon\u00edveis, promovendo um senso de pertencimento e responsabilidade.<\/p>\n\n\n\n<p>A realiza\u00e7\u00e3o de projetos de extens\u00e3o permite aplicar conhecimentos te\u00f3ricos em contextos pr\u00e1ticos, promovendo transforma\u00e7\u00e3o social e contribuindo para o desenvolvimento sustent\u00e1vel, em conson\u00e2ncia com a agenda de Objetivos de Desenvolvimento Sustent\u00e1vel (ODS). Os resultados esperados com a conclus\u00e3o do projeto s\u00e3o: Identificar pontos cr\u00edticos de coleta, \u00e1reas problem\u00e1ticas e recursos dispon\u00edveis; Facilitar a implementa\u00e7\u00e3o de interven\u00e7\u00f5es espec\u00edficas e eficazes; Promover a valoriza\u00e7\u00e3o dos conhecimentos e pr\u00e1ticas dos catadores; Contribuir para o fortalecimento da identidade e para a visibilidade do trabalho dos catadores; e Auxiliar a comunidade em sua coletividade.&nbsp;<\/p>\n\n\n\n<p><strong>Respons\u00e1vel:<\/strong><\/p>\n\n\n\n<p>Prof. Valder\u00ed de Castro Alc\u00e2ntara<\/p>\n\n\n\n<p><span id=\"docs-internal-guid-ad1ef3c2-7fff-bb08-a77b-fdf4924ca024\"><div><span style=\"font-size: 12pt; font-family: Lexend, sans-serif; background-color: transparent; font-variant-numeric: normal; font-variant-east-asian: normal; font-variant-alternates: normal; font-variant-position: normal; font-variant-emoji: normal; vertical-align: baseline;\"><\/span><\/div><\/span><\/p>\n","protected":false},"excerpt":{"rendered":"<p>O trabalho de cata\u00e7\u00e3o de materiais recicl\u00e1veis no Brasil teve in\u00edcio na informalidade. Este segmento social \u00e9 composto por pessoas de diversas idades que, enfrentando condi\u00e7\u00f5es de vulnerabilidade socioecon\u00f4mica, encontram na coleta seletiva uma alternativa de trabalho. Esses catadores s\u00e3o respons\u00e1veis por coletar, separar, transportar e armazenar res\u00edduos s\u00f3lidos que possuem valor de mercado (IPEA, [&hellip;]<\/p>\n","protected":false},"author":3,"featured_media":0,"parent":835,"menu_order":0,"comment_status":"closed","ping_status":"closed","template":"","meta":{"_acf_changed":false,"footnotes":""},"class_list":["post-1742","page","type-page","status-publish","hentry"],"acf":[],"_links":{"self":[{"href":"https:\/\/www.ufmg.br\/sustentabilidade\/wp-json\/wp\/v2\/pages\/1742"}],"collection":[{"href":"https:\/\/www.ufmg.br\/sustentabilidade\/wp-json\/wp\/v2\/pages"}],"about":[{"href":"https:\/\/www.ufmg.br\/sustentabilidade\/wp-json\/wp\/v2\/types\/page"}],"author":[{"embeddable":true,"href":"https:\/\/www.ufmg.br\/sustentabilidade\/wp-json\/wp\/v2\/users\/3"}],"replies":[{"embeddable":true,"href":"https:\/\/www.ufmg.br\/sustentabilidade\/wp-json\/wp\/v2\/comments?post=1742"}],"version-history":[{"count":2,"href":"https:\/\/www.ufmg.br\/sustentabilidade\/wp-json\/wp\/v2\/pages\/1742\/revisions"}],"predecessor-version":[{"id":1746,"href":"https:\/\/www.ufmg.br\/sustentabilidade\/wp-json\/wp\/v2\/pages\/1742\/revisions\/1746"}],"up":[{"embeddable":true,"href":"https:\/\/www.ufmg.br\/sustentabilidade\/wp-json\/wp\/v2\/pages\/835"}],"wp:attachment":[{"href":"https:\/\/www.ufmg.br\/sustentabilidade\/wp-json\/wp\/v2\/media?parent=1742"}],"curies":[{"name":"wp","href":"https:\/\/api.w.org\/{rel}","templated":true}]}}