{"id":1885,"date":"2025-06-13T09:57:50","date_gmt":"2025-06-13T12:57:50","guid":{"rendered":"https:\/\/www.ufmg.br\/sustentabilidade\/?page_id=1885"},"modified":"2025-06-16T09:36:08","modified_gmt":"2025-06-16T12:36:08","slug":"parcerias-e-meios-de-implementacao","status":"publish","type":"page","link":"https:\/\/www.ufmg.br\/sustentabilidade\/ufmg-nos-ods\/parcerias-e-meios-de-implementacao\/","title":{"rendered":"Parcerias e Meios de Implementa\u00e7\u00e3o"},"content":{"rendered":"\n<figure class=\"wp-block-image size-full is-resized\"><img loading=\"lazy\" decoding=\"async\" width=\"466\" height=\"466\" src=\"https:\/\/www.ufmg.br\/sustentabilidade\/wp-content\/uploads\/2025\/06\/image-16.png\" alt=\"\" class=\"wp-image-1972\" style=\"width:166px;height:auto\" srcset=\"https:\/\/www.ufmg.br\/sustentabilidade\/wp-content\/uploads\/2025\/06\/image-16.png 466w, https:\/\/www.ufmg.br\/sustentabilidade\/wp-content\/uploads\/2025\/06\/image-16-300x300.png 300w, https:\/\/www.ufmg.br\/sustentabilidade\/wp-content\/uploads\/2025\/06\/image-16-150x150.png 150w\" sizes=\"(max-width: 466px) 100vw, 466px\" \/><\/figure>\n\n\n\n<p><\/p>\n\n\n\n<p>A UFMG desenvolve os seguintes projetos alinhados ao 17\u00ba ODS:<\/p>\n\n\n\n<p><a href=\"https:\/\/www.ufmg.br\/sustentabilidade\/projetos\/edumite-educacao-mineracao-e-territorio\/\">EduMiTe (Educa\u00e7\u00e3o, Minera\u00e7\u00e3o e Territ\u00f3rio)<\/a><\/p>\n\n\n\n<p><strong>Objetivo 17. Fortalecer os meios de implementa\u00e7\u00e3o e revitalizar a parceria global para o desenvolvimento sustent\u00e1vel<\/strong><\/p>\n\n\n\n<p><strong>Finan\u00e7as<\/strong><\/p>\n\n\n\n<p><strong>17.1<\/strong>&nbsp;Fortalecer a mobiliza\u00e7\u00e3o de recursos internos, inclusive por meio do apoio internacional aos pa\u00edses em desenvolvimento, para melhorar a capacidade nacional para arrecada\u00e7\u00e3o de impostos e outras receitas<\/p>\n\n\n\n<p><strong>17.2<\/strong>&nbsp;Pa\u00edses desenvolvidos implementarem plenamente os seus compromissos em mat\u00e9ria de assist\u00eancia oficial ao desenvolvimento [AOD], inclusive fornecer 0,7% da renda nacional bruta [RNB] em AOD aos pa\u00edses em desenvolvimento, dos quais 0,15% a 0,20% para os pa\u00edses menos desenvolvidos; provedores de AOD s\u00e3o encorajados a considerar a definir uma meta para fornecer pelo menos 0,20% da renda nacional bruta em AOD para os pa\u00edses menos desenvolvidos<\/p>\n\n\n\n<p><strong>17.3&nbsp;<\/strong>Mobilizar recursos financeiros adicionais para os pa\u00edses em desenvolvimento a partir de m\u00faltiplas fontes<\/p>\n\n\n\n<p><strong>17.4&nbsp;<\/strong>Ajudar os pa\u00edses em desenvolvimento a alcan\u00e7ar a sustentabilidade da d\u00edvida de longo prazo por meio de pol\u00edticas coordenadas destinadas a promover o financiamento, a redu\u00e7\u00e3o e a reestrutura\u00e7\u00e3o da d\u00edvida, conforme apropriado, e tratar da d\u00edvida externa dos pa\u00edses pobres altamente endividados para reduzir o superendividamento<\/p>\n\n\n\n<p><strong>17.5<\/strong>&nbsp;Adotar e implementar regimes de promo\u00e7\u00e3o de investimentos para os pa\u00edses menos desenvolvidos<\/p>\n\n\n\n<p><strong>Tecnologia<\/strong><\/p>\n\n\n\n<p><strong>17.6<\/strong>&nbsp;Melhorar a coopera\u00e7\u00e3o Norte-Sul, Sul-Sul e triangular regional e internacional e o acesso \u00e0 ci\u00eancia, tecnologia e inova\u00e7\u00e3o, e aumentar o compartilhamento de conhecimentos em termos mutuamente acordados, inclusive por meio de uma melhor coordena\u00e7\u00e3o entre os mecanismos existentes, particularmente no n\u00edvel das Na\u00e7\u00f5es Unidas, e por meio de um mecanismo de facilita\u00e7\u00e3o de tecnologia global<\/p>\n\n\n\n<p><strong>17.7<\/strong>&nbsp;Promover o desenvolvimento, a transfer\u00eancia, a dissemina\u00e7\u00e3o e a difus\u00e3o de tecnologias ambientalmente corretas para os pa\u00edses em desenvolvimento, em condi\u00e7\u00f5es favor\u00e1veis, inclusive em condi\u00e7\u00f5es concessionais e preferenciais, conforme mutuamente acordado<\/p>\n\n\n\n<p><strong>17.8&nbsp;<\/strong>Operacionalizar plenamente o Banco de Tecnologia e o mecanismo de capacita\u00e7\u00e3o em ci\u00eancia, tecnologia e inova\u00e7\u00e3o para os pa\u00edses menos desenvolvidos at\u00e9 2017, e aumentar o uso de tecnologias de capacita\u00e7\u00e3o, em particular das tecnologias de informa\u00e7\u00e3o e comunica\u00e7\u00e3o<\/p>\n\n\n\n<p><strong>Capacita\u00e7\u00e3o<\/strong><\/p>\n\n\n\n<p><strong>17.9<\/strong>&nbsp;Refor\u00e7ar o apoio internacional para a implementa\u00e7\u00e3o eficaz e orientada da capacita\u00e7\u00e3o em pa\u00edses em desenvolvimento, a fim de apoiar os planos nacionais para implementar todos os objetivos de desenvolvimento sustent\u00e1vel, inclusive por meio da coopera\u00e7\u00e3o Norte-Sul, Sul-Sul e triangular<\/p>\n\n\n\n<p><strong>Com\u00e9rcio<\/strong><\/p>\n\n\n\n<p><strong>17.10<\/strong>&nbsp;Promover um sistema multilateral de com\u00e9rcio universal, baseado em regras, aberto, n\u00e3o discriminat\u00f3rio e equitativo no \u00e2mbito da Organiza\u00e7\u00e3o Mundial do Com\u00e9rcio, inclusive por meio da conclus\u00e3o das negocia\u00e7\u00f5es no \u00e2mbito de sua Agenda de Desenvolvimento de Doha<\/p>\n\n\n\n<p><strong>17.11&nbsp;<\/strong>Aumentar significativamente as exporta\u00e7\u00f5es dos pa\u00edses em desenvolvimento, em particular com o objetivo de duplicar a participa\u00e7\u00e3o dos pa\u00edses menos desenvolvidos nas exporta\u00e7\u00f5es globais at\u00e9 2020<\/p>\n\n\n\n<p><strong>17.12<\/strong>&nbsp;Concretizar a implementa\u00e7\u00e3o oportuna de acesso a mercados livres de cotas e taxas, de forma duradoura, para todos os pa\u00edses menos desenvolvidos, de acordo com as decis\u00f5es da OMC, inclusive por meio de garantias de que as regras de origem preferenciais aplic\u00e1veis \u00e0s importa\u00e7\u00f5es provenientes de pa\u00edses menos desenvolvidos sejam transparentes e simples, e contribuam para facilitar o acesso ao mercado<\/p>\n\n\n\n<p><strong>Quest\u00f5es sist\u00eamicas<\/strong><\/p>\n\n\n\n<p><em>Coer\u00eancia de pol\u00edticas e institucional<\/em><\/p>\n\n\n\n<p><strong>17.13<\/strong>&nbsp;Aumentar a estabilidade macroecon\u00f4mica global, inclusive por meio da coordena\u00e7\u00e3o e da coer\u00eancia de pol\u00edticas<\/p>\n\n\n\n<p><strong>17.14&nbsp;<\/strong>Aumentar a coer\u00eancia das pol\u00edticas para o desenvolvimento sustent\u00e1vel<\/p>\n\n\n\n<p><strong>17.15<\/strong>&nbsp;Respeitar o espa\u00e7o pol\u00edtico e a lideran\u00e7a de cada pa\u00eds para estabelecer e implementar pol\u00edticas para a erradica\u00e7\u00e3o da pobreza e o desenvolvimento sustent\u00e1vel<\/p>\n\n\n\n<p><em>As parcerias multissetoriais<\/em><\/p>\n\n\n\n<p><strong>17.16<\/strong>&nbsp;Refor\u00e7ar a parceria global para o desenvolvimento sustent\u00e1vel, complementada por parcerias multissetoriais que mobilizem e compartilhem conhecimento, expertise, tecnologia e recursos financeiros, para apoiar a realiza\u00e7\u00e3o dos objetivos do desenvolvimento sustent\u00e1vel em todos os pa\u00edses, particularmente nos pa\u00edses em desenvolvimento<\/p>\n\n\n\n<p><strong>17.17<\/strong>&nbsp;Incentivar e promover parcerias p\u00fablicas, p\u00fablico-privadas e com a sociedade civil eficazes, a partir da experi\u00eancia das estrat\u00e9gias de mobiliza\u00e7\u00e3o de recursos dessas parcerias<\/p>\n\n\n\n<p><em>Dados, monitoramento e presta\u00e7\u00e3o de contas<\/em><\/p>\n\n\n\n<p><strong>17.18<\/strong>&nbsp;At\u00e9 2020, refor\u00e7ar o apoio \u00e0 capacita\u00e7\u00e3o para os pa\u00edses em desenvolvimento, inclusive para os pa\u00edses menos desenvolvidos e pequenos Estados insulares em desenvolvimento, para aumentar significativamente a disponibilidade de dados de alta qualidade, atuais e confi\u00e1veis, desagregados por renda, g\u00eanero, idade, ra\u00e7a, etnia, status migrat\u00f3rio, defici\u00eancia, localiza\u00e7\u00e3o geogr\u00e1fica e outras caracter\u00edsticas relevantes em contextos nacionais<\/p>\n\n\n\n<p><strong>17.19<\/strong>&nbsp;At\u00e9 2030, valer-se de iniciativas existentes para desenvolver medidas do progresso do desenvolvimento sustent\u00e1vel que complementem o produto interno bruto [PIB] e apoiem a capacita\u00e7\u00e3o estat\u00edstica nos pa\u00edses em desenvolvimento<\/p>\n","protected":false},"excerpt":{"rendered":"<p>A UFMG desenvolve os seguintes projetos alinhados ao 17\u00ba ODS: EduMiTe (Educa\u00e7\u00e3o, Minera\u00e7\u00e3o e Territ\u00f3rio) Objetivo 17. Fortalecer os meios de implementa\u00e7\u00e3o e revitalizar a parceria global para o desenvolvimento sustent\u00e1vel Finan\u00e7as 17.1&nbsp;Fortalecer a mobiliza\u00e7\u00e3o de recursos internos, inclusive por meio do apoio internacional aos pa\u00edses em desenvolvimento, para melhorar a capacidade nacional para arrecada\u00e7\u00e3o [&hellip;]<\/p>\n","protected":false},"author":3,"featured_media":0,"parent":1845,"menu_order":0,"comment_status":"closed","ping_status":"closed","template":"","meta":{"_acf_changed":false,"footnotes":""},"class_list":["post-1885","page","type-page","status-publish","hentry"],"acf":[],"_links":{"self":[{"href":"https:\/\/www.ufmg.br\/sustentabilidade\/wp-json\/wp\/v2\/pages\/1885"}],"collection":[{"href":"https:\/\/www.ufmg.br\/sustentabilidade\/wp-json\/wp\/v2\/pages"}],"about":[{"href":"https:\/\/www.ufmg.br\/sustentabilidade\/wp-json\/wp\/v2\/types\/page"}],"author":[{"embeddable":true,"href":"https:\/\/www.ufmg.br\/sustentabilidade\/wp-json\/wp\/v2\/users\/3"}],"replies":[{"embeddable":true,"href":"https:\/\/www.ufmg.br\/sustentabilidade\/wp-json\/wp\/v2\/comments?post=1885"}],"version-history":[{"count":3,"href":"https:\/\/www.ufmg.br\/sustentabilidade\/wp-json\/wp\/v2\/pages\/1885\/revisions"}],"predecessor-version":[{"id":1974,"href":"https:\/\/www.ufmg.br\/sustentabilidade\/wp-json\/wp\/v2\/pages\/1885\/revisions\/1974"}],"up":[{"embeddable":true,"href":"https:\/\/www.ufmg.br\/sustentabilidade\/wp-json\/wp\/v2\/pages\/1845"}],"wp:attachment":[{"href":"https:\/\/www.ufmg.br\/sustentabilidade\/wp-json\/wp\/v2\/media?parent=1885"}],"curies":[{"name":"wp","href":"https:\/\/api.w.org\/{rel}","templated":true}]}}