{"id":2081,"date":"2025-10-01T10:42:03","date_gmt":"2025-10-01T13:42:03","guid":{"rendered":"https:\/\/www.ufmg.br\/sustentabilidade\/?page_id=2081"},"modified":"2025-10-01T10:59:10","modified_gmt":"2025-10-01T13:59:10","slug":"comissao-permanente-de-politica-animal-nos-campi-da-ufmg","status":"publish","type":"page","link":"https:\/\/www.ufmg.br\/sustentabilidade\/politica-animal\/comissao-permanente-de-politica-animal-nos-campi-da-ufmg\/","title":{"rendered":"Comiss\u00e3o Permanente de Pol\u00edtica Animal nos Campi da UFMG"},"content":{"rendered":"\n<figure class=\"wp-block-embed is-type-video is-provider-youtube wp-block-embed-youtube wp-embed-aspect-16-9 wp-has-aspect-ratio\"><div class=\"wp-block-embed__wrapper\">\n<iframe loading=\"lazy\" title=\"Comiss\u00e3o Permanente de Pol\u00edticas de Animais da UFMG realiza levantamento interno de fauna silvestre\" width=\"500\" height=\"281\" src=\"https:\/\/www.youtube.com\/embed\/81Mn-meV5-4?feature=oembed\" frameborder=\"0\" allow=\"accelerometer; autoplay; clipboard-write; encrypted-media; gyroscope; picture-in-picture; web-share\" referrerpolicy=\"strict-origin-when-cross-origin\" allowfullscreen><\/iframe>\n<\/div><\/figure>\n\n\n\n<p>Em julho de 2019, foi institu\u00edda pela Reitora Prof\u00aa Sandra Regina Goulart Almeida a Comiss\u00e3o Permanente de Pol\u00edtica Animal nos Campi da UFMG por meio da Portaria N\u00ba 174, de 08 de julho de 2019.<\/p>\n\n\n\n<p>Esta Comiss\u00e3o vem trabalhando na proposi\u00e7\u00e3o e implementa\u00e7\u00e3o de a\u00e7\u00f5es para a prote\u00e7\u00e3o dos animais dos campi da UFMG, combatendo especialmente o abandono de animais dom\u00e9sticos e realizando o manejo da popula\u00e7\u00e3o j\u00e1 existente. Al\u00e9m disso, est\u00e3o sendo estudadas a\u00e7\u00f5es para prote\u00e7\u00e3o das popula\u00e7\u00f5es de animais silvestres.<\/p>\n\n\n\n<p>Outras atua\u00e7\u00f5es em curso desta Comiss\u00e3o referem-se ao di\u00e1logo com as unidades acad\u00eamicas e administrativas dos campi, congregando profissionais de diferentes \u00e1reas e estabelecendo parcerias para resolu\u00e7\u00e3o das quest\u00f5es apresentadas.<\/p>\n\n\n\n<p><a href=\"https:\/\/www.ufmg.br\/sustentabilidade\/wp-content\/uploads\/2021\/05\/manejo-de-animais_UFMG.pdf\" target=\"_blank\" rel=\"noreferrer noopener\">Conhe\u00e7a a Cartilha de Manejo Populacional de Animais nos campi da UFMG.<\/a><\/p>\n\n\n\n<p><strong>Mais informa\u00e7\u00f5es sobre a Comiss\u00e3o podem ser encontradas nos links:<\/strong><\/p>\n\n\n\n<figure class=\"wp-block-embed\"><div class=\"wp-block-embed__wrapper\">\nhttps:\/\/ufmg.br\/comunicacao\/noticias\/ufmg-cria-comissao-para-avaliar-situacao-dos-animais-em-seus-campi\n<\/div><\/figure>\n\n\n\n<figure class=\"wp-block-embed\"><div class=\"wp-block-embed__wrapper\">\nhttps:\/\/ufmg.br\/comunicacao\/noticias\/ufmg-cria-comissao-para-discutir-propostas-sobre-a-questao-animal-nos-campi\n<\/div><\/figure>\n\n\n\n<figure class=\"wp-block-embed\"><div class=\"wp-block-embed__wrapper\">\nhttps:\/\/ufmg.br\/comunicacao\/noticias\/ufmg-cria-comissao-para-avaliar-situacao-dos-animais-nos-campi\n<\/div><\/figure>\n","protected":false},"excerpt":{"rendered":"<p>Em julho de 2019, foi institu\u00edda pela Reitora Prof\u00aa Sandra Regina Goulart Almeida a Comiss\u00e3o Permanente de Pol\u00edtica Animal nos Campi da UFMG por meio da Portaria N\u00ba 174, de 08 de julho de 2019. Esta Comiss\u00e3o vem trabalhando na proposi\u00e7\u00e3o e implementa\u00e7\u00e3o de a\u00e7\u00f5es para a prote\u00e7\u00e3o dos animais dos campi da UFMG, combatendo [&hellip;]<\/p>\n","protected":false},"author":3,"featured_media":0,"parent":2077,"menu_order":0,"comment_status":"closed","ping_status":"closed","template":"","meta":{"_acf_changed":false,"footnotes":""},"class_list":["post-2081","page","type-page","status-publish","hentry"],"acf":[],"_links":{"self":[{"href":"https:\/\/www.ufmg.br\/sustentabilidade\/wp-json\/wp\/v2\/pages\/2081"}],"collection":[{"href":"https:\/\/www.ufmg.br\/sustentabilidade\/wp-json\/wp\/v2\/pages"}],"about":[{"href":"https:\/\/www.ufmg.br\/sustentabilidade\/wp-json\/wp\/v2\/types\/page"}],"author":[{"embeddable":true,"href":"https:\/\/www.ufmg.br\/sustentabilidade\/wp-json\/wp\/v2\/users\/3"}],"replies":[{"embeddable":true,"href":"https:\/\/www.ufmg.br\/sustentabilidade\/wp-json\/wp\/v2\/comments?post=2081"}],"version-history":[{"count":4,"href":"https:\/\/www.ufmg.br\/sustentabilidade\/wp-json\/wp\/v2\/pages\/2081\/revisions"}],"predecessor-version":[{"id":2088,"href":"https:\/\/www.ufmg.br\/sustentabilidade\/wp-json\/wp\/v2\/pages\/2081\/revisions\/2088"}],"up":[{"embeddable":true,"href":"https:\/\/www.ufmg.br\/sustentabilidade\/wp-json\/wp\/v2\/pages\/2077"}],"wp:attachment":[{"href":"https:\/\/www.ufmg.br\/sustentabilidade\/wp-json\/wp\/v2\/media?parent=2081"}],"curies":[{"name":"wp","href":"https:\/\/api.w.org\/{rel}","templated":true}]}}