{"id":82,"date":"2020-06-10T13:32:27","date_gmt":"2020-06-10T16:32:27","guid":{"rendered":"https:\/\/www.ufmg.br\/sustentabilidade\/?page_id=82"},"modified":"2021-03-17T17:09:16","modified_gmt":"2021-03-17T20:09:16","slug":"legislacao","status":"publish","type":"page","link":"https:\/\/www.ufmg.br\/sustentabilidade\/legislacao\/","title":{"rendered":"Legisla\u00e7\u00e3o"},"content":{"rendered":"<style>#sp-ea-291 .spcollapsing { height: 0; overflow: hidden; transition-property: height;transition-duration: 500ms;}#sp-ea-291.sp-easy-accordion>.sp-ea-single {margin-bottom: 10px; border: 1px solid #e2e2e2; }#sp-ea-291.sp-easy-accordion>.sp-ea-single>.ea-header a {color: #444;}#sp-ea-291.sp-easy-accordion>.sp-ea-single>.sp-collapse>.ea-body {background: #fff; color: #444;}#sp-ea-291.sp-easy-accordion>.sp-ea-single {background: #eee;}#sp-ea-291.sp-easy-accordion>.sp-ea-single>.ea-header a .ea-expand-icon { float: left; color: #444;font-size: 16px;}<\/style><div id=\"sp_easy_accordion-1777682104\">\n<div id=\"sp-ea-291\" class=\"sp-ea-one sp-easy-accordion\" data-ex-icon=\"minus\" data-col-icon=\"plus\" data-ea-active=\"ea-click\" data-ea-mode=\"vertical\" data-preloader=\"\" data-scroll-active-item=\"\" data-offset-to-scroll=\"0\">\n\t<!-- Start accordion card div. -->\n\t<div class=\"ea-card  sp-ea-single\">\n\t\t<!-- Start accordion header. -->\n\t\t<h3 class=\"ea-header\">\n\t\t\t<!-- Add anchor tag for header. -->\n\t\t\t<a class=\"collapsed\" id=\"ea-header-2910\" data-sptoggle=\"spcollapse\" data-sptarget=\"#collapse2910\" aria-controls=\"collapse2910\" href=\"#\"  aria-expanded=\"false\" tabindex=\"0\">\n\t\t\t<i class=\"ea-expand-icon ea-icon-expand-plus\"><\/i> Diretrizes UFMG\t\t\t<\/a> <!-- Close anchor tag for header. -->\n\t\t<\/h3>\t<!-- Close header tag. -->\n\t\t<!-- Start collapsible content div. -->\n\t\t<div class=\"sp-collapse spcollapse spcollapse\" id=\"collapse2910\" data-parent=\"#sp-ea-291\" role=\"region\" aria-labelledby=\"ea-header-2910\">  <!-- Content div. -->\n\t\t\t<div class=\"ea-body\">\n\t\t\t<ul>\n<li><span style=\"font-family: verdana, geneva, sans-serif;font-size: 12pt\"><a href=\"https:\/\/www2.ufmg.br\/sods\/Sods\/Sobre-a-UFMG\/Estatuto\">Resolu\u00e7\u00e3o N\u00ba 04\/99, de 04 de mar\u00e7o de 1999<\/a>:\u00a0 Aprova o novo Estatuto da Universidade Federal de Minas Gerais.<\/span><\/li>\n<li><span style=\"font-family: verdana, geneva, sans-serif;font-size: 12pt\"><a href=\"https:\/\/www.ufmg.br\/proplan\/wp-content\/uploads\/RESOLU%C3%87%C3%83O-No-08-2009_-16-DE-JUNHO-DE-2009.pdf\" target=\"_blank\" rel=\"noopener\">Resolu\u00e7\u00e3o N\u00ba 008, de 16 de junho de 2009<\/a>:\u00a0 Institui o Regulamento de Uso e Ocupa\u00e7\u00e3o do Solo do Campus Pampulha da UFMG.<\/span><\/li>\n<\/ul>\n\t\t\t<\/div> <!-- Close content div. -->\n\t\t<\/div> <!-- Close collapse div. -->\n\t<\/div> <!-- Close card div. -->\n\t\t<!-- Start accordion card div. -->\n\t<div class=\"ea-card  sp-ea-single\">\n\t\t<!-- Start accordion header. -->\n\t\t<h3 class=\"ea-header\">\n\t\t\t<!-- Add anchor tag for header. -->\n\t\t\t<a class=\"collapsed\" id=\"ea-header-2911\" data-sptoggle=\"spcollapse\" data-sptarget=\"#collapse2911\" aria-controls=\"collapse2911\" href=\"#\"  aria-expanded=\"false\" tabindex=\"0\">\n\t\t\t<i class=\"ea-expand-icon ea-icon-expand-plus\"><\/i> Normativas de Energia\t\t\t<\/a> <!-- Close anchor tag for header. -->\n\t\t<\/h3>\t<!-- Close header tag. -->\n\t\t<!-- Start collapsible content div. -->\n\t\t<div class=\"sp-collapse spcollapse spcollapse\" id=\"collapse2911\" data-parent=\"#sp-ea-291\" role=\"region\" aria-labelledby=\"ea-header-2911\">  <!-- Content div. -->\n\t\t\t<div class=\"ea-body\">\n\t\t\t<div class=\"gmail_default\">\n<ul>\n<li style=\"text-align: left\"><span style=\"font-family: verdana, geneva, sans-serif;font-size: 12pt\"><a href=\"https:\/\/www.ufmg.br\/sustentabilidade\/wp-content\/uploads\/2022\/12\/Relat\u00f3rio_OUT_2022_Planilha_Resumo_UFMG.jpg\">Decreto 10.779<\/a> -\u00a0 Estabelece medidas para a redu\u00e7\u00e3o do consumo de energia el\u00e9trica no \u00e2mbito da administra\u00e7\u00e3o p\u00fablica federal direta, aut\u00e1rquica e fundacional. <\/span>\n<ul>\n<li style=\"list-style-type: none\">\n<ul>\n<li style=\"text-align: left\"><span style=\"font-family: verdana, geneva, sans-serif;font-size: 12pt\">Comparativo de Consumo de Energia El\u00e9trica, <a href=\"https:\/\/www.ufmg.br\/sustentabilidade\/wp-content\/uploads\/2022\/12\/Relat\u00f3rio_OUT_2022_Planilha_Resumo_UFMG.jpg\">clique aqui<\/a>;<\/span><\/li>\n<\/ul>\n<\/li>\n<\/ul>\n<\/li>\n<\/ul>\n<ul>\n<li style=\"text-align: left\"><span style=\"font-family: verdana, geneva, sans-serif;font-size: 12pt\">Procedimentos de Distribui\u00e7\u00e3o de Energia El\u00e9trica no Sistema El\u00e9trico Nacional \u2013 <a href=\"http:\/\/www.aneel.gov.br\/prodist\" target=\"_blank\" rel=\"noopener\">PRODIST<\/a>;<\/span><\/li>\n<\/ul>\n<ul>\n<li style=\"text-align: left\"><span style=\"font-family: verdana, geneva, sans-serif;font-size: 12pt\"><a href=\"http:\/\/www.planalto.gov.br\/ccivil_03\/leis\/L9074compilada.htm\" target=\"_blank\" rel=\"noopener\">Lei 9.074\/1995<\/a> - Estabelece normas para outorga e prorroga\u00e7\u00f5es das concess\u00f5es e permiss\u00f5es de servi\u00e7os p\u00fablicos e d\u00e1 outras provid\u00eancias;<\/span><\/li>\n<\/ul>\n<ul>\n<li style=\"text-align: left\"><span style=\"font-family: verdana, geneva, sans-serif;font-size: 12pt\"><a href=\"https:\/\/novoportal.cemig.com.br\/wp-content\/uploads\/2020\/07\/nd5_3_000001p.pdf\" target=\"_blank\" rel=\"noopener\">CEMIG ND\u00a05.3<\/a> - Fornecimento de Energia El\u00e9trica em M\u00e9dia Tens\u00e3o Rede de Distribui\u00e7\u00e3o A\u00e9rea ou Subterr\u00e2nea;<\/span><\/li>\n<\/ul>\n<ul>\n<li style=\"text-align: left\"><span style=\"font-family: verdana, geneva, sans-serif;font-size: 12pt\"><a href=\"https:\/\/novoportal.cemig.com.br\/wp-content\/uploads\/2020\/07\/ND.5.30.pdf\" target=\"_blank\" rel=\"noopener\">CEMIG ND 5.30<\/a> - Requisitos para a conex\u00e3o de Acessantes ao Sistema de Distribui\u00e7\u00e3o CEMIG - Conex\u00e3o em Baixa Tens\u00e3o;<\/span><\/li>\n<\/ul>\n<ul>\n<li style=\"text-align: left\"><span style=\"font-family: verdana, geneva, sans-serif;font-size: 12pt\"><a href=\"https:\/\/novoportal.cemig.com.br\/wp-content\/uploads\/2020\/07\/ND.5.31.pdf\" target=\"_blank\" rel=\"noopener\">CEMIG ND 5.31<\/a> - Requisitos para a conex\u00e3o de Acessantes Produtores de Energia El\u00e9trica ao Sistema de Distribui\u00e7\u00e3o CEMIG - Conex\u00e3o em M\u00e9dia Tens\u00e3o.<\/span><\/li>\n<\/ul>\n<\/div>\n\t\t\t<\/div> <!-- Close content div. -->\n\t\t<\/div> <!-- Close collapse div. -->\n\t<\/div> <!-- Close card div. -->\n\t\t<!-- Start accordion card div. -->\n\t<div class=\"ea-card  sp-ea-single\">\n\t\t<!-- Start accordion header. -->\n\t\t<h3 class=\"ea-header\">\n\t\t\t<!-- Add anchor tag for header. -->\n\t\t\t<a class=\"collapsed\" id=\"ea-header-2912\" data-sptoggle=\"spcollapse\" data-sptarget=\"#collapse2912\" aria-controls=\"collapse2912\" href=\"#\"  aria-expanded=\"false\" tabindex=\"0\">\n\t\t\t<i class=\"ea-expand-icon ea-icon-expand-plus\"><\/i> Normativas de Recursos H\u00eddricos\t\t\t<\/a> <!-- Close anchor tag for header. -->\n\t\t<\/h3>\t<!-- Close header tag. -->\n\t\t<!-- Start collapsible content div. -->\n\t\t<div class=\"sp-collapse spcollapse spcollapse\" id=\"collapse2912\" data-parent=\"#sp-ea-291\" role=\"region\" aria-labelledby=\"ea-header-2912\">  <!-- Content div. -->\n\t\t\t<div class=\"ea-body\">\n\t\t\t<ul>\n<li style=\"text-align: justify\"><span style=\"font-family: verdana, geneva, sans-serif\"><span style=\"font-family: verdana, geneva, sans-serif;font-size: 12pt\"><a href=\"http:\/\/www.planalto.gov.br\/ccivil_03\/leis\/l9433.htm\">Lei 9.433\/1997<\/a>: Institui a Pol\u00edtica Nacional de Recursos H\u00eddricos, cria o Sistema Nacional de Gerenciamento de Recursos H\u00eddricos, regulamenta o inciso XIX do art. 21 da Constitui\u00e7\u00e3o Federal, e altera o art. 1\u00ba da Lei n\u00ba 8.001, de 13 de mar\u00e7o de 1990, que modificou a Lei n\u00ba 7.990, de 28 de dezembro de 1989;<\/span><\/span><\/li>\n<li style=\"text-align: justify\"><span style=\"font-family: verdana, geneva, sans-serif;font-size: 12pt\"><span style=\"color: #000000\"><a href=\"http:\/\/www.siam.mg.gov.br\/sla\/download.pdf?idNorma=5309\">Lei 13.199\/1999:<\/a> Disp\u00f5e sobre a Pol\u00edtica Estadual de Recursos<\/span> H\u00eddricos e d\u00e1 outras provid\u00eancias;<\/span><\/li>\n<li style=\"text-align: justify\"><span style=\"font-family: verdana, geneva, sans-serif;font-size: 12pt\"><a href=\"http:\/\/www.siam.mg.gov.br\/sla\/download.pdf?idNorma=50864\">Decreto Estadual 47.705\/2019<\/a>\u00a0 - Estabelece normas e procedimentos para a regulariza\u00e7\u00e3o de uso de recursos h\u00eddricos do dom\u00ednio do Estado de Minas Gerais;<\/span><\/li>\n<li style=\"text-align: justify\"><span style=\"font-family: verdana, geneva, sans-serif;font-size: 12pt\"><a href=\"http:\/\/www.siam.mg.gov.br\/sla\/download.pdf?idNorma=49719\">Portaria IGAM 48\/2019<\/a> - Estabelece normas suplementares para a regulariza\u00e7\u00e3o dos recursos h\u00eddricos de dom\u00ednio do Estado de Minas Gerais e d\u00e1 outras provid\u00eancias.<\/span><\/li>\n<\/ul>\n\t\t\t<\/div> <!-- Close content div. -->\n\t\t<\/div> <!-- Close collapse div. -->\n\t<\/div> <!-- Close card div. -->\n\t\t<!-- Start accordion card div. -->\n\t<div class=\"ea-card  sp-ea-single\">\n\t\t<!-- Start accordion header. -->\n\t\t<h3 class=\"ea-header\">\n\t\t\t<!-- Add anchor tag for header. -->\n\t\t\t<a class=\"collapsed\" id=\"ea-header-2913\" data-sptoggle=\"spcollapse\" data-sptarget=\"#collapse2913\" aria-controls=\"collapse2913\" href=\"#\"  aria-expanded=\"false\" tabindex=\"0\">\n\t\t\t<i class=\"ea-expand-icon ea-icon-expand-plus\"><\/i> Normativas Ambientais\t\t\t<\/a> <!-- Close anchor tag for header. -->\n\t\t<\/h3>\t<!-- Close header tag. -->\n\t\t<!-- Start collapsible content div. -->\n\t\t<div class=\"sp-collapse spcollapse spcollapse\" id=\"collapse2913\" data-parent=\"#sp-ea-291\" role=\"region\" aria-labelledby=\"ea-header-2913\">  <!-- Content div. -->\n\t\t\t<div class=\"ea-body\">\n\t\t\t<p><span style=\"font-family: verdana, geneva, sans-serif;font-size: 12pt\"><strong>Gerenciamento de res\u00edduos<br \/>\n<\/strong><\/span><\/p>\n<ul>\n<li style=\"text-align: justify\"><span style=\"font-family: verdana, geneva, sans-serif;font-size: 12pt\"><a href=\"http:\/\/www.planalto.gov.br\/ccivil_03\/_ato2007-2010\/2010\/lei\/l12305.htm\" target=\"_blank\" rel=\"noopener\">Lei n\u00ba 12.305\/2010<\/a>: Institui a Pol\u00edtica Nacional de Res\u00edduos S\u00f3lidos e d\u00e1 outras provid\u00eancias.<\/span><\/li>\n<li style=\"text-align: justify\"><span style=\"font-family: verdana, geneva, sans-serif;font-size: 12pt\"><a href=\"http:\/\/www.planalto.gov.br\/ccivil_03\/_ato2007-2010\/2010\/decreto\/d7404.htm\" target=\"_blank\" rel=\"noopener\">Decreto Federal 7.404\/2010<\/a>: Regulamenta a Lei n\u00ba 12.305, de 2 de agosto de 2010, que institui a Pol\u00edtica Nacional de Res\u00edduos S\u00f3lidos, cria o Comit\u00ea Interministerial da Pol\u00edtica Nacional de Res\u00edduos S\u00f3lidos e o Comit\u00ea Orientador para a Implanta\u00e7\u00e3o dos Sistemas de Log\u00edstica Reversa, e d\u00e1 outras provid\u00eancias.<\/span><\/li>\n<li style=\"text-align: justify\"><span style=\"font-family: verdana, geneva, sans-serif;font-size: 12pt\"><a href=\"http:\/\/www2.mma.gov.br\/port\/conama\/legiabre.cfm?codlegi=462\" target=\"_blank\" rel=\"noopener\">Resolu\u00e7\u00e3o CONAMA 358\/2005<\/a> : Disp\u00f5e sobre o tratamento e a disposi\u00e7\u00e3o final dos res\u00edduos dos servi\u00e7os de sa\u00fade e d\u00e1 outras provid\u00eancias. <\/span><\/li>\n<li style=\"text-align: justify\"><span style=\"font-family: verdana, geneva, sans-serif;font-size: 12pt\"><a href=\"http:\/\/bvsms.saude.gov.br\/bvs\/saudelegis\/anvisa\/2018\/rdc0222_28_03_2018.pdf\" target=\"_blank\" rel=\"noopener\">Resolu\u00e7\u00e3o da Diretoria Colegiada \u2013 RDC 222\/18:<\/a> Regulamenta as Boas Pr\u00e1ticas de Gerenciamento dos Res\u00edduos de Servi\u00e7os de Sa\u00fade e d\u00e1 outras provid\u00eancias.<\/span><\/li>\n<li style=\"text-align: justify\"><span style=\"font-family: verdana, geneva, sans-serif;font-size: 12pt\"><a href=\"http:\/\/www.siam.mg.gov.br\/sla\/download.pdf?idNorma=9272\" target=\"_blank\" rel=\"noopener\">Lei Estadual n\u00ba 18.031\/2009:<\/a> Disp\u00f5e sobre a <span style=\"color: #000000\">Pol\u00edtica Estadual de Res\u00edduos S\u00f3lidos.<\/span><\/span><\/li>\n<li style=\"text-align: justify\"><span style=\"font-family: verdana, geneva, sans-serif;font-size: 12pt\"><a href=\"https:\/\/www.almg.gov.br\/consulte\/legislacao\/completa\/completa.html?tipo=DEC&amp;num=45181&amp;comp=&amp;ano=2009\" target=\"_blank\" rel=\"noopener\">Decreto Estadual n\u00ba 45.181\/2009<\/a><span style=\"color: #000000\">: Regulamenta a Lei n\u00ba 18.031, de 12 de janeiro de 2009, e d\u00e1 outras provid\u00eancias.<\/span><\/span><\/li>\n<li style=\"text-align: justify\"><span style=\"font-family: verdana, geneva, sans-serif;font-size: 12pt\"><a href=\"http:\/\/www.planalto.gov.br\/ccivil_03\/_ato2004-2006\/2006\/decreto\/d5940.htm\">Decreto 5.940\/2006<\/a>:<span style=\"color: #000000\"> Institui a separa\u00e7\u00e3o dos res\u00edduos recicl\u00e1veis descartados pelos \u00f3rg\u00e3os e entidades da administra\u00e7\u00e3o p\u00fablica federal direta e indireta, na fonte geradora, e a sua destina\u00e7\u00e3o \u00e0s associa\u00e7\u00f5es e cooperativas dos catadores de materiais recicl\u00e1veis, e d\u00e1 outras provid\u00eancias.<\/span><br \/>\n<\/span><\/li>\n<li style=\"text-align: justify\"><span style=\"font-family: verdana, geneva, sans-serif;font-size: 12pt\"><a href=\"http:\/\/www.planalto.gov.br\/ccivil_03\/_ato2007-2010\/2007\/lei\/l11445.htm\">Lei Federal n\u00ba 11.445\/2007<\/a>: <span style=\"color: #000000\">Estabelece as diretrizes nacionais para o saneamento b\u00e1sico; cria o Comit\u00ea Interministerial de Saneamento B\u00e1sico; altera as Leis n<u><sup>os<\/sup><\/u> 6.766, de 19 de dezembro de 1979, 8.666, de 21 de junho de 1993, e 8.987, de 13 de fevereiro de 1995; e revoga a Lei n\u00ba 6.528, de 11 de maio de 1978.\u00a0\u00a0<\/span><br \/>\n<\/span><\/li>\n<li style=\"text-align: justify\"><span style=\"font-family: verdana, geneva, sans-serif;font-size: 12pt\"><a href=\"http:\/\/portal6.pbh.gov.br\/dom\/iniciaEdicao.do?method=DetalheArtigo&amp;pk=1173068\">Decreto Municipal PBH n\u00ba 16.509\/2016<\/a>: <span style=\"color: #000000\">Regulamenta o art. 46 da Lei n\u00ba 10.534\/2012, no tocante \u00e0 elabora\u00e7\u00e3o, apresenta\u00e7\u00e3o, aprova\u00e7\u00e3o e implanta\u00e7\u00e3o do Plano de Gerenciamento de Res\u00edduos de Servi\u00e7os de Sa\u00fade \u2013 PGRSS no Munic\u00edpio de Belo Horizonte.<\/span> <\/span><\/li>\n<li style=\"text-align: justify\"><span style=\"font-family: verdana, geneva, sans-serif;font-size: 12pt\"><a href=\"http:\/\/www.siam.mg.gov.br\/sla\/download.pdf?idNorma=47998\">Delibera\u00e7\u00e3o Normativa COPAM N\u00ba 2322019<\/a>: <span style=\"color: #000000\">Instit<\/span><span style=\"color: #000000\">ui o Sistema Estadual de Manifesto de Transporte de Res\u00edduos e estabelece procedimentos para o controle de movimenta\u00e7\u00e3o e destina\u00e7\u00e3o de res\u00edduos s\u00f3lidos e rejeitos no estado de Minas Gerais e d\u00e1 outras provid\u00eancias.<\/span><\/span><\/li>\n<\/ul>\n<p>\u00a0<\/p>\n<p><span style=\"font-family: verdana, geneva, sans-serif;font-size: 12pt\"><strong>Educa\u00e7\u00e3o Ambiental<\/strong><\/span><\/p>\n<ul style=\"list-style-type: circle\">\n<li><span style=\"font-family: verdana, geneva, sans-serif;font-size: 12pt\"><a href=\"http:\/\/www.planalto.gov.br\/ccivil_03\/leis\/l9795.htm\">Lei n\u00ba 9795\/1999<\/a>: Disp\u00f5e sobre a educa\u00e7\u00e3o ambiental, institui a Pol\u00edtica Nacional de Educa\u00e7\u00e3o Ambiental e d\u00e1 outras provid\u00eancias.<\/span><\/li>\n<\/ul>\n<ul>\n<li style=\"text-align: justify\"><span style=\"font-family: verdana, geneva, sans-serif;font-size: 12pt\"><a href=\"https:\/\/www.planalto.gov.br\/ccivil_03\/decreto\/2002\/d4281.htm\">Decreto Federal 4.281\/2002<\/a>: Regulamenta a Lei n<sup><u>o<\/u><\/sup> 9.795, de 27 de abril de 1999, que institui a Pol\u00edtica Nacional de Educa\u00e7\u00e3o Ambiental, e d\u00e1 outras provid\u00eancias.<\/span><\/li>\n<\/ul>\n\t\t\t<\/div> <!-- Close content div. -->\n\t\t<\/div> <!-- Close collapse div. -->\n\t<\/div> <!-- Close card div. -->\n\t<\/div>\n<\/div>\n\n","protected":false},"excerpt":{"rendered":"","protected":false},"author":1,"featured_media":0,"parent":0,"menu_order":0,"comment_status":"closed","ping_status":"closed","template":"","meta":{"_acf_changed":false,"footnotes":""},"class_list":["post-82","page","type-page","status-publish","hentry"],"acf":[],"_links":{"self":[{"href":"https:\/\/www.ufmg.br\/sustentabilidade\/wp-json\/wp\/v2\/pages\/82"}],"collection":[{"href":"https:\/\/www.ufmg.br\/sustentabilidade\/wp-json\/wp\/v2\/pages"}],"about":[{"href":"https:\/\/www.ufmg.br\/sustentabilidade\/wp-json\/wp\/v2\/types\/page"}],"author":[{"embeddable":true,"href":"https:\/\/www.ufmg.br\/sustentabilidade\/wp-json\/wp\/v2\/users\/1"}],"replies":[{"embeddable":true,"href":"https:\/\/www.ufmg.br\/sustentabilidade\/wp-json\/wp\/v2\/comments?post=82"}],"version-history":[{"count":7,"href":"https:\/\/www.ufmg.br\/sustentabilidade\/wp-json\/wp\/v2\/pages\/82\/revisions"}],"predecessor-version":[{"id":504,"href":"https:\/\/www.ufmg.br\/sustentabilidade\/wp-json\/wp\/v2\/pages\/82\/revisions\/504"}],"wp:attachment":[{"href":"https:\/\/www.ufmg.br\/sustentabilidade\/wp-json\/wp\/v2\/media?parent=82"}],"curies":[{"name":"wp","href":"https:\/\/api.w.org\/{rel}","templated":true}]}}