{"id":243,"date":"2021-05-30T15:25:17","date_gmt":"2021-05-30T18:25:17","guid":{"rendered":"https:\/\/www.ufmg.br\/ufmgjovem\/2021\/?page_id=243"},"modified":"2021-09-09T09:23:48","modified_gmt":"2021-09-09T12:23:48","slug":"conversa-com-cientistas","status":"publish","type":"page","link":"https:\/\/www.ufmg.br\/ufmgjovem\/2021\/conversa-com-cientistas\/","title":{"rendered":"Conversa com Cientistas"},"content":{"rendered":"<p>A Conversa com Cientistas acontecer\u00e1 no dia 09\/09\/2021 \u00e0s 13h30 e ter\u00e1 como tema &#8220;Natureza, Diversidade, Cultura e Arte&#8221;.<\/p>\n<p><iframe loading=\"lazy\" title=\"YouTube video player\" src=\"https:\/\/www.youtube.com\/embed\/N9xLtwbrXqA\" width=\"560\" height=\"315\" frameborder=\"0\" allowfullscreen=\"allowfullscreen\"><\/iframe><\/p>\n<p>Para participar, o\/a estudante dever\u00e1 enviar a sua pergunta ou coment\u00e1rio <a href=\"https:\/\/forms.gle\/GGhEPVQYVNTnKegH6\" target=\"_blank\" rel=\"noopener\">neste formul\u00e1rio<\/a>.<\/p>\n<p><strong>Professores\/as Colaboradores\/as da Conversa com Cientistas<\/strong><br \/>\nAlexandre Liparini Campos \u2013 Rede de Divulga\u00e7\u00e3o Cient\u00edfica<br \/>\nDaniel Marchetti Maroneze \u2013 Comiss\u00e3o Assessora da UFMG Jovem<br \/>\nL\u00facia Maria Porto de Paula \u2013 Comiss\u00e3o Assessora da UFMG Jovem<br \/>\nLussandra Martins Gianasi \u2013 Comiss\u00e3o Assessora da UFMG Jovem<br \/>\nPatr\u00edcia Cristiane de Oliveira \u2013 Rede de Divulga\u00e7\u00e3o Cient\u00edfica<br \/>\nRosa Maria Esteves Arantes \u2013 Rede de Divulga\u00e7\u00e3o Cient\u00edfica<\/p>\n<p><strong>Cientistas participantes:<br \/>\n<\/strong>Daniel Marchetti Maroneze<br \/>\nElisa de Paula Fran\u00e7a Resende<br \/>\nFelipe Novaes Ricardo<br \/>\nIsadora Carvalho Ferreira Buchala<br \/>\nJanaina Soares<br \/>\nLuana Carla Martins Campos<br \/>\nMaria Cecilia de Miranda Nogueira Coelho<br \/>\nMichele Macedo Moraes<br \/>\nRosa Maria Esteves Arantes<br \/>\nSamuel Ayobami Akinruli<br \/>\nS\u00f4nia Maria Carvalho Ribeiro<br \/>\nTalita Fernanda das Gra\u00e7as Silva<br \/>\nTarc\u00edsio dos Santos Ramos<\/p>\n","protected":false},"excerpt":{"rendered":"<p>A Conversa com Cientistas acontecer\u00e1 no dia 09\/09\/2021 \u00e0s 13h30 [&hellip;]<\/p>\n","protected":false},"author":1,"featured_media":0,"parent":0,"menu_order":0,"comment_status":"closed","ping_status":"closed","template":"","meta":{"spay_email":""},"_links":{"self":[{"href":"https:\/\/www.ufmg.br\/ufmgjovem\/2021\/wp-json\/wp\/v2\/pages\/243"}],"collection":[{"href":"https:\/\/www.ufmg.br\/ufmgjovem\/2021\/wp-json\/wp\/v2\/pages"}],"about":[{"href":"https:\/\/www.ufmg.br\/ufmgjovem\/2021\/wp-json\/wp\/v2\/types\/page"}],"author":[{"embeddable":true,"href":"https:\/\/www.ufmg.br\/ufmgjovem\/2021\/wp-json\/wp\/v2\/users\/1"}],"replies":[{"embeddable":true,"href":"https:\/\/www.ufmg.br\/ufmgjovem\/2021\/wp-json\/wp\/v2\/comments?post=243"}],"version-history":[{"count":30,"href":"https:\/\/www.ufmg.br\/ufmgjovem\/2021\/wp-json\/wp\/v2\/pages\/243\/revisions"}],"predecessor-version":[{"id":959,"href":"https:\/\/www.ufmg.br\/ufmgjovem\/2021\/wp-json\/wp\/v2\/pages\/243\/revisions\/959"}],"wp:attachment":[{"href":"https:\/\/www.ufmg.br\/ufmgjovem\/2021\/wp-json\/wp\/v2\/media?parent=243"}],"curies":[{"name":"wp","href":"https:\/\/api.w.org\/{rel}","templated":true}]}}