{"id":580,"date":"2021-08-30T17:04:25","date_gmt":"2021-08-30T20:04:25","guid":{"rendered":"https:\/\/www.ufmg.br\/ufmgjovem\/2021\/?page_id=580"},"modified":"2021-09-09T10:23:28","modified_gmt":"2021-09-09T13:23:28","slug":"desenhos","status":"publish","type":"page","link":"https:\/\/www.ufmg.br\/ufmgjovem\/2021\/desafio\/desenhos\/","title":{"rendered":"Desafio em Desenho"},"content":{"rendered":"<h2><span style=\"font-size: 14pt;\">Clique nas imagens para ampliar<\/span><\/h2>\n\n\t\t<style type=\"text\/css\">\n\t\t\t#gallery-1 {\n\t\t\t\tmargin: auto;\n\t\t\t}\n\t\t\t#gallery-1 .gallery-item {\n\t\t\t\tfloat: left;\n\t\t\t\tmargin-top: 10px;\n\t\t\t\ttext-align: center;\n\t\t\t\twidth: 33%;\n\t\t\t}\n\t\t\t#gallery-1 img {\n\t\t\t\tborder: 2px solid #cfcfcf;\n\t\t\t}\n\t\t\t#gallery-1 .gallery-caption {\n\t\t\t\tmargin-left: 0;\n\t\t\t}\n\t\t\t\/* see gallery_shortcode() in wp-includes\/media.php *\/\n\t\t<\/style>\n\t\t<div data-carousel-extra='{\"blog_id\":1,\"permalink\":\"https:\\\/\\\/www.ufmg.br\\\/ufmgjovem\\\/2021\\\/desafio\\\/desenhos\\\/\"}' id='gallery-1' class='gallery galleryid-580 gallery-columns-3 gallery-size-thumbnail'><dl class='gallery-item'>\n\t\t\t<dt class='gallery-icon landscape'>\n\t\t\t\t<a href='https:\/\/www.ufmg.br\/ufmgjovem\/2021\/wp-content\/uploads\/2021\/08\/Adriano-Oliveira-Jardim-10-anos-estudante-do-4o-ano-do-Ensino-Fundamental-em-Belo-Horizonte-scaled.jpeg'><img width=\"150\" height=\"150\" src=\"https:\/\/www.ufmg.br\/ufmgjovem\/2021\/wp-content\/uploads\/2021\/08\/Adriano-Oliveira-Jardim-10-anos-estudante-do-4o-ano-do-Ensino-Fundamental-em-Belo-Horizonte-150x150.jpeg\" class=\"attachment-thumbnail size-thumbnail\" alt=\"desenho de Adriano Oliveira Jardim, 10 anos, estudante do 4\u00ba ano do Ensino Fundamental em Belo Horizonte\" loading=\"lazy\" aria-describedby=\"gallery-1-667\" data-attachment-id=\"667\" data-permalink=\"https:\/\/www.ufmg.br\/ufmgjovem\/2021\/adriano-oliveira-jardim-10-anos-estudante-do-4o-ano-do-ensino-fundamental-em-belo-horizonte\/\" data-orig-file=\"https:\/\/www.ufmg.br\/ufmgjovem\/2021\/wp-content\/uploads\/2021\/08\/Adriano-Oliveira-Jardim-10-anos-estudante-do-4o-ano-do-Ensino-Fundamental-em-Belo-Horizonte-scaled.jpeg\" data-orig-size=\"2560,1440\" data-comments-opened=\"1\" data-image-meta=\"{&quot;aperture&quot;:&quot;2.2&quot;,&quot;credit&quot;:&quot;&quot;,&quot;camera&quot;:&quot;SM-J260M&quot;,&quot;caption&quot;:&quot;&quot;,&quot;created_timestamp&quot;:&quot;1625754031&quot;,&quot;copyright&quot;:&quot;&quot;,&quot;focal_length&quot;:&quot;3.3&quot;,&quot;iso&quot;:&quot;40&quot;,&quot;shutter_speed&quot;:&quot;0.0054054054054054&quot;,&quot;title&quot;:&quot;&quot;,&quot;orientation&quot;:&quot;1&quot;}\" data-image-title=\"Adriano Oliveira Jardim, 10 anos, Belo Horizonte\" data-image-description=\"&lt;p&gt;Adriano Oliveira Jardim, 10 anos, Belo Horizonte&lt;\/p&gt;\n\" data-image-caption=\"&lt;p&gt;Adriano Oliveira Jardim, 10 anos, Belo Horizonte&lt;\/p&gt;\n\" data-medium-file=\"https:\/\/www.ufmg.br\/ufmgjovem\/2021\/wp-content\/uploads\/2021\/08\/Adriano-Oliveira-Jardim-10-anos-estudante-do-4o-ano-do-Ensino-Fundamental-em-Belo-Horizonte-300x169.jpeg\" data-large-file=\"https:\/\/www.ufmg.br\/ufmgjovem\/2021\/wp-content\/uploads\/2021\/08\/Adriano-Oliveira-Jardim-10-anos-estudante-do-4o-ano-do-Ensino-Fundamental-em-Belo-Horizonte-1024x576.jpeg\" \/><\/a>\n\t\t\t<\/dt>\n\t\t\t\t<dd class='wp-caption-text gallery-caption' id='gallery-1-667'>\n\t\t\t\tAdriano Oliveira Jardim, 10 anos, Belo Horizonte\n\t\t\t\t<\/dd><\/dl><dl class='gallery-item'>\n\t\t\t<dt class='gallery-icon portrait'>\n\t\t\t\t<a href='https:\/\/www.ufmg.br\/ufmgjovem\/2021\/wp-content\/uploads\/2021\/08\/Ana-Julya-Fernandes-Teixeira-10-anos-estudante-do-4o-ano-do-Ensino-Fundamental-em-Belo-Horizonte.jpg'><img width=\"150\" height=\"150\" src=\"https:\/\/www.ufmg.br\/ufmgjovem\/2021\/wp-content\/uploads\/2021\/08\/Ana-Julya-Fernandes-Teixeira-10-anos-estudante-do-4o-ano-do-Ensino-Fundamental-em-Belo-Horizonte-150x150.jpg\" class=\"attachment-thumbnail size-thumbnail\" alt=\"desenho de Ana Julya Fernandes Teixeira, 10 anos, estudante do 4\u00ba ano do Ensino Fundamental em Belo Horizonte\" loading=\"lazy\" aria-describedby=\"gallery-1-627\" data-attachment-id=\"627\" data-permalink=\"https:\/\/www.ufmg.br\/ufmgjovem\/2021\/ana-julya-fernandes-teixeira-10-anos-estudante-do-4o-ano-do-ensino-fundamental-em-belo-horizonte\/\" data-orig-file=\"https:\/\/www.ufmg.br\/ufmgjovem\/2021\/wp-content\/uploads\/2021\/08\/Ana-Julya-Fernandes-Teixeira-10-anos-estudante-do-4o-ano-do-Ensino-Fundamental-em-Belo-Horizonte.jpg\" data-orig-size=\"762,1056\" data-comments-opened=\"1\" data-image-meta=\"{&quot;aperture&quot;:&quot;0&quot;,&quot;credit&quot;:&quot;&quot;,&quot;camera&quot;:&quot;&quot;,&quot;caption&quot;:&quot;&quot;,&quot;created_timestamp&quot;:&quot;0&quot;,&quot;copyright&quot;:&quot;&quot;,&quot;focal_length&quot;:&quot;0&quot;,&quot;iso&quot;:&quot;0&quot;,&quot;shutter_speed&quot;:&quot;0&quot;,&quot;title&quot;:&quot;&quot;,&quot;orientation&quot;:&quot;0&quot;}\" data-image-title=\"Ana Julya Fernandes Teixeira, 10 anos, Belo Horizonte\" data-image-description=\"&lt;p&gt;Ana Julya Fernandes Teixeira, 10 anos, Belo Horizonte&lt;\/p&gt;\n\" data-image-caption=\"&lt;p&gt;Ana Julya Fernandes Teixeira, 10 anos, Belo Horizonte&lt;\/p&gt;\n\" data-medium-file=\"https:\/\/www.ufmg.br\/ufmgjovem\/2021\/wp-content\/uploads\/2021\/08\/Ana-Julya-Fernandes-Teixeira-10-anos-estudante-do-4o-ano-do-Ensino-Fundamental-em-Belo-Horizonte-216x300.jpg\" data-large-file=\"https:\/\/www.ufmg.br\/ufmgjovem\/2021\/wp-content\/uploads\/2021\/08\/Ana-Julya-Fernandes-Teixeira-10-anos-estudante-do-4o-ano-do-Ensino-Fundamental-em-Belo-Horizonte-739x1024.jpg\" \/><\/a>\n\t\t\t<\/dt>\n\t\t\t\t<dd class='wp-caption-text gallery-caption' id='gallery-1-627'>\n\t\t\t\tAna Julya Fernandes Teixeira, 10 anos, Belo Horizonte\n\t\t\t\t<\/dd><\/dl><dl class='gallery-item'>\n\t\t\t<dt class='gallery-icon landscape'>\n\t\t\t\t<a href='https:\/\/www.ufmg.br\/ufmgjovem\/2021\/wp-content\/uploads\/2021\/08\/Ana-Sophia-Arantes-Pena-11-anos-estudante-do-5o-ano-do-Ensino-Fundamental-em-Belo-Horizonte.png'><img width=\"150\" height=\"150\" src=\"https:\/\/www.ufmg.br\/ufmgjovem\/2021\/wp-content\/uploads\/2021\/08\/Ana-Sophia-Arantes-Pena-11-anos-estudante-do-5o-ano-do-Ensino-Fundamental-em-Belo-Horizonte-150x150.png\" class=\"attachment-thumbnail size-thumbnail\" alt=\"desenho de Ana Sophia Arantes Pena, 11 anos, estudante do 5\u00ba ano do Ensino Fundamental em Belo Horizonte\" loading=\"lazy\" aria-describedby=\"gallery-1-659\" data-attachment-id=\"659\" data-permalink=\"https:\/\/www.ufmg.br\/ufmgjovem\/2021\/ana-sophia-arantes-pena-11-anos-estudante-do-5o-ano-do-ensino-fundamental-em-belo-horizonte\/\" data-orig-file=\"https:\/\/www.ufmg.br\/ufmgjovem\/2021\/wp-content\/uploads\/2021\/08\/Ana-Sophia-Arantes-Pena-11-anos-estudante-do-5o-ano-do-Ensino-Fundamental-em-Belo-Horizonte.png\" data-orig-size=\"2800,1200\" data-comments-opened=\"1\" data-image-meta=\"{&quot;aperture&quot;:&quot;0&quot;,&quot;credit&quot;:&quot;&quot;,&quot;camera&quot;:&quot;&quot;,&quot;caption&quot;:&quot;&quot;,&quot;created_timestamp&quot;:&quot;0&quot;,&quot;copyright&quot;:&quot;&quot;,&quot;focal_length&quot;:&quot;0&quot;,&quot;iso&quot;:&quot;0&quot;,&quot;shutter_speed&quot;:&quot;0&quot;,&quot;title&quot;:&quot;&quot;,&quot;orientation&quot;:&quot;0&quot;}\" data-image-title=\"Ana Sophia Arantes Pena, 11 anos, Belo Horizonte\" data-image-description=\"&lt;p&gt;Ana Sophia Arantes Pena, 11 anos, Belo Horizonte&lt;\/p&gt;\n\" data-image-caption=\"&lt;p&gt;Ana Sophia Arantes Pena, 11 anos, Belo Horizonte&lt;\/p&gt;\n\" data-medium-file=\"https:\/\/www.ufmg.br\/ufmgjovem\/2021\/wp-content\/uploads\/2021\/08\/Ana-Sophia-Arantes-Pena-11-anos-estudante-do-5o-ano-do-Ensino-Fundamental-em-Belo-Horizonte-300x129.png\" data-large-file=\"https:\/\/www.ufmg.br\/ufmgjovem\/2021\/wp-content\/uploads\/2021\/08\/Ana-Sophia-Arantes-Pena-11-anos-estudante-do-5o-ano-do-Ensino-Fundamental-em-Belo-Horizonte-1024x439.png\" \/><\/a>\n\t\t\t<\/dt>\n\t\t\t\t<dd class='wp-caption-text gallery-caption' id='gallery-1-659'>\n\t\t\t\tAna Sophia Arantes Pena, 11 anos, Belo Horizonte\n\t\t\t\t<\/dd><\/dl><br style=\"clear: both\" \/><dl class='gallery-item'>\n\t\t\t<dt class='gallery-icon landscape'>\n\t\t\t\t<a href='https:\/\/www.ufmg.br\/ufmgjovem\/2021\/wp-content\/uploads\/2021\/08\/Anna-Esther-Costa-Rodrigues-17-anos-estudante-do-3o-ano-do-Ensino-Medio-em-Sete-Lagoas.png'><img width=\"150\" height=\"150\" src=\"https:\/\/www.ufmg.br\/ufmgjovem\/2021\/wp-content\/uploads\/2021\/08\/Anna-Esther-Costa-Rodrigues-17-anos-estudante-do-3o-ano-do-Ensino-Medio-em-Sete-Lagoas-150x150.png\" class=\"attachment-thumbnail size-thumbnail\" alt=\"desenho de Anna Esther Costa Rodrigues, 17 anos, estudante do 3\u00ba ano do Ensino M\u00e9dio em Sete Lagoas\" loading=\"lazy\" aria-describedby=\"gallery-1-620\" data-attachment-id=\"620\" data-permalink=\"https:\/\/www.ufmg.br\/ufmgjovem\/2021\/anna-esther-costa-rodrigues-17-anos-estudante-do-3o-ano-do-ensino-medio-em-sete-lagoas\/\" data-orig-file=\"https:\/\/www.ufmg.br\/ufmgjovem\/2021\/wp-content\/uploads\/2021\/08\/Anna-Esther-Costa-Rodrigues-17-anos-estudante-do-3o-ano-do-Ensino-Medio-em-Sete-Lagoas.png\" data-orig-size=\"2338,1700\" data-comments-opened=\"1\" data-image-meta=\"{&quot;aperture&quot;:&quot;0&quot;,&quot;credit&quot;:&quot;&quot;,&quot;camera&quot;:&quot;&quot;,&quot;caption&quot;:&quot;&quot;,&quot;created_timestamp&quot;:&quot;0&quot;,&quot;copyright&quot;:&quot;&quot;,&quot;focal_length&quot;:&quot;0&quot;,&quot;iso&quot;:&quot;0&quot;,&quot;shutter_speed&quot;:&quot;0&quot;,&quot;title&quot;:&quot;&quot;,&quot;orientation&quot;:&quot;0&quot;}\" data-image-title=\"Anna Esther Costa Rodrigues, 17 anos, Sete Lagoas\" data-image-description=\"&lt;p&gt;Anna Esther Costa Rodrigues, 17 anos, Sete Lagoas&lt;\/p&gt;\n\" data-image-caption=\"&lt;p&gt;Anna Esther Costa Rodrigues, 17 anos, Sete Lagoas&lt;\/p&gt;\n\" data-medium-file=\"https:\/\/www.ufmg.br\/ufmgjovem\/2021\/wp-content\/uploads\/2021\/08\/Anna-Esther-Costa-Rodrigues-17-anos-estudante-do-3o-ano-do-Ensino-Medio-em-Sete-Lagoas-300x218.png\" data-large-file=\"https:\/\/www.ufmg.br\/ufmgjovem\/2021\/wp-content\/uploads\/2021\/08\/Anna-Esther-Costa-Rodrigues-17-anos-estudante-do-3o-ano-do-Ensino-Medio-em-Sete-Lagoas-1024x745.png\" \/><\/a>\n\t\t\t<\/dt>\n\t\t\t\t<dd class='wp-caption-text gallery-caption' id='gallery-1-620'>\n\t\t\t\tAnna Esther Costa Rodrigues, 17 anos, Sete Lagoas\n\t\t\t\t<\/dd><\/dl><dl class='gallery-item'>\n\t\t\t<dt class='gallery-icon landscape'>\n\t\t\t\t<a href='https:\/\/www.ufmg.br\/ufmgjovem\/2021\/wp-content\/uploads\/2021\/08\/Arthur-Assis-Lisboa-11-anos-estudante-do-5o-ano-do-Ensino-Fundamental-em-Belo-Horizonte-scaled.jpg'><img width=\"150\" height=\"150\" src=\"https:\/\/www.ufmg.br\/ufmgjovem\/2021\/wp-content\/uploads\/2021\/08\/Arthur-Assis-Lisboa-11-anos-estudante-do-5o-ano-do-Ensino-Fundamental-em-Belo-Horizonte-150x150.jpg\" class=\"attachment-thumbnail size-thumbnail\" alt=\"desenho de Arthur Assis Lisboa, 11 anos, estudante do 5\u00ba ano do Ensino Fundamental em Belo Horizonte\" loading=\"lazy\" aria-describedby=\"gallery-1-634\" data-attachment-id=\"634\" data-permalink=\"https:\/\/www.ufmg.br\/ufmgjovem\/2021\/arthur-assis-lisboa-11-anos-estudante-do-5o-ano-do-ensino-fundamental-em-belo-horizonte\/\" data-orig-file=\"https:\/\/www.ufmg.br\/ufmgjovem\/2021\/wp-content\/uploads\/2021\/08\/Arthur-Assis-Lisboa-11-anos-estudante-do-5o-ano-do-Ensino-Fundamental-em-Belo-Horizonte-scaled.jpg\" data-orig-size=\"2560,2129\" data-comments-opened=\"1\" data-image-meta=\"{&quot;aperture&quot;:&quot;2.2&quot;,&quot;credit&quot;:&quot;&quot;,&quot;camera&quot;:&quot;SM-J260M&quot;,&quot;caption&quot;:&quot;&quot;,&quot;created_timestamp&quot;:&quot;1626365016&quot;,&quot;copyright&quot;:&quot;&quot;,&quot;focal_length&quot;:&quot;3.3&quot;,&quot;iso&quot;:&quot;40&quot;,&quot;shutter_speed&quot;:&quot;0.0059880239520958&quot;,&quot;title&quot;:&quot;&quot;,&quot;orientation&quot;:&quot;1&quot;}\" data-image-title=\"Arthur Assis Lisboa, 11 anos, Belo Horizonte\" data-image-description=\"&lt;p&gt;Arthur Assis Lisboa, 11 anos, Belo Horizonte&lt;\/p&gt;\n\" data-image-caption=\"&lt;p&gt;Arthur Assis Lisboa, 11 anos, Belo Horizonte&lt;\/p&gt;\n\" data-medium-file=\"https:\/\/www.ufmg.br\/ufmgjovem\/2021\/wp-content\/uploads\/2021\/08\/Arthur-Assis-Lisboa-11-anos-estudante-do-5o-ano-do-Ensino-Fundamental-em-Belo-Horizonte-300x250.jpg\" data-large-file=\"https:\/\/www.ufmg.br\/ufmgjovem\/2021\/wp-content\/uploads\/2021\/08\/Arthur-Assis-Lisboa-11-anos-estudante-do-5o-ano-do-Ensino-Fundamental-em-Belo-Horizonte-1024x852.jpg\" \/><\/a>\n\t\t\t<\/dt>\n\t\t\t\t<dd class='wp-caption-text gallery-caption' id='gallery-1-634'>\n\t\t\t\tArthur Assis Lisboa, 11 anos, Belo Horizonte\n\t\t\t\t<\/dd><\/dl><dl class='gallery-item'>\n\t\t\t<dt class='gallery-icon landscape'>\n\t\t\t\t<a href='https:\/\/www.ufmg.br\/ufmgjovem\/2021\/wp-content\/uploads\/2021\/08\/Arthur-Abreu-Chela-8-anos-estudante-do-2o-ano-da-Educacao-Infantil-em-Santarem.jpg'><img width=\"150\" height=\"150\" src=\"https:\/\/www.ufmg.br\/ufmgjovem\/2021\/wp-content\/uploads\/2021\/08\/Arthur-Abreu-Chela-8-anos-estudante-do-2o-ano-da-Educacao-Infantil-em-Santarem-150x150.jpg\" class=\"attachment-thumbnail size-thumbnail\" alt=\"desenho de Arthur Abreu Chela, 8 anos, estudante do 2\u00ba ano da Educa\u00e7\u00e3o Infantil em Santar\u00e9m\" loading=\"lazy\" aria-describedby=\"gallery-1-623\" data-attachment-id=\"623\" data-permalink=\"https:\/\/www.ufmg.br\/ufmgjovem\/2021\/arthur-abreu-chela-8-anos-estudante-do-2o-ano-da-educacao-infantil-em-santarem\/\" data-orig-file=\"https:\/\/www.ufmg.br\/ufmgjovem\/2021\/wp-content\/uploads\/2021\/08\/Arthur-Abreu-Chela-8-anos-estudante-do-2o-ano-da-Educacao-Infantil-em-Santarem.jpg\" data-orig-size=\"585,423\" data-comments-opened=\"1\" data-image-meta=\"{&quot;aperture&quot;:&quot;0&quot;,&quot;credit&quot;:&quot;&quot;,&quot;camera&quot;:&quot;&quot;,&quot;caption&quot;:&quot;&quot;,&quot;created_timestamp&quot;:&quot;0&quot;,&quot;copyright&quot;:&quot;&quot;,&quot;focal_length&quot;:&quot;0&quot;,&quot;iso&quot;:&quot;0&quot;,&quot;shutter_speed&quot;:&quot;0&quot;,&quot;title&quot;:&quot;&quot;,&quot;orientation&quot;:&quot;1&quot;}\" data-image-title=\"Arthur Abreu Chela, 8 anos, Santar\u00e9m\" data-image-description=\"&lt;p&gt;Arthur Abreu Chela, 8 anos, Santar\u00e9m&lt;\/p&gt;\n\" data-image-caption=\"&lt;p&gt;Arthur Abreu Chela, 8 anos, Santar\u00e9m&lt;\/p&gt;\n\" data-medium-file=\"https:\/\/www.ufmg.br\/ufmgjovem\/2021\/wp-content\/uploads\/2021\/08\/Arthur-Abreu-Chela-8-anos-estudante-do-2o-ano-da-Educacao-Infantil-em-Santarem-300x217.jpg\" data-large-file=\"https:\/\/www.ufmg.br\/ufmgjovem\/2021\/wp-content\/uploads\/2021\/08\/Arthur-Abreu-Chela-8-anos-estudante-do-2o-ano-da-Educacao-Infantil-em-Santarem.jpg\" \/><\/a>\n\t\t\t<\/dt>\n\t\t\t\t<dd class='wp-caption-text gallery-caption' id='gallery-1-623'>\n\t\t\t\tArthur Abreu Chela, 8 anos, Santar\u00e9m\n\t\t\t\t<\/dd><\/dl><br style=\"clear: both\" \/><dl class='gallery-item'>\n\t\t\t<dt class='gallery-icon portrait'>\n\t\t\t\t<a href='https:\/\/www.ufmg.br\/ufmgjovem\/2021\/wp-content\/uploads\/2021\/08\/Arthur-Nascimento-Silva-11-anos-estudante-do-5o-ano-do-Ensino-Fundamental-em-Belo-Horizonte-scaled.jpg'><img width=\"150\" height=\"150\" src=\"https:\/\/www.ufmg.br\/ufmgjovem\/2021\/wp-content\/uploads\/2021\/08\/Arthur-Nascimento-Silva-11-anos-estudante-do-5o-ano-do-Ensino-Fundamental-em-Belo-Horizonte-150x150.jpg\" class=\"attachment-thumbnail size-thumbnail\" alt=\"desenho de Arthur Nascimento Silva, 11 anos, estudante do 5\u00ba ano do Ensino Fundamental em Belo Horizonte\" loading=\"lazy\" aria-describedby=\"gallery-1-642\" data-attachment-id=\"642\" data-permalink=\"https:\/\/www.ufmg.br\/ufmgjovem\/2021\/arthur-nascimento-silva-11-anos-estudante-do-5o-ano-do-ensino-fundamental-em-belo-horizonte\/\" data-orig-file=\"https:\/\/www.ufmg.br\/ufmgjovem\/2021\/wp-content\/uploads\/2021\/08\/Arthur-Nascimento-Silva-11-anos-estudante-do-5o-ano-do-Ensino-Fundamental-em-Belo-Horizonte-scaled.jpg\" data-orig-size=\"1953,2560\" data-comments-opened=\"1\" data-image-meta=\"{&quot;aperture&quot;:&quot;2&quot;,&quot;credit&quot;:&quot;&quot;,&quot;camera&quot;:&quot;LM-X430&quot;,&quot;caption&quot;:&quot;&quot;,&quot;created_timestamp&quot;:&quot;1626127163&quot;,&quot;copyright&quot;:&quot;&quot;,&quot;focal_length&quot;:&quot;3.52&quot;,&quot;iso&quot;:&quot;150&quot;,&quot;shutter_speed&quot;:&quot;0.009997&quot;,&quot;title&quot;:&quot;&quot;,&quot;orientation&quot;:&quot;1&quot;}\" data-image-title=\"Arthur Nascimento Silva, 11 anos, Belo Horizonte\" data-image-description=\"&lt;p&gt;Arthur Nascimento Silva, 11 anos, Belo Horizonte&lt;\/p&gt;\n\" data-image-caption=\"&lt;p&gt;Arthur Nascimento Silva, 11 anos, Belo Horizonte&lt;\/p&gt;\n\" data-medium-file=\"https:\/\/www.ufmg.br\/ufmgjovem\/2021\/wp-content\/uploads\/2021\/08\/Arthur-Nascimento-Silva-11-anos-estudante-do-5o-ano-do-Ensino-Fundamental-em-Belo-Horizonte-229x300.jpg\" data-large-file=\"https:\/\/www.ufmg.br\/ufmgjovem\/2021\/wp-content\/uploads\/2021\/08\/Arthur-Nascimento-Silva-11-anos-estudante-do-5o-ano-do-Ensino-Fundamental-em-Belo-Horizonte-781x1024.jpg\" \/><\/a>\n\t\t\t<\/dt>\n\t\t\t\t<dd class='wp-caption-text gallery-caption' id='gallery-1-642'>\n\t\t\t\tArthur Nascimento Silva, 11 anos, Belo Horizonte\n\t\t\t\t<\/dd><\/dl><dl class='gallery-item'>\n\t\t\t<dt class='gallery-icon landscape'>\n\t\t\t\t<a href='https:\/\/www.ufmg.br\/ufmgjovem\/2021\/wp-content\/uploads\/2021\/08\/Artur-Goncalves-de-Jesus-14-anos-estudante-do-9o-ano-do-Ensino-Fundamental-em-Betim.jpeg'><img width=\"150\" height=\"150\" src=\"https:\/\/www.ufmg.br\/ufmgjovem\/2021\/wp-content\/uploads\/2021\/08\/Artur-Goncalves-de-Jesus-14-anos-estudante-do-9o-ano-do-Ensino-Fundamental-em-Betim-150x150.jpeg\" class=\"attachment-thumbnail size-thumbnail\" alt=\"desenho de Artur Gon\u00e7alves de Jesus, 14 anos, estudante do 9\u00ba ano do Ensino Fundamental em Betim\" loading=\"lazy\" aria-describedby=\"gallery-1-666\" data-attachment-id=\"666\" data-permalink=\"https:\/\/www.ufmg.br\/ufmgjovem\/2021\/artur-goncalves-de-jesus-14-anos-estudante-do-9o-ano-do-ensino-fundamental-em-betim\/\" data-orig-file=\"https:\/\/www.ufmg.br\/ufmgjovem\/2021\/wp-content\/uploads\/2021\/08\/Artur-Goncalves-de-Jesus-14-anos-estudante-do-9o-ano-do-Ensino-Fundamental-em-Betim.jpeg\" data-orig-size=\"1277,844\" data-comments-opened=\"1\" data-image-meta=\"{&quot;aperture&quot;:&quot;0&quot;,&quot;credit&quot;:&quot;&quot;,&quot;camera&quot;:&quot;&quot;,&quot;caption&quot;:&quot;&quot;,&quot;created_timestamp&quot;:&quot;0&quot;,&quot;copyright&quot;:&quot;&quot;,&quot;focal_length&quot;:&quot;0&quot;,&quot;iso&quot;:&quot;0&quot;,&quot;shutter_speed&quot;:&quot;0&quot;,&quot;title&quot;:&quot;&quot;,&quot;orientation&quot;:&quot;1&quot;}\" data-image-title=\"Artur Gon\u00e7alves de Jesus, 14 anos, Betim\" data-image-description=\"&lt;p&gt;Artur Gon\u00e7alves de Jesus, 14 anos, Betim&lt;\/p&gt;\n\" data-image-caption=\"&lt;p&gt;Artur Gon\u00e7alves de Jesus, 14 anos, Betim&lt;\/p&gt;\n\" data-medium-file=\"https:\/\/www.ufmg.br\/ufmgjovem\/2021\/wp-content\/uploads\/2021\/08\/Artur-Goncalves-de-Jesus-14-anos-estudante-do-9o-ano-do-Ensino-Fundamental-em-Betim-300x198.jpeg\" data-large-file=\"https:\/\/www.ufmg.br\/ufmgjovem\/2021\/wp-content\/uploads\/2021\/08\/Artur-Goncalves-de-Jesus-14-anos-estudante-do-9o-ano-do-Ensino-Fundamental-em-Betim-1024x677.jpeg\" \/><\/a>\n\t\t\t<\/dt>\n\t\t\t\t<dd class='wp-caption-text gallery-caption' id='gallery-1-666'>\n\t\t\t\tArtur Gon\u00e7alves de Jesus, 14 anos, Betim\n\t\t\t\t<\/dd><\/dl><dl class='gallery-item'>\n\t\t\t<dt class='gallery-icon landscape'>\n\t\t\t\t<a href='https:\/\/www.ufmg.br\/ufmgjovem\/2021\/wp-content\/uploads\/2021\/08\/Breno-Alves-Gontijo-Silva-10-anos-estudante-do-4o-ano-do-Ensino-Fundamental-em-Belo-Horizonte.png'><img width=\"150\" height=\"150\" src=\"https:\/\/www.ufmg.br\/ufmgjovem\/2021\/wp-content\/uploads\/2021\/08\/Breno-Alves-Gontijo-Silva-10-anos-estudante-do-4o-ano-do-Ensino-Fundamental-em-Belo-Horizonte-150x150.png\" class=\"attachment-thumbnail size-thumbnail\" alt=\"desenho de Breno Alves Gontijo Silva, 10 anos, estudante do 4\u00ba ano do Ensino Fundamental em Belo Horizonte\" loading=\"lazy\" aria-describedby=\"gallery-1-657\" data-attachment-id=\"657\" data-permalink=\"https:\/\/www.ufmg.br\/ufmgjovem\/2021\/breno-alves-gontijo-silva-10-anos-estudante-do-4o-ano-do-ensino-fundamental-em-belo-horizonte\/\" data-orig-file=\"https:\/\/www.ufmg.br\/ufmgjovem\/2021\/wp-content\/uploads\/2021\/08\/Breno-Alves-Gontijo-Silva-10-anos-estudante-do-4o-ano-do-Ensino-Fundamental-em-Belo-Horizonte.png\" data-orig-size=\"2669,2413\" data-comments-opened=\"1\" data-image-meta=\"{&quot;aperture&quot;:&quot;0&quot;,&quot;credit&quot;:&quot;&quot;,&quot;camera&quot;:&quot;&quot;,&quot;caption&quot;:&quot;&quot;,&quot;created_timestamp&quot;:&quot;0&quot;,&quot;copyright&quot;:&quot;&quot;,&quot;focal_length&quot;:&quot;0&quot;,&quot;iso&quot;:&quot;0&quot;,&quot;shutter_speed&quot;:&quot;0&quot;,&quot;title&quot;:&quot;&quot;,&quot;orientation&quot;:&quot;0&quot;}\" data-image-title=\"Breno Alves Gontijo Silva, 10 anos, Belo Horizonte\" data-image-description=\"&lt;p&gt;Breno Alves Gontijo Silva, 10 anos, Belo Horizonte&lt;\/p&gt;\n\" data-image-caption=\"&lt;p&gt;Breno Alves Gontijo Silva, 10 anos, Belo Horizonte&lt;\/p&gt;\n\" data-medium-file=\"https:\/\/www.ufmg.br\/ufmgjovem\/2021\/wp-content\/uploads\/2021\/08\/Breno-Alves-Gontijo-Silva-10-anos-estudante-do-4o-ano-do-Ensino-Fundamental-em-Belo-Horizonte-300x271.png\" data-large-file=\"https:\/\/www.ufmg.br\/ufmgjovem\/2021\/wp-content\/uploads\/2021\/08\/Breno-Alves-Gontijo-Silva-10-anos-estudante-do-4o-ano-do-Ensino-Fundamental-em-Belo-Horizonte-1024x926.png\" \/><\/a>\n\t\t\t<\/dt>\n\t\t\t\t<dd class='wp-caption-text gallery-caption' id='gallery-1-657'>\n\t\t\t\tBreno Alves Gontijo Silva, 10 anos, Belo Horizonte\n\t\t\t\t<\/dd><\/dl><br style=\"clear: both\" \/><dl class='gallery-item'>\n\t\t\t<dt class='gallery-icon landscape'>\n\t\t\t\t<a href='https:\/\/www.ufmg.br\/ufmgjovem\/2021\/wp-content\/uploads\/2021\/08\/Caio-Luca-Araujo-e-Silva-10-anos-estudante-do-4o-ano-do-Ensino-Fundamental-em-Belo-Horizonte.png'><img width=\"150\" height=\"150\" src=\"https:\/\/www.ufmg.br\/ufmgjovem\/2021\/wp-content\/uploads\/2021\/08\/Caio-Luca-Araujo-e-Silva-10-anos-estudante-do-4o-ano-do-Ensino-Fundamental-em-Belo-Horizonte-150x150.png\" class=\"attachment-thumbnail size-thumbnail\" alt=\"desenho de Caio Luca Ara\u00fajo e Silva, 10 anos, estudante do 4\u00ba ano do Ensino Fundamental em Belo Horizonte\" loading=\"lazy\" aria-describedby=\"gallery-1-639\" data-attachment-id=\"639\" data-permalink=\"https:\/\/www.ufmg.br\/ufmgjovem\/2021\/caio-luca-araujo-e-silva-10-anos-estudante-do-4o-ano-do-ensino-fundamental-em-belo-horizonte\/\" data-orig-file=\"https:\/\/www.ufmg.br\/ufmgjovem\/2021\/wp-content\/uploads\/2021\/08\/Caio-Luca-Araujo-e-Silva-10-anos-estudante-do-4o-ano-do-Ensino-Fundamental-em-Belo-Horizonte.png\" data-orig-size=\"1251,815\" data-comments-opened=\"1\" data-image-meta=\"{&quot;aperture&quot;:&quot;0&quot;,&quot;credit&quot;:&quot;&quot;,&quot;camera&quot;:&quot;&quot;,&quot;caption&quot;:&quot;&quot;,&quot;created_timestamp&quot;:&quot;0&quot;,&quot;copyright&quot;:&quot;&quot;,&quot;focal_length&quot;:&quot;0&quot;,&quot;iso&quot;:&quot;0&quot;,&quot;shutter_speed&quot;:&quot;0&quot;,&quot;title&quot;:&quot;&quot;,&quot;orientation&quot;:&quot;0&quot;}\" data-image-title=\"Caio Luca Ara\u00fajo e Silva, 10 anos, Belo Horizonte\" data-image-description=\"&lt;p&gt;Caio Luca Ara\u00fajo e Silva, 10 anos, Belo Horizonte&lt;\/p&gt;\n\" data-image-caption=\"&lt;p&gt;Caio Luca Ara\u00fajo e Silva, 10 anos, Belo Horizonte&lt;\/p&gt;\n\" data-medium-file=\"https:\/\/www.ufmg.br\/ufmgjovem\/2021\/wp-content\/uploads\/2021\/08\/Caio-Luca-Araujo-e-Silva-10-anos-estudante-do-4o-ano-do-Ensino-Fundamental-em-Belo-Horizonte-300x195.png\" data-large-file=\"https:\/\/www.ufmg.br\/ufmgjovem\/2021\/wp-content\/uploads\/2021\/08\/Caio-Luca-Araujo-e-Silva-10-anos-estudante-do-4o-ano-do-Ensino-Fundamental-em-Belo-Horizonte-1024x667.png\" \/><\/a>\n\t\t\t<\/dt>\n\t\t\t\t<dd class='wp-caption-text gallery-caption' id='gallery-1-639'>\n\t\t\t\tCaio Luca Ara\u00fajo e Silva, 10 anos, Belo Horizonte\n\t\t\t\t<\/dd><\/dl><dl class='gallery-item'>\n\t\t\t<dt class='gallery-icon portrait'>\n\t\t\t\t<a href='https:\/\/www.ufmg.br\/ufmgjovem\/2021\/wp-content\/uploads\/2021\/08\/Camila-Carneiro-dos-Santos-12-anos-estudante-do-6o-ano-do-Ensino-Fundamental-em-Betim.jpg'><img width=\"150\" height=\"150\" src=\"https:\/\/www.ufmg.br\/ufmgjovem\/2021\/wp-content\/uploads\/2021\/08\/Camila-Carneiro-dos-Santos-12-anos-estudante-do-6o-ano-do-Ensino-Fundamental-em-Betim-150x150.jpg\" class=\"attachment-thumbnail size-thumbnail\" alt=\"desenho de Camila Carneiro dos Santos, 12 anos, estudante do 6\u00ba ano do Ensino Fundamental em Betim\" loading=\"lazy\" aria-describedby=\"gallery-1-665\" data-attachment-id=\"665\" data-permalink=\"https:\/\/www.ufmg.br\/ufmgjovem\/2021\/camila-carneiro-dos-santos-12-anos-estudante-do-6o-ano-do-ensino-fundamental-em-betim\/\" data-orig-file=\"https:\/\/www.ufmg.br\/ufmgjovem\/2021\/wp-content\/uploads\/2021\/08\/Camila-Carneiro-dos-Santos-12-anos-estudante-do-6o-ano-do-Ensino-Fundamental-em-Betim.jpg\" data-orig-size=\"1022,1280\" data-comments-opened=\"1\" data-image-meta=\"{&quot;aperture&quot;:&quot;0&quot;,&quot;credit&quot;:&quot;&quot;,&quot;camera&quot;:&quot;&quot;,&quot;caption&quot;:&quot;&quot;,&quot;created_timestamp&quot;:&quot;0&quot;,&quot;copyright&quot;:&quot;&quot;,&quot;focal_length&quot;:&quot;0&quot;,&quot;iso&quot;:&quot;0&quot;,&quot;shutter_speed&quot;:&quot;0&quot;,&quot;title&quot;:&quot;&quot;,&quot;orientation&quot;:&quot;0&quot;}\" data-image-title=\"Camila Carneiro dos Santos, 12 anos, Betim\" data-image-description=\"&lt;p&gt;Camila Carneiro dos Santos, 12 anos, Betim&lt;\/p&gt;\n\" data-image-caption=\"&lt;p&gt;Camila Carneiro dos Santos, 12 anos, Betim&lt;\/p&gt;\n\" data-medium-file=\"https:\/\/www.ufmg.br\/ufmgjovem\/2021\/wp-content\/uploads\/2021\/08\/Camila-Carneiro-dos-Santos-12-anos-estudante-do-6o-ano-do-Ensino-Fundamental-em-Betim-240x300.jpg\" data-large-file=\"https:\/\/www.ufmg.br\/ufmgjovem\/2021\/wp-content\/uploads\/2021\/08\/Camila-Carneiro-dos-Santos-12-anos-estudante-do-6o-ano-do-Ensino-Fundamental-em-Betim-818x1024.jpg\" \/><\/a>\n\t\t\t<\/dt>\n\t\t\t\t<dd class='wp-caption-text gallery-caption' id='gallery-1-665'>\n\t\t\t\tCamila Carneiro dos Santos, 12 anos, Betim\n\t\t\t\t<\/dd><\/dl><dl class='gallery-item'>\n\t\t\t<dt class='gallery-icon landscape'>\n\t\t\t\t<a href='https:\/\/www.ufmg.br\/ufmgjovem\/2021\/wp-content\/uploads\/2021\/08\/Davi-Ferreira-Costa-11-anos-estudante-do-5o-ano-do-Ensino-Fundamental-em-Belo-Horizonte.jpg'><img width=\"150\" height=\"150\" src=\"https:\/\/www.ufmg.br\/ufmgjovem\/2021\/wp-content\/uploads\/2021\/08\/Davi-Ferreira-Costa-11-anos-estudante-do-5o-ano-do-Ensino-Fundamental-em-Belo-Horizonte-150x150.jpg\" class=\"attachment-thumbnail size-thumbnail\" alt=\"desenho de Davi Ferreira Costa, 11 anos, estudante do 5\u00ba ano do Ensino Fundamental em Belo Horizonte\" loading=\"lazy\" aria-describedby=\"gallery-1-628\" data-attachment-id=\"628\" data-permalink=\"https:\/\/www.ufmg.br\/ufmgjovem\/2021\/davi-ferreira-costa-11-anos-estudante-do-5o-ano-do-ensino-fundamental-em-belo-horizonte\/\" data-orig-file=\"https:\/\/www.ufmg.br\/ufmgjovem\/2021\/wp-content\/uploads\/2021\/08\/Davi-Ferreira-Costa-11-anos-estudante-do-5o-ano-do-Ensino-Fundamental-em-Belo-Horizonte.jpg\" data-orig-size=\"1090,707\" data-comments-opened=\"1\" data-image-meta=\"{&quot;aperture&quot;:&quot;0&quot;,&quot;credit&quot;:&quot;&quot;,&quot;camera&quot;:&quot;&quot;,&quot;caption&quot;:&quot;&quot;,&quot;created_timestamp&quot;:&quot;0&quot;,&quot;copyright&quot;:&quot;&quot;,&quot;focal_length&quot;:&quot;0&quot;,&quot;iso&quot;:&quot;0&quot;,&quot;shutter_speed&quot;:&quot;0&quot;,&quot;title&quot;:&quot;&quot;,&quot;orientation&quot;:&quot;0&quot;}\" data-image-title=\"Davi Ferreira Costa, 11 anos, Belo Horizonte\" data-image-description=\"&lt;p&gt;Davi Ferreira Costa, 11 anos, Belo Horizonte&lt;\/p&gt;\n\" data-image-caption=\"&lt;p&gt;Davi Ferreira Costa, 11 anos, Belo Horizonte&lt;\/p&gt;\n\" data-medium-file=\"https:\/\/www.ufmg.br\/ufmgjovem\/2021\/wp-content\/uploads\/2021\/08\/Davi-Ferreira-Costa-11-anos-estudante-do-5o-ano-do-Ensino-Fundamental-em-Belo-Horizonte-300x195.jpg\" data-large-file=\"https:\/\/www.ufmg.br\/ufmgjovem\/2021\/wp-content\/uploads\/2021\/08\/Davi-Ferreira-Costa-11-anos-estudante-do-5o-ano-do-Ensino-Fundamental-em-Belo-Horizonte-1024x664.jpg\" \/><\/a>\n\t\t\t<\/dt>\n\t\t\t\t<dd class='wp-caption-text gallery-caption' id='gallery-1-628'>\n\t\t\t\tDavi Ferreira Costa, 11 anos, Belo Horizonte\n\t\t\t\t<\/dd><\/dl><br style=\"clear: both\" \/><dl class='gallery-item'>\n\t\t\t<dt class='gallery-icon portrait'>\n\t\t\t\t<a href='https:\/\/www.ufmg.br\/ufmgjovem\/2021\/wp-content\/uploads\/2021\/08\/Emily-Gabriely-Martins-10-anos-estudante-do-4o-ano-do-Ensino-Fundamental-em-Belo-Horizonte.png'><img width=\"150\" height=\"150\" src=\"https:\/\/www.ufmg.br\/ufmgjovem\/2021\/wp-content\/uploads\/2021\/08\/Emily-Gabriely-Martins-10-anos-estudante-do-4o-ano-do-Ensino-Fundamental-em-Belo-Horizonte-150x150.png\" class=\"attachment-thumbnail size-thumbnail\" alt=\"desenho de Emily Gabriely Martins, 10 anos, estudante do 4\u00ba ano do Ensino Fundamental em Belo Horizonte\" loading=\"lazy\" aria-describedby=\"gallery-1-658\" data-attachment-id=\"658\" data-permalink=\"https:\/\/www.ufmg.br\/ufmgjovem\/2021\/emily-gabriely-martins-10-anos-estudante-do-4o-ano-do-ensino-fundamental-em-belo-horizonte\/\" data-orig-file=\"https:\/\/www.ufmg.br\/ufmgjovem\/2021\/wp-content\/uploads\/2021\/08\/Emily-Gabriely-Martins-10-anos-estudante-do-4o-ano-do-Ensino-Fundamental-em-Belo-Horizonte.png\" data-orig-size=\"2822,3503\" data-comments-opened=\"1\" data-image-meta=\"{&quot;aperture&quot;:&quot;0&quot;,&quot;credit&quot;:&quot;&quot;,&quot;camera&quot;:&quot;&quot;,&quot;caption&quot;:&quot;&quot;,&quot;created_timestamp&quot;:&quot;0&quot;,&quot;copyright&quot;:&quot;&quot;,&quot;focal_length&quot;:&quot;0&quot;,&quot;iso&quot;:&quot;0&quot;,&quot;shutter_speed&quot;:&quot;0&quot;,&quot;title&quot;:&quot;&quot;,&quot;orientation&quot;:&quot;0&quot;}\" data-image-title=\"Emily Gabriely Martins, 10 anos, Belo Horizonte\" data-image-description=\"&lt;p&gt;Emily Gabriely Martins, 10 anos, Belo Horizonte&lt;\/p&gt;\n\" data-image-caption=\"&lt;p&gt;Emily Gabriely Martins, 10 anos, Belo Horizonte&lt;\/p&gt;\n\" data-medium-file=\"https:\/\/www.ufmg.br\/ufmgjovem\/2021\/wp-content\/uploads\/2021\/08\/Emily-Gabriely-Martins-10-anos-estudante-do-4o-ano-do-Ensino-Fundamental-em-Belo-Horizonte-242x300.png\" data-large-file=\"https:\/\/www.ufmg.br\/ufmgjovem\/2021\/wp-content\/uploads\/2021\/08\/Emily-Gabriely-Martins-10-anos-estudante-do-4o-ano-do-Ensino-Fundamental-em-Belo-Horizonte-825x1024.png\" \/><\/a>\n\t\t\t<\/dt>\n\t\t\t\t<dd class='wp-caption-text gallery-caption' id='gallery-1-658'>\n\t\t\t\tEmily Gabriely Martins, 10 anos, Belo Horizonte\n\t\t\t\t<\/dd><\/dl><dl class='gallery-item'>\n\t\t\t<dt class='gallery-icon landscape'>\n\t\t\t\t<a href='https:\/\/www.ufmg.br\/ufmgjovem\/2021\/wp-content\/uploads\/2021\/08\/Enzo-Lopes-Gomes-Sette-estudante-do-1o-ano-do-Ensino-Fundamental-em-Ponte-Nova.jpg'><img width=\"150\" height=\"150\" src=\"https:\/\/www.ufmg.br\/ufmgjovem\/2021\/wp-content\/uploads\/2021\/08\/Enzo-Lopes-Gomes-Sette-estudante-do-1o-ano-do-Ensino-Fundamental-em-Ponte-Nova-150x150.jpg\" class=\"attachment-thumbnail size-thumbnail\" alt=\"desenho de Enzo Lopes Gomes Sette, estudante do 1\u00ba ano do Ensino Fundamental em Ponte Nova\" loading=\"lazy\" aria-describedby=\"gallery-1-629\" data-attachment-id=\"629\" data-permalink=\"https:\/\/www.ufmg.br\/ufmgjovem\/2021\/enzo-lopes-gomes-sette-estudante-do-1o-ano-do-ensino-fundamental-em-ponte-nova\/\" data-orig-file=\"https:\/\/www.ufmg.br\/ufmgjovem\/2021\/wp-content\/uploads\/2021\/08\/Enzo-Lopes-Gomes-Sette-estudante-do-1o-ano-do-Ensino-Fundamental-em-Ponte-Nova.jpg\" data-orig-size=\"1051,716\" data-comments-opened=\"1\" data-image-meta=\"{&quot;aperture&quot;:&quot;0&quot;,&quot;credit&quot;:&quot;&quot;,&quot;camera&quot;:&quot;&quot;,&quot;caption&quot;:&quot;&quot;,&quot;created_timestamp&quot;:&quot;0&quot;,&quot;copyright&quot;:&quot;&quot;,&quot;focal_length&quot;:&quot;0&quot;,&quot;iso&quot;:&quot;0&quot;,&quot;shutter_speed&quot;:&quot;0&quot;,&quot;title&quot;:&quot;&quot;,&quot;orientation&quot;:&quot;1&quot;}\" data-image-title=\"Enzo Lopes Gomes Sette, Ponte Nova\" data-image-description=\"&lt;p&gt;Enzo Lopes Gomes Sette, Ponte Nova&lt;\/p&gt;\n\" data-image-caption=\"&lt;p&gt;Enzo Lopes Gomes Sette, Ponte Nova&lt;\/p&gt;\n\" data-medium-file=\"https:\/\/www.ufmg.br\/ufmgjovem\/2021\/wp-content\/uploads\/2021\/08\/Enzo-Lopes-Gomes-Sette-estudante-do-1o-ano-do-Ensino-Fundamental-em-Ponte-Nova-300x204.jpg\" data-large-file=\"https:\/\/www.ufmg.br\/ufmgjovem\/2021\/wp-content\/uploads\/2021\/08\/Enzo-Lopes-Gomes-Sette-estudante-do-1o-ano-do-Ensino-Fundamental-em-Ponte-Nova-1024x698.jpg\" \/><\/a>\n\t\t\t<\/dt>\n\t\t\t\t<dd class='wp-caption-text gallery-caption' id='gallery-1-629'>\n\t\t\t\tEnzo Lopes Gomes Sette, Ponte Nova\n\t\t\t\t<\/dd><\/dl><dl class='gallery-item'>\n\t\t\t<dt class='gallery-icon landscape'>\n\t\t\t\t<a href='https:\/\/www.ufmg.br\/ufmgjovem\/2021\/wp-content\/uploads\/2021\/08\/Fernanda-Mendes-Falcao-11-anos-estudante-do-5o-ano-do-Ensino-Fundamental-em-Belo-Horizonte-scaled.jpg'><img width=\"150\" height=\"150\" src=\"https:\/\/www.ufmg.br\/ufmgjovem\/2021\/wp-content\/uploads\/2021\/08\/Fernanda-Mendes-Falcao-11-anos-estudante-do-5o-ano-do-Ensino-Fundamental-em-Belo-Horizonte-150x150.jpg\" class=\"attachment-thumbnail size-thumbnail\" alt=\"desenho de Fernanda Mendes Falc\u00e3o, 11 anos, estudante do 5\u00ba ano do Ensino Fundamental em Belo Horizonte\" loading=\"lazy\" aria-describedby=\"gallery-1-644\" data-attachment-id=\"644\" data-permalink=\"https:\/\/www.ufmg.br\/ufmgjovem\/2021\/fernanda-mendes-falcao-11-anos-estudante-do-5o-ano-do-ensino-fundamental-em-belo-horizonte\/\" data-orig-file=\"https:\/\/www.ufmg.br\/ufmgjovem\/2021\/wp-content\/uploads\/2021\/08\/Fernanda-Mendes-Falcao-11-anos-estudante-do-5o-ano-do-Ensino-Fundamental-em-Belo-Horizonte-scaled.jpg\" data-orig-size=\"2560,2017\" data-comments-opened=\"1\" data-image-meta=\"{&quot;aperture&quot;:&quot;2&quot;,&quot;credit&quot;:&quot;&quot;,&quot;camera&quot;:&quot;moto g(7) play&quot;,&quot;caption&quot;:&quot;&quot;,&quot;created_timestamp&quot;:&quot;1625167323&quot;,&quot;copyright&quot;:&quot;&quot;,&quot;focal_length&quot;:&quot;3.543&quot;,&quot;iso&quot;:&quot;397&quot;,&quot;shutter_speed&quot;:&quot;0.041666666666667&quot;,&quot;title&quot;:&quot;&quot;,&quot;orientation&quot;:&quot;1&quot;}\" data-image-title=\"Fernanda Mendes Falc\u00e3o, 11 anos, Belo Horizonte\" data-image-description=\"&lt;p&gt;Fernanda Mendes Falc\u00e3o, 11 anos, Belo Horizonte&lt;\/p&gt;\n\" data-image-caption=\"&lt;p&gt;Fernanda Mendes Falc\u00e3o, 11 anos, Belo Horizonte&lt;\/p&gt;\n\" data-medium-file=\"https:\/\/www.ufmg.br\/ufmgjovem\/2021\/wp-content\/uploads\/2021\/08\/Fernanda-Mendes-Falcao-11-anos-estudante-do-5o-ano-do-Ensino-Fundamental-em-Belo-Horizonte-300x236.jpg\" data-large-file=\"https:\/\/www.ufmg.br\/ufmgjovem\/2021\/wp-content\/uploads\/2021\/08\/Fernanda-Mendes-Falcao-11-anos-estudante-do-5o-ano-do-Ensino-Fundamental-em-Belo-Horizonte-1024x807.jpg\" \/><\/a>\n\t\t\t<\/dt>\n\t\t\t\t<dd class='wp-caption-text gallery-caption' id='gallery-1-644'>\n\t\t\t\tFernanda Mendes Falc\u00e3o, 11 anos, Belo Horizonte\n\t\t\t\t<\/dd><\/dl><br style=\"clear: both\" \/><dl class='gallery-item'>\n\t\t\t<dt class='gallery-icon landscape'>\n\t\t\t\t<a href='https:\/\/www.ufmg.br\/ufmgjovem\/2021\/wp-content\/uploads\/2021\/08\/Francine-Santos-Faria-8-anos-estudante-do-2o-ano-do-Ensino-Fundamental-em-Belo-Horizonte.jpg'><img width=\"150\" height=\"150\" src=\"https:\/\/www.ufmg.br\/ufmgjovem\/2021\/wp-content\/uploads\/2021\/08\/Francine-Santos-Faria-8-anos-estudante-do-2o-ano-do-Ensino-Fundamental-em-Belo-Horizonte-150x150.jpg\" class=\"attachment-thumbnail size-thumbnail\" alt=\"desenho de Francine Santos Faria, 8 anos, estudante do 2\u00ba ano do Ensino Fundamental em Belo Horizonte\" loading=\"lazy\" aria-describedby=\"gallery-1-624\" data-attachment-id=\"624\" data-permalink=\"https:\/\/www.ufmg.br\/ufmgjovem\/2021\/francine-santos-faria-8-anos-estudante-do-2o-ano-do-ensino-fundamental-em-belo-horizonte\/\" data-orig-file=\"https:\/\/www.ufmg.br\/ufmgjovem\/2021\/wp-content\/uploads\/2021\/08\/Francine-Santos-Faria-8-anos-estudante-do-2o-ano-do-Ensino-Fundamental-em-Belo-Horizonte.jpg\" data-orig-size=\"2361,1767\" data-comments-opened=\"1\" data-image-meta=\"{&quot;aperture&quot;:&quot;2.4&quot;,&quot;credit&quot;:&quot;&quot;,&quot;camera&quot;:&quot;LM-X210&quot;,&quot;caption&quot;:&quot;&quot;,&quot;created_timestamp&quot;:&quot;1625521150&quot;,&quot;copyright&quot;:&quot;&quot;,&quot;focal_length&quot;:&quot;3.16&quot;,&quot;iso&quot;:&quot;550&quot;,&quot;shutter_speed&quot;:&quot;0.066666666666667&quot;,&quot;title&quot;:&quot;&quot;,&quot;orientation&quot;:&quot;1&quot;}\" data-image-title=\"Francine Santos Faria, 8 anos, Belo Horizonte\" data-image-description=\"&lt;p&gt;Francine Santos Faria, 8 anos, Belo Horizonte&lt;\/p&gt;\n\" data-image-caption=\"&lt;p&gt;Francine Santos Faria, 8 anos, Belo Horizonte&lt;\/p&gt;\n\" data-medium-file=\"https:\/\/www.ufmg.br\/ufmgjovem\/2021\/wp-content\/uploads\/2021\/08\/Francine-Santos-Faria-8-anos-estudante-do-2o-ano-do-Ensino-Fundamental-em-Belo-Horizonte-300x225.jpg\" data-large-file=\"https:\/\/www.ufmg.br\/ufmgjovem\/2021\/wp-content\/uploads\/2021\/08\/Francine-Santos-Faria-8-anos-estudante-do-2o-ano-do-Ensino-Fundamental-em-Belo-Horizonte-1024x766.jpg\" \/><\/a>\n\t\t\t<\/dt>\n\t\t\t\t<dd class='wp-caption-text gallery-caption' id='gallery-1-624'>\n\t\t\t\tFrancine Santos Faria, 8 anos, Belo Horizonte\n\t\t\t\t<\/dd><\/dl><dl class='gallery-item'>\n\t\t\t<dt class='gallery-icon landscape'>\n\t\t\t\t<a href='https:\/\/www.ufmg.br\/ufmgjovem\/2021\/wp-content\/uploads\/2021\/08\/Gabriel-Garcia-Reis-11-anos-estudante-do-5o-ano-do-Ensino-Fundamental-em-Belo-Horizonte-scaled.jpg'><img width=\"150\" height=\"150\" src=\"https:\/\/www.ufmg.br\/ufmgjovem\/2021\/wp-content\/uploads\/2021\/08\/Gabriel-Garcia-Reis-11-anos-estudante-do-5o-ano-do-Ensino-Fundamental-em-Belo-Horizonte-150x150.jpg\" class=\"attachment-thumbnail size-thumbnail\" alt=\"desenho de Gabriel Garcia Reis, 11 anos, estudante do 5\u00ba ano do Ensino Fundamental em Belo Horizonte\" loading=\"lazy\" aria-describedby=\"gallery-1-633\" data-attachment-id=\"633\" data-permalink=\"https:\/\/www.ufmg.br\/ufmgjovem\/2021\/gabriel-garcia-reis-11-anos-estudante-do-5o-ano-do-ensino-fundamental-em-belo-horizonte\/\" data-orig-file=\"https:\/\/www.ufmg.br\/ufmgjovem\/2021\/wp-content\/uploads\/2021\/08\/Gabriel-Garcia-Reis-11-anos-estudante-do-5o-ano-do-Ensino-Fundamental-em-Belo-Horizonte-scaled.jpg\" data-orig-size=\"2560,1781\" data-comments-opened=\"1\" data-image-meta=\"{&quot;aperture&quot;:&quot;2.2&quot;,&quot;credit&quot;:&quot;&quot;,&quot;camera&quot;:&quot;SM-G532MT&quot;,&quot;caption&quot;:&quot;&quot;,&quot;created_timestamp&quot;:&quot;1626168489&quot;,&quot;copyright&quot;:&quot;&quot;,&quot;focal_length&quot;:&quot;3.3&quot;,&quot;iso&quot;:&quot;160&quot;,&quot;shutter_speed&quot;:&quot;0.025&quot;,&quot;title&quot;:&quot;&quot;,&quot;orientation&quot;:&quot;1&quot;}\" data-image-title=\"Gabriel Garcia Reis, 11 anos, Belo Horizonte\" data-image-description=\"&lt;p&gt;Gabriel Garcia Reis, 11 anos, Belo Horizonte&lt;\/p&gt;\n\" data-image-caption=\"&lt;p&gt;Gabriel Garcia Reis, 11 anos, Belo Horizonte&lt;\/p&gt;\n\" data-medium-file=\"https:\/\/www.ufmg.br\/ufmgjovem\/2021\/wp-content\/uploads\/2021\/08\/Gabriel-Garcia-Reis-11-anos-estudante-do-5o-ano-do-Ensino-Fundamental-em-Belo-Horizonte-300x209.jpg\" data-large-file=\"https:\/\/www.ufmg.br\/ufmgjovem\/2021\/wp-content\/uploads\/2021\/08\/Gabriel-Garcia-Reis-11-anos-estudante-do-5o-ano-do-Ensino-Fundamental-em-Belo-Horizonte-1024x713.jpg\" \/><\/a>\n\t\t\t<\/dt>\n\t\t\t\t<dd class='wp-caption-text gallery-caption' id='gallery-1-633'>\n\t\t\t\tGabriel Garcia Reis, 11 anos, Belo Horizonte\n\t\t\t\t<\/dd><\/dl><dl class='gallery-item'>\n\t\t\t<dt class='gallery-icon landscape'>\n\t\t\t\t<a href='https:\/\/www.ufmg.br\/ufmgjovem\/2021\/wp-content\/uploads\/2021\/08\/Guilherme-Consoli-Santana-Borges-9-anos-estudante-do-3o-ano-do-Ensino-Fundamental-em-Belo-Horizonte.png'><img width=\"150\" height=\"150\" src=\"https:\/\/www.ufmg.br\/ufmgjovem\/2021\/wp-content\/uploads\/2021\/08\/Guilherme-Consoli-Santana-Borges-9-anos-estudante-do-3o-ano-do-Ensino-Fundamental-em-Belo-Horizonte-150x150.png\" class=\"attachment-thumbnail size-thumbnail\" alt=\"desenho de Guilherme Consoli Santana Borges, 9 anos, estudante do 3\u00ba ano do Ensino Fundamental em Belo Horizonte\" loading=\"lazy\" aria-describedby=\"gallery-1-621\" data-attachment-id=\"621\" data-permalink=\"https:\/\/www.ufmg.br\/ufmgjovem\/2021\/guilherme-consoli-santana-borges-9-anos-estudante-do-3o-ano-do-ensino-fundamental-em-belo-horizonte\/\" data-orig-file=\"https:\/\/www.ufmg.br\/ufmgjovem\/2021\/wp-content\/uploads\/2021\/08\/Guilherme-Consoli-Santana-Borges-9-anos-estudante-do-3o-ano-do-Ensino-Fundamental-em-Belo-Horizonte.png\" data-orig-size=\"1471,987\" data-comments-opened=\"1\" data-image-meta=\"{&quot;aperture&quot;:&quot;0&quot;,&quot;credit&quot;:&quot;&quot;,&quot;camera&quot;:&quot;&quot;,&quot;caption&quot;:&quot;&quot;,&quot;created_timestamp&quot;:&quot;0&quot;,&quot;copyright&quot;:&quot;&quot;,&quot;focal_length&quot;:&quot;0&quot;,&quot;iso&quot;:&quot;0&quot;,&quot;shutter_speed&quot;:&quot;0&quot;,&quot;title&quot;:&quot;&quot;,&quot;orientation&quot;:&quot;0&quot;}\" data-image-title=\"Guilherme Consoli Santana Borges, 9 anos, Belo Horizonte\" data-image-description=\"&lt;p&gt;Guilherme Consoli Santana Borges, 9 anos, Belo Horizonte&lt;\/p&gt;\n\" data-image-caption=\"&lt;p&gt;Guilherme Consoli Santana Borges, 9 anos, Belo Horizonte&lt;\/p&gt;\n\" data-medium-file=\"https:\/\/www.ufmg.br\/ufmgjovem\/2021\/wp-content\/uploads\/2021\/08\/Guilherme-Consoli-Santana-Borges-9-anos-estudante-do-3o-ano-do-Ensino-Fundamental-em-Belo-Horizonte-300x201.png\" data-large-file=\"https:\/\/www.ufmg.br\/ufmgjovem\/2021\/wp-content\/uploads\/2021\/08\/Guilherme-Consoli-Santana-Borges-9-anos-estudante-do-3o-ano-do-Ensino-Fundamental-em-Belo-Horizonte-1024x687.png\" \/><\/a>\n\t\t\t<\/dt>\n\t\t\t\t<dd class='wp-caption-text gallery-caption' id='gallery-1-621'>\n\t\t\t\tGuilherme Consoli Santana Borges, 9 anos, Belo Horizonte\n\t\t\t\t<\/dd><\/dl><br style=\"clear: both\" \/><dl class='gallery-item'>\n\t\t\t<dt class='gallery-icon portrait'>\n\t\t\t\t<a href='https:\/\/www.ufmg.br\/ufmgjovem\/2021\/wp-content\/uploads\/2021\/08\/Henrique-Faria-Silva-de-Oliveira-11-anos-estudante-do-5o-ano-do-Ensino-Fundamental-em-Belo-Horizonte.png'><img width=\"150\" height=\"150\" src=\"https:\/\/www.ufmg.br\/ufmgjovem\/2021\/wp-content\/uploads\/2021\/08\/Henrique-Faria-Silva-de-Oliveira-11-anos-estudante-do-5o-ano-do-Ensino-Fundamental-em-Belo-Horizonte-150x150.png\" class=\"attachment-thumbnail size-thumbnail\" alt=\"desenho de Henrique Faria Silva de Oliveira, 11 anos, estudante do 5\u00ba ano do Ensino Fundamental em Belo Horizonte\" loading=\"lazy\" aria-describedby=\"gallery-1-638\" data-attachment-id=\"638\" data-permalink=\"https:\/\/www.ufmg.br\/ufmgjovem\/2021\/henrique-faria-silva-de-oliveira-11-anos-estudante-do-5o-ano-do-ensino-fundamental-em-belo-horizonte\/\" data-orig-file=\"https:\/\/www.ufmg.br\/ufmgjovem\/2021\/wp-content\/uploads\/2021\/08\/Henrique-Faria-Silva-de-Oliveira-11-anos-estudante-do-5o-ano-do-Ensino-Fundamental-em-Belo-Horizonte.png\" data-orig-size=\"2020,3128\" data-comments-opened=\"1\" data-image-meta=\"{&quot;aperture&quot;:&quot;0&quot;,&quot;credit&quot;:&quot;&quot;,&quot;camera&quot;:&quot;&quot;,&quot;caption&quot;:&quot;&quot;,&quot;created_timestamp&quot;:&quot;0&quot;,&quot;copyright&quot;:&quot;&quot;,&quot;focal_length&quot;:&quot;0&quot;,&quot;iso&quot;:&quot;0&quot;,&quot;shutter_speed&quot;:&quot;0&quot;,&quot;title&quot;:&quot;&quot;,&quot;orientation&quot;:&quot;0&quot;}\" data-image-title=\"Henrique Faria Silva de Oliveira, 11 anos, Belo Horizonte\" data-image-description=\"&lt;p&gt;Henrique Faria Silva de Oliveira, 11 anos, Belo Horizonte&lt;\/p&gt;\n\" data-image-caption=\"&lt;p&gt;Henrique Faria Silva de Oliveira, 11 anos, Belo Horizonte&lt;\/p&gt;\n\" data-medium-file=\"https:\/\/www.ufmg.br\/ufmgjovem\/2021\/wp-content\/uploads\/2021\/08\/Henrique-Faria-Silva-de-Oliveira-11-anos-estudante-do-5o-ano-do-Ensino-Fundamental-em-Belo-Horizonte-194x300.png\" data-large-file=\"https:\/\/www.ufmg.br\/ufmgjovem\/2021\/wp-content\/uploads\/2021\/08\/Henrique-Faria-Silva-de-Oliveira-11-anos-estudante-do-5o-ano-do-Ensino-Fundamental-em-Belo-Horizonte-661x1024.png\" \/><\/a>\n\t\t\t<\/dt>\n\t\t\t\t<dd class='wp-caption-text gallery-caption' id='gallery-1-638'>\n\t\t\t\tHenrique Faria Silva de Oliveira, 11 anos, Belo Horizonte\n\t\t\t\t<\/dd><\/dl><dl class='gallery-item'>\n\t\t\t<dt class='gallery-icon landscape'>\n\t\t\t\t<a href='https:\/\/www.ufmg.br\/ufmgjovem\/2021\/wp-content\/uploads\/2021\/08\/Joao-Gabriel-Brito-da-Guarda-11-anos-estudante-do-5o-ano-do-Ensino-Fundamental-em-Belo-Horizonte-scaled.jpg'><img width=\"150\" height=\"150\" src=\"https:\/\/www.ufmg.br\/ufmgjovem\/2021\/wp-content\/uploads\/2021\/08\/Joao-Gabriel-Brito-da-Guarda-11-anos-estudante-do-5o-ano-do-Ensino-Fundamental-em-Belo-Horizonte-150x150.jpg\" class=\"attachment-thumbnail size-thumbnail\" alt=\"desenho de Jo\u00e3o Gabriel Brito da Guarda, 11 anos, estudante do 5\u00ba ano do Ensino Fundamental em Belo Horizonte\" loading=\"lazy\" aria-describedby=\"gallery-1-631\" data-attachment-id=\"631\" data-permalink=\"https:\/\/www.ufmg.br\/ufmgjovem\/2021\/joao-gabriel-brito-da-guarda-11-anos-estudante-do-5o-ano-do-ensino-fundamental-em-belo-horizonte\/\" data-orig-file=\"https:\/\/www.ufmg.br\/ufmgjovem\/2021\/wp-content\/uploads\/2021\/08\/Joao-Gabriel-Brito-da-Guarda-11-anos-estudante-do-5o-ano-do-Ensino-Fundamental-em-Belo-Horizonte-scaled.jpg\" data-orig-size=\"2560,1812\" data-comments-opened=\"1\" data-image-meta=\"{&quot;aperture&quot;:&quot;1.9&quot;,&quot;credit&quot;:&quot;&quot;,&quot;camera&quot;:&quot;SM-J701MT&quot;,&quot;caption&quot;:&quot;&quot;,&quot;created_timestamp&quot;:&quot;1626104605&quot;,&quot;copyright&quot;:&quot;&quot;,&quot;focal_length&quot;:&quot;3.7&quot;,&quot;iso&quot;:&quot;40&quot;,&quot;shutter_speed&quot;:&quot;0.0031847133757962&quot;,&quot;title&quot;:&quot;&quot;,&quot;orientation&quot;:&quot;1&quot;}\" data-image-title=\"Jo\u00e3o Gabriel Brito da Guarda, 11 anos, Belo Horizonte\" data-image-description=\"&lt;p&gt;Jo\u00e3o Gabriel Brito da Guarda, 11 anos, Belo Horizonte&lt;\/p&gt;\n\" data-image-caption=\"&lt;p&gt;Jo\u00e3o Gabriel Brito da Guarda, 11 anos, Belo Horizonte&lt;\/p&gt;\n\" data-medium-file=\"https:\/\/www.ufmg.br\/ufmgjovem\/2021\/wp-content\/uploads\/2021\/08\/Joao-Gabriel-Brito-da-Guarda-11-anos-estudante-do-5o-ano-do-Ensino-Fundamental-em-Belo-Horizonte-300x212.jpg\" data-large-file=\"https:\/\/www.ufmg.br\/ufmgjovem\/2021\/wp-content\/uploads\/2021\/08\/Joao-Gabriel-Brito-da-Guarda-11-anos-estudante-do-5o-ano-do-Ensino-Fundamental-em-Belo-Horizonte-1024x725.jpg\" \/><\/a>\n\t\t\t<\/dt>\n\t\t\t\t<dd class='wp-caption-text gallery-caption' id='gallery-1-631'>\n\t\t\t\tJo\u00e3o Gabriel Brito da Guarda, 11 anos, Belo Horizonte\n\t\t\t\t<\/dd><\/dl><dl class='gallery-item'>\n\t\t\t<dt class='gallery-icon landscape'>\n\t\t\t\t<a href='https:\/\/www.ufmg.br\/ufmgjovem\/2021\/wp-content\/uploads\/2021\/08\/Jorge-Augusto-Marques-Mattos-11-anos-estudante-do-5o-ano-do-Ensino-Fundamental-em-Belo-Horizonte-scaled.jpg'><img width=\"150\" height=\"150\" src=\"https:\/\/www.ufmg.br\/ufmgjovem\/2021\/wp-content\/uploads\/2021\/08\/Jorge-Augusto-Marques-Mattos-11-anos-estudante-do-5o-ano-do-Ensino-Fundamental-em-Belo-Horizonte-150x150.jpg\" class=\"attachment-thumbnail size-thumbnail\" alt=\"desenho de Jorge Augusto Marques Mattos, 11 anos, estudante do 5\u00ba ano do Ensino Fundamental em Belo Horizonte\" loading=\"lazy\" aria-describedby=\"gallery-1-635\" data-attachment-id=\"635\" data-permalink=\"https:\/\/www.ufmg.br\/ufmgjovem\/2021\/jorge-augusto-marques-mattos-11-anos-estudante-do-5o-ano-do-ensino-fundamental-em-belo-horizonte\/\" data-orig-file=\"https:\/\/www.ufmg.br\/ufmgjovem\/2021\/wp-content\/uploads\/2021\/08\/Jorge-Augusto-Marques-Mattos-11-anos-estudante-do-5o-ano-do-Ensino-Fundamental-em-Belo-Horizonte-scaled.jpg\" data-orig-size=\"2560,2025\" data-comments-opened=\"1\" data-image-meta=\"{&quot;aperture&quot;:&quot;1.9&quot;,&quot;credit&quot;:&quot;&quot;,&quot;camera&quot;:&quot;SM-G610M&quot;,&quot;caption&quot;:&quot;&quot;,&quot;created_timestamp&quot;:&quot;1626129005&quot;,&quot;copyright&quot;:&quot;&quot;,&quot;focal_length&quot;:&quot;3.6&quot;,&quot;iso&quot;:&quot;400&quot;,&quot;shutter_speed&quot;:&quot;0.066666666666667&quot;,&quot;title&quot;:&quot;&quot;,&quot;orientation&quot;:&quot;1&quot;}\" data-image-title=\"Jorge Augusto Marques Mattos, 11 anos, Belo Horizonte\" data-image-description=\"&lt;p&gt;Jorge Augusto Marques Mattos, 11 anos, Belo Horizonte&lt;\/p&gt;\n\" data-image-caption=\"&lt;p&gt;Jorge Augusto Marques Mattos, 11 anos, Belo Horizonte&lt;\/p&gt;\n\" data-medium-file=\"https:\/\/www.ufmg.br\/ufmgjovem\/2021\/wp-content\/uploads\/2021\/08\/Jorge-Augusto-Marques-Mattos-11-anos-estudante-do-5o-ano-do-Ensino-Fundamental-em-Belo-Horizonte-300x237.jpg\" data-large-file=\"https:\/\/www.ufmg.br\/ufmgjovem\/2021\/wp-content\/uploads\/2021\/08\/Jorge-Augusto-Marques-Mattos-11-anos-estudante-do-5o-ano-do-Ensino-Fundamental-em-Belo-Horizonte-1024x810.jpg\" \/><\/a>\n\t\t\t<\/dt>\n\t\t\t\t<dd class='wp-caption-text gallery-caption' id='gallery-1-635'>\n\t\t\t\tJorge Augusto Marques Mattos, 11 anos, Belo Horizonte\n\t\t\t\t<\/dd><\/dl><br style=\"clear: both\" \/><dl class='gallery-item'>\n\t\t\t<dt class='gallery-icon landscape'>\n\t\t\t\t<a href='https:\/\/www.ufmg.br\/ufmgjovem\/2021\/wp-content\/uploads\/2021\/08\/Julia-Costa-de-Paula-11-anos-estudante-do-5o-ano-do-Ensino-Fundamental-em-Belo-Horizonte.jpg'><img width=\"150\" height=\"150\" src=\"https:\/\/www.ufmg.br\/ufmgjovem\/2021\/wp-content\/uploads\/2021\/08\/Julia-Costa-de-Paula-11-anos-estudante-do-5o-ano-do-Ensino-Fundamental-em-Belo-Horizonte-150x150.jpg\" class=\"attachment-thumbnail size-thumbnail\" alt=\"desenho de Jorge Augusto Marques Mattos, 11 anos, estudante do 5\u00ba ano do Ensino Fundamental em Belo Horizonte\" loading=\"lazy\" aria-describedby=\"gallery-1-630\" data-attachment-id=\"630\" data-permalink=\"https:\/\/www.ufmg.br\/ufmgjovem\/2021\/julia-costa-de-paula-11-anos-estudante-do-5o-ano-do-ensino-fundamental-em-belo-horizonte\/\" data-orig-file=\"https:\/\/www.ufmg.br\/ufmgjovem\/2021\/wp-content\/uploads\/2021\/08\/Julia-Costa-de-Paula-11-anos-estudante-do-5o-ano-do-Ensino-Fundamental-em-Belo-Horizonte.jpg\" data-orig-size=\"1968,1766\" data-comments-opened=\"1\" data-image-meta=\"{&quot;aperture&quot;:&quot;1.8&quot;,&quot;credit&quot;:&quot;&quot;,&quot;camera&quot;:&quot;SM-A107M&quot;,&quot;caption&quot;:&quot;&quot;,&quot;created_timestamp&quot;:&quot;0&quot;,&quot;copyright&quot;:&quot;&quot;,&quot;focal_length&quot;:&quot;3.61&quot;,&quot;iso&quot;:&quot;100&quot;,&quot;shutter_speed&quot;:&quot;0.007&quot;,&quot;title&quot;:&quot;&quot;,&quot;orientation&quot;:&quot;1&quot;}\" data-image-title=\"Jorge Augusto Marques Mattos, 11 anos, Belo Horizonte\" data-image-description=\"&lt;p&gt;Jorge Augusto Marques Mattos, 11 anos, Belo Horizonte&lt;\/p&gt;\n\" data-image-caption=\"&lt;p&gt;Jorge Augusto Marques Mattos, 11 anos, Belo Horizonte&lt;\/p&gt;\n\" data-medium-file=\"https:\/\/www.ufmg.br\/ufmgjovem\/2021\/wp-content\/uploads\/2021\/08\/Julia-Costa-de-Paula-11-anos-estudante-do-5o-ano-do-Ensino-Fundamental-em-Belo-Horizonte-300x269.jpg\" data-large-file=\"https:\/\/www.ufmg.br\/ufmgjovem\/2021\/wp-content\/uploads\/2021\/08\/Julia-Costa-de-Paula-11-anos-estudante-do-5o-ano-do-Ensino-Fundamental-em-Belo-Horizonte-1024x919.jpg\" \/><\/a>\n\t\t\t<\/dt>\n\t\t\t\t<dd class='wp-caption-text gallery-caption' id='gallery-1-630'>\n\t\t\t\tJorge Augusto Marques Mattos, 11 anos, Belo Horizonte\n\t\t\t\t<\/dd><\/dl><dl class='gallery-item'>\n\t\t\t<dt class='gallery-icon landscape'>\n\t\t\t\t<a href='https:\/\/www.ufmg.br\/ufmgjovem\/2021\/wp-content\/uploads\/2021\/08\/Julia-Emanuele-Guimaraes-Vieira-10-anos-estudante-do-5o-ano-do-Ensino-Fundamental-em-Contagem.png'><img width=\"150\" height=\"150\" src=\"https:\/\/www.ufmg.br\/ufmgjovem\/2021\/wp-content\/uploads\/2021\/08\/Julia-Emanuele-Guimaraes-Vieira-10-anos-estudante-do-5o-ano-do-Ensino-Fundamental-em-Contagem-150x150.png\" class=\"attachment-thumbnail size-thumbnail\" alt=\"desenho de J\u00falia Emanuele Guimar\u00e3es Vieira, 10 anos, estudante do 5\u00ba ano do Ensino Fundamental em Contagem\" loading=\"lazy\" aria-describedby=\"gallery-1-660\" data-attachment-id=\"660\" data-permalink=\"https:\/\/www.ufmg.br\/ufmgjovem\/2021\/julia-emanuele-guimaraes-vieira-10-anos-estudante-do-5o-ano-do-ensino-fundamental-em-contagem\/\" data-orig-file=\"https:\/\/www.ufmg.br\/ufmgjovem\/2021\/wp-content\/uploads\/2021\/08\/Julia-Emanuele-Guimaraes-Vieira-10-anos-estudante-do-5o-ano-do-Ensino-Fundamental-em-Contagem.png\" data-orig-size=\"397,285\" data-comments-opened=\"1\" data-image-meta=\"{&quot;aperture&quot;:&quot;0&quot;,&quot;credit&quot;:&quot;&quot;,&quot;camera&quot;:&quot;&quot;,&quot;caption&quot;:&quot;&quot;,&quot;created_timestamp&quot;:&quot;0&quot;,&quot;copyright&quot;:&quot;&quot;,&quot;focal_length&quot;:&quot;0&quot;,&quot;iso&quot;:&quot;0&quot;,&quot;shutter_speed&quot;:&quot;0&quot;,&quot;title&quot;:&quot;&quot;,&quot;orientation&quot;:&quot;0&quot;}\" data-image-title=\"J\u00falia Emanuele Guimar\u00e3es Vieira, 10 anos, Contagem\" data-image-description=\"&lt;p&gt;J\u00falia Emanuele Guimar\u00e3es Vieira, 10 anos, Contagem&lt;\/p&gt;\n\" data-image-caption=\"&lt;p&gt;J\u00falia Emanuele Guimar\u00e3es Vieira, 10 anos, Contagem&lt;\/p&gt;\n\" data-medium-file=\"https:\/\/www.ufmg.br\/ufmgjovem\/2021\/wp-content\/uploads\/2021\/08\/Julia-Emanuele-Guimaraes-Vieira-10-anos-estudante-do-5o-ano-do-Ensino-Fundamental-em-Contagem-300x215.png\" data-large-file=\"https:\/\/www.ufmg.br\/ufmgjovem\/2021\/wp-content\/uploads\/2021\/08\/Julia-Emanuele-Guimaraes-Vieira-10-anos-estudante-do-5o-ano-do-Ensino-Fundamental-em-Contagem.png\" \/><\/a>\n\t\t\t<\/dt>\n\t\t\t\t<dd class='wp-caption-text gallery-caption' id='gallery-1-660'>\n\t\t\t\tJ\u00falia Emanuele Guimar\u00e3es Vieira, 10 anos, Contagem\n\t\t\t\t<\/dd><\/dl><dl class='gallery-item'>\n\t\t\t<dt class='gallery-icon landscape'>\n\t\t\t\t<a href='https:\/\/www.ufmg.br\/ufmgjovem\/2021\/wp-content\/uploads\/2021\/08\/Kimberly-Goncalves-Caetano-8-anos-estudante-do-2o-ano-do-Ensino-Fundamental-em-Fortuna-de-Minas.png'><img width=\"150\" height=\"150\" src=\"https:\/\/www.ufmg.br\/ufmgjovem\/2021\/wp-content\/uploads\/2021\/08\/Kimberly-Goncalves-Caetano-8-anos-estudante-do-2o-ano-do-Ensino-Fundamental-em-Fortuna-de-Minas-150x150.png\" class=\"attachment-thumbnail size-thumbnail\" alt=\"desenho de Kimberly Gon\u00e7alves Caetano, 8 anos, estudante do 2\u00ba ano do Ensino Fundamental em Fortuna de Minas\" loading=\"lazy\" aria-describedby=\"gallery-1-662\" data-attachment-id=\"662\" data-permalink=\"https:\/\/www.ufmg.br\/ufmgjovem\/2021\/kimberly-goncalves-caetano-8-anos-estudante-do-2o-ano-do-ensino-fundamental-em-fortuna-de-minas\/\" data-orig-file=\"https:\/\/www.ufmg.br\/ufmgjovem\/2021\/wp-content\/uploads\/2021\/08\/Kimberly-Goncalves-Caetano-8-anos-estudante-do-2o-ano-do-Ensino-Fundamental-em-Fortuna-de-Minas.png\" data-orig-size=\"3508,2480\" data-comments-opened=\"1\" data-image-meta=\"{&quot;aperture&quot;:&quot;0&quot;,&quot;credit&quot;:&quot;&quot;,&quot;camera&quot;:&quot;&quot;,&quot;caption&quot;:&quot;&quot;,&quot;created_timestamp&quot;:&quot;0&quot;,&quot;copyright&quot;:&quot;&quot;,&quot;focal_length&quot;:&quot;0&quot;,&quot;iso&quot;:&quot;0&quot;,&quot;shutter_speed&quot;:&quot;0&quot;,&quot;title&quot;:&quot;&quot;,&quot;orientation&quot;:&quot;0&quot;}\" data-image-title=\"Kimberly Gon\u00e7alves Caetano, 8 anos, Fortuna de Minas\" data-image-description=\"&lt;p&gt;Kimberly Gon\u00e7alves Caetano, 8 anos, Fortuna de Minas&lt;\/p&gt;\n\" data-image-caption=\"&lt;p&gt;Kimberly Gon\u00e7alves Caetano, 8 anos, Fortuna de Minas&lt;\/p&gt;\n\" data-medium-file=\"https:\/\/www.ufmg.br\/ufmgjovem\/2021\/wp-content\/uploads\/2021\/08\/Kimberly-Goncalves-Caetano-8-anos-estudante-do-2o-ano-do-Ensino-Fundamental-em-Fortuna-de-Minas-300x212.png\" data-large-file=\"https:\/\/www.ufmg.br\/ufmgjovem\/2021\/wp-content\/uploads\/2021\/08\/Kimberly-Goncalves-Caetano-8-anos-estudante-do-2o-ano-do-Ensino-Fundamental-em-Fortuna-de-Minas-1024x724.png\" \/><\/a>\n\t\t\t<\/dt>\n\t\t\t\t<dd class='wp-caption-text gallery-caption' id='gallery-1-662'>\n\t\t\t\tKimberly Gon\u00e7alves Caetano, 8 anos, Fortuna de Minas\n\t\t\t\t<\/dd><\/dl><br style=\"clear: both\" \/><dl class='gallery-item'>\n\t\t\t<dt class='gallery-icon portrait'>\n\t\t\t\t<a href='https:\/\/www.ufmg.br\/ufmgjovem\/2021\/wp-content\/uploads\/2021\/08\/Leticia-Gomide-e-Silva-11-anos-estudante-do-5o-ano-do-Ensino-Fundamental-em-Belo-Horizonte.jpg'><img width=\"150\" height=\"150\" src=\"https:\/\/www.ufmg.br\/ufmgjovem\/2021\/wp-content\/uploads\/2021\/08\/Leticia-Gomide-e-Silva-11-anos-estudante-do-5o-ano-do-Ensino-Fundamental-em-Belo-Horizonte-150x150.jpg\" class=\"attachment-thumbnail size-thumbnail\" alt=\"desenho de Let\u00edcia Gomide e Silva, 11 anos, estudante do 5\u00ba ano do Ensino Fundamental em Belo Horizonte\" loading=\"lazy\" aria-describedby=\"gallery-1-626\" data-attachment-id=\"626\" data-permalink=\"https:\/\/www.ufmg.br\/ufmgjovem\/2021\/leticia-gomide-e-silva-11-anos-estudante-do-5o-ano-do-ensino-fundamental-em-belo-horizonte\/\" data-orig-file=\"https:\/\/www.ufmg.br\/ufmgjovem\/2021\/wp-content\/uploads\/2021\/08\/Leticia-Gomide-e-Silva-11-anos-estudante-do-5o-ano-do-Ensino-Fundamental-em-Belo-Horizonte.jpg\" data-orig-size=\"1744,2431\" data-comments-opened=\"1\" data-image-meta=\"{&quot;aperture&quot;:&quot;0&quot;,&quot;credit&quot;:&quot;&quot;,&quot;camera&quot;:&quot;SM-A015M&quot;,&quot;caption&quot;:&quot;&quot;,&quot;created_timestamp&quot;:&quot;0&quot;,&quot;copyright&quot;:&quot;&quot;,&quot;focal_length&quot;:&quot;3.46&quot;,&quot;iso&quot;:&quot;1097&quot;,&quot;shutter_speed&quot;:&quot;0.05&quot;,&quot;title&quot;:&quot;&quot;,&quot;orientation&quot;:&quot;1&quot;}\" data-image-title=\"Let\u00edcia Gomide e Silva, 11 anos, Belo Horizonte\" data-image-description=\"&lt;p&gt;Let\u00edcia Gomide e Silva, 11 anos, Belo Horizonte&lt;\/p&gt;\n\" data-image-caption=\"&lt;p&gt;Let\u00edcia Gomide e Silva, 11 anos, Belo Horizonte&lt;\/p&gt;\n\" data-medium-file=\"https:\/\/www.ufmg.br\/ufmgjovem\/2021\/wp-content\/uploads\/2021\/08\/Leticia-Gomide-e-Silva-11-anos-estudante-do-5o-ano-do-Ensino-Fundamental-em-Belo-Horizonte-215x300.jpg\" data-large-file=\"https:\/\/www.ufmg.br\/ufmgjovem\/2021\/wp-content\/uploads\/2021\/08\/Leticia-Gomide-e-Silva-11-anos-estudante-do-5o-ano-do-Ensino-Fundamental-em-Belo-Horizonte-735x1024.jpg\" \/><\/a>\n\t\t\t<\/dt>\n\t\t\t\t<dd class='wp-caption-text gallery-caption' id='gallery-1-626'>\n\t\t\t\tLet\u00edcia Gomide e Silva, 11 anos, Belo Horizonte\n\t\t\t\t<\/dd><\/dl><dl class='gallery-item'>\n\t\t\t<dt class='gallery-icon portrait'>\n\t\t\t\t<a href='https:\/\/www.ufmg.br\/ufmgjovem\/2021\/wp-content\/uploads\/2021\/08\/Luca-Luz-Rocha-Mesquita-11-anos-estudante-do-5o-ano-do-Ensino-Fundamental-em-Belo-Horizonte-scaled.jpg'><img width=\"150\" height=\"150\" src=\"https:\/\/www.ufmg.br\/ufmgjovem\/2021\/wp-content\/uploads\/2021\/08\/Luca-Luz-Rocha-Mesquita-11-anos-estudante-do-5o-ano-do-Ensino-Fundamental-em-Belo-Horizonte-150x150.jpg\" class=\"attachment-thumbnail size-thumbnail\" alt=\"desenho de Luca Luz Rocha Mesquita, 11 anos, estudante do 5\u00ba ano do Ensino Fundamental em Belo Horizonte\" loading=\"lazy\" aria-describedby=\"gallery-1-643\" data-attachment-id=\"643\" data-permalink=\"https:\/\/www.ufmg.br\/ufmgjovem\/2021\/luca-luz-rocha-mesquita-11-anos-estudante-do-5o-ano-do-ensino-fundamental-em-belo-horizonte\/\" data-orig-file=\"https:\/\/www.ufmg.br\/ufmgjovem\/2021\/wp-content\/uploads\/2021\/08\/Luca-Luz-Rocha-Mesquita-11-anos-estudante-do-5o-ano-do-Ensino-Fundamental-em-Belo-Horizonte-scaled.jpg\" data-orig-size=\"1615,2560\" data-comments-opened=\"1\" data-image-meta=\"{&quot;aperture&quot;:&quot;2&quot;,&quot;credit&quot;:&quot;&quot;,&quot;camera&quot;:&quot;ASUS_X00PD&quot;,&quot;caption&quot;:&quot;&quot;,&quot;created_timestamp&quot;:&quot;1625063166&quot;,&quot;copyright&quot;:&quot;&quot;,&quot;focal_length&quot;:&quot;3.57&quot;,&quot;iso&quot;:&quot;185&quot;,&quot;shutter_speed&quot;:&quot;0.033333333333333&quot;,&quot;title&quot;:&quot;&quot;,&quot;orientation&quot;:&quot;1&quot;}\" data-image-title=\"Luca Luz Rocha Mesquita, 11 anos, Belo Horizonte\" data-image-description=\"&lt;p&gt;Luca Luz Rocha Mesquita, 11 anos, Belo Horizonte&lt;\/p&gt;\n\" data-image-caption=\"&lt;p&gt;Luca Luz Rocha Mesquita, 11 anos, Belo Horizonte&lt;\/p&gt;\n\" data-medium-file=\"https:\/\/www.ufmg.br\/ufmgjovem\/2021\/wp-content\/uploads\/2021\/08\/Luca-Luz-Rocha-Mesquita-11-anos-estudante-do-5o-ano-do-Ensino-Fundamental-em-Belo-Horizonte-189x300.jpg\" data-large-file=\"https:\/\/www.ufmg.br\/ufmgjovem\/2021\/wp-content\/uploads\/2021\/08\/Luca-Luz-Rocha-Mesquita-11-anos-estudante-do-5o-ano-do-Ensino-Fundamental-em-Belo-Horizonte-646x1024.jpg\" \/><\/a>\n\t\t\t<\/dt>\n\t\t\t\t<dd class='wp-caption-text gallery-caption' id='gallery-1-643'>\n\t\t\t\tLuca Luz Rocha Mesquita, 11 anos, Belo Horizonte\n\t\t\t\t<\/dd><\/dl><dl class='gallery-item'>\n\t\t\t<dt class='gallery-icon portrait'>\n\t\t\t\t<a href='https:\/\/www.ufmg.br\/ufmgjovem\/2021\/wp-content\/uploads\/2021\/08\/Lucas-Rusqui-de-Paula-10-anos-estudante-do-4o-ano-do-Ensino-Fundamental-em-Belo-Horizonte-scaled.jpg'><img width=\"150\" height=\"150\" src=\"https:\/\/www.ufmg.br\/ufmgjovem\/2021\/wp-content\/uploads\/2021\/08\/Lucas-Rusqui-de-Paula-10-anos-estudante-do-4o-ano-do-Ensino-Fundamental-em-Belo-Horizonte-150x150.jpg\" class=\"attachment-thumbnail size-thumbnail\" alt=\"Lucas Rusqui de Paula, 10 anos, Belo Horizonte\" loading=\"lazy\" aria-describedby=\"gallery-1-636\" data-attachment-id=\"636\" data-permalink=\"https:\/\/www.ufmg.br\/ufmgjovem\/2021\/lucas-rusqui-de-paula-10-anos-estudante-do-4o-ano-do-ensino-fundamental-em-belo-horizonte\/\" data-orig-file=\"https:\/\/www.ufmg.br\/ufmgjovem\/2021\/wp-content\/uploads\/2021\/08\/Lucas-Rusqui-de-Paula-10-anos-estudante-do-4o-ano-do-Ensino-Fundamental-em-Belo-Horizonte-scaled.jpg\" data-orig-size=\"1832,2560\" data-comments-opened=\"1\" data-image-meta=\"{&quot;aperture&quot;:&quot;2&quot;,&quot;credit&quot;:&quot;&quot;,&quot;camera&quot;:&quot;Moto G (5S)&quot;,&quot;caption&quot;:&quot;&quot;,&quot;created_timestamp&quot;:&quot;1625061663&quot;,&quot;copyright&quot;:&quot;&quot;,&quot;focal_length&quot;:&quot;3.59&quot;,&quot;iso&quot;:&quot;125&quot;,&quot;shutter_speed&quot;:&quot;0.025&quot;,&quot;title&quot;:&quot;&quot;,&quot;orientation&quot;:&quot;1&quot;}\" data-image-title=\"Lucas Rusqui de Paula, 10 anos, Belo Horizonte\" data-image-description=\"&lt;p&gt;Lucas Rusqui de Paula, 10 anos, Belo Horizonte&lt;\/p&gt;\n\" data-image-caption=\"&lt;p&gt;Lucas Rusqui de Paula, 10 anos, Belo Horizonte&lt;\/p&gt;\n\" data-medium-file=\"https:\/\/www.ufmg.br\/ufmgjovem\/2021\/wp-content\/uploads\/2021\/08\/Lucas-Rusqui-de-Paula-10-anos-estudante-do-4o-ano-do-Ensino-Fundamental-em-Belo-Horizonte-215x300.jpg\" data-large-file=\"https:\/\/www.ufmg.br\/ufmgjovem\/2021\/wp-content\/uploads\/2021\/08\/Lucas-Rusqui-de-Paula-10-anos-estudante-do-4o-ano-do-Ensino-Fundamental-em-Belo-Horizonte-733x1024.jpg\" \/><\/a>\n\t\t\t<\/dt>\n\t\t\t\t<dd class='wp-caption-text gallery-caption' id='gallery-1-636'>\n\t\t\t\tLucas Rusqui de Paula, 10 anos, Belo Horizonte\n\t\t\t\t<\/dd><\/dl><br style=\"clear: both\" \/><dl class='gallery-item'>\n\t\t\t<dt class='gallery-icon landscape'>\n\t\t\t\t<a href='https:\/\/www.ufmg.br\/ufmgjovem\/2021\/wp-content\/uploads\/2021\/08\/Luiz-Felipe-Rodrigues-Souza-7-anos-estudante-do-1o-ano-do-Ensino-Fundamental-em-Belo-Horizonte-scaled.jpg'><img width=\"150\" height=\"150\" src=\"https:\/\/www.ufmg.br\/ufmgjovem\/2021\/wp-content\/uploads\/2021\/08\/Luiz-Felipe-Rodrigues-Souza-7-anos-estudante-do-1o-ano-do-Ensino-Fundamental-em-Belo-Horizonte-150x150.jpg\" class=\"attachment-thumbnail size-thumbnail\" alt=\"desenho de Luiz Felipe Rodrigues Souza, 7 anos, estudante do 1\u00ba ano do Ensino Fundamental em Belo Horizonte\" loading=\"lazy\" aria-describedby=\"gallery-1-640\" data-attachment-id=\"640\" data-permalink=\"https:\/\/www.ufmg.br\/ufmgjovem\/2021\/luiz-felipe-rodrigues-souza-7-anos-estudante-do-1o-ano-do-ensino-fundamental-em-belo-horizonte\/\" data-orig-file=\"https:\/\/www.ufmg.br\/ufmgjovem\/2021\/wp-content\/uploads\/2021\/08\/Luiz-Felipe-Rodrigues-Souza-7-anos-estudante-do-1o-ano-do-Ensino-Fundamental-em-Belo-Horizonte-scaled.jpg\" data-orig-size=\"2560,1913\" data-comments-opened=\"1\" data-image-meta=\"{&quot;aperture&quot;:&quot;1.8&quot;,&quot;credit&quot;:&quot;&quot;,&quot;camera&quot;:&quot;moto g(6)&quot;,&quot;caption&quot;:&quot;&quot;,&quot;created_timestamp&quot;:&quot;1625058281&quot;,&quot;copyright&quot;:&quot;&quot;,&quot;focal_length&quot;:&quot;3.95&quot;,&quot;iso&quot;:&quot;395&quot;,&quot;shutter_speed&quot;:&quot;0.033333333333333&quot;,&quot;title&quot;:&quot;&quot;,&quot;orientation&quot;:&quot;1&quot;}\" data-image-title=\"Luiz Felipe Rodrigues Souza, 7 anos, Belo Horizonte\" data-image-description=\"&lt;p&gt;Luiz Felipe Rodrigues Souza, 7 anos, Belo Horizonte&lt;\/p&gt;\n\" data-image-caption=\"&lt;p&gt;Luiz Felipe Rodrigues Souza, 7 anos, Belo Horizonte&lt;\/p&gt;\n\" data-medium-file=\"https:\/\/www.ufmg.br\/ufmgjovem\/2021\/wp-content\/uploads\/2021\/08\/Luiz-Felipe-Rodrigues-Souza-7-anos-estudante-do-1o-ano-do-Ensino-Fundamental-em-Belo-Horizonte-300x224.jpg\" data-large-file=\"https:\/\/www.ufmg.br\/ufmgjovem\/2021\/wp-content\/uploads\/2021\/08\/Luiz-Felipe-Rodrigues-Souza-7-anos-estudante-do-1o-ano-do-Ensino-Fundamental-em-Belo-Horizonte-1024x765.jpg\" \/><\/a>\n\t\t\t<\/dt>\n\t\t\t\t<dd class='wp-caption-text gallery-caption' id='gallery-1-640'>\n\t\t\t\tLuiz Felipe Rodrigues Souza, 7 anos, Belo Horizonte\n\t\t\t\t<\/dd><\/dl><dl class='gallery-item'>\n\t\t\t<dt class='gallery-icon portrait'>\n\t\t\t\t<a href='https:\/\/www.ufmg.br\/ufmgjovem\/2021\/wp-content\/uploads\/2021\/08\/Manoela-Miranda-Soares-10-anos-estudante-do-4o-ano-do-Ensino-Fundamental-em-Belo-Horizonte-scaled.jpg'><img width=\"150\" height=\"150\" src=\"https:\/\/www.ufmg.br\/ufmgjovem\/2021\/wp-content\/uploads\/2021\/08\/Manoela-Miranda-Soares-10-anos-estudante-do-4o-ano-do-Ensino-Fundamental-em-Belo-Horizonte-150x150.jpg\" class=\"attachment-thumbnail size-thumbnail\" alt=\"desenho de Manoela Miranda Soares, 10 anos, estudante do 4\u00ba ano do Ensino Fundamental em Belo Horizonte\" loading=\"lazy\" aria-describedby=\"gallery-1-650\" data-attachment-id=\"650\" data-permalink=\"https:\/\/www.ufmg.br\/ufmgjovem\/2021\/manoela-miranda-soares-10-anos-estudante-do-4o-ano-do-ensino-fundamental-em-belo-horizonte\/\" data-orig-file=\"https:\/\/www.ufmg.br\/ufmgjovem\/2021\/wp-content\/uploads\/2021\/08\/Manoela-Miranda-Soares-10-anos-estudante-do-4o-ano-do-Ensino-Fundamental-em-Belo-Horizonte-scaled.jpg\" data-orig-size=\"1710,2560\" data-comments-opened=\"1\" data-image-meta=\"{&quot;aperture&quot;:&quot;1.8&quot;,&quot;credit&quot;:&quot;&quot;,&quot;camera&quot;:&quot;SM-M315F&quot;,&quot;caption&quot;:&quot;&quot;,&quot;created_timestamp&quot;:&quot;1625425017&quot;,&quot;copyright&quot;:&quot;&quot;,&quot;focal_length&quot;:&quot;5.23&quot;,&quot;iso&quot;:&quot;320&quot;,&quot;shutter_speed&quot;:&quot;0.025&quot;,&quot;title&quot;:&quot;&quot;,&quot;orientation&quot;:&quot;1&quot;}\" data-image-title=\"Manoela Miranda Soares, 10 anos, Belo Horizonte\" data-image-description=\"&lt;p&gt;Manoela Miranda Soares, 10 anos, Belo Horizonte&lt;\/p&gt;\n\" data-image-caption=\"&lt;p&gt;Manoela Miranda Soares, 10 anos, Belo Horizonte&lt;\/p&gt;\n\" data-medium-file=\"https:\/\/www.ufmg.br\/ufmgjovem\/2021\/wp-content\/uploads\/2021\/08\/Manoela-Miranda-Soares-10-anos-estudante-do-4o-ano-do-Ensino-Fundamental-em-Belo-Horizonte-200x300.jpg\" data-large-file=\"https:\/\/www.ufmg.br\/ufmgjovem\/2021\/wp-content\/uploads\/2021\/08\/Manoela-Miranda-Soares-10-anos-estudante-do-4o-ano-do-Ensino-Fundamental-em-Belo-Horizonte-684x1024.jpg\" \/><\/a>\n\t\t\t<\/dt>\n\t\t\t\t<dd class='wp-caption-text gallery-caption' id='gallery-1-650'>\n\t\t\t\tManoela Miranda Soares, 10 anos, Belo Horizonte\n\t\t\t\t<\/dd><\/dl><dl class='gallery-item'>\n\t\t\t<dt class='gallery-icon landscape'>\n\t\t\t\t<a href='https:\/\/www.ufmg.br\/ufmgjovem\/2021\/wp-content\/uploads\/2021\/08\/Manuella-Martins-Torres-13-anos-estudante-do-8o-ano-do-Ensino-Fundamental-em-Ponte-Nova.jpg'><img width=\"150\" height=\"150\" src=\"https:\/\/www.ufmg.br\/ufmgjovem\/2021\/wp-content\/uploads\/2021\/08\/Manuella-Martins-Torres-13-anos-estudante-do-8o-ano-do-Ensino-Fundamental-em-Ponte-Nova-150x150.jpg\" class=\"attachment-thumbnail size-thumbnail\" alt=\"desenho de Manuella Martins Torres, 13 anos, estudante do 8\u00ba ano do Ensino Fundamental em Ponte Nova\" loading=\"lazy\" aria-describedby=\"gallery-1-664\" data-attachment-id=\"664\" data-permalink=\"https:\/\/www.ufmg.br\/ufmgjovem\/2021\/manuella-martins-torres-13-anos-estudante-do-8o-ano-do-ensino-fundamental-em-ponte-nova\/\" data-orig-file=\"https:\/\/www.ufmg.br\/ufmgjovem\/2021\/wp-content\/uploads\/2021\/08\/Manuella-Martins-Torres-13-anos-estudante-do-8o-ano-do-Ensino-Fundamental-em-Ponte-Nova.jpg\" data-orig-size=\"2335,1688\" data-comments-opened=\"1\" data-image-meta=\"{&quot;aperture&quot;:&quot;0&quot;,&quot;credit&quot;:&quot;&quot;,&quot;camera&quot;:&quot;&quot;,&quot;caption&quot;:&quot;&quot;,&quot;created_timestamp&quot;:&quot;0&quot;,&quot;copyright&quot;:&quot;&quot;,&quot;focal_length&quot;:&quot;0&quot;,&quot;iso&quot;:&quot;0&quot;,&quot;shutter_speed&quot;:&quot;0&quot;,&quot;title&quot;:&quot;&quot;,&quot;orientation&quot;:&quot;0&quot;}\" data-image-title=\"Manuella Martins Torres, 13 anos, Ponte Nova\" data-image-description=\"&lt;p&gt;Manuella Martins Torres, 13 anos, Ponte Nova&lt;\/p&gt;\n\" data-image-caption=\"&lt;p&gt;Manuella Martins Torres, 13 anos, Ponte Nova&lt;\/p&gt;\n\" data-medium-file=\"https:\/\/www.ufmg.br\/ufmgjovem\/2021\/wp-content\/uploads\/2021\/08\/Manuella-Martins-Torres-13-anos-estudante-do-8o-ano-do-Ensino-Fundamental-em-Ponte-Nova-300x217.jpg\" data-large-file=\"https:\/\/www.ufmg.br\/ufmgjovem\/2021\/wp-content\/uploads\/2021\/08\/Manuella-Martins-Torres-13-anos-estudante-do-8o-ano-do-Ensino-Fundamental-em-Ponte-Nova-1024x740.jpg\" \/><\/a>\n\t\t\t<\/dt>\n\t\t\t\t<dd class='wp-caption-text gallery-caption' id='gallery-1-664'>\n\t\t\t\tManuella Martins Torres, 13 anos, Ponte Nova\n\t\t\t\t<\/dd><\/dl><br style=\"clear: both\" \/><dl class='gallery-item'>\n\t\t\t<dt class='gallery-icon landscape'>\n\t\t\t\t<a href='https:\/\/www.ufmg.br\/ufmgjovem\/2021\/wp-content\/uploads\/2021\/08\/Marcelle-Catarine-Goncalves-Ferreira-8-anos-estudante-do-2o-ano-do-Ensino-Fundamental-em-Fortuna-de-Minas.png'><img width=\"150\" height=\"150\" src=\"https:\/\/www.ufmg.br\/ufmgjovem\/2021\/wp-content\/uploads\/2021\/08\/Marcelle-Catarine-Goncalves-Ferreira-8-anos-estudante-do-2o-ano-do-Ensino-Fundamental-em-Fortuna-de-Minas-150x150.png\" class=\"attachment-thumbnail size-thumbnail\" alt=\"desenho de Marcelle Catarine Gon\u00e7alves Ferreira, 8 anos, estudante do 2\u00ba ano do Ensino Fundamental em Fortuna de Minas\" loading=\"lazy\" aria-describedby=\"gallery-1-661\" data-attachment-id=\"661\" data-permalink=\"https:\/\/www.ufmg.br\/ufmgjovem\/2021\/marcelle-catarine-goncalves-ferreira-8-anos-estudante-do-2o-ano-do-ensino-fundamental-em-fortuna-de-minas\/\" data-orig-file=\"https:\/\/www.ufmg.br\/ufmgjovem\/2021\/wp-content\/uploads\/2021\/08\/Marcelle-Catarine-Goncalves-Ferreira-8-anos-estudante-do-2o-ano-do-Ensino-Fundamental-em-Fortuna-de-Minas.png\" data-orig-size=\"3508,2480\" data-comments-opened=\"1\" data-image-meta=\"{&quot;aperture&quot;:&quot;0&quot;,&quot;credit&quot;:&quot;&quot;,&quot;camera&quot;:&quot;&quot;,&quot;caption&quot;:&quot;&quot;,&quot;created_timestamp&quot;:&quot;0&quot;,&quot;copyright&quot;:&quot;&quot;,&quot;focal_length&quot;:&quot;0&quot;,&quot;iso&quot;:&quot;0&quot;,&quot;shutter_speed&quot;:&quot;0&quot;,&quot;title&quot;:&quot;&quot;,&quot;orientation&quot;:&quot;0&quot;}\" data-image-title=\"Marcelle Catarine Gon\u00e7alves Ferreira, 8 anos, Fortuna de Minas\" data-image-description=\"&lt;p&gt;Marcelle Catarine Gon\u00e7alves Ferreira, 8 anos, Fortuna de Minas&lt;\/p&gt;\n\" data-image-caption=\"&lt;p&gt;Marcelle Catarine Gon\u00e7alves Ferreira, 8 anos, Fortuna de Minas&lt;\/p&gt;\n\" data-medium-file=\"https:\/\/www.ufmg.br\/ufmgjovem\/2021\/wp-content\/uploads\/2021\/08\/Marcelle-Catarine-Goncalves-Ferreira-8-anos-estudante-do-2o-ano-do-Ensino-Fundamental-em-Fortuna-de-Minas-300x212.png\" data-large-file=\"https:\/\/www.ufmg.br\/ufmgjovem\/2021\/wp-content\/uploads\/2021\/08\/Marcelle-Catarine-Goncalves-Ferreira-8-anos-estudante-do-2o-ano-do-Ensino-Fundamental-em-Fortuna-de-Minas-1024x724.png\" \/><\/a>\n\t\t\t<\/dt>\n\t\t\t\t<dd class='wp-caption-text gallery-caption' id='gallery-1-661'>\n\t\t\t\tMarcelle Catarine Gon\u00e7alves Ferreira, 8 anos, Fortuna de Minas\n\t\t\t\t<\/dd><\/dl><dl class='gallery-item'>\n\t\t\t<dt class='gallery-icon landscape'>\n\t\t\t\t<a href='https:\/\/www.ufmg.br\/ufmgjovem\/2021\/wp-content\/uploads\/2021\/08\/Maria-Eduarda-Utsch-Romanelli-Mendes-8-anos-estudante-do-2o-ano-do-Ensino-Fundamental-em-Belo-Horizonte-scaled.jpg'><img width=\"150\" height=\"150\" src=\"https:\/\/www.ufmg.br\/ufmgjovem\/2021\/wp-content\/uploads\/2021\/08\/Maria-Eduarda-Utsch-Romanelli-Mendes-8-anos-estudante-do-2o-ano-do-Ensino-Fundamental-em-Belo-Horizonte-150x150.jpg\" class=\"attachment-thumbnail size-thumbnail\" alt=\"desenho de Maria Eduarda Utsch Romanelli Mendes, 8 anos, estudante do 2\u00ba ano do Ensino Fundamental em Belo Horizonte\" loading=\"lazy\" aria-describedby=\"gallery-1-637\" data-attachment-id=\"637\" data-permalink=\"https:\/\/www.ufmg.br\/ufmgjovem\/2021\/maria-eduarda-utsch-romanelli-mendes-8-anos-estudante-do-2o-ano-do-ensino-fundamental-em-belo-horizonte\/\" data-orig-file=\"https:\/\/www.ufmg.br\/ufmgjovem\/2021\/wp-content\/uploads\/2021\/08\/Maria-Eduarda-Utsch-Romanelli-Mendes-8-anos-estudante-do-2o-ano-do-Ensino-Fundamental-em-Belo-Horizonte-scaled.jpg\" data-orig-size=\"2560,1926\" data-comments-opened=\"1\" data-image-meta=\"{&quot;aperture&quot;:&quot;2&quot;,&quot;credit&quot;:&quot;&quot;,&quot;camera&quot;:&quot;moto g(7) power&quot;,&quot;caption&quot;:&quot;&quot;,&quot;created_timestamp&quot;:&quot;1626116877&quot;,&quot;copyright&quot;:&quot;&quot;,&quot;focal_length&quot;:&quot;3.88&quot;,&quot;iso&quot;:&quot;1028&quot;,&quot;shutter_speed&quot;:&quot;0.05&quot;,&quot;title&quot;:&quot;&quot;,&quot;orientation&quot;:&quot;1&quot;}\" data-image-title=\"Maria Eduarda Utsch Romanelli Mendes, 8 anos, Belo Horizonte\" data-image-description=\"&lt;p&gt;Maria Eduarda Utsch Romanelli Mendes, 8 anos, Belo Horizonte&lt;\/p&gt;\n\" data-image-caption=\"&lt;p&gt;Maria Eduarda Utsch Romanelli Mendes, 8 anos, Belo Horizonte&lt;\/p&gt;\n\" data-medium-file=\"https:\/\/www.ufmg.br\/ufmgjovem\/2021\/wp-content\/uploads\/2021\/08\/Maria-Eduarda-Utsch-Romanelli-Mendes-8-anos-estudante-do-2o-ano-do-Ensino-Fundamental-em-Belo-Horizonte-300x226.jpg\" data-large-file=\"https:\/\/www.ufmg.br\/ufmgjovem\/2021\/wp-content\/uploads\/2021\/08\/Maria-Eduarda-Utsch-Romanelli-Mendes-8-anos-estudante-do-2o-ano-do-Ensino-Fundamental-em-Belo-Horizonte-1024x770.jpg\" \/><\/a>\n\t\t\t<\/dt>\n\t\t\t\t<dd class='wp-caption-text gallery-caption' id='gallery-1-637'>\n\t\t\t\tMaria Eduarda Utsch Romanelli Mendes, 8 anos, Belo Horizonte\n\t\t\t\t<\/dd><\/dl><dl class='gallery-item'>\n\t\t\t<dt class='gallery-icon portrait'>\n\t\t\t\t<a href='https:\/\/www.ufmg.br\/ufmgjovem\/2021\/wp-content\/uploads\/2021\/08\/Matheus-Lopes-da-Silva-8-anos-estudante-do-2o-ano-do-Ensino-Fundamental-em-Belo-Horizonte-scaled.jpg'><img width=\"150\" height=\"150\" src=\"https:\/\/www.ufmg.br\/ufmgjovem\/2021\/wp-content\/uploads\/2021\/08\/Matheus-Lopes-da-Silva-8-anos-estudante-do-2o-ano-do-Ensino-Fundamental-em-Belo-Horizonte-150x150.jpg\" class=\"attachment-thumbnail size-thumbnail\" alt=\"desenho de Matheus Lopes da Silva, 8 anos, estudante do 2\u00ba ano do Ensino Fundamental em Belo Horizonte\" loading=\"lazy\" aria-describedby=\"gallery-1-641\" data-attachment-id=\"641\" data-permalink=\"https:\/\/www.ufmg.br\/ufmgjovem\/2021\/matheus-lopes-da-silva-8-anos-estudante-do-2o-ano-do-ensino-fundamental-em-belo-horizonte\/\" data-orig-file=\"https:\/\/www.ufmg.br\/ufmgjovem\/2021\/wp-content\/uploads\/2021\/08\/Matheus-Lopes-da-Silva-8-anos-estudante-do-2o-ano-do-Ensino-Fundamental-em-Belo-Horizonte-scaled.jpg\" data-orig-size=\"1765,2560\" data-comments-opened=\"1\" data-image-meta=\"{&quot;aperture&quot;:&quot;1.8&quot;,&quot;credit&quot;:&quot;&quot;,&quot;camera&quot;:&quot;SM-A115M&quot;,&quot;caption&quot;:&quot;&quot;,&quot;created_timestamp&quot;:&quot;1626089567&quot;,&quot;copyright&quot;:&quot;&quot;,&quot;focal_length&quot;:&quot;3.61&quot;,&quot;iso&quot;:&quot;106&quot;,&quot;shutter_speed&quot;:&quot;0.033333333333333&quot;,&quot;title&quot;:&quot;&quot;,&quot;orientation&quot;:&quot;1&quot;}\" data-image-title=\"Matheus Lopes da Silva, 8 anos, Belo Horizonte\" data-image-description=\"&lt;p&gt;Matheus Lopes da Silva, 8 anos, Belo Horizonte&lt;\/p&gt;\n\" data-image-caption=\"&lt;p&gt;Matheus Lopes da Silva, 8 anos, Belo Horizonte&lt;\/p&gt;\n\" data-medium-file=\"https:\/\/www.ufmg.br\/ufmgjovem\/2021\/wp-content\/uploads\/2021\/08\/Matheus-Lopes-da-Silva-8-anos-estudante-do-2o-ano-do-Ensino-Fundamental-em-Belo-Horizonte-207x300.jpg\" data-large-file=\"https:\/\/www.ufmg.br\/ufmgjovem\/2021\/wp-content\/uploads\/2021\/08\/Matheus-Lopes-da-Silva-8-anos-estudante-do-2o-ano-do-Ensino-Fundamental-em-Belo-Horizonte-706x1024.jpg\" \/><\/a>\n\t\t\t<\/dt>\n\t\t\t\t<dd class='wp-caption-text gallery-caption' id='gallery-1-641'>\n\t\t\t\tMatheus Lopes da Silva, 8 anos, Belo Horizonte\n\t\t\t\t<\/dd><\/dl><br style=\"clear: both\" \/><dl class='gallery-item'>\n\t\t\t<dt class='gallery-icon landscape'>\n\t\t\t\t<a href='https:\/\/www.ufmg.br\/ufmgjovem\/2021\/wp-content\/uploads\/2021\/08\/Miguel-de-Salles-Rufino-11-anos-estudante-do-5o-ano-do-Ensino-Fundamental-em-Belo-Horizonte.jpg'><img width=\"150\" height=\"150\" src=\"https:\/\/www.ufmg.br\/ufmgjovem\/2021\/wp-content\/uploads\/2021\/08\/Miguel-de-Salles-Rufino-11-anos-estudante-do-5o-ano-do-Ensino-Fundamental-em-Belo-Horizonte-150x150.jpg\" class=\"attachment-thumbnail size-thumbnail\" alt=\"desenho de Miguel de Salles Rufino, 11 anos, estudante do 5\u00ba ano do Ensino Fundamental em Belo Horizonte\" loading=\"lazy\" aria-describedby=\"gallery-1-646\" data-attachment-id=\"646\" data-permalink=\"https:\/\/www.ufmg.br\/ufmgjovem\/2021\/miguel-de-salles-rufino-11-anos-estudante-do-5o-ano-do-ensino-fundamental-em-belo-horizonte\/\" data-orig-file=\"https:\/\/www.ufmg.br\/ufmgjovem\/2021\/wp-content\/uploads\/2021\/08\/Miguel-de-Salles-Rufino-11-anos-estudante-do-5o-ano-do-Ensino-Fundamental-em-Belo-Horizonte.jpg\" data-orig-size=\"1857,1479\" data-comments-opened=\"1\" data-image-meta=\"{&quot;aperture&quot;:&quot;1.9&quot;,&quot;credit&quot;:&quot;&quot;,&quot;camera&quot;:&quot;SM-A260G&quot;,&quot;caption&quot;:&quot;&quot;,&quot;created_timestamp&quot;:&quot;1625861016&quot;,&quot;copyright&quot;:&quot;&quot;,&quot;focal_length&quot;:&quot;2.2&quot;,&quot;iso&quot;:&quot;40&quot;,&quot;shutter_speed&quot;:&quot;0.0074626865671642&quot;,&quot;title&quot;:&quot;&quot;,&quot;orientation&quot;:&quot;1&quot;}\" data-image-title=\"Miguel de Salles Rufino, 11 anos, Belo Horizonte\" data-image-description=\"&lt;p&gt;Miguel de Salles Rufino, 11 anos, Belo Horizonte&lt;\/p&gt;\n\" data-image-caption=\"&lt;p&gt;Miguel de Salles Rufino, 11 anos, Belo Horizonte&lt;\/p&gt;\n\" data-medium-file=\"https:\/\/www.ufmg.br\/ufmgjovem\/2021\/wp-content\/uploads\/2021\/08\/Miguel-de-Salles-Rufino-11-anos-estudante-do-5o-ano-do-Ensino-Fundamental-em-Belo-Horizonte-300x239.jpg\" data-large-file=\"https:\/\/www.ufmg.br\/ufmgjovem\/2021\/wp-content\/uploads\/2021\/08\/Miguel-de-Salles-Rufino-11-anos-estudante-do-5o-ano-do-Ensino-Fundamental-em-Belo-Horizonte-1024x816.jpg\" \/><\/a>\n\t\t\t<\/dt>\n\t\t\t\t<dd class='wp-caption-text gallery-caption' id='gallery-1-646'>\n\t\t\t\tMiguel de Salles Rufino, 11 anos, Belo Horizonte\n\t\t\t\t<\/dd><\/dl><dl class='gallery-item'>\n\t\t\t<dt class='gallery-icon portrait'>\n\t\t\t\t<a href='https:\/\/www.ufmg.br\/ufmgjovem\/2021\/wp-content\/uploads\/2021\/08\/Miguel-Zangirolami-Soares-11-anos-estudante-do-5o-ano-do-Ensino-Fundamental-em-Belo-Horizonte-scaled.jpg'><img width=\"150\" height=\"150\" src=\"https:\/\/www.ufmg.br\/ufmgjovem\/2021\/wp-content\/uploads\/2021\/08\/Miguel-Zangirolami-Soares-11-anos-estudante-do-5o-ano-do-Ensino-Fundamental-em-Belo-Horizonte-150x150.jpg\" class=\"attachment-thumbnail size-thumbnail\" alt=\"desenho de Miguel Zangirolami Soares, 11 anos, estudante do 5\u00ba ano do Ensino Fundamental em Belo Horizonte\" loading=\"lazy\" aria-describedby=\"gallery-1-645\" data-attachment-id=\"645\" data-permalink=\"https:\/\/www.ufmg.br\/ufmgjovem\/2021\/miguel-zangirolami-soares-11-anos-estudante-do-5o-ano-do-ensino-fundamental-em-belo-horizonte\/\" data-orig-file=\"https:\/\/www.ufmg.br\/ufmgjovem\/2021\/wp-content\/uploads\/2021\/08\/Miguel-Zangirolami-Soares-11-anos-estudante-do-5o-ano-do-Ensino-Fundamental-em-Belo-Horizonte-scaled.jpg\" data-orig-size=\"1821,2560\" data-comments-opened=\"1\" data-image-meta=\"{&quot;aperture&quot;:&quot;1.9&quot;,&quot;credit&quot;:&quot;&quot;,&quot;camera&quot;:&quot;SM-G610M&quot;,&quot;caption&quot;:&quot;&quot;,&quot;created_timestamp&quot;:&quot;1625767224&quot;,&quot;copyright&quot;:&quot;&quot;,&quot;focal_length&quot;:&quot;3.6&quot;,&quot;iso&quot;:&quot;50&quot;,&quot;shutter_speed&quot;:&quot;0.033333333333333&quot;,&quot;title&quot;:&quot;&quot;,&quot;orientation&quot;:&quot;1&quot;}\" data-image-title=\"Miguel Zangirolami Soares, 11 anos, Belo Horizonte\" data-image-description=\"&lt;p&gt;Miguel Zangirolami Soares, 11 anos, Belo Horizonte&lt;\/p&gt;\n\" data-image-caption=\"&lt;p&gt;Miguel Zangirolami Soares, 11 anos, Belo Horizonte&lt;\/p&gt;\n\" data-medium-file=\"https:\/\/www.ufmg.br\/ufmgjovem\/2021\/wp-content\/uploads\/2021\/08\/Miguel-Zangirolami-Soares-11-anos-estudante-do-5o-ano-do-Ensino-Fundamental-em-Belo-Horizonte-213x300.jpg\" data-large-file=\"https:\/\/www.ufmg.br\/ufmgjovem\/2021\/wp-content\/uploads\/2021\/08\/Miguel-Zangirolami-Soares-11-anos-estudante-do-5o-ano-do-Ensino-Fundamental-em-Belo-Horizonte-728x1024.jpg\" \/><\/a>\n\t\t\t<\/dt>\n\t\t\t\t<dd class='wp-caption-text gallery-caption' id='gallery-1-645'>\n\t\t\t\tMiguel Zangirolami Soares, 11 anos, Belo Horizonte\n\t\t\t\t<\/dd><\/dl><dl class='gallery-item'>\n\t\t\t<dt class='gallery-icon landscape'>\n\t\t\t\t<a href='https:\/\/www.ufmg.br\/ufmgjovem\/2021\/wp-content\/uploads\/2021\/08\/Mirella-Antonia-Theodoro-10-anos-estudante-do-4o-ano-do-Ensino-Fundamental-em-Belo-Horizonte-scaled.jpg'><img width=\"150\" height=\"150\" src=\"https:\/\/www.ufmg.br\/ufmgjovem\/2021\/wp-content\/uploads\/2021\/08\/Mirella-Antonia-Theodoro-10-anos-estudante-do-4o-ano-do-Ensino-Fundamental-em-Belo-Horizonte-150x150.jpg\" class=\"attachment-thumbnail size-thumbnail\" alt=\"desenho de Mirella Ant\u00f4nia Theodoro, 10 anos, estudante do 4\u00ba ano do Ensino Fundamental em Belo Horizonte\" loading=\"lazy\" aria-describedby=\"gallery-1-649\" data-attachment-id=\"649\" data-permalink=\"https:\/\/www.ufmg.br\/ufmgjovem\/2021\/mirella-antonia-theodoro-10-anos-estudante-do-4o-ano-do-ensino-fundamental-em-belo-horizonte\/\" data-orig-file=\"https:\/\/www.ufmg.br\/ufmgjovem\/2021\/wp-content\/uploads\/2021\/08\/Mirella-Antonia-Theodoro-10-anos-estudante-do-4o-ano-do-Ensino-Fundamental-em-Belo-Horizonte-scaled.jpg\" data-orig-size=\"2560,1944\" data-comments-opened=\"1\" data-image-meta=\"{&quot;aperture&quot;:&quot;1.8&quot;,&quot;credit&quot;:&quot;&quot;,&quot;camera&quot;:&quot;Redmi Note 7&quot;,&quot;caption&quot;:&quot;&quot;,&quot;created_timestamp&quot;:&quot;1624896911&quot;,&quot;copyright&quot;:&quot;&quot;,&quot;focal_length&quot;:&quot;4.74&quot;,&quot;iso&quot;:&quot;400&quot;,&quot;shutter_speed&quot;:&quot;0.033333333333333&quot;,&quot;title&quot;:&quot;&quot;,&quot;orientation&quot;:&quot;1&quot;}\" data-image-title=\"Mirella Ant\u00f4nia Theodoro, 10 anos, Belo Horizonte\" data-image-description=\"&lt;p&gt;Mirella Ant\u00f4nia Theodoro, 10 anos, Belo Horizonte&lt;\/p&gt;\n\" data-image-caption=\"&lt;p&gt;Mirella Ant\u00f4nia Theodoro, 10 anos, Belo Horizonte&lt;\/p&gt;\n\" data-medium-file=\"https:\/\/www.ufmg.br\/ufmgjovem\/2021\/wp-content\/uploads\/2021\/08\/Mirella-Antonia-Theodoro-10-anos-estudante-do-4o-ano-do-Ensino-Fundamental-em-Belo-Horizonte-300x228.jpg\" data-large-file=\"https:\/\/www.ufmg.br\/ufmgjovem\/2021\/wp-content\/uploads\/2021\/08\/Mirella-Antonia-Theodoro-10-anos-estudante-do-4o-ano-do-Ensino-Fundamental-em-Belo-Horizonte-1024x778.jpg\" \/><\/a>\n\t\t\t<\/dt>\n\t\t\t\t<dd class='wp-caption-text gallery-caption' id='gallery-1-649'>\n\t\t\t\tMirella Ant\u00f4nia Theodoro, 10 anos, Belo Horizonte\n\t\t\t\t<\/dd><\/dl><br style=\"clear: both\" \/><dl class='gallery-item'>\n\t\t\t<dt class='gallery-icon portrait'>\n\t\t\t\t<a href='https:\/\/www.ufmg.br\/ufmgjovem\/2021\/wp-content\/uploads\/2021\/08\/Pedro-Henrique-Machado-Araujo-10-anos-estudante-do-4o-ano-do-Ensino-Fundamental-em-Belo-Horizonte.jpg'><img width=\"150\" height=\"150\" src=\"https:\/\/www.ufmg.br\/ufmgjovem\/2021\/wp-content\/uploads\/2021\/08\/Pedro-Henrique-Machado-Araujo-10-anos-estudante-do-4o-ano-do-Ensino-Fundamental-em-Belo-Horizonte-150x150.jpg\" class=\"attachment-thumbnail size-thumbnail\" alt=\"desenho de Pedro Henrique Machado Ara\u00fajo, 10 anos, estudante do 4\u00ba ano do Ensino Fundamental em Belo Horizonte\" loading=\"lazy\" aria-describedby=\"gallery-1-648\" data-attachment-id=\"648\" data-permalink=\"https:\/\/www.ufmg.br\/ufmgjovem\/2021\/pedro-henrique-machado-araujo-10-anos-estudante-do-4o-ano-do-ensino-fundamental-em-belo-horizonte\/\" data-orig-file=\"https:\/\/www.ufmg.br\/ufmgjovem\/2021\/wp-content\/uploads\/2021\/08\/Pedro-Henrique-Machado-Araujo-10-anos-estudante-do-4o-ano-do-Ensino-Fundamental-em-Belo-Horizonte.jpg\" data-orig-size=\"718,1065\" data-comments-opened=\"1\" data-image-meta=\"{&quot;aperture&quot;:&quot;0&quot;,&quot;credit&quot;:&quot;&quot;,&quot;camera&quot;:&quot;&quot;,&quot;caption&quot;:&quot;&quot;,&quot;created_timestamp&quot;:&quot;0&quot;,&quot;copyright&quot;:&quot;&quot;,&quot;focal_length&quot;:&quot;0&quot;,&quot;iso&quot;:&quot;0&quot;,&quot;shutter_speed&quot;:&quot;0&quot;,&quot;title&quot;:&quot;&quot;,&quot;orientation&quot;:&quot;0&quot;}\" data-image-title=\"Pedro Henrique Machado Ara\u00fajo, 10 anos, Belo Horizonte\" data-image-description=\"&lt;p&gt;Pedro Henrique Machado Ara\u00fajo, 10 anos, Belo Horizonte&lt;\/p&gt;\n\" data-image-caption=\"&lt;p&gt;Pedro Henrique Machado Ara\u00fajo, 10 anos, Belo Horizonte&lt;\/p&gt;\n\" data-medium-file=\"https:\/\/www.ufmg.br\/ufmgjovem\/2021\/wp-content\/uploads\/2021\/08\/Pedro-Henrique-Machado-Araujo-10-anos-estudante-do-4o-ano-do-Ensino-Fundamental-em-Belo-Horizonte-202x300.jpg\" data-large-file=\"https:\/\/www.ufmg.br\/ufmgjovem\/2021\/wp-content\/uploads\/2021\/08\/Pedro-Henrique-Machado-Araujo-10-anos-estudante-do-4o-ano-do-Ensino-Fundamental-em-Belo-Horizonte-690x1024.jpg\" \/><\/a>\n\t\t\t<\/dt>\n\t\t\t\t<dd class='wp-caption-text gallery-caption' id='gallery-1-648'>\n\t\t\t\tPedro Henrique Machado Ara\u00fajo, 10 anos, Belo Horizonte\n\t\t\t\t<\/dd><\/dl><dl class='gallery-item'>\n\t\t\t<dt class='gallery-icon landscape'>\n\t\t\t\t<a href='https:\/\/www.ufmg.br\/ufmgjovem\/2021\/wp-content\/uploads\/2021\/08\/Pedro-Versiani-Malthik-10-anos-estudante-do-4o-ano-do-Ensino-Fundamental-em-Belo-Horizonte.jpg'><img width=\"150\" height=\"150\" src=\"https:\/\/www.ufmg.br\/ufmgjovem\/2021\/wp-content\/uploads\/2021\/08\/Pedro-Versiani-Malthik-10-anos-estudante-do-4o-ano-do-Ensino-Fundamental-em-Belo-Horizonte-150x150.jpg\" class=\"attachment-thumbnail size-thumbnail\" alt=\"desenho de Pedro Versiani Malthik, 10 anos, Belo Horizonte\" loading=\"lazy\" aria-describedby=\"gallery-1-668\" data-attachment-id=\"668\" data-permalink=\"https:\/\/www.ufmg.br\/ufmgjovem\/2021\/pedro-versiani-malthik-10-anos-estudante-do-4o-ano-do-ensino-fundamental-em-belo-horizonte\/\" data-orig-file=\"https:\/\/www.ufmg.br\/ufmgjovem\/2021\/wp-content\/uploads\/2021\/08\/Pedro-Versiani-Malthik-10-anos-estudante-do-4o-ano-do-Ensino-Fundamental-em-Belo-Horizonte.jpg\" data-orig-size=\"862,360\" data-comments-opened=\"1\" data-image-meta=\"{&quot;aperture&quot;:&quot;0&quot;,&quot;credit&quot;:&quot;&quot;,&quot;camera&quot;:&quot;&quot;,&quot;caption&quot;:&quot;&quot;,&quot;created_timestamp&quot;:&quot;0&quot;,&quot;copyright&quot;:&quot;&quot;,&quot;focal_length&quot;:&quot;0&quot;,&quot;iso&quot;:&quot;0&quot;,&quot;shutter_speed&quot;:&quot;0&quot;,&quot;title&quot;:&quot;&quot;,&quot;orientation&quot;:&quot;0&quot;}\" data-image-title=\"Pedro Versiani Malthik, 10 anos, Belo Horizonte\" data-image-description=\"&lt;p&gt;Pedro Versiani Malthik, 10 anos, Belo Horizonte&lt;\/p&gt;\n\" data-image-caption=\"&lt;p&gt;Pedro Versiani Malthik, 10 anos, Belo Horizonte&lt;\/p&gt;\n\" data-medium-file=\"https:\/\/www.ufmg.br\/ufmgjovem\/2021\/wp-content\/uploads\/2021\/08\/Pedro-Versiani-Malthik-10-anos-estudante-do-4o-ano-do-Ensino-Fundamental-em-Belo-Horizonte-300x125.jpg\" data-large-file=\"https:\/\/www.ufmg.br\/ufmgjovem\/2021\/wp-content\/uploads\/2021\/08\/Pedro-Versiani-Malthik-10-anos-estudante-do-4o-ano-do-Ensino-Fundamental-em-Belo-Horizonte.jpg\" \/><\/a>\n\t\t\t<\/dt>\n\t\t\t\t<dd class='wp-caption-text gallery-caption' id='gallery-1-668'>\n\t\t\t\tPedro Versiani Malthik, 10 anos, Belo Horizonte\n\t\t\t\t<\/dd><\/dl><dl class='gallery-item'>\n\t\t\t<dt class='gallery-icon landscape'>\n\t\t\t\t<a href='https:\/\/www.ufmg.br\/ufmgjovem\/2021\/wp-content\/uploads\/2021\/08\/Pietra-Damasceno-Queiroz-de-Freitas-9-anos-estudante-do-3o-ano-do-Ensino-Fundamental-em-Belo-Horizonte-scaled.jpg'><img width=\"150\" height=\"150\" src=\"https:\/\/www.ufmg.br\/ufmgjovem\/2021\/wp-content\/uploads\/2021\/08\/Pietra-Damasceno-Queiroz-de-Freitas-9-anos-estudante-do-3o-ano-do-Ensino-Fundamental-em-Belo-Horizonte-150x150.jpg\" class=\"attachment-thumbnail size-thumbnail\" alt=\"desenho de Pietra Damasceno Queiroz de Freitas, 9 anos, estudante do 3\u00ba ano do Ensino Fundamental em Belo Horizonte\" loading=\"lazy\" aria-describedby=\"gallery-1-647\" data-attachment-id=\"647\" data-permalink=\"https:\/\/www.ufmg.br\/ufmgjovem\/2021\/pietra-damasceno-queiroz-de-freitas-9-anos-estudante-do-3o-ano-do-ensino-fundamental-em-belo-horizonte\/\" data-orig-file=\"https:\/\/www.ufmg.br\/ufmgjovem\/2021\/wp-content\/uploads\/2021\/08\/Pietra-Damasceno-Queiroz-de-Freitas-9-anos-estudante-do-3o-ano-do-Ensino-Fundamental-em-Belo-Horizonte-scaled.jpg\" data-orig-size=\"2560,1849\" data-comments-opened=\"1\" data-image-meta=\"{&quot;aperture&quot;:&quot;0&quot;,&quot;credit&quot;:&quot;&quot;,&quot;camera&quot;:&quot;SM-A015M&quot;,&quot;caption&quot;:&quot;&quot;,&quot;created_timestamp&quot;:&quot;0&quot;,&quot;copyright&quot;:&quot;&quot;,&quot;focal_length&quot;:&quot;3.46&quot;,&quot;iso&quot;:&quot;328&quot;,&quot;shutter_speed&quot;:&quot;0.016&quot;,&quot;title&quot;:&quot;&quot;,&quot;orientation&quot;:&quot;1&quot;}\" data-image-title=\"Pietra Damasceno Queiroz de Freitas, 9 anos, Belo Horizonte\" data-image-description=\"&lt;p&gt;Pietra Damasceno Queiroz de Freitas, 9 anos, Belo Horizonte&lt;\/p&gt;\n\" data-image-caption=\"&lt;p&gt;Pietra Damasceno Queiroz de Freitas, 9 anos, Belo Horizonte&lt;\/p&gt;\n\" data-medium-file=\"https:\/\/www.ufmg.br\/ufmgjovem\/2021\/wp-content\/uploads\/2021\/08\/Pietra-Damasceno-Queiroz-de-Freitas-9-anos-estudante-do-3o-ano-do-Ensino-Fundamental-em-Belo-Horizonte-300x217.jpg\" data-large-file=\"https:\/\/www.ufmg.br\/ufmgjovem\/2021\/wp-content\/uploads\/2021\/08\/Pietra-Damasceno-Queiroz-de-Freitas-9-anos-estudante-do-3o-ano-do-Ensino-Fundamental-em-Belo-Horizonte-1024x740.jpg\" \/><\/a>\n\t\t\t<\/dt>\n\t\t\t\t<dd class='wp-caption-text gallery-caption' id='gallery-1-647'>\n\t\t\t\tPietra Damasceno Queiroz de Freitas, 9 anos, Belo Horizonte\n\t\t\t\t<\/dd><\/dl><br style=\"clear: both\" \/><dl class='gallery-item'>\n\t\t\t<dt class='gallery-icon landscape'>\n\t\t\t\t<a href='https:\/\/www.ufmg.br\/ufmgjovem\/2021\/wp-content\/uploads\/2021\/08\/Rafael-Luca-Alves-de-Oliveira-10-anos-estudante-do-4o-ano-do-Ensino-Fundamental-em-Belo-Horizonte.png'><img width=\"150\" height=\"150\" src=\"https:\/\/www.ufmg.br\/ufmgjovem\/2021\/wp-content\/uploads\/2021\/08\/Rafael-Luca-Alves-de-Oliveira-10-anos-estudante-do-4o-ano-do-Ensino-Fundamental-em-Belo-Horizonte-150x150.png\" class=\"attachment-thumbnail size-thumbnail\" alt=\"desenho de Rafael Luca Alves de Oliveira, 10 anos, estudante do 4\u00ba ano do Ensino Fundamental em Belo Horizonte\" loading=\"lazy\" aria-describedby=\"gallery-1-655\" data-attachment-id=\"655\" data-permalink=\"https:\/\/www.ufmg.br\/ufmgjovem\/2021\/rafael-luca-alves-de-oliveira-10-anos-estudante-do-4o-ano-do-ensino-fundamental-em-belo-horizonte\/\" data-orig-file=\"https:\/\/www.ufmg.br\/ufmgjovem\/2021\/wp-content\/uploads\/2021\/08\/Rafael-Luca-Alves-de-Oliveira-10-anos-estudante-do-4o-ano-do-Ensino-Fundamental-em-Belo-Horizonte.png\" data-orig-size=\"657,501\" data-comments-opened=\"1\" data-image-meta=\"{&quot;aperture&quot;:&quot;0&quot;,&quot;credit&quot;:&quot;&quot;,&quot;camera&quot;:&quot;&quot;,&quot;caption&quot;:&quot;&quot;,&quot;created_timestamp&quot;:&quot;0&quot;,&quot;copyright&quot;:&quot;&quot;,&quot;focal_length&quot;:&quot;0&quot;,&quot;iso&quot;:&quot;0&quot;,&quot;shutter_speed&quot;:&quot;0&quot;,&quot;title&quot;:&quot;&quot;,&quot;orientation&quot;:&quot;0&quot;}\" data-image-title=\"Rafael Luca Alves de Oliveira, 10 anos, Belo Horizonte\" data-image-description=\"&lt;p&gt;Rafael Luca Alves de Oliveira, 10 anos, Belo Horizonte&lt;\/p&gt;\n\" data-image-caption=\"&lt;p&gt;Rafael Luca Alves de Oliveira, 10 anos, Belo Horizonte&lt;\/p&gt;\n\" data-medium-file=\"https:\/\/www.ufmg.br\/ufmgjovem\/2021\/wp-content\/uploads\/2021\/08\/Rafael-Luca-Alves-de-Oliveira-10-anos-estudante-do-4o-ano-do-Ensino-Fundamental-em-Belo-Horizonte-300x229.png\" data-large-file=\"https:\/\/www.ufmg.br\/ufmgjovem\/2021\/wp-content\/uploads\/2021\/08\/Rafael-Luca-Alves-de-Oliveira-10-anos-estudante-do-4o-ano-do-Ensino-Fundamental-em-Belo-Horizonte.png\" \/><\/a>\n\t\t\t<\/dt>\n\t\t\t\t<dd class='wp-caption-text gallery-caption' id='gallery-1-655'>\n\t\t\t\tRafael Luca Alves de Oliveira, 10 anos, Belo Horizonte\n\t\t\t\t<\/dd><\/dl><dl class='gallery-item'>\n\t\t\t<dt class='gallery-icon portrait'>\n\t\t\t\t<a href='https:\/\/www.ufmg.br\/ufmgjovem\/2021\/wp-content\/uploads\/2021\/08\/Raiana-Gomes-da-Silva-10-anos-estudante-do-4o-ano-do-Ensino-Fundamental-em-Belo-Horizonte.png'><img width=\"150\" height=\"150\" src=\"https:\/\/www.ufmg.br\/ufmgjovem\/2021\/wp-content\/uploads\/2021\/08\/Raiana-Gomes-da-Silva-10-anos-estudante-do-4o-ano-do-Ensino-Fundamental-em-Belo-Horizonte-150x150.png\" class=\"attachment-thumbnail size-thumbnail\" alt=\"desenho de Raiana Gomes da Silva, 10 anos, estudante do 4\u00ba ano do Ensino Fundamental em Belo Horizonte\" loading=\"lazy\" aria-describedby=\"gallery-1-625\" data-attachment-id=\"625\" data-permalink=\"https:\/\/www.ufmg.br\/ufmgjovem\/2021\/raiana-gomes-da-silva-10-anos-estudante-do-4o-ano-do-ensino-fundamental-em-belo-horizonte\/\" data-orig-file=\"https:\/\/www.ufmg.br\/ufmgjovem\/2021\/wp-content\/uploads\/2021\/08\/Raiana-Gomes-da-Silva-10-anos-estudante-do-4o-ano-do-Ensino-Fundamental-em-Belo-Horizonte.png\" data-orig-size=\"880,1255\" data-comments-opened=\"1\" data-image-meta=\"{&quot;aperture&quot;:&quot;0&quot;,&quot;credit&quot;:&quot;&quot;,&quot;camera&quot;:&quot;&quot;,&quot;caption&quot;:&quot;&quot;,&quot;created_timestamp&quot;:&quot;0&quot;,&quot;copyright&quot;:&quot;&quot;,&quot;focal_length&quot;:&quot;0&quot;,&quot;iso&quot;:&quot;0&quot;,&quot;shutter_speed&quot;:&quot;0&quot;,&quot;title&quot;:&quot;&quot;,&quot;orientation&quot;:&quot;0&quot;}\" data-image-title=\"Raiana Gomes da Silva, 10 anos, Belo Horizonte\" data-image-description=\"&lt;p&gt;Raiana Gomes da Silva, 10 anos, Belo Horizonte&lt;\/p&gt;\n\" data-image-caption=\"&lt;p&gt;Raiana Gomes da Silva, 10 anos, Belo Horizonte&lt;\/p&gt;\n\" data-medium-file=\"https:\/\/www.ufmg.br\/ufmgjovem\/2021\/wp-content\/uploads\/2021\/08\/Raiana-Gomes-da-Silva-10-anos-estudante-do-4o-ano-do-Ensino-Fundamental-em-Belo-Horizonte-210x300.png\" data-large-file=\"https:\/\/www.ufmg.br\/ufmgjovem\/2021\/wp-content\/uploads\/2021\/08\/Raiana-Gomes-da-Silva-10-anos-estudante-do-4o-ano-do-Ensino-Fundamental-em-Belo-Horizonte-718x1024.png\" \/><\/a>\n\t\t\t<\/dt>\n\t\t\t\t<dd class='wp-caption-text gallery-caption' id='gallery-1-625'>\n\t\t\t\tRaiana Gomes da Silva, 10 anos, Belo Horizonte\n\t\t\t\t<\/dd><\/dl><dl class='gallery-item'>\n\t\t\t<dt class='gallery-icon portrait'>\n\t\t\t\t<a href='https:\/\/www.ufmg.br\/ufmgjovem\/2021\/wp-content\/uploads\/2021\/08\/Raphael-Lucas-Pereira-Batista-10-anos-estudante-do-4o-ano-do-Ensino-Fundamental-em-Belo-Horizonte-scaled.jpg'><img width=\"150\" height=\"150\" src=\"https:\/\/www.ufmg.br\/ufmgjovem\/2021\/wp-content\/uploads\/2021\/08\/Raphael-Lucas-Pereira-Batista-10-anos-estudante-do-4o-ano-do-Ensino-Fundamental-em-Belo-Horizonte-150x150.jpg\" class=\"attachment-thumbnail size-thumbnail\" alt=\"desenho de Raphael Lucas Pereira Batista, 10 anos, estudante do 4\u00ba ano do Ensino Fundamental em Belo Horizonte\" loading=\"lazy\" aria-describedby=\"gallery-1-656\" data-attachment-id=\"656\" data-permalink=\"https:\/\/www.ufmg.br\/ufmgjovem\/2021\/raphael-lucas-pereira-batista-10-anos-estudante-do-4o-ano-do-ensino-fundamental-em-belo-horizonte\/\" data-orig-file=\"https:\/\/www.ufmg.br\/ufmgjovem\/2021\/wp-content\/uploads\/2021\/08\/Raphael-Lucas-Pereira-Batista-10-anos-estudante-do-4o-ano-do-Ensino-Fundamental-em-Belo-Horizonte-scaled.jpg\" data-orig-size=\"1697,2560\" data-comments-opened=\"1\" data-image-meta=\"{&quot;aperture&quot;:&quot;1.7&quot;,&quot;credit&quot;:&quot;&quot;,&quot;camera&quot;:&quot;SM-J810M&quot;,&quot;caption&quot;:&quot;&quot;,&quot;created_timestamp&quot;:&quot;1625061852&quot;,&quot;copyright&quot;:&quot;&quot;,&quot;focal_length&quot;:&quot;3.93&quot;,&quot;iso&quot;:&quot;40&quot;,&quot;shutter_speed&quot;:&quot;0.0023148148148148&quot;,&quot;title&quot;:&quot;&quot;,&quot;orientation&quot;:&quot;1&quot;}\" data-image-title=\"Raphael Lucas Pereira Batista, 10 anos, Belo Horizonte\" data-image-description=\"&lt;p&gt;Raphael Lucas Pereira Batista, 10 anos, Belo Horizonte&lt;\/p&gt;\n\" data-image-caption=\"&lt;p&gt;Raphael Lucas Pereira Batista, 10 anos, Belo Horizonte&lt;\/p&gt;\n\" data-medium-file=\"https:\/\/www.ufmg.br\/ufmgjovem\/2021\/wp-content\/uploads\/2021\/08\/Raphael-Lucas-Pereira-Batista-10-anos-estudante-do-4o-ano-do-Ensino-Fundamental-em-Belo-Horizonte-199x300.jpg\" data-large-file=\"https:\/\/www.ufmg.br\/ufmgjovem\/2021\/wp-content\/uploads\/2021\/08\/Raphael-Lucas-Pereira-Batista-10-anos-estudante-do-4o-ano-do-Ensino-Fundamental-em-Belo-Horizonte-679x1024.jpg\" \/><\/a>\n\t\t\t<\/dt>\n\t\t\t\t<dd class='wp-caption-text gallery-caption' id='gallery-1-656'>\n\t\t\t\tRaphael Lucas Pereira Batista, 10 anos, Belo Horizonte\n\t\t\t\t<\/dd><\/dl><br style=\"clear: both\" \/><dl class='gallery-item'>\n\t\t\t<dt class='gallery-icon landscape'>\n\t\t\t\t<a href='https:\/\/www.ufmg.br\/ufmgjovem\/2021\/wp-content\/uploads\/2021\/08\/Rebeca-de-Couto-Borges-10-anos-estudante-do-4o-ano-do-Ensino-Fundamental-em-Belo-Horizonte.png'><img width=\"150\" height=\"150\" src=\"https:\/\/www.ufmg.br\/ufmgjovem\/2021\/wp-content\/uploads\/2021\/08\/Rebeca-de-Couto-Borges-10-anos-estudante-do-4o-ano-do-Ensino-Fundamental-em-Belo-Horizonte-150x150.png\" class=\"attachment-thumbnail size-thumbnail\" alt=\"desenho de Rebeca de Couto Borges, 10 anos, estudante do 4\u00ba ano do Ensino Fundamental em Belo Horizonte\" loading=\"lazy\" aria-describedby=\"gallery-1-622\" data-attachment-id=\"622\" data-permalink=\"https:\/\/www.ufmg.br\/ufmgjovem\/2021\/rebeca-de-couto-borges-10-anos-estudante-do-4o-ano-do-ensino-fundamental-em-belo-horizonte\/\" data-orig-file=\"https:\/\/www.ufmg.br\/ufmgjovem\/2021\/wp-content\/uploads\/2021\/08\/Rebeca-de-Couto-Borges-10-anos-estudante-do-4o-ano-do-Ensino-Fundamental-em-Belo-Horizonte.png\" data-orig-size=\"651,526\" data-comments-opened=\"1\" data-image-meta=\"{&quot;aperture&quot;:&quot;0&quot;,&quot;credit&quot;:&quot;&quot;,&quot;camera&quot;:&quot;&quot;,&quot;caption&quot;:&quot;&quot;,&quot;created_timestamp&quot;:&quot;0&quot;,&quot;copyright&quot;:&quot;&quot;,&quot;focal_length&quot;:&quot;0&quot;,&quot;iso&quot;:&quot;0&quot;,&quot;shutter_speed&quot;:&quot;0&quot;,&quot;title&quot;:&quot;&quot;,&quot;orientation&quot;:&quot;0&quot;}\" data-image-title=\"Rebeca de Couto Borges, 10 anos, Belo Horizonte\" data-image-description=\"&lt;p&gt;Rebeca de Couto Borges, 10 anos, Belo Horizonte&lt;\/p&gt;\n\" data-image-caption=\"&lt;p&gt;Rebeca de Couto Borges, 10 anos, Belo Horizonte&lt;\/p&gt;\n\" data-medium-file=\"https:\/\/www.ufmg.br\/ufmgjovem\/2021\/wp-content\/uploads\/2021\/08\/Rebeca-de-Couto-Borges-10-anos-estudante-do-4o-ano-do-Ensino-Fundamental-em-Belo-Horizonte-300x242.png\" data-large-file=\"https:\/\/www.ufmg.br\/ufmgjovem\/2021\/wp-content\/uploads\/2021\/08\/Rebeca-de-Couto-Borges-10-anos-estudante-do-4o-ano-do-Ensino-Fundamental-em-Belo-Horizonte.png\" \/><\/a>\n\t\t\t<\/dt>\n\t\t\t\t<dd class='wp-caption-text gallery-caption' id='gallery-1-622'>\n\t\t\t\tRebeca de Couto Borges, 10 anos, Belo Horizonte\n\t\t\t\t<\/dd><\/dl><dl class='gallery-item'>\n\t\t\t<dt class='gallery-icon landscape'>\n\t\t\t\t<a href='https:\/\/www.ufmg.br\/ufmgjovem\/2021\/wp-content\/uploads\/2021\/08\/Samira-Siqueira-de-Souza-Santos-9-anos-estudante-do-3o-ano-do-Ensino-Fundamental-em-Belo-Horizonte-scaled.jpg'><img width=\"150\" height=\"150\" src=\"https:\/\/www.ufmg.br\/ufmgjovem\/2021\/wp-content\/uploads\/2021\/08\/Samira-Siqueira-de-Souza-Santos-9-anos-estudante-do-3o-ano-do-Ensino-Fundamental-em-Belo-Horizonte-150x150.jpg\" class=\"attachment-thumbnail size-thumbnail\" alt=\"desenho de Samira Siqueira de Souza Santos, 9 anos, estudante do 3\u00ba ano do Ensino Fundamental em Belo Horizonte\" loading=\"lazy\" aria-describedby=\"gallery-1-651\" data-attachment-id=\"651\" data-permalink=\"https:\/\/www.ufmg.br\/ufmgjovem\/2021\/samira-siqueira-de-souza-santos-9-anos-estudante-do-3o-ano-do-ensino-fundamental-em-belo-horizonte\/\" data-orig-file=\"https:\/\/www.ufmg.br\/ufmgjovem\/2021\/wp-content\/uploads\/2021\/08\/Samira-Siqueira-de-Souza-Santos-9-anos-estudante-do-3o-ano-do-Ensino-Fundamental-em-Belo-Horizonte-scaled.jpg\" data-orig-size=\"2560,1762\" data-comments-opened=\"1\" data-image-meta=\"{&quot;aperture&quot;:&quot;1.9&quot;,&quot;credit&quot;:&quot;&quot;,&quot;camera&quot;:&quot;SM-G610M&quot;,&quot;caption&quot;:&quot;&quot;,&quot;created_timestamp&quot;:&quot;1625079683&quot;,&quot;copyright&quot;:&quot;&quot;,&quot;focal_length&quot;:&quot;3.6&quot;,&quot;iso&quot;:&quot;40&quot;,&quot;shutter_speed&quot;:&quot;0.0045248868778281&quot;,&quot;title&quot;:&quot;&quot;,&quot;orientation&quot;:&quot;1&quot;}\" data-image-title=\"Samira Siqueira de Souza Santos, 9 anos, Belo Horizonte\" data-image-description=\"&lt;p&gt;Samira Siqueira de Souza Santos, 9 anos, Belo Horizonte&lt;\/p&gt;\n\" data-image-caption=\"&lt;p&gt;Samira Siqueira de Souza Santos, 9 anos, Belo Horizonte&lt;\/p&gt;\n\" data-medium-file=\"https:\/\/www.ufmg.br\/ufmgjovem\/2021\/wp-content\/uploads\/2021\/08\/Samira-Siqueira-de-Souza-Santos-9-anos-estudante-do-3o-ano-do-Ensino-Fundamental-em-Belo-Horizonte-300x206.jpg\" data-large-file=\"https:\/\/www.ufmg.br\/ufmgjovem\/2021\/wp-content\/uploads\/2021\/08\/Samira-Siqueira-de-Souza-Santos-9-anos-estudante-do-3o-ano-do-Ensino-Fundamental-em-Belo-Horizonte-1024x705.jpg\" \/><\/a>\n\t\t\t<\/dt>\n\t\t\t\t<dd class='wp-caption-text gallery-caption' id='gallery-1-651'>\n\t\t\t\tSamira Siqueira de Souza Santos, 9 anos, Belo Horizonte\n\t\t\t\t<\/dd><\/dl><dl class='gallery-item'>\n\t\t\t<dt class='gallery-icon landscape'>\n\t\t\t\t<a href='https:\/\/www.ufmg.br\/ufmgjovem\/2021\/wp-content\/uploads\/2021\/08\/Samuel-Lucas-Fernandes-de-Almeida-9-anos-estudante-do-3o-ano-do-Ensino-Fundamental-em-Belo-Horizonte-scaled.jpg'><img width=\"150\" height=\"150\" src=\"https:\/\/www.ufmg.br\/ufmgjovem\/2021\/wp-content\/uploads\/2021\/08\/Samuel-Lucas-Fernandes-de-Almeida-9-anos-estudante-do-3o-ano-do-Ensino-Fundamental-em-Belo-Horizonte-150x150.jpg\" class=\"attachment-thumbnail size-thumbnail\" alt=\"desenho de Samuel Lucas Fernandes de Almeida, 9 anos, estudante do 3\u00ba ano do Ensino Fundamental em Belo Horizonte\" loading=\"lazy\" aria-describedby=\"gallery-1-653\" data-attachment-id=\"653\" data-permalink=\"https:\/\/www.ufmg.br\/ufmgjovem\/2021\/samuel-lucas-fernandes-de-almeida-9-anos-estudante-do-3o-ano-do-ensino-fundamental-em-belo-horizonte\/\" data-orig-file=\"https:\/\/www.ufmg.br\/ufmgjovem\/2021\/wp-content\/uploads\/2021\/08\/Samuel-Lucas-Fernandes-de-Almeida-9-anos-estudante-do-3o-ano-do-Ensino-Fundamental-em-Belo-Horizonte-scaled.jpg\" data-orig-size=\"2560,2147\" data-comments-opened=\"1\" data-image-meta=\"{&quot;aperture&quot;:&quot;1.7&quot;,&quot;credit&quot;:&quot;&quot;,&quot;camera&quot;:&quot;SM-A305GT&quot;,&quot;caption&quot;:&quot;&quot;,&quot;created_timestamp&quot;:&quot;1626184939&quot;,&quot;copyright&quot;:&quot;&quot;,&quot;focal_length&quot;:&quot;3.92&quot;,&quot;iso&quot;:&quot;200&quot;,&quot;shutter_speed&quot;:&quot;0.016666666666667&quot;,&quot;title&quot;:&quot;&quot;,&quot;orientation&quot;:&quot;1&quot;}\" data-image-title=\"Samuel Lucas Fernandes de Almeida, 9 anos, Belo Horizonte\" data-image-description=\"&lt;p&gt;Samuel Lucas Fernandes de Almeida, 9 anos, Belo Horizonte&lt;\/p&gt;\n\" data-image-caption=\"&lt;p&gt;Samuel Lucas Fernandes de Almeida, 9 anos, Belo Horizonte&lt;\/p&gt;\n\" data-medium-file=\"https:\/\/www.ufmg.br\/ufmgjovem\/2021\/wp-content\/uploads\/2021\/08\/Samuel-Lucas-Fernandes-de-Almeida-9-anos-estudante-do-3o-ano-do-Ensino-Fundamental-em-Belo-Horizonte-300x252.jpg\" data-large-file=\"https:\/\/www.ufmg.br\/ufmgjovem\/2021\/wp-content\/uploads\/2021\/08\/Samuel-Lucas-Fernandes-de-Almeida-9-anos-estudante-do-3o-ano-do-Ensino-Fundamental-em-Belo-Horizonte-1024x859.jpg\" \/><\/a>\n\t\t\t<\/dt>\n\t\t\t\t<dd class='wp-caption-text gallery-caption' id='gallery-1-653'>\n\t\t\t\tSamuel Lucas Fernandes de Almeida, 9 anos, Belo Horizonte\n\t\t\t\t<\/dd><\/dl><br style=\"clear: both\" \/><dl class='gallery-item'>\n\t\t\t<dt class='gallery-icon portrait'>\n\t\t\t\t<a href='https:\/\/www.ufmg.br\/ufmgjovem\/2021\/wp-content\/uploads\/2021\/08\/Sofia-Diniz-da-Costa-9-anos-estudante-do-3o-ano-do-Ensino-Fundamental-em-Belo-Horizonte-scaled.jpg'><img width=\"150\" height=\"150\" src=\"https:\/\/www.ufmg.br\/ufmgjovem\/2021\/wp-content\/uploads\/2021\/08\/Sofia-Diniz-da-Costa-9-anos-estudante-do-3o-ano-do-Ensino-Fundamental-em-Belo-Horizonte-150x150.jpg\" class=\"attachment-thumbnail size-thumbnail\" alt=\"desenho de Sofia Diniz da Costa, 9 anos, estudante do 3\u00ba ano do Ensino Fundamental em Belo Horizonte\" loading=\"lazy\" aria-describedby=\"gallery-1-632\" data-attachment-id=\"632\" data-permalink=\"https:\/\/www.ufmg.br\/ufmgjovem\/2021\/sofia-diniz-da-costa-9-anos-estudante-do-3o-ano-do-ensino-fundamental-em-belo-horizonte\/\" data-orig-file=\"https:\/\/www.ufmg.br\/ufmgjovem\/2021\/wp-content\/uploads\/2021\/08\/Sofia-Diniz-da-Costa-9-anos-estudante-do-3o-ano-do-Ensino-Fundamental-em-Belo-Horizonte-scaled.jpg\" data-orig-size=\"2431,2560\" data-comments-opened=\"1\" data-image-meta=\"{&quot;aperture&quot;:&quot;1.9&quot;,&quot;credit&quot;:&quot;&quot;,&quot;camera&quot;:&quot;SM-G610M&quot;,&quot;caption&quot;:&quot;&quot;,&quot;created_timestamp&quot;:&quot;0&quot;,&quot;copyright&quot;:&quot;&quot;,&quot;focal_length&quot;:&quot;3.6&quot;,&quot;iso&quot;:&quot;125&quot;,&quot;shutter_speed&quot;:&quot;0.033333333333333&quot;,&quot;title&quot;:&quot;&quot;,&quot;orientation&quot;:&quot;1&quot;}\" data-image-title=\"Sofia Diniz da Costa, 9 anos, Belo Horizonte\" data-image-description=\"&lt;p&gt;Sofia Diniz da Costa, 9 anos, Belo Horizonte&lt;\/p&gt;\n\" data-image-caption=\"&lt;p&gt;Sofia Diniz da Costa, 9 anos, Belo Horizonte&lt;\/p&gt;\n\" data-medium-file=\"https:\/\/www.ufmg.br\/ufmgjovem\/2021\/wp-content\/uploads\/2021\/08\/Sofia-Diniz-da-Costa-9-anos-estudante-do-3o-ano-do-Ensino-Fundamental-em-Belo-Horizonte-285x300.jpg\" data-large-file=\"https:\/\/www.ufmg.br\/ufmgjovem\/2021\/wp-content\/uploads\/2021\/08\/Sofia-Diniz-da-Costa-9-anos-estudante-do-3o-ano-do-Ensino-Fundamental-em-Belo-Horizonte-972x1024.jpg\" \/><\/a>\n\t\t\t<\/dt>\n\t\t\t\t<dd class='wp-caption-text gallery-caption' id='gallery-1-632'>\n\t\t\t\tSofia Diniz da Costa, 9 anos, Belo Horizonte\n\t\t\t\t<\/dd><\/dl><dl class='gallery-item'>\n\t\t\t<dt class='gallery-icon portrait'>\n\t\t\t\t<a href='https:\/\/www.ufmg.br\/ufmgjovem\/2021\/wp-content\/uploads\/2021\/08\/Thaila-Oliveira-Junger-10-anos-estudante-do-5o-ano-do-Ensino-Fundamental-em-Belo-Horizonte.png'><img width=\"150\" height=\"150\" src=\"https:\/\/www.ufmg.br\/ufmgjovem\/2021\/wp-content\/uploads\/2021\/08\/Thaila-Oliveira-Junger-10-anos-estudante-do-5o-ano-do-Ensino-Fundamental-em-Belo-Horizonte-150x150.png\" class=\"attachment-thumbnail size-thumbnail\" alt=\"desenho de Thaila Oliveira Junger, 10 anos, estudante do 5\u00ba ano do Ensino Fundamental em Belo Horizonte\" loading=\"lazy\" aria-describedby=\"gallery-1-663\" data-attachment-id=\"663\" data-permalink=\"https:\/\/www.ufmg.br\/ufmgjovem\/2021\/thaila-oliveira-junger-10-anos-estudante-do-5o-ano-do-ensino-fundamental-em-belo-horizonte\/\" data-orig-file=\"https:\/\/www.ufmg.br\/ufmgjovem\/2021\/wp-content\/uploads\/2021\/08\/Thaila-Oliveira-Junger-10-anos-estudante-do-5o-ano-do-Ensino-Fundamental-em-Belo-Horizonte.png\" data-orig-size=\"904,1280\" data-comments-opened=\"1\" data-image-meta=\"{&quot;aperture&quot;:&quot;0&quot;,&quot;credit&quot;:&quot;&quot;,&quot;camera&quot;:&quot;&quot;,&quot;caption&quot;:&quot;&quot;,&quot;created_timestamp&quot;:&quot;0&quot;,&quot;copyright&quot;:&quot;&quot;,&quot;focal_length&quot;:&quot;0&quot;,&quot;iso&quot;:&quot;0&quot;,&quot;shutter_speed&quot;:&quot;0&quot;,&quot;title&quot;:&quot;&quot;,&quot;orientation&quot;:&quot;0&quot;}\" data-image-title=\"Thaila Oliveira Junger, 10 anos, Belo Horizonte\" data-image-description=\"&lt;p&gt;Thaila Oliveira Junger, 10 anos, Belo Horizonte&lt;\/p&gt;\n\" data-image-caption=\"&lt;p&gt;Thaila Oliveira Junger, 10 anos, Belo Horizonte&lt;\/p&gt;\n\" data-medium-file=\"https:\/\/www.ufmg.br\/ufmgjovem\/2021\/wp-content\/uploads\/2021\/08\/Thaila-Oliveira-Junger-10-anos-estudante-do-5o-ano-do-Ensino-Fundamental-em-Belo-Horizonte-212x300.png\" data-large-file=\"https:\/\/www.ufmg.br\/ufmgjovem\/2021\/wp-content\/uploads\/2021\/08\/Thaila-Oliveira-Junger-10-anos-estudante-do-5o-ano-do-Ensino-Fundamental-em-Belo-Horizonte-723x1024.png\" \/><\/a>\n\t\t\t<\/dt>\n\t\t\t\t<dd class='wp-caption-text gallery-caption' id='gallery-1-663'>\n\t\t\t\tThaila Oliveira Junger, 10 anos, Belo Horizonte\n\t\t\t\t<\/dd><\/dl><dl class='gallery-item'>\n\t\t\t<dt class='gallery-icon landscape'>\n\t\t\t\t<a href='https:\/\/www.ufmg.br\/ufmgjovem\/2021\/wp-content\/uploads\/2021\/08\/Vitor-Dutra-Silva-9-anos-estudante-do-3o-ano-do-Ensino-Fundamental-em-Belo-Horizonte-scaled.jpg'><img width=\"150\" height=\"150\" src=\"https:\/\/www.ufmg.br\/ufmgjovem\/2021\/wp-content\/uploads\/2021\/08\/Vitor-Dutra-Silva-9-anos-estudante-do-3o-ano-do-Ensino-Fundamental-em-Belo-Horizonte-150x150.jpg\" class=\"attachment-thumbnail size-thumbnail\" alt=\"desenho de Vitor Dutra Silva, 9 anos, estudante do 3\u00ba ano do Ensino Fundamental em Belo Horizonte\" loading=\"lazy\" aria-describedby=\"gallery-1-652\" data-attachment-id=\"652\" data-permalink=\"https:\/\/www.ufmg.br\/ufmgjovem\/2021\/vitor-dutra-silva-9-anos-estudante-do-3o-ano-do-ensino-fundamental-em-belo-horizonte\/\" data-orig-file=\"https:\/\/www.ufmg.br\/ufmgjovem\/2021\/wp-content\/uploads\/2021\/08\/Vitor-Dutra-Silva-9-anos-estudante-do-3o-ano-do-Ensino-Fundamental-em-Belo-Horizonte-scaled.jpg\" data-orig-size=\"2560,1453\" data-comments-opened=\"1\" data-image-meta=\"{&quot;aperture&quot;:&quot;2&quot;,&quot;credit&quot;:&quot;&quot;,&quot;camera&quot;:&quot;moto g(8) play&quot;,&quot;caption&quot;:&quot;&quot;,&quot;created_timestamp&quot;:&quot;1626075220&quot;,&quot;copyright&quot;:&quot;&quot;,&quot;focal_length&quot;:&quot;3.543&quot;,&quot;iso&quot;:&quot;558&quot;,&quot;shutter_speed&quot;:&quot;0.074998&quot;,&quot;title&quot;:&quot;&quot;,&quot;orientation&quot;:&quot;1&quot;}\" data-image-title=\"Vitor Dutra Silva, 9 anos, Belo Horizonte\" data-image-description=\"&lt;p&gt;Vitor Dutra Silva, 9 anos, Belo Horizonte&lt;\/p&gt;\n\" data-image-caption=\"&lt;p&gt;Vitor Dutra Silva, 9 anos, Belo Horizonte&lt;\/p&gt;\n\" data-medium-file=\"https:\/\/www.ufmg.br\/ufmgjovem\/2021\/wp-content\/uploads\/2021\/08\/Vitor-Dutra-Silva-9-anos-estudante-do-3o-ano-do-Ensino-Fundamental-em-Belo-Horizonte-300x170.jpg\" data-large-file=\"https:\/\/www.ufmg.br\/ufmgjovem\/2021\/wp-content\/uploads\/2021\/08\/Vitor-Dutra-Silva-9-anos-estudante-do-3o-ano-do-Ensino-Fundamental-em-Belo-Horizonte-1024x581.jpg\" \/><\/a>\n\t\t\t<\/dt>\n\t\t\t\t<dd class='wp-caption-text gallery-caption' id='gallery-1-652'>\n\t\t\t\tVitor Dutra Silva, 9 anos, Belo Horizonte\n\t\t\t\t<\/dd><\/dl><br style=\"clear: both\" \/><dl class='gallery-item'>\n\t\t\t<dt class='gallery-icon landscape'>\n\t\t\t\t<a href='https:\/\/www.ufmg.br\/ufmgjovem\/2021\/wp-content\/uploads\/2021\/08\/Miguel-Coelho-Nicodemos-Goncalves-10-anos-estudante-do-4o-ano-do-Ensino-Fundamental-em-Belo-Horizonte.jpg'><img width=\"150\" height=\"150\" src=\"https:\/\/www.ufmg.br\/ufmgjovem\/2021\/wp-content\/uploads\/2021\/08\/Miguel-Coelho-Nicodemos-Goncalves-10-anos-estudante-do-4o-ano-do-Ensino-Fundamental-em-Belo-Horizonte-150x150.jpg\" class=\"attachment-thumbnail size-thumbnail\" alt=\"Yasmin Emanuelle Ferreira Fl\u00f4res, 10 anos, estudante do 4\u00ba ano do Ensino Fundamental em Belo Horizonte\" loading=\"lazy\" aria-describedby=\"gallery-1-654\" data-attachment-id=\"654\" data-permalink=\"https:\/\/www.ufmg.br\/ufmgjovem\/2021\/miguel-coelho-nicodemos-goncalves-10-anos-estudante-do-4o-ano-do-ensino-fundamental-em-belo-horizonte\/\" data-orig-file=\"https:\/\/www.ufmg.br\/ufmgjovem\/2021\/wp-content\/uploads\/2021\/08\/Miguel-Coelho-Nicodemos-Goncalves-10-anos-estudante-do-4o-ano-do-Ensino-Fundamental-em-Belo-Horizonte.jpg\" data-orig-size=\"2536,1758\" data-comments-opened=\"1\" data-image-meta=\"{&quot;aperture&quot;:&quot;0&quot;,&quot;credit&quot;:&quot;&quot;,&quot;camera&quot;:&quot;&quot;,&quot;caption&quot;:&quot;&quot;,&quot;created_timestamp&quot;:&quot;0&quot;,&quot;copyright&quot;:&quot;&quot;,&quot;focal_length&quot;:&quot;0&quot;,&quot;iso&quot;:&quot;0&quot;,&quot;shutter_speed&quot;:&quot;0&quot;,&quot;title&quot;:&quot;&quot;,&quot;orientation&quot;:&quot;0&quot;}\" data-image-title=\"Yasmin Emanuelle Ferreira Fl\u00f4res, 10 anos, Belo Horizonte\" data-image-description=\"&lt;p&gt;Yasmin Emanuelle Ferreira Fl\u00f4res, 10 anos, Belo Horizonte&lt;\/p&gt;\n\" data-image-caption=\"&lt;p&gt;Yasmin Emanuelle Ferreira Fl\u00f4res, 10 anos, Belo Horizonte&lt;\/p&gt;\n\" data-medium-file=\"https:\/\/www.ufmg.br\/ufmgjovem\/2021\/wp-content\/uploads\/2021\/08\/Miguel-Coelho-Nicodemos-Goncalves-10-anos-estudante-do-4o-ano-do-Ensino-Fundamental-em-Belo-Horizonte-300x208.jpg\" data-large-file=\"https:\/\/www.ufmg.br\/ufmgjovem\/2021\/wp-content\/uploads\/2021\/08\/Miguel-Coelho-Nicodemos-Goncalves-10-anos-estudante-do-4o-ano-do-Ensino-Fundamental-em-Belo-Horizonte-1024x710.jpg\" \/><\/a>\n\t\t\t<\/dt>\n\t\t\t\t<dd class='wp-caption-text gallery-caption' id='gallery-1-654'>\n\t\t\t\tYasmin Emanuelle Ferreira Fl\u00f4res, 10 anos, Belo Horizonte\n\t\t\t\t<\/dd><\/dl>\n\t\t\t<br style='clear: both' \/>\n\t\t<\/div>\n\n","protected":false},"excerpt":{"rendered":"<p>Clique nas imagens para ampliar<\/p>\n","protected":false},"author":1,"featured_media":0,"parent":230,"menu_order":1,"comment_status":"closed","ping_status":"closed","template":"","meta":{"spay_email":""},"_links":{"self":[{"href":"https:\/\/www.ufmg.br\/ufmgjovem\/2021\/wp-json\/wp\/v2\/pages\/580"}],"collection":[{"href":"https:\/\/www.ufmg.br\/ufmgjovem\/2021\/wp-json\/wp\/v2\/pages"}],"about":[{"href":"https:\/\/www.ufmg.br\/ufmgjovem\/2021\/wp-json\/wp\/v2\/types\/page"}],"author":[{"embeddable":true,"href":"https:\/\/www.ufmg.br\/ufmgjovem\/2021\/wp-json\/wp\/v2\/users\/1"}],"replies":[{"embeddable":true,"href":"https:\/\/www.ufmg.br\/ufmgjovem\/2021\/wp-json\/wp\/v2\/comments?post=580"}],"version-history":[{"count":16,"href":"https:\/\/www.ufmg.br\/ufmgjovem\/2021\/wp-json\/wp\/v2\/pages\/580\/revisions"}],"predecessor-version":[{"id":968,"href":"https:\/\/www.ufmg.br\/ufmgjovem\/2021\/wp-json\/wp\/v2\/pages\/580\/revisions\/968"}],"up":[{"embeddable":true,"href":"https:\/\/www.ufmg.br\/ufmgjovem\/2021\/wp-json\/wp\/v2\/pages\/230"}],"wp:attachment":[{"href":"https:\/\/www.ufmg.br\/ufmgjovem\/2021\/wp-json\/wp\/v2\/media?parent=580"}],"curies":[{"name":"wp","href":"https:\/\/api.w.org\/{rel}","templated":true}]}}