{"id":243,"date":"2021-05-30T15:25:17","date_gmt":"2021-05-30T18:25:17","guid":{"rendered":"https:\/\/www.ufmg.br\/ufmgjovem\/?page_id=243"},"modified":"2025-10-07T12:32:07","modified_gmt":"2025-10-07T15:32:07","slug":"conversa-com-cientistas","status":"publish","type":"page","link":"https:\/\/www.ufmg.br\/ufmgjovem\/conversa-com-cientistas\/","title":{"rendered":"Conversa com Cientistas"},"content":{"rendered":"<p>Neste ano, a atividade <b>Conversa com Cientistas<\/b> acontecer\u00e1 em um formato expandido, com <b>6 atividades simult\u00e2neas,<\/b> todas na <strong>quinta-feira 09\/10<\/strong>!<\/p>\n<p>Em cada sess\u00e3o, um(a) <b>cientista da UFMG<\/b> estar\u00e1 presente para conversar com o p\u00fablico da UFMG Jovem sobre temas atuais e fascinantes.<\/p>\n<p>Para participar, basta escolher a conversa de seu interesse e <b>clicar no formul\u00e1rio de inscri\u00e7\u00e3o<\/b> correspondente a ela. Garanta sua vaga! \ud83d\udca1<\/p>\n<hr \/>\n<h2>Origem do Sistema Solar<\/h2>\n<p><strong>Local:\u00a0<\/strong>Audit\u00f3rio do ICB<\/p>\n<p><strong>Hor\u00e1rio<\/strong>: 14 horas<\/p>\n<p><strong>Inscri\u00e7\u00f5es<\/strong>: <a href=\"https:\/\/eventos.ufmg.br\/event\/2\/registrations\/69\/\" target=\"_blank\" rel=\"noopener\">https:\/\/eventos.ufmg.br\/event\/2\/registrations\/69\/<\/a><\/p>\n<p><strong>Cientista:\u00a0<\/strong>Bonnie Zaire<\/p>\n<p>Possui doutorado em astrof\u00edsica pela Universidade Paul-Sabatier (2021), mestrado em F\u00edsica pela Universidade Federal de Minas Gerais (2018) e gradua\u00e7\u00e3o em F\u00edsica pela Universidade Federal de Minas Gerais (2015). Realizou p\u00f3s-doutorado na Universidade Federal de Minas Gerais (2022-2024), sendo financiada pela bolsa Jovens Talentos do programa CAPES PrInt. Atualmente \u00e9 Professora Adjunta do departamento de f\u00edsica da Universidade Federal de Minas Gerais. Possui experi\u00eancia na \u00e1rea de astronomia, com \u00eanfase no magnetismo de estrelas de baixa massa na pr\u00e9-sequ\u00eancia principal e sequ\u00eancia principal, especialmente no que diz respeito \u00e0 evolu\u00e7\u00e3o da morfologia magn\u00e9tica ao longo da vida da estrela. Atua principalmente com a an\u00e1lise de estrelas por meio de espectroscopia e espectro-polarimetria dealta resolu\u00e7\u00e3o, tanto no \u00f3ptico quanto no infravermelho pr\u00f3ximo. Seus principais interesses incluem a reconstru\u00e7\u00e3o de campos magn\u00e9ticos em grande escala na superf\u00edcie estelar, o estudo de indicadores de atividade magn\u00e9tica e, recentemente, a busca de exoplanetas ao redor de estrelas jovens. Anteriormente, trabalhou com simula\u00e7\u00f5es de d\u00ednamo global para estudar a amplifica\u00e7\u00e3o e evolu\u00e7\u00e3o do campo magn\u00e9tico em simetria esf\u00e9rica<\/p>\n<p><img loading=\"lazy\" decoding=\"async\" data-attachment-id=\"2592\" data-permalink=\"https:\/\/www.ufmg.br\/ufmgjovem\/conversa-com-cientistas\/1-bonnie-zaire\/\" data-orig-file=\"https:\/\/www.ufmg.br\/ufmgjovem\/wp-content\/uploads\/2025\/10\/1-Bonnie-Zaire.jpg\" data-orig-size=\"1001,1280\" data-comments-opened=\"1\" data-image-meta=\"{&quot;aperture&quot;:&quot;0&quot;,&quot;credit&quot;:&quot;&quot;,&quot;camera&quot;:&quot;&quot;,&quot;caption&quot;:&quot;&quot;,&quot;created_timestamp&quot;:&quot;0&quot;,&quot;copyright&quot;:&quot;&quot;,&quot;focal_length&quot;:&quot;0&quot;,&quot;iso&quot;:&quot;0&quot;,&quot;shutter_speed&quot;:&quot;0&quot;,&quot;title&quot;:&quot;&quot;,&quot;orientation&quot;:&quot;0&quot;}\" data-image-title=\"1 Bonnie Zaire\" data-image-description=\"\" data-image-caption=\"\" data-medium-file=\"https:\/\/www.ufmg.br\/ufmgjovem\/wp-content\/uploads\/2025\/10\/1-Bonnie-Zaire-235x300.jpg\" data-large-file=\"https:\/\/www.ufmg.br\/ufmgjovem\/wp-content\/uploads\/2025\/10\/1-Bonnie-Zaire-801x1024.jpg\" class=\"size-medium wp-image-2592 aligncenter\" src=\"https:\/\/www.ufmg.br\/ufmgjovem\/wp-content\/uploads\/2025\/10\/1-Bonnie-Zaire-235x300.jpg\" alt=\"\" width=\"235\" height=\"300\" srcset=\"https:\/\/www.ufmg.br\/ufmgjovem\/wp-content\/uploads\/2025\/10\/1-Bonnie-Zaire-235x300.jpg 235w, https:\/\/www.ufmg.br\/ufmgjovem\/wp-content\/uploads\/2025\/10\/1-Bonnie-Zaire-801x1024.jpg 801w, https:\/\/www.ufmg.br\/ufmgjovem\/wp-content\/uploads\/2025\/10\/1-Bonnie-Zaire-768x982.jpg 768w, https:\/\/www.ufmg.br\/ufmgjovem\/wp-content\/uploads\/2025\/10\/1-Bonnie-Zaire.jpg 1001w\" sizes=\"(max-width: 235px) 100vw, 235px\" \/><\/p>\n<p><strong>Cientista: <\/strong>Silvia Alencar<\/p>\n<p>Possui Gradua\u00e7\u00e3o (1993), Mestrado (1995) e Doutorado (2000) em F\u00edsica pela Universidade Federal de Minas Gerais (UFMG), tendo realizado doutorado sandu\u00edche na Universidade da Calif\u00f3rnia em Berkeley. Realizou p\u00f3s-doutorado no IAG-USP, na UFMG e no IPAG (Fran\u00e7a). Atualmente \u00e9 professora titular da UFMG e atua na \u00e1rea de Astrof\u00edsica Estelar, com \u00eanfase em forma\u00e7\u00e3o de estrelas e planetas, intera\u00e7\u00e3o disco-estrela e variabilidade fotom\u00e9trica e espectrosc\u00f3pica.<\/p>\n<p><img loading=\"lazy\" decoding=\"async\" data-attachment-id=\"2590\" data-permalink=\"https:\/\/www.ufmg.br\/ufmgjovem\/conversa-com-cientistas\/1-silvia-alencar\/\" data-orig-file=\"https:\/\/www.ufmg.br\/ufmgjovem\/wp-content\/uploads\/2025\/10\/1-Silvia-Alencar.jpg\" data-orig-size=\"1401,1552\" data-comments-opened=\"1\" data-image-meta=\"{&quot;aperture&quot;:&quot;2.4&quot;,&quot;credit&quot;:&quot;&quot;,&quot;camera&quot;:&quot;iPhone 5&quot;,&quot;caption&quot;:&quot;&quot;,&quot;created_timestamp&quot;:&quot;1476696307&quot;,&quot;copyright&quot;:&quot;&quot;,&quot;focal_length&quot;:&quot;4.12&quot;,&quot;iso&quot;:&quot;64&quot;,&quot;shutter_speed&quot;:&quot;0.05&quot;,&quot;title&quot;:&quot;&quot;,&quot;orientation&quot;:&quot;0&quot;}\" data-image-title=\"1 Silvia Alencar\" data-image-description=\"\" data-image-caption=\"\" data-medium-file=\"https:\/\/www.ufmg.br\/ufmgjovem\/wp-content\/uploads\/2025\/10\/1-Silvia-Alencar-271x300.jpg\" data-large-file=\"https:\/\/www.ufmg.br\/ufmgjovem\/wp-content\/uploads\/2025\/10\/1-Silvia-Alencar-924x1024.jpg\" class=\"alignnone size-medium wp-image-2590 aligncenter\" src=\"https:\/\/www.ufmg.br\/ufmgjovem\/wp-content\/uploads\/2025\/10\/1-Silvia-Alencar-271x300.jpg\" alt=\"\" width=\"271\" height=\"300\" srcset=\"https:\/\/www.ufmg.br\/ufmgjovem\/wp-content\/uploads\/2025\/10\/1-Silvia-Alencar-271x300.jpg 271w, https:\/\/www.ufmg.br\/ufmgjovem\/wp-content\/uploads\/2025\/10\/1-Silvia-Alencar-924x1024.jpg 924w, https:\/\/www.ufmg.br\/ufmgjovem\/wp-content\/uploads\/2025\/10\/1-Silvia-Alencar-768x851.jpg 768w, https:\/\/www.ufmg.br\/ufmgjovem\/wp-content\/uploads\/2025\/10\/1-Silvia-Alencar-1387x1536.jpg 1387w, https:\/\/www.ufmg.br\/ufmgjovem\/wp-content\/uploads\/2025\/10\/1-Silvia-Alencar.jpg 1401w\" sizes=\"(max-width: 271px) 100vw, 271px\" \/><\/p>\n<hr \/>\n<h2>Entre dinossauros e mamutes: o que um paleont\u00f3logo estuda?<\/h2>\n<p><strong>Local:\u00a0<\/strong>Arena da FAFICH<\/p>\n<p><strong>Hor\u00e1rio<\/strong>: 14 horas<\/p>\n<p><strong>Inscri\u00e7\u00f5es<\/strong>: <a href=\"https:\/\/eventos.ufmg.br\/event\/2\/registrations\/70\/\" target=\"_blank\" rel=\"noopener\">https:\/\/eventos.ufmg.br\/event\/2\/registrations\/70\/<\/a><\/p>\n<p><strong>Cientista: <\/strong>Vicente Sousa<\/p>\n<p>Meu nome \u00e9 Vicente Sousa, nasci em Curvelo &#8211; Minas Gerais e desde muito novo sempre gostei de ci\u00eancias. Eu amava ir a museus, ler livros e ver programas de TV com tem\u00e1ticas cient\u00edficas, mas quando fui decidir a minha profiss\u00e3o, n\u00e3o tive certeza de qual \u00e1rea da ci\u00eancia eu iria estudar. Iniciei na Qu\u00edmica, mas ap\u00f3s 3 anos, resolvi mudar para Ci\u00eancias Biol\u00f3gicas, onde me formei aqui na UFMG. Hoje fa\u00e7o mestrado no Instituto de Geoci\u00eancias, pesquisando na \u00e1rea da Paleontologia.<\/p>\n<p><img loading=\"lazy\" decoding=\"async\" data-attachment-id=\"2591\" data-permalink=\"https:\/\/www.ufmg.br\/ufmgjovem\/conversa-com-cientistas\/2-vicente-souza\/\" data-orig-file=\"https:\/\/www.ufmg.br\/ufmgjovem\/wp-content\/uploads\/2025\/10\/2-Vicente-Souza-scaled.jpg\" data-orig-size=\"1898,2560\" data-comments-opened=\"1\" data-image-meta=\"{&quot;aperture&quot;:&quot;2.45&quot;,&quot;credit&quot;:&quot;&quot;,&quot;camera&quot;:&quot;2201117TG&quot;,&quot;caption&quot;:&quot;&quot;,&quot;created_timestamp&quot;:&quot;1757436761&quot;,&quot;copyright&quot;:&quot;&quot;,&quot;focal_length&quot;:&quot;3.5&quot;,&quot;iso&quot;:&quot;63&quot;,&quot;shutter_speed&quot;:&quot;0.025&quot;,&quot;title&quot;:&quot;&quot;,&quot;orientation&quot;:&quot;1&quot;}\" data-image-title=\"2 Vicente Souza\" data-image-description=\"\" data-image-caption=\"\" data-medium-file=\"https:\/\/www.ufmg.br\/ufmgjovem\/wp-content\/uploads\/2025\/10\/2-Vicente-Souza-222x300.jpg\" data-large-file=\"https:\/\/www.ufmg.br\/ufmgjovem\/wp-content\/uploads\/2025\/10\/2-Vicente-Souza-759x1024.jpg\" class=\"size-medium wp-image-2591 aligncenter\" src=\"https:\/\/www.ufmg.br\/ufmgjovem\/wp-content\/uploads\/2025\/10\/2-Vicente-Souza-222x300.jpg\" alt=\"\" width=\"222\" height=\"300\" srcset=\"https:\/\/www.ufmg.br\/ufmgjovem\/wp-content\/uploads\/2025\/10\/2-Vicente-Souza-222x300.jpg 222w, https:\/\/www.ufmg.br\/ufmgjovem\/wp-content\/uploads\/2025\/10\/2-Vicente-Souza-759x1024.jpg 759w, https:\/\/www.ufmg.br\/ufmgjovem\/wp-content\/uploads\/2025\/10\/2-Vicente-Souza-768x1036.jpg 768w, https:\/\/www.ufmg.br\/ufmgjovem\/wp-content\/uploads\/2025\/10\/2-Vicente-Souza-1139x1536.jpg 1139w, https:\/\/www.ufmg.br\/ufmgjovem\/wp-content\/uploads\/2025\/10\/2-Vicente-Souza-1518x2048.jpg 1518w, https:\/\/www.ufmg.br\/ufmgjovem\/wp-content\/uploads\/2025\/10\/2-Vicente-Souza-scaled.jpg 1898w\" sizes=\"(max-width: 222px) 100vw, 222px\" \/><\/p>\n<hr \/>\n<h2>Desafios e o papel da Universidade para desenvolver vacinas humanas e veterin\u00e1rias<\/h2>\n<p><strong>Local:\u00a0<\/strong>Audit\u00f3rio do ICB<\/p>\n<p><strong>Hor\u00e1rio:\u00a0<\/strong>15 horas<\/p>\n<p><strong>Inscri\u00e7\u00f5es:<\/strong> <a href=\"https:\/\/eventos.ufmg.br\/event\/2\/registrations\/73\/\" target=\"_blank\" rel=\"noopener\">https:\/\/eventos.ufmg.br\/event\/2\/registrations\/73\/<\/a><\/p>\n<p><strong>Cientista:<\/strong> Rodolfo Giunchetti<\/p>\n<p>Possui gradua\u00e7\u00e3o em Medicina Veterin\u00e1ria pela Universidade Federal de Minas Gerais (2002), Mestrado em Parasitologia (Imunoparasitologia) pela Universidade Federal de Minas Gerais (2004) e Doutorado em Ci\u00eancias Biol\u00f3gicas (Imunobiologia de Protozo\u00e1rios) pela Universidade Federal de Ouro Preto (2007). Desenvolveu trabalho de P\u00f3s-Doutorado em Imunologia (Desenvolvimento e Teste de Vacinas) no Instituto Ren\u00e9 Rachou (FIOCRUZ\/MG). Atualmente \u00e9 Professor Adjunto III de Biologia Celular e Histologia na Universidade Federal de Minas Gerais (UFMG\/MG). \u00c9 orientador no Programa de P\u00f3s-Gradua\u00e7\u00e3o em Biotecnologia\/UFOP, no Programa de P\u00f3s-Gradua\u00e7\u00e3o em Ci\u00eancias Biol\u00f3gicas\/UFOP, no Programa de P\u00f3s-Gradua\u00e7\u00e3o em Parasitologia\/UFMG e no Programa de P\u00f3s-Gradua\u00e7\u00e3o em Biologia Celular\/UFMG, atuando no desenvolvimento e teste de processos e produtos contra Leishmaniose Visceral. Fundou em 2016 a Biostartup Vet Solutions, com foco na produ\u00e7\u00e3o da vacina terap\u00eautica contra leishmaniose visceral canina. Tem experi\u00eancia na \u00e1rea de Parasitologia (Imunopatologia e Imunobiologia de Protozo\u00e1rios); desenvolvimento de imunobiol\u00f3gicos para o controle de insetos hemat\u00f3fagos induzindo o bloqueio da transmiss\u00e3o de pat\u00f3genos; Morfologia; com \u00eanfase em desenvolvimento de produtos e processos, diagn\u00f3stico e ensaios cl\u00ednicos e pr\u00e9-cl\u00ednicos vacinais anti-Leishmania, modelos experimentais, adjuvantes, testes de drogas, histologia e imunopatologia da leishmaniose visceral canina, atuando principalmente nos seguintes temas: biotecnologia, ensaios pr\u00e9-cl\u00ednicos vacinais, desenvolvimento de produtos e processos destinados a vacina contra doen\u00e7as de interesse m\u00e9dico e veterin\u00e1rio, combate a insetos hemat\u00f3fagos e bloqueio da transmiss\u00e3o de pat\u00f3genos por estes vetores, tratamento e diagn\u00f3stico das leishmanioses, leishmaniose visceral canina, Leishmania chagasi, imunofenotipagem, imunopatologia, biomarcadores.<\/p>\n<p><img loading=\"lazy\" decoding=\"async\" data-attachment-id=\"2606\" data-permalink=\"https:\/\/www.ufmg.br\/ufmgjovem\/conversa-com-cientistas\/4-rodolfo-giunchetti\/\" data-orig-file=\"https:\/\/www.ufmg.br\/ufmgjovem\/wp-content\/uploads\/2025\/10\/4-Rodolfo-Giunchetti.jpeg\" data-orig-size=\"538,364\" data-comments-opened=\"1\" data-image-meta=\"{&quot;aperture&quot;:&quot;0&quot;,&quot;credit&quot;:&quot;&quot;,&quot;camera&quot;:&quot;&quot;,&quot;caption&quot;:&quot;&quot;,&quot;created_timestamp&quot;:&quot;0&quot;,&quot;copyright&quot;:&quot;&quot;,&quot;focal_length&quot;:&quot;0&quot;,&quot;iso&quot;:&quot;0&quot;,&quot;shutter_speed&quot;:&quot;0&quot;,&quot;title&quot;:&quot;&quot;,&quot;orientation&quot;:&quot;0&quot;}\" data-image-title=\"4 Rodolfo Giunchetti\" data-image-description=\"\" data-image-caption=\"\" data-medium-file=\"https:\/\/www.ufmg.br\/ufmgjovem\/wp-content\/uploads\/2025\/10\/4-Rodolfo-Giunchetti-300x203.jpeg\" data-large-file=\"https:\/\/www.ufmg.br\/ufmgjovem\/wp-content\/uploads\/2025\/10\/4-Rodolfo-Giunchetti.jpeg\" class=\"size-medium wp-image-2606 aligncenter\" src=\"https:\/\/www.ufmg.br\/ufmgjovem\/wp-content\/uploads\/2025\/10\/4-Rodolfo-Giunchetti-300x203.jpeg\" alt=\"\" width=\"300\" height=\"203\" srcset=\"https:\/\/www.ufmg.br\/ufmgjovem\/wp-content\/uploads\/2025\/10\/4-Rodolfo-Giunchetti-300x203.jpeg 300w, https:\/\/www.ufmg.br\/ufmgjovem\/wp-content\/uploads\/2025\/10\/4-Rodolfo-Giunchetti.jpeg 538w\" sizes=\"(max-width: 300px) 100vw, 300px\" \/><\/p>\n<hr \/>\n<h2>O mundo dos transistores<\/h2>\n<p><strong>Local:\u00a0<\/strong>Arena do ICEX<\/p>\n<p><strong>Hor\u00e1rio<\/strong>: 14 horas<\/p>\n<p><strong>Inscri\u00e7\u00f5es<\/strong>: <a href=\"https:\/\/eventos.ufmg.br\/event\/2\/registrations\/71\/\" target=\"_blank\" rel=\"noopener\">https:\/\/eventos.ufmg.br\/event\/2\/registrations\/71\/<\/a><\/p>\n<p><strong>Cientista: <\/strong>Dalton Martini Colombo<\/p>\n<p>Dalton Martini Colombo \u00e9 professor do Departamento de Engenharia El\u00e9trica da Escola de Engenharia da UFMG desde 2018. O foco de sua pesquisa \u00e9 o desenvolvimento de circuitos eletr\u00f4nicos integrados, comumente chamados de \u201cchips\u201d. Seus projetos de pesquisa t\u00eam financiamento da FAPEMIG, do Instituto Serrapilheira e do CNPq.<\/p>\n<p><img loading=\"lazy\" decoding=\"async\" data-attachment-id=\"2622\" data-permalink=\"https:\/\/www.ufmg.br\/ufmgjovem\/conversa-com-cientistas\/3-dalton\/\" data-orig-file=\"https:\/\/www.ufmg.br\/ufmgjovem\/wp-content\/uploads\/2025\/10\/3-Dalton-scaled.jpg\" data-orig-size=\"2560,2472\" data-comments-opened=\"1\" data-image-meta=\"{&quot;aperture&quot;:&quot;0&quot;,&quot;credit&quot;:&quot;&quot;,&quot;camera&quot;:&quot;&quot;,&quot;caption&quot;:&quot;&quot;,&quot;created_timestamp&quot;:&quot;0&quot;,&quot;copyright&quot;:&quot;&quot;,&quot;focal_length&quot;:&quot;0&quot;,&quot;iso&quot;:&quot;0&quot;,&quot;shutter_speed&quot;:&quot;0&quot;,&quot;title&quot;:&quot;&quot;,&quot;orientation&quot;:&quot;0&quot;}\" data-image-title=\"3 Dalton\" data-image-description=\"\" data-image-caption=\"\" data-medium-file=\"https:\/\/www.ufmg.br\/ufmgjovem\/wp-content\/uploads\/2025\/10\/3-Dalton-300x290.jpg\" data-large-file=\"https:\/\/www.ufmg.br\/ufmgjovem\/wp-content\/uploads\/2025\/10\/3-Dalton-1024x989.jpg\" class=\"alignnone size-medium wp-image-2622\" src=\"https:\/\/www.ufmg.br\/ufmgjovem\/wp-content\/uploads\/2025\/10\/3-Dalton-300x290.jpg\" alt=\"\" width=\"300\" height=\"290\" srcset=\"https:\/\/www.ufmg.br\/ufmgjovem\/wp-content\/uploads\/2025\/10\/3-Dalton-300x290.jpg 300w, https:\/\/www.ufmg.br\/ufmgjovem\/wp-content\/uploads\/2025\/10\/3-Dalton-1024x989.jpg 1024w, https:\/\/www.ufmg.br\/ufmgjovem\/wp-content\/uploads\/2025\/10\/3-Dalton-768x742.jpg 768w, https:\/\/www.ufmg.br\/ufmgjovem\/wp-content\/uploads\/2025\/10\/3-Dalton-1536x1483.jpg 1536w, https:\/\/www.ufmg.br\/ufmgjovem\/wp-content\/uploads\/2025\/10\/3-Dalton-2048x1978.jpg 2048w\" sizes=\"(max-width: 300px) 100vw, 300px\" \/><\/p>\n<hr \/>\n<h2>Jornalismo e Ci\u00eancia contra Fake News: como n\u00e3o cair em mentiras?<\/h2>\n<p><strong>Local:\u00a0<\/strong>Arena da FAFICH<\/p>\n<p><span data-contrast=\"auto\"><strong>Hor\u00e1rio<\/strong>: 15 horas<\/span><span data-ccp-props=\"{&quot;134245417&quot;:true,&quot;335551550&quot;:1,&quot;335551620&quot;:1,&quot;335559738&quot;:0,&quot;335559739&quot;:0}\">\u00a0<\/span><\/p>\n<p><span data-contrast=\"auto\"><strong>Inscri\u00e7\u00f5es<\/strong>: <a href=\"https:\/\/eventos.ufmg.br\/event\/2\/registrations\/\" target=\"_blank\" rel=\"noopener\">https:\/\/eventos.ufmg.br\/event\/2\/registrations<\/a><\/span><span data-ccp-props=\"{&quot;134245417&quot;:true,&quot;335551550&quot;:1,&quot;335551620&quot;:1,&quot;335559738&quot;:0,&quot;335559739&quot;:0}\">\u00a0<\/span><\/p>\n<p><strong>Cientista: <\/strong>Diego de Deus<\/p>\n<p>Mestre e doutorando em Comunica\u00e7\u00e3o Social pela UFMG e jornalista pela Unifae. Pesquisa desinforma\u00e7\u00e3o, educa\u00e7\u00e3o midi\u00e1tica, crise epist\u00eamica e temas correlatos. \u00c9 integrante dos grupos MediA\u00e7\u00e3o (UFMG\/CNPq), Comunica\u00e7\u00e3o e Educa\u00e7\u00e3o (Intercom) e da Rede de Pesquisa em Semi\u00f3tica, Intera\u00e7\u00f5es e Materialidades Midi\u00e1ticas (Rede SIMM).<\/p>\n<p><img loading=\"lazy\" decoding=\"async\" data-attachment-id=\"2593\" data-permalink=\"https:\/\/www.ufmg.br\/ufmgjovem\/conversa-com-cientistas\/5-diego-de-deus\/\" data-orig-file=\"https:\/\/www.ufmg.br\/ufmgjovem\/wp-content\/uploads\/2025\/10\/5-Diego-de-Deus.jpg\" data-orig-size=\"926,1289\" data-comments-opened=\"1\" data-image-meta=\"{&quot;aperture&quot;:&quot;0&quot;,&quot;credit&quot;:&quot;&quot;,&quot;camera&quot;:&quot;&quot;,&quot;caption&quot;:&quot;&quot;,&quot;created_timestamp&quot;:&quot;0&quot;,&quot;copyright&quot;:&quot;&quot;,&quot;focal_length&quot;:&quot;0&quot;,&quot;iso&quot;:&quot;0&quot;,&quot;shutter_speed&quot;:&quot;0&quot;,&quot;title&quot;:&quot;&quot;,&quot;orientation&quot;:&quot;0&quot;}\" data-image-title=\"5 Diego de Deus\" data-image-description=\"\" data-image-caption=\"\" data-medium-file=\"https:\/\/www.ufmg.br\/ufmgjovem\/wp-content\/uploads\/2025\/10\/5-Diego-de-Deus-216x300.jpg\" data-large-file=\"https:\/\/www.ufmg.br\/ufmgjovem\/wp-content\/uploads\/2025\/10\/5-Diego-de-Deus-736x1024.jpg\" class=\"size-medium wp-image-2593 aligncenter\" src=\"https:\/\/www.ufmg.br\/ufmgjovem\/wp-content\/uploads\/2025\/10\/5-Diego-de-Deus-216x300.jpg\" alt=\"\" width=\"216\" height=\"300\" srcset=\"https:\/\/www.ufmg.br\/ufmgjovem\/wp-content\/uploads\/2025\/10\/5-Diego-de-Deus-216x300.jpg 216w, https:\/\/www.ufmg.br\/ufmgjovem\/wp-content\/uploads\/2025\/10\/5-Diego-de-Deus-736x1024.jpg 736w, https:\/\/www.ufmg.br\/ufmgjovem\/wp-content\/uploads\/2025\/10\/5-Diego-de-Deus-768x1069.jpg 768w, https:\/\/www.ufmg.br\/ufmgjovem\/wp-content\/uploads\/2025\/10\/5-Diego-de-Deus.jpg 926w\" sizes=\"(max-width: 216px) 100vw, 216px\" \/><\/p>\n<hr \/>\n<h2>Animais pe\u00e7onhentos!<\/h2>\n<p><strong>Local: <\/strong>Arena do ICEX<\/p>\n<p><strong>Hor\u00e1rio: <\/strong>15 horas<\/p>\n<p><strong>Inscri\u00e7\u00f5es:<\/strong> <a href=\"https:\/\/eventos.ufmg.br\/event\/2\/registrations\/74\/\" target=\"_blank\" rel=\"noopener\">https:\/\/eventos.ufmg.br\/event\/2\/registrations\/74\/<\/a><\/p>\n<p><strong>Cientista:\u00a0<\/strong>Leonardo Carvalho<\/p>\n<p><span class=\"TextRun SCXW258880600 BCX8\" lang=\"PT-BR\" xml:lang=\"PT-BR\" data-contrast=\"auto\"><span class=\"NormalTextRun SCXW258880600 BCX8\">Leonardo Carvalho \u00e9 bi\u00f3logo formado pela Pontif\u00edcia Universidade Cat\u00f3lica de Minas Gerais (PUC Minas), com mestrado em Biologia Celular pela Universidade Federal de Minas Gerais (UFMG). Atua nas \u00e1reas de biologia reprodutiva de serpentes neotropicais e divulga\u00e7\u00e3o cient\u00edfica sobre animais pe\u00e7onhentos. Possui experi\u00eancia em manuten\u00e7\u00e3o de acervos de cole\u00e7\u00f5es cient\u00edficas, t\u00e9cnicas histol\u00f3gicas e manejo de serpentes. Atualmente, \u00e9 bolsista de Desenvolvimento em Ci\u00eancia, Tecnologia e Inova\u00e7\u00e3o (BDCTI) no Laborat\u00f3rio de Herpetologia e Histologia Animal da Funda\u00e7\u00e3o Ezequiel Dias (Funed).<\/span><\/span><\/p>\n<p><img loading=\"lazy\" decoding=\"async\" data-attachment-id=\"2628\" data-permalink=\"https:\/\/www.ufmg.br\/ufmgjovem\/conversa-com-cientistas\/6-leonardo-carvalho\/\" data-orig-file=\"https:\/\/www.ufmg.br\/ufmgjovem\/wp-content\/uploads\/2025\/10\/6-Leonardo-Carvalho.jpg\" data-orig-size=\"959,1280\" data-comments-opened=\"1\" data-image-meta=\"{&quot;aperture&quot;:&quot;0&quot;,&quot;credit&quot;:&quot;&quot;,&quot;camera&quot;:&quot;&quot;,&quot;caption&quot;:&quot;&quot;,&quot;created_timestamp&quot;:&quot;0&quot;,&quot;copyright&quot;:&quot;&quot;,&quot;focal_length&quot;:&quot;0&quot;,&quot;iso&quot;:&quot;0&quot;,&quot;shutter_speed&quot;:&quot;0&quot;,&quot;title&quot;:&quot;&quot;,&quot;orientation&quot;:&quot;0&quot;}\" data-image-title=\"6 Leonardo Carvalho\" data-image-description=\"\" data-image-caption=\"\" data-medium-file=\"https:\/\/www.ufmg.br\/ufmgjovem\/wp-content\/uploads\/2025\/10\/6-Leonardo-Carvalho-225x300.jpg\" data-large-file=\"https:\/\/www.ufmg.br\/ufmgjovem\/wp-content\/uploads\/2025\/10\/6-Leonardo-Carvalho-767x1024.jpg\" class=\"size-medium wp-image-2628 aligncenter\" src=\"https:\/\/www.ufmg.br\/ufmgjovem\/wp-content\/uploads\/2025\/10\/6-Leonardo-Carvalho-225x300.jpg\" alt=\"\" width=\"225\" height=\"300\" srcset=\"https:\/\/www.ufmg.br\/ufmgjovem\/wp-content\/uploads\/2025\/10\/6-Leonardo-Carvalho-225x300.jpg 225w, https:\/\/www.ufmg.br\/ufmgjovem\/wp-content\/uploads\/2025\/10\/6-Leonardo-Carvalho-767x1024.jpg 767w, https:\/\/www.ufmg.br\/ufmgjovem\/wp-content\/uploads\/2025\/10\/6-Leonardo-Carvalho-768x1025.jpg 768w, https:\/\/www.ufmg.br\/ufmgjovem\/wp-content\/uploads\/2025\/10\/6-Leonardo-Carvalho.jpg 959w\" sizes=\"(max-width: 225px) 100vw, 225px\" \/><\/p>\n","protected":false},"excerpt":{"rendered":"<p>Neste ano, a atividade Conversa com Cientistas acontecer\u00e1 em um [&hellip;]<\/p>\n","protected":false},"author":1,"featured_media":0,"parent":0,"menu_order":0,"comment_status":"closed","ping_status":"closed","template":"","meta":{"_acf_changed":false,"spay_email":"","footnotes":""},"acf":[],"_links":{"self":[{"href":"https:\/\/www.ufmg.br\/ufmgjovem\/wp-json\/wp\/v2\/pages\/243"}],"collection":[{"href":"https:\/\/www.ufmg.br\/ufmgjovem\/wp-json\/wp\/v2\/pages"}],"about":[{"href":"https:\/\/www.ufmg.br\/ufmgjovem\/wp-json\/wp\/v2\/types\/page"}],"author":[{"embeddable":true,"href":"https:\/\/www.ufmg.br\/ufmgjovem\/wp-json\/wp\/v2\/users\/1"}],"replies":[{"embeddable":true,"href":"https:\/\/www.ufmg.br\/ufmgjovem\/wp-json\/wp\/v2\/comments?post=243"}],"version-history":[{"count":57,"href":"https:\/\/www.ufmg.br\/ufmgjovem\/wp-json\/wp\/v2\/pages\/243\/revisions"}],"predecessor-version":[{"id":2629,"href":"https:\/\/www.ufmg.br\/ufmgjovem\/wp-json\/wp\/v2\/pages\/243\/revisions\/2629"}],"wp:attachment":[{"href":"https:\/\/www.ufmg.br\/ufmgjovem\/wp-json\/wp\/v2\/media?parent=243"}],"curies":[{"name":"wp","href":"https:\/\/api.w.org\/{rel}","templated":true}]}}