{"id":45,"date":"2020-06-10T13:14:03","date_gmt":"2020-06-10T16:14:03","guid":{"rendered":"http:\/\/150.164.63.214:8888\/incubadora\/orgaos\/\/?page_id=45"},"modified":"2025-04-17T15:51:58","modified_gmt":"2025-04-17T18:51:58","slug":"apresentacao","status":"publish","type":"page","link":"https:\/\/www.ufmg.br\/ufmgjovem\/apresentacao\/","title":{"rendered":"Apresentacao"},"content":{"rendered":"<div class=\"arve\" data-mode=\"normal\" data-provider=\"html5\" id=\"arve-html5-69f74b8d8915f173670603\" style=\"max-width:900px;\" itemscope itemtype=\"http:\/\/schema.org\/VideoObject\">\n<span class=\"arve-inner\">\n<span class=\"arve-embed\">\n<meta itemprop=\"contentURL\" content=\"https:\/\/www.ufmg.br\/ufmgjovem\/wp-content\/uploads\/2021\/07\/AnimaCartaz-22UFMGJovem.mp4\">\n<video controls controlslist preload=\"metadata\" data-arve=\"arve-html5-69f74b8d8915f173670603\" class=\"arve-video fitvidsignore\">\n<source type=\"video\/mp4\" src=\"https:\/\/www.ufmg.br\/ufmgjovem\/wp-content\/uploads\/2021\/07\/AnimaCartaz-22UFMGJovem.mp4\">\n<\/video>\n\n<\/span>\n\n<\/span>\n\n<\/div>\n\n<p>Acesse a chamada da tradicional Feira da Educa\u00e7\u00e3o B\u00e1sica e fa\u00e7a j\u00e1 a sua <a href=\"https:\/\/forms.gle\/H5xi4bebugUPKpKS6\" target=\"_blank\" rel=\"noopener\">inscri\u00e7\u00e3o<\/a>.<\/p>\n<p>Se voc\u00ea \u00e9 estudante ou egresso dos Programas:<\/p>\n<ul>\n<li>Programa de Mestrado Profissional Educa\u00e7\u00e3o e Doc\u00eancia PROMESTRE\/FaE\/UFMG;<\/li>\n<li>Mestrado Profissional em Ensino de Biologia em Rede Nacional PROFBIO (UFMG, UFJF &#8211; <em>Campus<\/em> Juiz de Fora e <em>Campus<\/em> Governador Valadares);<\/li>\n<li>Programa de P\u00f3s-Gradua\u00e7\u00e3o em Ensino de Ci\u00eancias da UFOP &#8211; MPEC\/UFOP;<\/li>\n<li>Programa de P\u00f3s-Gradua\u00e7\u00e3o em Educa\u00e7\u00e3o em Ci\u00eancias, Matem\u00e1tica e Tecnologia da UFVJM &#8211; PPGECMaT.<\/li>\n<\/ul>\n<p>&#8230; voc\u00ea poder\u00e1 tamb\u00e9m participar da <a href=\"https:\/\/www.ufmg.br\/ufmgjove\/mostra-educacao-e-saude\/o-que-e\/\" target=\"_blank\" rel=\"noopener\">Mostra Educa\u00e7\u00e3o e Sa\u00fade<\/a>.<\/p>\n<p>Mesmo se voc\u00ea n\u00e3o vai apresentar trabalho na Feira ou na Mostra, voc\u00ea ainda poder\u00e1 participar dos outros eventos: <a href=\"https:\/\/www.ufmg.br\/ufmgjove\/desafio\/\">Desafio: Como seria a vida na Terra se&#8230;<\/a>, <a href=\"https:\/\/www.ufmg.br\/ufmgjove\/exploraufmg-jovem\/\">#ExploraUFMG<\/a> e <a href=\"https:\/\/www.ufmg.br\/ufmgjove\/conversa-com-cientistas\/\">Conversa com Cientistas<\/a><\/p>\n<p>VENHA PARA A UFMG JOVEM!<\/p>\n<p>&nbsp;<\/p>\n<p>&nbsp;<\/p>\n<p>&nbsp;<\/p>\n\t                <ul class=\"easy-image-gallery thumbnails-1 linked\">\r\n                    <li><a data-fancybox=\"gallery710\" href=\"\" class=\"eig-popup\" title=\"\" data-caption=\"\" target=\"_blank\"><i class=\"icon-view\"><\/i><span class=\"overlay\"><\/span><\/a><\/li><\/ul>\n","protected":false},"excerpt":{"rendered":"<p>Acesse a chamada da tradicional Feira da Educa\u00e7\u00e3o B\u00e1sica e [&hellip;]<\/p>\n","protected":false},"author":1,"featured_media":0,"parent":0,"menu_order":0,"comment_status":"closed","ping_status":"closed","template":"","meta":{"_acf_changed":false,"spay_email":"","footnotes":""},"acf":[],"_links":{"self":[{"href":"https:\/\/www.ufmg.br\/ufmgjovem\/wp-json\/wp\/v2\/pages\/45"}],"collection":[{"href":"https:\/\/www.ufmg.br\/ufmgjovem\/wp-json\/wp\/v2\/pages"}],"about":[{"href":"https:\/\/www.ufmg.br\/ufmgjovem\/wp-json\/wp\/v2\/types\/page"}],"author":[{"embeddable":true,"href":"https:\/\/www.ufmg.br\/ufmgjovem\/wp-json\/wp\/v2\/users\/1"}],"replies":[{"embeddable":true,"href":"https:\/\/www.ufmg.br\/ufmgjovem\/wp-json\/wp\/v2\/comments?post=45"}],"version-history":[{"count":18,"href":"https:\/\/www.ufmg.br\/ufmgjovem\/wp-json\/wp\/v2\/pages\/45\/revisions"}],"predecessor-version":[{"id":2429,"href":"https:\/\/www.ufmg.br\/ufmgjovem\/wp-json\/wp\/v2\/pages\/45\/revisions\/2429"}],"wp:attachment":[{"href":"https:\/\/www.ufmg.br\/ufmgjovem\/wp-json\/wp\/v2\/media?parent=45"}],"curies":[{"name":"wp","href":"https:\/\/api.w.org\/{rel}","templated":true}]}}