{"id":2315,"date":"2025-08-08T14:27:22","date_gmt":"2025-08-08T17:27:22","guid":{"rendered":"https:\/\/www.ufmg.br\/viverufmg\/?page_id=2315"},"modified":"2025-08-08T14:27:22","modified_gmt":"2025-08-08T17:27:22","slug":"iniciacao-cientifica","status":"publish","type":"page","link":"https:\/\/www.ufmg.br\/viverufmg\/iniciacao-cientifica\/","title":{"rendered":"Inicia\u00e7\u00e3o Cient\u00edfica"},"content":{"rendered":"\n<p>Voc\u00ea pode fazer parte de uma equipe de pesquisa da UFMG desde o primeiro per\u00edodo do curso e descobrir o fascinante universo da investiga\u00e7\u00e3o cient\u00edfica e tecnol\u00f3gica e da produ\u00e7\u00e3o de conhecimento em todas as \u00e1reas. <\/p>\n\n\n\n<p>As atividades de inicia\u00e7\u00e3o cient\u00edfica fazem parte do curr\u00edculo e permitem viver por dentro e contribuir para as descobertas e inven\u00e7\u00f5es que nascem nos laborat\u00f3rios da UFMG e beneficiam a humanidade. Informe-se no N\u00facleo de Assessoramento \u00e0 Pesquisa (<a rel=\"noreferrer noopener\" href=\"https:\/\/www.ufmg.br\/prpq\/nucleos-de-assessoramento-a-pesquisa\/\" target=\"_blank\">NAPq<\/a>) de sua Unidade. Outras informa\u00e7\u00f5es na p\u00e1gina da Pr\u00f3-Reitoria de Pesquisa (<a rel=\"noreferrer noopener\" href=\"https:\/\/www.ufmg.br\/prpq\/\" target=\"_blank\">PRPq<\/a>).<\/p>\n\n\n\n<div class=\"wp-block-image\"><figure class=\"aligncenter size-large is-resized\"><img loading=\"lazy\" src=\"https:\/\/www.ufmg.br\/viverufmg\/wp-content\/uploads\/2023\/03\/AcessoBiblioteca-365x1024.png\" alt=\"\" class=\"wp-image-1541\" width=\"74\" height=\"207\" srcset=\"https:\/\/www.ufmg.br\/viverufmg\/wp-content\/uploads\/2023\/03\/AcessoBiblioteca-365x1024.png 365w, https:\/\/www.ufmg.br\/viverufmg\/wp-content\/uploads\/2023\/03\/AcessoBiblioteca-107x300.png 107w, https:\/\/www.ufmg.br\/viverufmg\/wp-content\/uploads\/2023\/03\/AcessoBiblioteca.png 412w\" sizes=\"(max-width: 74px) 100vw, 74px\" \/><\/figure><\/div>\n","protected":false},"excerpt":{"rendered":"<p>Voc\u00ea pode fazer parte de uma equipe de pesquisa da [&hellip;]<\/p>\n","protected":false},"author":1,"featured_media":0,"parent":0,"menu_order":0,"comment_status":"closed","ping_status":"closed","template":"","meta":[],"_links":{"self":[{"href":"https:\/\/www.ufmg.br\/viverufmg\/wp-json\/wp\/v2\/pages\/2315"}],"collection":[{"href":"https:\/\/www.ufmg.br\/viverufmg\/wp-json\/wp\/v2\/pages"}],"about":[{"href":"https:\/\/www.ufmg.br\/viverufmg\/wp-json\/wp\/v2\/types\/page"}],"author":[{"embeddable":true,"href":"https:\/\/www.ufmg.br\/viverufmg\/wp-json\/wp\/v2\/users\/1"}],"replies":[{"embeddable":true,"href":"https:\/\/www.ufmg.br\/viverufmg\/wp-json\/wp\/v2\/comments?post=2315"}],"version-history":[{"count":4,"href":"https:\/\/www.ufmg.br\/viverufmg\/wp-json\/wp\/v2\/pages\/2315\/revisions"}],"predecessor-version":[{"id":2319,"href":"https:\/\/www.ufmg.br\/viverufmg\/wp-json\/wp\/v2\/pages\/2315\/revisions\/2319"}],"wp:attachment":[{"href":"https:\/\/www.ufmg.br\/viverufmg\/wp-json\/wp\/v2\/media?parent=2315"}],"curies":[{"name":"wp","href":"https:\/\/api.w.org\/{rel}","templated":true}]}}