{"id":307,"date":"2021-09-01T13:31:29","date_gmt":"2021-09-01T16:31:29","guid":{"rendered":"https:\/\/www.ufmg.br\/viverufmg\/?page_id=307"},"modified":"2023-07-07T11:34:28","modified_gmt":"2023-07-07T14:34:28","slug":"cultura-e-lazer","status":"publish","type":"page","link":"https:\/\/www.ufmg.br\/viverufmg\/vida-academica\/cultura-e-lazer\/","title":{"rendered":"Cultura, esporte e lazer"},"content":{"rendered":"\n<p>A UFMG conta com uma s\u00e9rie de a\u00e7\u00f5es e estruturas culturais, cient\u00edficas, esportivas e de lazer.<br>Aproveite!<\/p>\n\n\n\n<div class=\"wp-block-image\"><figure class=\"alignright size-full is-resized\"><img loading=\"lazy\" src=\"https:\/\/www.ufmg.br\/viverufmg\/wp-content\/uploads\/2023\/03\/Cultura-esporte-e-Lazer.png\" alt=\"\" class=\"wp-image-1635\" width=\"237\" height=\"146\" srcset=\"https:\/\/www.ufmg.br\/viverufmg\/wp-content\/uploads\/2023\/03\/Cultura-esporte-e-Lazer.png 948w, https:\/\/www.ufmg.br\/viverufmg\/wp-content\/uploads\/2023\/03\/Cultura-esporte-e-Lazer-300x185.png 300w, https:\/\/www.ufmg.br\/viverufmg\/wp-content\/uploads\/2023\/03\/Cultura-esporte-e-Lazer-768x473.png 768w\" sizes=\"(max-width: 237px) 100vw, 237px\" \/><\/figure><\/div>\n\n\n<div id=\"sp-ea-1130\" class=\"sp-ea-one sp-easy-accordion\" data-ex-icon=\"fa-minus\" data-col-icon=\"fa-plus\"  data-ea-active=\"ea-click\"  data-ea-mode=\"vertical\" data-preloader=\"\"><div class=\"ea-card  sp-ea-single\"><h3 class=\"ea-header\"><a class=\"collapsed\" data-sptoggle=\"spcollapse\" data-sptarget=\"#collapse11300\" href=\"javascript:void(0)\" aria-expanded=\"false\"><i class=\"ea-expand-icon fa fa-plus\"><\/i> Centro Esportivo Universit\u00e1rio (CEU)<\/a><\/h3><div class=\"sp-collapse spcollapse spcollapse\" id=\"collapse11300\" data-parent=\"#sp-ea-1130\"><div class=\"ea-body\"> <p>O <a href=\"http:\/\/www.ufmg.br\/ceu\" target=\"_blank\" rel=\"noopener\">Centro Esportivo Universit\u00e1rio<\/a> (CEU) possui quadras poliesportivas, espa\u00e7os para a pr\u00e1tica de atividades f\u00edsicas, caminhada, quadra de t\u00eanis, piscinas e outras instala\u00e7\u00f5es de esporte e lazer. Todos os estudantes da UFMG podem solicitar sua filia\u00e7\u00e3o por meio do <a href=\"https:\/\/www.ufmg.br\/ceu\/app\/form\/cadastro_usuario\/index\" target=\"_blank\" rel=\"noopener\">site do CEU<\/a>. A <a href=\"https:\/\/www3.ufmg.br\/storage\/7\/1\/4\/8\/714868f4d164fa6762c3ed635d995da6_17225399935191_434337398.pdf\">taxa de ades\u00e3o<\/a> varia de acordo com os p\u00fablicos e deve ser renovada a cada per\u00edodo letivo (semestre).<\/p>\n <\/div><\/div><\/div><div class=\"ea-card  sp-ea-single\"><h3 class=\"ea-header\"><a class=\"collapsed\" data-sptoggle=\"spcollapse\" data-sptarget=\"#collapse11301\" href=\"javascript:void(0)\" aria-expanded=\"false\"><i class=\"ea-expand-icon fa fa-plus\"><\/i> Atl\u00e9ticas<\/a><\/h3><div class=\"sp-collapse spcollapse spcollapse\" id=\"collapse11301\" data-parent=\"#sp-ea-1130\"><div class=\"ea-body\"> <p>O esporte universit\u00e1rio na UFMG \u00e9 organizado por Atl\u00e9ticas que promovem diversas modalidades esportivas no \u00e2mbito das unidades acad\u00eamicas. Conhe\u00e7a as <a href=\"https:\/\/www3.ufmg.br\/vida-academica\/entidades-estudantis\/atleticas\" target=\"_blank\" rel=\"noopener\">Atl\u00e9ticas da UFMG<\/a> e saiba como participar.<\/p>\n<p>Em 2013, algumas Atl\u00e9ticas se reuniram e fundaram a <a href=\"https:\/\/www.instagram.com\/ligaufmg\/\" target=\"_blank\" rel=\"noopener\">Liga das Atl\u00e9ticas da UFMG<\/a>, associa\u00e7\u00e3o sem fins lucrativos de apoio ao esporte que organiza, entre os alunos, competi\u00e7\u00f5es gerais como o InterUFMG. Tamb\u00e9m ajudam as equipes da UFMG a representarem a universidade nos campeonatos estadual (JUMs) e brasileiro (JUBs).<\/p>\n <\/div><\/div><\/div><div class=\"ea-card  sp-ea-single\"><h3 class=\"ea-header\"><a class=\"collapsed\" data-sptoggle=\"spcollapse\" data-sptarget=\"#collapse11302\" href=\"javascript:void(0)\" aria-expanded=\"false\"><i class=\"ea-expand-icon fa fa-plus\"><\/i> Locais de cultura geridos pela Pr\u00f3-reitoria de Cultura (Procult)<\/a><\/h3><div class=\"sp-collapse spcollapse spcollapse\" id=\"collapse11302\" data-parent=\"#sp-ea-1130\"><div class=\"ea-body\"> <p>A Pr\u00f3-reitoria de Cultura (<a href=\"https:\/\/www.ufmg.br\/cultura\/\">Procult<\/a>) \u00e9 respons\u00e1vel pela gest\u00e3o, coordena\u00e7\u00e3o, promo\u00e7\u00e3o, desenvolvimento e difus\u00e3o da produ\u00e7\u00e3o e da pol\u00edtica cultural da UFMG. Tamb\u00e9m \u00e9 respons\u00e1vel pela gest\u00e3o dos espa\u00e7os culturais:<\/p>\n<p><a href=\"https:\/\/www.ufmg.br\/espacodoconhecimento\/\" target=\"_blank\" rel=\"noopener\">Espa\u00e7o do Conhecimento UFMG<\/a><\/p>\n<p><a href=\"https:\/\/www.ufmg.br\/centrocultural\/\" target=\"_blank\" rel=\"noopener\">Centro Cultural UFMG<\/a><\/p>\n<p><a href=\"https:\/\/www.ufmg.br\/conservatorio\/\" target=\"_blank\" rel=\"noopener\">Conservat\u00f3rio UFMG<\/a><\/p>\n<p><a href=\"https:\/\/www.ufmg.br\/campustiradentes\/\" target=\"_blank\" rel=\"noopener\">Campus Cultural UFMG em Tiradentes<\/a><\/p>\n <\/div><\/div><\/div><div class=\"ea-card  sp-ea-single\"><h3 class=\"ea-header\"><a class=\"collapsed\" data-sptoggle=\"spcollapse\" data-sptarget=\"#collapse11303\" href=\"javascript:void(0)\" aria-expanded=\"false\"><i class=\"ea-expand-icon fa fa-plus\"><\/i> Locais que comp\u00f5em a Rede de Museus e Espa\u00e7os de Ci\u00eancias e Cultura da UFMG<\/a><\/h3><div class=\"sp-collapse spcollapse spcollapse\" id=\"collapse11303\" data-parent=\"#sp-ea-1130\"><div class=\"ea-body\"> <p>A <a href=\"https:\/\/www.ufmg.br\/rededemuseus\" target=\"_blank\" rel=\"noopener\">Rede de Museus e Espa\u00e7os de Ci\u00eancias e Cultura da UFMG<\/a> \u00e9 composta por 25 espa\u00e7os (museus, centros de mem\u00f3ria, centros de documenta\u00e7\u00e3o, refer\u00eancia e pesquisa, cole\u00e7\u00f5es cient\u00edficas e art\u00edsticas e unidades de conserva\u00e7\u00e3o natural).<\/p>\n<p>S\u00e3o eles:<\/p>\n<p><a href=\"https:\/\/www.ufmg.br\/espacodoconhecimento\/\" target=\"_blank\" rel=\"noopener\">Espa\u00e7o do Conhecimento UFMG<\/a><\/p>\n<p><a href=\"https:\/\/www.ufmg.br\/estacaoecologica\/\" target=\"_blank\" rel=\"noopener\">Esta\u00e7\u00e3o Ecol\u00f3gica UFMG<\/a><\/p>\n<p><a href=\"https:\/\/www.ufmg.br\/mhnjb\/\" target=\"_blank\" rel=\"noopener\">Museu de Hist\u00f3ria Natural e Jardim Bot\u00e2nico da UFMG (MHNJB)<\/a><\/p>\n<p><a href=\"https:\/\/herbariomcca.wordpress.com\/\" target=\"_blank\" rel=\"noopener\">Herb\u00e1rio Norte Mineiro<\/a><\/p>\n<p><a href=\"https:\/\/www.ufmg.br\/campustiradentes\/index.php\/nossos-espacos\/museu-casa-padre-toledo\/\" target=\"_blank\" rel=\"noopener\">Museu Casa Padre Toledo<\/a><\/p>\n<p><a href=\"https:\/\/www.mat.ufmg.br\/museu\/\" target=\"_blank\" rel=\"noopener\">Museu da Matem\u00e1tica UFMG<\/a><\/p>\n<p><a href=\"https:\/\/www.ufmg.br\/rededemuseus\/mcm\/\" target=\"_blank\" rel=\"noopener\">Museu de Ci\u00eancias Morfol\u00f3gicas<\/a><\/p>\n<p><a href=\"https:\/\/www.ufmg.br\/rededemuseus\/acl\/\" target=\"_blank\" rel=\"noopener\">Acervo Curt Lange<\/a><\/p>\n<p><a href=\"https:\/\/eba.ufmg.br\/nucleoimagensdeminas\/\" target=\"_blank\" rel=\"noopener\">Acervo Imagens de Minas<\/a><\/p>\n<p><a href=\"https:\/\/www.ufmg.br\/cevex\/\" target=\"_blank\" rel=\"noopener\">Centro Virtual de Mem\u00f3ria da Extens\u00e3o (Cevex)<\/a><\/p>\n<p><a href=\"https:\/\/aeaeeufmg.org.br\/\" target=\"_blank\" rel=\"noopener\">Centro da Mem\u00f3ria da Engenharia<\/a><\/p>\n<p><a href=\"https:\/\/www2.icb.ufmg.br\/cct\/\" target=\"_blank\" rel=\"noopener\">Centro de Cole\u00e7\u00f5es Taxon\u00f4micas<\/a><\/p>\n<p><a href=\"https:\/\/sites.letras.ufmg.br\/aem\/\" target=\"_blank\" rel=\"noopener\">Centro de Estudos Liter\u00e1rios e Culturais - Acervo de Escritores Mineiros<\/a><\/p>\n<p><a href=\"http:\/\/www.eeffto.ufmg.br\/cemef\/index.php\" target=\"_blank\" rel=\"noopener\">Centro de Mem\u00f3ria da Educa\u00e7\u00e3o F\u00edsica, do Esporte e do Lazer<\/a><\/p>\n<p><a href=\"https:\/\/www.ufmg.br\/rededemuseus\/cemenf\/\" target=\"_blank\" rel=\"noopener\">Centro de Mem\u00f3ria da Escola de Enfermagem<\/a><\/p>\n<p><a href=\"http:\/\/www.letras.ufmg.br\/memoria\/\" target=\"_blank\" rel=\"noopener\">Centro de Mem\u00f3ria da Faculdade de Letras<\/a><\/p>\n<p><a href=\"https:\/\/www.farmacia.ufmg.br\/sobre\/\" target=\"_blank\" rel=\"noopener\">Centro de Mem\u00f3ria da Farm\u00e1cia<\/a><\/p>\n<p><a href=\"https:\/\/www.medicina.ufmg.br\/cememor\/\" target=\"_blank\" rel=\"noopener\">Centro de Mem\u00f3ria da Medicina<\/a><\/p>\n<p><a href=\"https:\/\/www.ufmg.br\/rededemuseus\/cmo\/\" target=\"_blank\" rel=\"noopener\">Centro de Mem\u00f3ria da Odontologia<\/a><\/p>\n<p><a href=\"https:\/\/cememorvetufmg.wordpress.com\/\" target=\"_blank\" rel=\"noopener\">Centro de Mem\u00f3ria da Veterin\u00e1ria<\/a><\/p>\n<p><a href=\"https:\/\/www.facebook.com\/cedocfae.ufmg\/\" target=\"_blank\" rel=\"noopener\">Centro de Pesquisa, Mem\u00f3ria e Documenta\u00e7\u00e3o da Faculdade de Educa\u00e7\u00e3o<\/a><\/p>\n<p><a href=\"https:\/\/www.ufmg.br\/rededemuseus\/crch\/\" target=\"_blank\" rel=\"noopener\">Centro de Refer\u00eancia em Cartografia Hist\u00f3rica<\/a><\/p>\n<p><a href=\"https:\/\/www.ufmg.br\/cultura\/index.php?option=com_content&view=article&id=1987&Itemid=223\" target=\"_blank\" rel=\"noopener\"><u>Espa\u00e7o Acervo Art\u00edstico UFMG<\/u><\/a><\/p>\n<p><a href=\"https:\/\/www.ufmg.br\/rededemuseus\/#\" target=\"_blank\" rel=\"noopener\">Espa\u00e7o Mem\u00f3ria do Cinema<\/a><\/p>\n<p><a href=\"https:\/\/sites.arq.ufmg.br\/ea\/museu-da-escola-de-arquitetura\/\" target=\"_blank\" rel=\"noopener\">Museu da Escola de Arquitetura<\/a><\/p>\n<p><a href=\"https:\/\/www.ufmg.br\/rededemuseus\" target=\"_blank\" rel=\"noopener\">Clique aqui<\/a> e saiba mais sobre os espa\u00e7os e as a\u00e7\u00f5es da Rede de Museus.<\/p>\n <\/div><\/div><\/div><\/div>\n","protected":false},"excerpt":{"rendered":"<p>A UFMG conta com uma s\u00e9rie de a\u00e7\u00f5es e estruturas [&hellip;]<\/p>\n","protected":false},"author":1,"featured_media":0,"parent":295,"menu_order":5,"comment_status":"closed","ping_status":"closed","template":"","meta":[],"_links":{"self":[{"href":"https:\/\/www.ufmg.br\/viverufmg\/wp-json\/wp\/v2\/pages\/307"}],"collection":[{"href":"https:\/\/www.ufmg.br\/viverufmg\/wp-json\/wp\/v2\/pages"}],"about":[{"href":"https:\/\/www.ufmg.br\/viverufmg\/wp-json\/wp\/v2\/types\/page"}],"author":[{"embeddable":true,"href":"https:\/\/www.ufmg.br\/viverufmg\/wp-json\/wp\/v2\/users\/1"}],"replies":[{"embeddable":true,"href":"https:\/\/www.ufmg.br\/viverufmg\/wp-json\/wp\/v2\/comments?post=307"}],"version-history":[{"count":17,"href":"https:\/\/www.ufmg.br\/viverufmg\/wp-json\/wp\/v2\/pages\/307\/revisions"}],"predecessor-version":[{"id":1852,"href":"https:\/\/www.ufmg.br\/viverufmg\/wp-json\/wp\/v2\/pages\/307\/revisions\/1852"}],"up":[{"embeddable":true,"href":"https:\/\/www.ufmg.br\/viverufmg\/wp-json\/wp\/v2\/pages\/295"}],"wp:attachment":[{"href":"https:\/\/www.ufmg.br\/viverufmg\/wp-json\/wp\/v2\/media?parent=307"}],"curies":[{"name":"wp","href":"https:\/\/api.w.org\/{rel}","templated":true}]}}